{"id":13772,"date":"2025-07-21T15:33:35","date_gmt":"2025-07-21T18:33:35","guid":{"rendered":"https:\/\/adesampa.com.br\/greensampa\/?page_id=13772"},"modified":"2025-08-20T10:51:13","modified_gmt":"2025-08-20T13:51:13","slug":"7o-edicao-empresas-aceleradas","status":"publish","type":"page","link":"https:\/\/adesampa.com.br\/greensampa\/7o-edicao-empresas-aceleradas\/","title":{"rendered":"7\u00ba Edi\u00e7\u00e3o &#8211; Neg\u00f3cios Aceleradas"},"content":{"rendered":"\t\t<div data-elementor-type=\"wp-post\" data-elementor-id=\"13772\" class=\"elementor elementor-13772\">\n\t\t\t\t\t\t<section class=\"elementor-section elementor-top-section elementor-element elementor-element-429dff7 elementor-section-stretched elementor-section-full_width elementor-hidden-tablet elementor-hidden-mobile elementor-section-height-default elementor-section-height-default\" data-id=\"429dff7\" data-element_type=\"section\" data-settings=\"{&quot;stretch_section&quot;:&quot;section-stretched&quot;,&quot;background_background&quot;:&quot;classic&quot;}\">\n\t\t\t\t\t\t<div class=\"elementor-container elementor-column-gap-default\">\n\t\t\t\t\t<div class=\"elementor-column elementor-col-100 elementor-top-column elementor-element elementor-element-1343c72\" data-id=\"1343c72\" data-element_type=\"column\">\n\t\t\t<div class=\"elementor-widget-wrap elementor-element-populated\">\n\t\t\t\t\t\t<div class=\"elementor-element elementor-element-339c98c elementor-widget elementor-widget-spacer\" data-id=\"339c98c\" data-element_type=\"widget\" data-widget_type=\"spacer.default\">\n\t\t\t\t<div class=\"elementor-widget-container\">\n\t\t\t\t\t\t\t<div class=\"elementor-spacer\">\n\t\t\t<div class=\"elementor-spacer-inner\"><\/div>\n\t\t<\/div>\n\t\t\t\t\t\t<\/div>\n\t\t\t\t<\/div>\n\t\t\t\t<div class=\"elementor-element elementor-element-7eddd6b elementor-widget elementor-widget-text-editor\" data-id=\"7eddd6b\" data-element_type=\"widget\" data-widget_type=\"text-editor.default\">\n\t\t\t\t<div class=\"elementor-widget-container\">\n\t\t\t\t\t\t\t\t\t<p style=\"padding-left: 160px;\">Neg\u00f3cios acelerados<\/p>\t\t\t\t\t\t\t\t<\/div>\n\t\t\t\t<\/div>\n\t\t\t\t<div class=\"elementor-element elementor-element-11ce72b elementor-widget__width-initial elementor-widget elementor-widget-text-editor\" data-id=\"11ce72b\" data-element_type=\"widget\" data-widget_type=\"text-editor.default\">\n\t\t\t\t<div class=\"elementor-widget-container\">\n\t\t\t\t\t\t\t\t\t<p style=\"padding-left: 160px;\">Conhe\u00e7a as empresas que j\u00e1 passaram pelo processo de acelera\u00e7\u00e3o e resid\u00eancia do Programa Green Sampa.<\/p>\t\t\t\t\t\t\t\t<\/div>\n\t\t\t\t<\/div>\n\t\t\t\t<div class=\"elementor-element elementor-element-3200bcb elementor-widget elementor-widget-spacer\" data-id=\"3200bcb\" data-element_type=\"widget\" data-widget_type=\"spacer.default\">\n\t\t\t\t<div class=\"elementor-widget-container\">\n\t\t\t\t\t\t\t<div class=\"elementor-spacer\">\n\t\t\t<div class=\"elementor-spacer-inner\"><\/div>\n\t\t<\/div>\n\t\t\t\t\t\t<\/div>\n\t\t\t\t<\/div>\n\t\t\t\t<div class=\"elementor-element elementor-element-a0fc470 elementor-widget elementor-widget-spacer\" data-id=\"a0fc470\" data-element_type=\"widget\" data-widget_type=\"spacer.default\">\n\t\t\t\t<div class=\"elementor-widget-container\">\n\t\t\t\t\t\t\t<div class=\"elementor-spacer\">\n\t\t\t<div class=\"elementor-spacer-inner\"><\/div>\n\t\t<\/div>\n\t\t\t\t\t\t<\/div>\n\t\t\t\t<\/div>\n\t\t\t\t\t<\/div>\n\t\t<\/div>\n\t\t\t\t\t<\/div>\n\t\t<\/section>\n\t\t\t\t<section class=\"elementor-section elementor-top-section elementor-element elementor-element-b672b9a elementor-section-stretched elementor-section-full_width elementor-hidden-desktop elementor-section-height-default elementor-section-height-default\" data-id=\"b672b9a\" data-element_type=\"section\" data-settings=\"{&quot;stretch_section&quot;:&quot;section-stretched&quot;,&quot;background_background&quot;:&quot;classic&quot;}\">\n\t\t\t\t\t\t<div class=\"elementor-container elementor-column-gap-default\">\n\t\t\t\t\t<div class=\"elementor-column elementor-col-100 elementor-top-column elementor-element elementor-element-b27e3b2\" data-id=\"b27e3b2\" data-element_type=\"column\">\n\t\t\t<div class=\"elementor-widget-wrap elementor-element-populated\">\n\t\t\t\t\t\t<div class=\"elementor-element elementor-element-23f8cc4 elementor-widget elementor-widget-spacer\" data-id=\"23f8cc4\" data-element_type=\"widget\" data-widget_type=\"spacer.default\">\n\t\t\t\t<div class=\"elementor-widget-container\">\n\t\t\t\t\t\t\t<div class=\"elementor-spacer\">\n\t\t\t<div class=\"elementor-spacer-inner\"><\/div>\n\t\t<\/div>\n\t\t\t\t\t\t<\/div>\n\t\t\t\t<\/div>\n\t\t\t\t<div class=\"elementor-element elementor-element-8e02ce3 elementor-widget elementor-widget-text-editor\" data-id=\"8e02ce3\" data-element_type=\"widget\" data-widget_type=\"text-editor.default\">\n\t\t\t\t<div class=\"elementor-widget-container\">\n\t\t\t\t\t\t\t\t\t<p>Neg\u00f3cios acelerados<\/p>\t\t\t\t\t\t\t\t<\/div>\n\t\t\t\t<\/div>\n\t\t\t\t<div class=\"elementor-element elementor-element-6ea95b8 elementor-widget__width-initial elementor-widget-mobile__width-initial elementor-widget elementor-widget-text-editor\" data-id=\"6ea95b8\" data-element_type=\"widget\" data-widget_type=\"text-editor.default\">\n\t\t\t\t<div class=\"elementor-widget-container\">\n\t\t\t\t\t\t\t\t\t<p>Conhe\u00e7a as empresas que j\u00e1 passaram pelo processo de acelera\u00e7\u00e3o e resid\u00eancia do Programa Green Sampa.<\/p>\t\t\t\t\t\t\t\t<\/div>\n\t\t\t\t<\/div>\n\t\t\t\t<div class=\"elementor-element elementor-element-06790dc elementor-widget elementor-widget-spacer\" data-id=\"06790dc\" data-element_type=\"widget\" data-widget_type=\"spacer.default\">\n\t\t\t\t<div class=\"elementor-widget-container\">\n\t\t\t\t\t\t\t<div class=\"elementor-spacer\">\n\t\t\t<div class=\"elementor-spacer-inner\"><\/div>\n\t\t<\/div>\n\t\t\t\t\t\t<\/div>\n\t\t\t\t<\/div>\n\t\t\t\t<div class=\"elementor-element elementor-element-79906c2 elementor-widget elementor-widget-spacer\" data-id=\"79906c2\" data-element_type=\"widget\" data-widget_type=\"spacer.default\">\n\t\t\t\t<div class=\"elementor-widget-container\">\n\t\t\t\t\t\t\t<div class=\"elementor-spacer\">\n\t\t\t<div class=\"elementor-spacer-inner\"><\/div>\n\t\t<\/div>\n\t\t\t\t\t\t<\/div>\n\t\t\t\t<\/div>\n\t\t\t\t\t<\/div>\n\t\t<\/div>\n\t\t\t\t\t<\/div>\n\t\t<\/section>\n\t\t\t\t<section class=\"elementor-section elementor-top-section elementor-element elementor-element-92eba24 elementor-section-stretched elementor-section-full_width elementor-hidden-tablet elementor-hidden-mobile elementor-section-height-default elementor-section-height-default\" data-id=\"92eba24\" data-element_type=\"section\" data-settings=\"{&quot;stretch_section&quot;:&quot;section-stretched&quot;,&quot;animation&quot;:&quot;none&quot;}\">\n\t\t\t\t\t\t<div class=\"elementor-container elementor-column-gap-default\">\n\t\t\t\t\t<div class=\"elementor-column elementor-col-100 elementor-top-column elementor-element elementor-element-feb17bf\" data-id=\"feb17bf\" data-element_type=\"column\">\n\t\t\t<div class=\"elementor-widget-wrap elementor-element-populated\">\n\t\t\t\t\t\t<div class=\"elementor-element elementor-element-2b57159 elementor-widget elementor-widget-spacer\" data-id=\"2b57159\" data-element_type=\"widget\" data-widget_type=\"spacer.default\">\n\t\t\t\t<div class=\"elementor-widget-container\">\n\t\t\t\t\t\t\t<div class=\"elementor-spacer\">\n\t\t\t<div class=\"elementor-spacer-inner\"><\/div>\n\t\t<\/div>\n\t\t\t\t\t\t<\/div>\n\t\t\t\t<\/div>\n\t\t\t\t<div class=\"elementor-element elementor-element-c522e15 elementor-widget elementor-widget-text-editor\" data-id=\"c522e15\" data-element_type=\"widget\" data-widget_type=\"text-editor.default\">\n\t\t\t\t<div class=\"elementor-widget-container\">\n\t\t\t\t\t\t\t\t\t<p style=\"text-align: left; padding-left: 160px;\"><b>\u00c1gua e Saneamento<\/b><\/p>\t\t\t\t\t\t\t\t<\/div>\n\t\t\t\t<\/div>\n\t\t\t\t\t<\/div>\n\t\t<\/div>\n\t\t\t\t\t<\/div>\n\t\t<\/section>\n\t\t\t\t<section class=\"elementor-section elementor-top-section elementor-element elementor-element-0b7475e elementor-section-stretched elementor-section-full_width elementor-section-height-default elementor-section-height-default\" data-id=\"0b7475e\" data-element_type=\"section\" data-settings=\"{&quot;stretch_section&quot;:&quot;section-stretched&quot;,&quot;animation&quot;:&quot;none&quot;}\">\n\t\t\t\t\t\t<div class=\"elementor-container elementor-column-gap-default\">\n\t\t\t\t\t<div class=\"elementor-column elementor-col-100 elementor-top-column elementor-element elementor-element-a1614ee\" data-id=\"a1614ee\" data-element_type=\"column\">\n\t\t\t<div class=\"elementor-widget-wrap elementor-element-populated\">\n\t\t\t\t\t\t<div class=\"elementor-element elementor-element-74f76a2 elementor-hidden-desktop elementor-widget elementor-widget-text-editor\" data-id=\"74f76a2\" data-element_type=\"widget\" data-widget_type=\"text-editor.default\">\n\t\t\t\t<div class=\"elementor-widget-container\">\n\t\t\t\t\t\t\t\t\t<p style=\"text-align: left;\"><b>\u00c1gua e Saneamento<\/b><\/p>\t\t\t\t\t\t\t\t<\/div>\n\t\t\t\t<\/div>\n\t\t\t\t\t<\/div>\n\t\t<\/div>\n\t\t\t\t\t<\/div>\n\t\t<\/section>\n\t\t\t\t<section class=\"elementor-section elementor-top-section elementor-element elementor-element-e5455b0 elementor-section-stretched elementor-section-boxed elementor-section-height-default elementor-section-height-default\" data-id=\"e5455b0\" data-element_type=\"section\" data-settings=\"{&quot;stretch_section&quot;:&quot;section-stretched&quot;}\">\n\t\t\t\t\t\t<div class=\"elementor-container elementor-column-gap-default\">\n\t\t\t\t\t<div class=\"elementor-column elementor-col-50 elementor-top-column elementor-element elementor-element-1852f98\" data-id=\"1852f98\" data-element_type=\"column\">\n\t\t\t<div class=\"elementor-widget-wrap elementor-element-populated\">\n\t\t\t\t\t\t<div class=\"elementor-element elementor-element-34dea19 elementor-widget elementor-widget-accordion\" data-id=\"34dea19\" data-element_type=\"widget\" data-widget_type=\"accordion.default\">\n\t\t\t\t<div class=\"elementor-widget-container\">\n\t\t\t\t\t\t\t<div class=\"elementor-accordion\">\n\t\t\t\t\t\t\t<div class=\"elementor-accordion-item\">\n\t\t\t\t\t<div id=\"elementor-tab-title-5541\" class=\"elementor-tab-title\" data-tab=\"1\" role=\"button\" aria-controls=\"elementor-tab-content-5541\" aria-expanded=\"false\">\n\t\t\t\t\t\t\t\t\t\t\t\t\t<span class=\"elementor-accordion-icon elementor-accordion-icon-left\" aria-hidden=\"true\">\n\t\t\t\t\t\t\t\t\t\t\t\t\t\t\t<span class=\"elementor-accordion-icon-closed\"><i class=\"fas fa-caret-down\"><\/i><\/span>\n\t\t\t\t\t\t\t\t<span class=\"elementor-accordion-icon-opened\"><i class=\"fas fa-caret-up\"><\/i><\/span>\n\t\t\t\t\t\t\t\t\t\t\t\t\t\t<\/span>\n\t\t\t\t\t\t\t\t\t\t\t\t<a class=\"elementor-accordion-title\" tabindex=\"0\">Enaqua<\/a>\n\t\t\t\t\t<\/div>\n\t\t\t\t\t<div id=\"elementor-tab-content-5541\" class=\"elementor-tab-content elementor-clearfix\" data-tab=\"1\" role=\"region\" aria-labelledby=\"elementor-tab-title-5541\"><p><span style=\"font-weight: 400;\">A solu\u00e7\u00e3o foi focada em atender pr\u00e9dios de baixo padr\u00e3o com a capta\u00e7\u00e3o de \u00e1gua de chuva e gera\u00e7\u00e3o de energia limpa com a for\u00e7a gerada pela \u00e1gua da chuva. Uma solu\u00e7\u00e3o para atender pessoas de baixa renda e ajudar com as fortes enchentes de S\u00e3o Paulo.<\/span><\/p><p><b>Edi\u00e7\u00e3o da acelera\u00e7\u00e3o: <\/b><span style=\"font-weight: 400;\">2019, 2020<\/span><\/p><p><b>ODS:\u00a0<\/b><\/p><ol start=\"6\"><li><span style=\"font-weight: 400;\"> \u00c1gua pot\u00e1vel e saneamento<\/span><\/li><\/ol><ol start=\"7\"><li><span style=\"font-weight: 400;\"> Energia limpa e acess\u00edvel<\/span><\/li><\/ol><ol start=\"9\"><li><span style=\"font-weight: 400;\"> Ind\u00fastria, inova\u00e7\u00e3o e infraestrutura<\/span><\/li><\/ol><p><a href=\"http:\/\/www.linkedin.com.br\/in\/daviosilva\"><span style=\"font-weight: 400;\">www.linkedin.com.br\/in\/daviosilva<\/span><\/a><span style=\"font-weight: 400;\">\u00a0<\/span><\/p><\/div>\n\t\t\t\t<\/div>\n\t\t\t\t\t\t\t<div class=\"elementor-accordion-item\">\n\t\t\t\t\t<div id=\"elementor-tab-title-5542\" class=\"elementor-tab-title\" data-tab=\"2\" role=\"button\" aria-controls=\"elementor-tab-content-5542\" aria-expanded=\"false\">\n\t\t\t\t\t\t\t\t\t\t\t\t\t<span class=\"elementor-accordion-icon elementor-accordion-icon-left\" aria-hidden=\"true\">\n\t\t\t\t\t\t\t\t\t\t\t\t\t\t\t<span class=\"elementor-accordion-icon-closed\"><i class=\"fas fa-caret-down\"><\/i><\/span>\n\t\t\t\t\t\t\t\t<span class=\"elementor-accordion-icon-opened\"><i class=\"fas fa-caret-up\"><\/i><\/span>\n\t\t\t\t\t\t\t\t\t\t\t\t\t\t<\/span>\n\t\t\t\t\t\t\t\t\t\t\t\t<a class=\"elementor-accordion-title\" tabindex=\"0\">Fluxus<\/a>\n\t\t\t\t\t<\/div>\n\t\t\t\t\t<div id=\"elementor-tab-content-5542\" class=\"elementor-tab-content elementor-clearfix\" data-tab=\"2\" role=\"region\" aria-labelledby=\"elementor-tab-title-5542\"><p><span style=\"font-weight: 400;\">Vem trabalhando para desenvolver um reservat\u00f3rio com m\u00f3dulos pr\u00e9-fabricados, formado com pe\u00e7as de alguns cent\u00edmetros, que se encaixam formando caixotes com grande espa\u00e7o vazio. Estes caixotes podem ser empilhados e arranjados da forma mais apropriada para o empreendimento.<\/span><\/p><p><b>Edi\u00e7\u00e3o da acelera\u00e7\u00e3o: <\/b><span style=\"font-weight: 400;\">2019<\/span><\/p><p><a href=\"https:\/\/linktr.ee\/fluxus.eco.br\"><span style=\"font-weight: 400;\">https:\/\/linktr.ee\/fluxus.eco.br<\/span><\/a><\/p><\/div>\n\t\t\t\t<\/div>\n\t\t\t\t\t\t\t<div class=\"elementor-accordion-item\">\n\t\t\t\t\t<div id=\"elementor-tab-title-5543\" class=\"elementor-tab-title\" data-tab=\"3\" role=\"button\" aria-controls=\"elementor-tab-content-5543\" aria-expanded=\"false\">\n\t\t\t\t\t\t\t\t\t\t\t\t\t<span class=\"elementor-accordion-icon elementor-accordion-icon-left\" aria-hidden=\"true\">\n\t\t\t\t\t\t\t\t\t\t\t\t\t\t\t<span class=\"elementor-accordion-icon-closed\"><i class=\"fas fa-caret-down\"><\/i><\/span>\n\t\t\t\t\t\t\t\t<span class=\"elementor-accordion-icon-opened\"><i class=\"fas fa-caret-up\"><\/i><\/span>\n\t\t\t\t\t\t\t\t\t\t\t\t\t\t<\/span>\n\t\t\t\t\t\t\t\t\t\t\t\t<a class=\"elementor-accordion-title\" tabindex=\"0\">FlyVant<\/a>\n\t\t\t\t\t<\/div>\n\t\t\t\t\t<div id=\"elementor-tab-content-5543\" class=\"elementor-tab-content elementor-clearfix\" data-tab=\"3\" role=\"region\" aria-labelledby=\"elementor-tab-title-5543\"><p><span style=\"font-weight: 400;\">Monitora as \u00e1guas de represas, rios, lagos, barragens, utilizando drone integrado com sonda multipar\u00e2metros para an\u00e1lise da \u00e1gua, obtendo as informa\u00e7\u00f5es de modo r\u00e1pido, com menor custo e resultados confi\u00e1veis, al\u00e9m de analisar a \u00e1gua em locais de dif\u00edcil acesso. Utiliza uma plataforma web de guarda e organiza\u00e7\u00e3o dos dados e ao final envia as informa\u00e7\u00f5es online \u00e0 empresa respons\u00e1vel.<\/span><\/p><p><span style=\"font-weight: 400;\"><br \/><b>Edi\u00e7\u00e3o da acelera\u00e7\u00e3o: <\/b>2019, 2020<\/span><\/p><\/div>\n\t\t\t\t<\/div>\n\t\t\t\t\t\t\t<div class=\"elementor-accordion-item\">\n\t\t\t\t\t<div id=\"elementor-tab-title-5544\" class=\"elementor-tab-title\" data-tab=\"4\" role=\"button\" aria-controls=\"elementor-tab-content-5544\" aria-expanded=\"false\">\n\t\t\t\t\t\t\t\t\t\t\t\t\t<span class=\"elementor-accordion-icon elementor-accordion-icon-left\" aria-hidden=\"true\">\n\t\t\t\t\t\t\t\t\t\t\t\t\t\t\t<span class=\"elementor-accordion-icon-closed\"><i class=\"fas fa-caret-down\"><\/i><\/span>\n\t\t\t\t\t\t\t\t<span class=\"elementor-accordion-icon-opened\"><i class=\"fas fa-caret-up\"><\/i><\/span>\n\t\t\t\t\t\t\t\t\t\t\t\t\t\t<\/span>\n\t\t\t\t\t\t\t\t\t\t\t\t<a class=\"elementor-accordion-title\" tabindex=\"0\">H2O Company<\/a>\n\t\t\t\t\t<\/div>\n\t\t\t\t\t<div id=\"elementor-tab-content-5544\" class=\"elementor-tab-content elementor-clearfix\" data-tab=\"4\" role=\"region\" aria-labelledby=\"elementor-tab-title-5544\"><p><span style=\"font-weight: 400;\">\u00c9 uma consultoria refer\u00eancia no desenvolvimento de solu\u00e7\u00f5es em sustentabilidade para gest\u00e3o estrat\u00e9gica de recursos h\u00eddricos e mudan\u00e7as clim\u00e1ticas, visando a valoriza\u00e7\u00e3o dos clientes. Desenvolve o Sistema ARCA Sustentabilidade, para avalia\u00e7\u00e3o de risco h\u00eddrico, cruzando dados de consumo de \u00e1gua, dados da bacia hidrogr\u00e1fica local e de proje\u00e7\u00f5es de cen\u00e1rios clim\u00e1ticos.<\/span><\/p><p><b>Edi\u00e7\u00e3o da acelera\u00e7\u00e3o: <\/b><span style=\"font-weight: 400;\">2019, 2020<\/span><\/p><p><a href=\"https:\/\/www.facebook.com\/h2ocompanysustentabilidade\/\"><span style=\"font-weight: 400;\">https:\/\/www.facebook.com\/h2ocompanysustentabilidade\/<\/span><\/a><\/p><\/div>\n\t\t\t\t<\/div>\n\t\t\t\t\t\t\t\t<\/div>\n\t\t\t\t\t\t<\/div>\n\t\t\t\t<\/div>\n\t\t\t\t\t<\/div>\n\t\t<\/div>\n\t\t\t\t<div class=\"elementor-column elementor-col-50 elementor-top-column elementor-element elementor-element-01b7a7d\" data-id=\"01b7a7d\" data-element_type=\"column\">\n\t\t\t<div class=\"elementor-widget-wrap elementor-element-populated\">\n\t\t\t\t\t\t<div class=\"elementor-element elementor-element-2c2be9f elementor-widget elementor-widget-accordion\" data-id=\"2c2be9f\" data-element_type=\"widget\" data-widget_type=\"accordion.default\">\n\t\t\t\t<div class=\"elementor-widget-container\">\n\t\t\t\t\t\t\t<div class=\"elementor-accordion\">\n\t\t\t\t\t\t\t<div class=\"elementor-accordion-item\">\n\t\t\t\t\t<div id=\"elementor-tab-title-4631\" class=\"elementor-tab-title\" data-tab=\"1\" role=\"button\" aria-controls=\"elementor-tab-content-4631\" aria-expanded=\"false\">\n\t\t\t\t\t\t\t\t\t\t\t\t\t<span class=\"elementor-accordion-icon elementor-accordion-icon-left\" aria-hidden=\"true\">\n\t\t\t\t\t\t\t\t\t\t\t\t\t\t\t<span class=\"elementor-accordion-icon-closed\"><i class=\"fas fa-caret-down\"><\/i><\/span>\n\t\t\t\t\t\t\t\t<span class=\"elementor-accordion-icon-opened\"><i class=\"fas fa-caret-up\"><\/i><\/span>\n\t\t\t\t\t\t\t\t\t\t\t\t\t\t<\/span>\n\t\t\t\t\t\t\t\t\t\t\t\t<a class=\"elementor-accordion-title\" tabindex=\"0\">Larbor<\/a>\n\t\t\t\t\t<\/div>\n\t\t\t\t\t<div id=\"elementor-tab-content-4631\" class=\"elementor-tab-content elementor-clearfix\" data-tab=\"1\" role=\"region\" aria-labelledby=\"elementor-tab-title-4631\"><p><span style=\"font-weight: 400;\">Tratamento de piscinas, com uma solu\u00e7\u00e3o inovadora e tecnol\u00f3gica em um processo manual a mais de 40 anos, e amea\u00e7a a sa\u00fade humana. A busca \u00e9 chegar em saneamento nos pr\u00f3ximos anos, atendendo a ODS 6.<\/span><\/p><p><b>Edi\u00e7\u00e3o da acelera\u00e7\u00e3o: <\/b><span style=\"font-weight: 400;\">2022<\/span><\/p><p><b>ODS:\u00a0<\/b><\/p><ol start=\"6\"><li><span style=\"font-weight: 400;\"> \u00c1gua pot\u00e1vel e saneamento<\/span><\/li><\/ol><p><a href=\"https:\/\/www.larbor.eco.br\/\"><span style=\"font-weight: 400;\">https:\/\/www.larbor.eco.br\/<\/span><\/a><span style=\"font-weight: 400;\">\u00a0<\/span><\/p><p><a href=\"https:\/\/instagram.com\/larbor.eco?igshid=ZGUzMzM3NWJiOQ==\"><span style=\"font-weight: 400;\">https:\/\/instagram.com\/larbor.eco?igshid=ZGUzMzM3NWJiOQ==<\/span><\/a><\/p><\/div>\n\t\t\t\t<\/div>\n\t\t\t\t\t\t\t<div class=\"elementor-accordion-item\">\n\t\t\t\t\t<div id=\"elementor-tab-title-4632\" class=\"elementor-tab-title\" data-tab=\"2\" role=\"button\" aria-controls=\"elementor-tab-content-4632\" aria-expanded=\"false\">\n\t\t\t\t\t\t\t\t\t\t\t\t\t<span class=\"elementor-accordion-icon elementor-accordion-icon-left\" aria-hidden=\"true\">\n\t\t\t\t\t\t\t\t\t\t\t\t\t\t\t<span class=\"elementor-accordion-icon-closed\"><i class=\"fas fa-caret-down\"><\/i><\/span>\n\t\t\t\t\t\t\t\t<span class=\"elementor-accordion-icon-opened\"><i class=\"fas fa-caret-up\"><\/i><\/span>\n\t\t\t\t\t\t\t\t\t\t\t\t\t\t<\/span>\n\t\t\t\t\t\t\t\t\t\t\t\t<a class=\"elementor-accordion-title\" tabindex=\"0\">Projeto Flow<\/a>\n\t\t\t\t\t<\/div>\n\t\t\t\t\t<div id=\"elementor-tab-content-4632\" class=\"elementor-tab-content elementor-clearfix\" data-tab=\"2\" role=\"region\" aria-labelledby=\"elementor-tab-title-4632\"><p><span style=\"font-weight: 400;\">A Flow \u00e9 um dispositivo que permite o reuso de \u00e1gua em vasos sanit\u00e1rios. Flow adapta o vaso sanit\u00e1rio em um minuto sem a necessidade de reforma ou m\u00e3o de obra especializada.<\/span><\/p><p><b>Edi\u00e7\u00e3o da acelera\u00e7\u00e3o: <\/b><span style=\"font-weight: 400;\">2021, 2022<\/span><\/p><p><b>ODS:<\/b><\/p><ol start=\"6\"><li><span style=\"font-weight: 400;\"> \u00c1gua pot\u00e1vel e saneamento<\/span><\/li><\/ol><ol start=\"10\"><li><span style=\"font-weight: 400;\"> Redu\u00e7\u00e3o das desigualdades<\/span><\/li><\/ol><ol start=\"11\"><li><span style=\"font-weight: 400;\"> Cidades e comunidades sustent\u00e1veis<\/span><\/li><\/ol><ol start=\"14\"><li><span style=\"font-weight: 400;\"> Vida na \u00e1gua<\/span><\/li><\/ol><p><a href=\"http:\/\/www.projetoflow.com\"><span style=\"font-weight: 400;\">www.projetoflow.com<\/span><\/a><\/p><\/div>\n\t\t\t\t<\/div>\n\t\t\t\t\t\t\t<div class=\"elementor-accordion-item\">\n\t\t\t\t\t<div id=\"elementor-tab-title-4633\" class=\"elementor-tab-title\" data-tab=\"3\" role=\"button\" aria-controls=\"elementor-tab-content-4633\" aria-expanded=\"false\">\n\t\t\t\t\t\t\t\t\t\t\t\t\t<span class=\"elementor-accordion-icon elementor-accordion-icon-left\" aria-hidden=\"true\">\n\t\t\t\t\t\t\t\t\t\t\t\t\t\t\t<span class=\"elementor-accordion-icon-closed\"><i class=\"fas fa-caret-down\"><\/i><\/span>\n\t\t\t\t\t\t\t\t<span class=\"elementor-accordion-icon-opened\"><i class=\"fas fa-caret-up\"><\/i><\/span>\n\t\t\t\t\t\t\t\t\t\t\t\t\t\t<\/span>\n\t\t\t\t\t\t\t\t\t\t\t\t<a class=\"elementor-accordion-title\" tabindex=\"0\">Ultragota<\/a>\n\t\t\t\t\t<\/div>\n\t\t\t\t\t<div id=\"elementor-tab-content-4633\" class=\"elementor-tab-content elementor-clearfix\" data-tab=\"3\" role=\"region\" aria-labelledby=\"elementor-tab-title-4633\"><p><span style=\"font-weight: 400;\">Ultragota \u00e9 um sistema terci\u00e1rio de alta performance para tratamento de esgotos residenciais que possui 99,9% de efici\u00eancia, gera \u00e1gua de reuso de qualidade, ret\u00e9m bact\u00e9rias e v\u00edrus ( at\u00e9 mesmo o COVID-19) e pode ser instalada facilmente.<\/span><\/p><p><b>Edi\u00e7\u00e3o da acelera\u00e7\u00e3o: <\/b><span style=\"font-weight: 400;\">2022<\/span><\/p><\/div>\n\t\t\t\t<\/div>\n\t\t\t\t\t\t\t\t<\/div>\n\t\t\t\t\t\t<\/div>\n\t\t\t\t<\/div>\n\t\t\t\t\t<\/div>\n\t\t<\/div>\n\t\t\t\t\t<\/div>\n\t\t<\/section>\n\t\t\t\t<section class=\"elementor-section elementor-top-section elementor-element elementor-element-31e3711 elementor-section-stretched elementor-section-full_width elementor-hidden-tablet elementor-hidden-mobile elementor-section-height-default elementor-section-height-default\" data-id=\"31e3711\" data-element_type=\"section\" data-settings=\"{&quot;stretch_section&quot;:&quot;section-stretched&quot;,&quot;animation&quot;:&quot;none&quot;}\">\n\t\t\t\t\t\t<div class=\"elementor-container elementor-column-gap-default\">\n\t\t\t\t\t<div class=\"elementor-column elementor-col-100 elementor-top-column elementor-element elementor-element-727f8c4\" data-id=\"727f8c4\" data-element_type=\"column\">\n\t\t\t<div class=\"elementor-widget-wrap elementor-element-populated\">\n\t\t\t\t\t\t<div class=\"elementor-element elementor-element-2670e4c elementor-widget elementor-widget-text-editor\" data-id=\"2670e4c\" data-element_type=\"widget\" data-widget_type=\"text-editor.default\">\n\t\t\t\t<div class=\"elementor-widget-container\">\n\t\t\t\t\t\t\t\t\t<p style=\"text-align: left; padding-left: 160px;\"><b>Ecoagricultura e Seguran\u00e7a Alimentar<\/b><\/p>\t\t\t\t\t\t\t\t<\/div>\n\t\t\t\t<\/div>\n\t\t\t\t\t<\/div>\n\t\t<\/div>\n\t\t\t\t\t<\/div>\n\t\t<\/section>\n\t\t\t\t<section class=\"elementor-section elementor-top-section elementor-element elementor-element-da2e0e1 elementor-section-stretched elementor-section-full_width elementor-section-height-default elementor-section-height-default\" data-id=\"da2e0e1\" data-element_type=\"section\" data-settings=\"{&quot;stretch_section&quot;:&quot;section-stretched&quot;,&quot;animation&quot;:&quot;none&quot;}\">\n\t\t\t\t\t\t<div class=\"elementor-container elementor-column-gap-default\">\n\t\t\t\t\t<div class=\"elementor-column elementor-col-100 elementor-top-column elementor-element elementor-element-6fbc775\" data-id=\"6fbc775\" data-element_type=\"column\">\n\t\t\t<div class=\"elementor-widget-wrap elementor-element-populated\">\n\t\t\t\t\t\t<div class=\"elementor-element elementor-element-469ab1e elementor-hidden-desktop elementor-widget elementor-widget-text-editor\" data-id=\"469ab1e\" data-element_type=\"widget\" data-widget_type=\"text-editor.default\">\n\t\t\t\t<div class=\"elementor-widget-container\">\n\t\t\t\t\t\t\t\t\t<p style=\"text-align: left;\"><b>Ecoagricultura e Seguran\u00e7a Alimentar<\/b><\/p>\t\t\t\t\t\t\t\t<\/div>\n\t\t\t\t<\/div>\n\t\t\t\t\t<\/div>\n\t\t<\/div>\n\t\t\t\t\t<\/div>\n\t\t<\/section>\n\t\t\t\t<section class=\"elementor-section elementor-top-section elementor-element elementor-element-e41c0c4 elementor-section-stretched elementor-section-boxed elementor-section-height-default elementor-section-height-default\" data-id=\"e41c0c4\" data-element_type=\"section\" data-settings=\"{&quot;stretch_section&quot;:&quot;section-stretched&quot;}\">\n\t\t\t\t\t\t<div class=\"elementor-container elementor-column-gap-default\">\n\t\t\t\t\t<div class=\"elementor-column elementor-col-50 elementor-top-column elementor-element elementor-element-691eabd\" data-id=\"691eabd\" data-element_type=\"column\">\n\t\t\t<div class=\"elementor-widget-wrap elementor-element-populated\">\n\t\t\t\t\t\t<div class=\"elementor-element elementor-element-af4ba44 elementor-widget elementor-widget-accordion\" data-id=\"af4ba44\" data-element_type=\"widget\" data-widget_type=\"accordion.default\">\n\t\t\t\t<div class=\"elementor-widget-container\">\n\t\t\t\t\t\t\t<div class=\"elementor-accordion\">\n\t\t\t\t\t\t\t<div class=\"elementor-accordion-item\">\n\t\t\t\t\t<div id=\"elementor-tab-title-1831\" class=\"elementor-tab-title\" data-tab=\"1\" role=\"button\" aria-controls=\"elementor-tab-content-1831\" aria-expanded=\"false\">\n\t\t\t\t\t\t\t\t\t\t\t\t\t<span class=\"elementor-accordion-icon elementor-accordion-icon-left\" aria-hidden=\"true\">\n\t\t\t\t\t\t\t\t\t\t\t\t\t\t\t<span class=\"elementor-accordion-icon-closed\"><i class=\"fas fa-caret-down\"><\/i><\/span>\n\t\t\t\t\t\t\t\t<span class=\"elementor-accordion-icon-opened\"><i class=\"fas fa-caret-up\"><\/i><\/span>\n\t\t\t\t\t\t\t\t\t\t\t\t\t\t<\/span>\n\t\t\t\t\t\t\t\t\t\t\t\t<a class=\"elementor-accordion-title\" tabindex=\"0\">Cityfarm Agricultura Urbana<\/a>\n\t\t\t\t\t<\/div>\n\t\t\t\t\t<div id=\"elementor-tab-content-1831\" class=\"elementor-tab-content elementor-clearfix\" data-tab=\"1\" role=\"region\" aria-labelledby=\"elementor-tab-title-1831\"><p>A Cityfarm \u00e9 uma empresa que tem a proposta de trazer o cultivo de alimentos para dentro dos grandes centros urbanos e para isso desenvolve e implementa projetos de hortas agroecol\u00f3gicas para casas, apartamentos, condom\u00ednios e empresas. Tamb\u00e9m desenvolveu uma solu\u00e7\u00e3o port\u00e1til de horta vertical automatizada, que funciona em um sistema de hidroponia, para facilitar o cultivo e otimizar espa\u00e7o e tempo das pessoas. Com vers\u00f5es de 15 ou 45 plantas, \u00e9 ideal para varandas, quintais e ambientes internos com a ajuda de ilumina\u00e7\u00e3o artificial.<\/p><p><b>Edi\u00e7\u00e3o da a<\/b><b>celera\u00e7\u00e3o:\u00a0<\/b>2021<\/p><p><b>ODS:<\/b><\/p><ol start=\"2\"><li>Fome zero e agricultura sustent\u00e1vel<\/li><li>Sa\u00fade e Bem-Estar<\/li><\/ol><ol start=\"11\"><li>Cidades e comunidades sustent\u00e1veis<\/li><li>Consumo e produ\u00e7\u00e3o respons\u00e1veis<\/li><\/ol><p><a href=\"https:\/\/www.instagram.com\/cityfarmbrasil\/\">https:\/\/www.instagram.com\/cityfarmbrasil\/<\/a>\u00a0<\/p><\/div>\n\t\t\t\t<\/div>\n\t\t\t\t\t\t\t<div class=\"elementor-accordion-item\">\n\t\t\t\t\t<div id=\"elementor-tab-title-1832\" class=\"elementor-tab-title\" data-tab=\"2\" role=\"button\" aria-controls=\"elementor-tab-content-1832\" aria-expanded=\"false\">\n\t\t\t\t\t\t\t\t\t\t\t\t\t<span class=\"elementor-accordion-icon elementor-accordion-icon-left\" aria-hidden=\"true\">\n\t\t\t\t\t\t\t\t\t\t\t\t\t\t\t<span class=\"elementor-accordion-icon-closed\"><i class=\"fas fa-caret-down\"><\/i><\/span>\n\t\t\t\t\t\t\t\t<span class=\"elementor-accordion-icon-opened\"><i class=\"fas fa-caret-up\"><\/i><\/span>\n\t\t\t\t\t\t\t\t\t\t\t\t\t\t<\/span>\n\t\t\t\t\t\t\t\t\t\t\t\t<a class=\"elementor-accordion-title\" tabindex=\"0\">Horta Urbana Cinequebrada<\/a>\n\t\t\t\t\t<\/div>\n\t\t\t\t\t<div id=\"elementor-tab-content-1832\" class=\"elementor-tab-content elementor-clearfix\" data-tab=\"2\" role=\"region\" aria-labelledby=\"elementor-tab-title-1832\"><p>Projeto focado em promover atividades ocupacionais para pessoas da terceira idade, e desenvolver socioeconomicamente a regi\u00e3o da Cohab Juscelino K. \u00c1rea da horta 3 mil metros quadrados, nela produzimos, alimentos como: mandioca, feij\u00e3o guandu, banana, couve, milho, ab\u00f3bora, feij\u00e3o carioca, quiabo, morango, mam\u00e3o, entre outros. Contamos com a participa\u00e7\u00e3o de cinco pessoas nesta atividade sendo tr\u00eas delas da terceira idade.<\/p><p><b>Edi\u00e7\u00e3o da acelera\u00e7\u00e3o:\u00a0<\/b>2022<\/p><p><a href=\"https:\/\/www.instagram.com\/cinequebrada_\/\">https:\/\/www.instagram.com\/cinequebrada_\/<\/a><\/p><\/div>\n\t\t\t\t<\/div>\n\t\t\t\t\t\t\t<div class=\"elementor-accordion-item\">\n\t\t\t\t\t<div id=\"elementor-tab-title-1833\" class=\"elementor-tab-title\" data-tab=\"3\" role=\"button\" aria-controls=\"elementor-tab-content-1833\" aria-expanded=\"false\">\n\t\t\t\t\t\t\t\t\t\t\t\t\t<span class=\"elementor-accordion-icon elementor-accordion-icon-left\" aria-hidden=\"true\">\n\t\t\t\t\t\t\t\t\t\t\t\t\t\t\t<span class=\"elementor-accordion-icon-closed\"><i class=\"fas fa-caret-down\"><\/i><\/span>\n\t\t\t\t\t\t\t\t<span class=\"elementor-accordion-icon-opened\"><i class=\"fas fa-caret-up\"><\/i><\/span>\n\t\t\t\t\t\t\t\t\t\t\t\t\t\t<\/span>\n\t\t\t\t\t\t\t\t\t\t\t\t<a class=\"elementor-accordion-title\" tabindex=\"0\">Or\u00e1culo PANC<\/a>\n\t\t\t\t\t<\/div>\n\t\t\t\t\t<div id=\"elementor-tab-content-1833\" class=\"elementor-tab-content elementor-clearfix\" data-tab=\"3\" role=\"region\" aria-labelledby=\"elementor-tab-title-1833\"><p>\u00c9 uma plataforma P2P para conhecimento, identifica\u00e7\u00e3o e consumo de Plantas Aliment\u00edcias N\u00e3o Convencionais (PANC), em prol da soberania e seguran\u00e7a alimentar. Ela se baseia na estrutura\u00e7\u00e3o de um ecossistema de servi\u00e7os e produtos relacionados \u00e0 sustentabilidade, com funcionalidades como geolocaliza\u00e7\u00e3o de PANC, Doa\u00e7\u00e3o de Sementes ou Mudas, Marketplace de Produtos Relacionados, Conte\u00fados e Comunidade de Plantadores.<\/p><p><b>Edi\u00e7\u00e3o da acelera\u00e7\u00e3o:\u00a0<\/b>2022<\/p><\/div>\n\t\t\t\t<\/div>\n\t\t\t\t\t\t\t<div class=\"elementor-accordion-item\">\n\t\t\t\t\t<div id=\"elementor-tab-title-1834\" class=\"elementor-tab-title\" data-tab=\"4\" role=\"button\" aria-controls=\"elementor-tab-content-1834\" aria-expanded=\"false\">\n\t\t\t\t\t\t\t\t\t\t\t\t\t<span class=\"elementor-accordion-icon elementor-accordion-icon-left\" aria-hidden=\"true\">\n\t\t\t\t\t\t\t\t\t\t\t\t\t\t\t<span class=\"elementor-accordion-icon-closed\"><i class=\"fas fa-caret-down\"><\/i><\/span>\n\t\t\t\t\t\t\t\t<span class=\"elementor-accordion-icon-opened\"><i class=\"fas fa-caret-up\"><\/i><\/span>\n\t\t\t\t\t\t\t\t\t\t\t\t\t\t<\/span>\n\t\t\t\t\t\t\t\t\t\t\t\t<a class=\"elementor-accordion-title\" tabindex=\"0\">Orga<\/a>\n\t\t\t\t\t<\/div>\n\t\t\t\t\t<div id=\"elementor-tab-content-1834\" class=\"elementor-tab-content elementor-clearfix\" data-tab=\"4\" role=\"region\" aria-labelledby=\"elementor-tab-title-1834\"><p>Surge como uma aceleradora de produtores org\u00e2nicos e produtores que queiram migrar para o sistema de cultivo org\u00e2nico, com o objetivo de estimular a cadeia de produ\u00e7\u00e3o por meio de uma plataforma e aplicativo online.<\/p><\/div>\n\t\t\t\t<\/div>\n\t\t\t\t\t\t\t\t<\/div>\n\t\t\t\t\t\t<\/div>\n\t\t\t\t<\/div>\n\t\t\t\t\t<\/div>\n\t\t<\/div>\n\t\t\t\t<div class=\"elementor-column elementor-col-50 elementor-top-column elementor-element elementor-element-40158f0\" data-id=\"40158f0\" data-element_type=\"column\">\n\t\t\t<div class=\"elementor-widget-wrap elementor-element-populated\">\n\t\t\t\t\t\t<div class=\"elementor-element elementor-element-ecfe360 elementor-widget elementor-widget-accordion\" data-id=\"ecfe360\" data-element_type=\"widget\" data-widget_type=\"accordion.default\">\n\t\t\t\t<div class=\"elementor-widget-container\">\n\t\t\t\t\t\t\t<div class=\"elementor-accordion\">\n\t\t\t\t\t\t\t<div class=\"elementor-accordion-item\">\n\t\t\t\t\t<div id=\"elementor-tab-title-2481\" class=\"elementor-tab-title\" data-tab=\"1\" role=\"button\" aria-controls=\"elementor-tab-content-2481\" aria-expanded=\"false\">\n\t\t\t\t\t\t\t\t\t\t\t\t\t<span class=\"elementor-accordion-icon elementor-accordion-icon-left\" aria-hidden=\"true\">\n\t\t\t\t\t\t\t\t\t\t\t\t\t\t\t<span class=\"elementor-accordion-icon-closed\"><i class=\"fas fa-caret-down\"><\/i><\/span>\n\t\t\t\t\t\t\t\t<span class=\"elementor-accordion-icon-opened\"><i class=\"fas fa-caret-up\"><\/i><\/span>\n\t\t\t\t\t\t\t\t\t\t\t\t\t\t<\/span>\n\t\t\t\t\t\t\t\t\t\t\t\t<a class=\"elementor-accordion-title\" tabindex=\"0\">SantaFood<\/a>\n\t\t\t\t\t<\/div>\n\t\t\t\t\t<div id=\"elementor-tab-content-2481\" class=\"elementor-tab-content elementor-clearfix\" data-tab=\"1\" role=\"region\" aria-labelledby=\"elementor-tab-title-2481\"><p>Somos uma agfoodtech de impacto da micro economia verde circular do segmento da alimenta\u00e7\u00e3o segura \u2013 agricultura regenerativa: org\u00e2nicos e agroecol\u00f3gicos<\/p><p><b>Edi\u00e7\u00e3o da acelera\u00e7\u00e3o:\u00a0<\/b>2021, 2022<\/p><p><b>ODS:<\/b><\/p><ol start=\"2\"><li>Fome zero e agricultura sustent\u00e1vel\u00a0<\/li><li>Sa\u00fade e Bem-estar<\/li><\/ol><ol start=\"5\"><li>Igualdade de G\u00eanero<\/li><\/ol><ol start=\"8\"><li>Trabalho decente e crescimento econ\u00f4mico<\/li><\/ol><ol start=\"11\"><li>Cidades e comunidades sustent\u00e1veis<\/li><li>Consumo e produ\u00e7\u00e3o respons\u00e1veis<\/li><li>A\u00e7\u00e3o contra a mudan\u00e7a global do clima<\/li><\/ol><p><a href=\"https:\/\/bit.ly\/m\/santafood\">https:\/\/bit.ly\/m\/santafood<\/a>\u00a0<\/p><p><a href=\"https:\/\/www.instagram.com\/santafoodorganicos\/\">https:\/\/www.instagram.com\/santafoodorganicos\/<\/a>\u00a0<\/p><p><a href=\"https:\/\/web.facebook.com\/santafoodorganicos\">https:\/\/web.facebook.com\/santafoodorganicos<\/a>\u00a0<\/p><p><a href=\"https:\/\/www.youtube.com\/@santafood\">https:\/\/www.youtube.com\/@santafood<\/a>\u00a0<\/p><p><a href=\"https:\/\/www.linkedin.com\/company\/santa-food-alimentos\/\">https:\/\/www.linkedin.com\/company\/santa-food-alimentos\/<\/a>\u00a0<\/p><\/div>\n\t\t\t\t<\/div>\n\t\t\t\t\t\t\t<div class=\"elementor-accordion-item\">\n\t\t\t\t\t<div id=\"elementor-tab-title-2482\" class=\"elementor-tab-title\" data-tab=\"2\" role=\"button\" aria-controls=\"elementor-tab-content-2482\" aria-expanded=\"false\">\n\t\t\t\t\t\t\t\t\t\t\t\t\t<span class=\"elementor-accordion-icon elementor-accordion-icon-left\" aria-hidden=\"true\">\n\t\t\t\t\t\t\t\t\t\t\t\t\t\t\t<span class=\"elementor-accordion-icon-closed\"><i class=\"fas fa-caret-down\"><\/i><\/span>\n\t\t\t\t\t\t\t\t<span class=\"elementor-accordion-icon-opened\"><i class=\"fas fa-caret-up\"><\/i><\/span>\n\t\t\t\t\t\t\t\t\t\t\t\t\t\t<\/span>\n\t\t\t\t\t\t\t\t\t\t\t\t<a class=\"elementor-accordion-title\" tabindex=\"0\">SaveAdd<\/a>\n\t\t\t\t\t<\/div>\n\t\t\t\t\t<div id=\"elementor-tab-content-2482\" class=\"elementor-tab-content elementor-clearfix\" data-tab=\"2\" role=\"region\" aria-labelledby=\"elementor-tab-title-2482\"><p>Revis\u00e3o e adi\u00e7\u00e3o de a\u00e7\u00f5es para atuar com produtos excedentes, analisando a viabilidade de cada a\u00e7\u00e3o. Estabelecimento, qualifica\u00e7\u00e3o e refinamento das parcerias, via app gerando relat\u00f3rios para melhorias nos processos de todos os envolvidos, visando a redu\u00e7\u00e3o de perdas hoje e no futuro.<\/p><p><b>Edi\u00e7\u00e3o da acelera\u00e7\u00e3o:\u00a0<\/b>2022<\/p><p><b>ODS:<\/b><\/p><ol start=\"2\"><li>Fome zero e agricultura sustent\u00e1vel\u00a0<\/li><\/ol><ol start=\"1\"><li>Redu\u00e7\u00e3o da pobreza<\/li><\/ol><ol start=\"13\"><li>A\u00e7\u00f5es Clim\u00e1ticas<\/li><\/ol><p><a href=\"https:\/\/www.saveadd.com.br\/\">https:\/\/www.saveadd.com.br\/<\/a><\/p><\/div>\n\t\t\t\t<\/div>\n\t\t\t\t\t\t\t<div class=\"elementor-accordion-item\">\n\t\t\t\t\t<div id=\"elementor-tab-title-2483\" class=\"elementor-tab-title\" data-tab=\"3\" role=\"button\" aria-controls=\"elementor-tab-content-2483\" aria-expanded=\"false\">\n\t\t\t\t\t\t\t\t\t\t\t\t\t<span class=\"elementor-accordion-icon elementor-accordion-icon-left\" aria-hidden=\"true\">\n\t\t\t\t\t\t\t\t\t\t\t\t\t\t\t<span class=\"elementor-accordion-icon-closed\"><i class=\"fas fa-caret-down\"><\/i><\/span>\n\t\t\t\t\t\t\t\t<span class=\"elementor-accordion-icon-opened\"><i class=\"fas fa-caret-up\"><\/i><\/span>\n\t\t\t\t\t\t\t\t\t\t\t\t\t\t<\/span>\n\t\t\t\t\t\t\t\t\t\t\t\t<a class=\"elementor-accordion-title\" tabindex=\"0\">S\u00edtio Sampa<\/a>\n\t\t\t\t\t<\/div>\n\t\t\t\t\t<div id=\"elementor-tab-content-2483\" class=\"elementor-tab-content elementor-clearfix\" data-tab=\"3\" role=\"region\" aria-labelledby=\"elementor-tab-title-2483\"><p>Empresa de recupera\u00e7\u00e3o ambiental e promo\u00e7\u00e3o de \u00e1reas verdes na cidade de S\u00e3o Paulo atrav\u00e9s da implementa\u00e7\u00e3o e impulsionamento de hortas urbanas, da economia circular, da educa\u00e7\u00e3o s\u00f3cio ambiental e da comercializa\u00e7\u00e3o de alimentos org\u00e2nicos direto dos produtores.<\/p><p><b>Edi\u00e7\u00e3o da acelera\u00e7\u00e3o:\u00a0<\/b>2022<\/p><p><b>ODS:<\/b><\/p><ol start=\"11\"><li>Cidades e comunidades sustent\u00e1veis<\/li><\/ol><ol start=\"15\"><li>Vida terrestre<\/li><\/ol><ol start=\"2\"><li>Fome zero e agricultura sustent\u00e1vel\u00a0<\/li><\/ol><ol start=\"13\"><li>A\u00e7\u00f5es Clim\u00e1ticas<\/li><\/ol><ol start=\"4\"><li>Educa\u00e7\u00e3o de qualidade<\/li><\/ol><p><a href=\"http:\/\/www.instagram.com\/sitiosampa.sp\/\">www.instagram.com\/sitiosampa.sp\/<\/a><\/p><\/div>\n\t\t\t\t<\/div>\n\t\t\t\t\t\t\t<div class=\"elementor-accordion-item\">\n\t\t\t\t\t<div id=\"elementor-tab-title-2484\" class=\"elementor-tab-title\" data-tab=\"4\" role=\"button\" aria-controls=\"elementor-tab-content-2484\" aria-expanded=\"false\">\n\t\t\t\t\t\t\t\t\t\t\t\t\t<span class=\"elementor-accordion-icon elementor-accordion-icon-left\" aria-hidden=\"true\">\n\t\t\t\t\t\t\t\t\t\t\t\t\t\t\t<span class=\"elementor-accordion-icon-closed\"><i class=\"fas fa-caret-down\"><\/i><\/span>\n\t\t\t\t\t\t\t\t<span class=\"elementor-accordion-icon-opened\"><i class=\"fas fa-caret-up\"><\/i><\/span>\n\t\t\t\t\t\t\t\t\t\t\t\t\t\t<\/span>\n\t\t\t\t\t\t\t\t\t\t\t\t<a class=\"elementor-accordion-title\" tabindex=\"0\">Um Bom App<\/a>\n\t\t\t\t\t<\/div>\n\t\t\t\t\t<div id=\"elementor-tab-content-2484\" class=\"elementor-tab-content elementor-clearfix\" data-tab=\"4\" role=\"region\" aria-labelledby=\"elementor-tab-title-2484\"><p>Foodtech que desenvolve solu\u00e7\u00f5es para o combate ao desperd\u00edcio de alimentos e a mitiga\u00e7\u00e3o da fome. Atualmente possuem 3 plataformas desenvolvidas B2B2C, B2C e sistema de rastreabilidade.<\/p><p><b>Edi\u00e7\u00e3o da acelera\u00e7\u00e3o:\u00a0<\/b>2022<\/p><p><b>ODS:<\/b><\/p><ol start=\"1\"><li>Redu\u00e7\u00e3o da pobreza<\/li><\/ol><ol start=\"3\"><li>Sa\u00fade e Bem-estar<\/li><\/ol><ol start=\"8\"><li>Trabalho decente e crescimento econ\u00f4mico<\/li><li>Ind\u00fastria, inova\u00e7\u00e3o e infraestrutura<\/li><\/ol><ol start=\"12\"><li>Consumo e produ\u00e7\u00e3o respons\u00e1veis<\/li><li>A\u00e7\u00f5es Clim\u00e1ticas<\/li><\/ol><ol start=\"16\"><li>Paz, justi\u00e7a e institui\u00e7\u00f5es eficazes<\/li><li>Parcerias e meios de implementa\u00e7\u00e3o<\/li><\/ol><p><a href=\"https:\/\/linkme.bio\/umbomapp\">https:\/\/linkme.bio\/umbomapp<\/a>\u00a0<\/p><p><a href=\"https:\/\/www.instagram.com\/umbomapp\/\">https:\/\/www.instagram.com\/umbomapp\/<\/a>\u00a0<\/p><p><a href=\"https:\/\/www.linkedin.com\/company\/umbomapp\">https:\/\/www.linkedin.com\/company\/umbomapp<\/a>\u00a0<\/p><\/div>\n\t\t\t\t<\/div>\n\t\t\t\t\t\t\t\t<\/div>\n\t\t\t\t\t\t<\/div>\n\t\t\t\t<\/div>\n\t\t\t\t\t<\/div>\n\t\t<\/div>\n\t\t\t\t\t<\/div>\n\t\t<\/section>\n\t\t\t\t<section class=\"elementor-section elementor-top-section elementor-element elementor-element-dfbcf9b elementor-section-stretched elementor-section-full_width elementor-section-height-default elementor-section-height-default\" data-id=\"dfbcf9b\" data-element_type=\"section\" data-settings=\"{&quot;stretch_section&quot;:&quot;section-stretched&quot;,&quot;animation&quot;:&quot;none&quot;}\">\n\t\t\t\t\t\t<div class=\"elementor-container elementor-column-gap-default\">\n\t\t\t\t\t<div class=\"elementor-column elementor-col-100 elementor-top-column elementor-element elementor-element-c195b53\" data-id=\"c195b53\" data-element_type=\"column\">\n\t\t\t<div class=\"elementor-widget-wrap elementor-element-populated\">\n\t\t\t\t\t\t<div class=\"elementor-element elementor-element-6c3594e elementor-hidden-tablet elementor-hidden-mobile elementor-widget elementor-widget-text-editor\" data-id=\"6c3594e\" data-element_type=\"widget\" data-widget_type=\"text-editor.default\">\n\t\t\t\t<div class=\"elementor-widget-container\">\n\t\t\t\t\t\t\t\t\t<p style=\"text-align: left; padding-left: 160px;\"><b>Efici\u00eancia e Clean Web<\/b><\/p>\t\t\t\t\t\t\t\t<\/div>\n\t\t\t\t<\/div>\n\t\t\t\t\t<\/div>\n\t\t<\/div>\n\t\t\t\t\t<\/div>\n\t\t<\/section>\n\t\t\t\t<section class=\"elementor-section elementor-top-section elementor-element elementor-element-c6b53ee elementor-section-stretched elementor-section-full_width elementor-hidden-desktop elementor-section-height-default elementor-section-height-default\" data-id=\"c6b53ee\" data-element_type=\"section\" data-settings=\"{&quot;stretch_section&quot;:&quot;section-stretched&quot;,&quot;animation&quot;:&quot;none&quot;}\">\n\t\t\t\t\t\t<div class=\"elementor-container elementor-column-gap-default\">\n\t\t\t\t\t<div class=\"elementor-column elementor-col-100 elementor-top-column elementor-element elementor-element-d3864b3\" data-id=\"d3864b3\" data-element_type=\"column\">\n\t\t\t<div class=\"elementor-widget-wrap elementor-element-populated\">\n\t\t\t\t\t\t<div class=\"elementor-element elementor-element-f57283c elementor-widget elementor-widget-text-editor\" data-id=\"f57283c\" data-element_type=\"widget\" data-widget_type=\"text-editor.default\">\n\t\t\t\t<div class=\"elementor-widget-container\">\n\t\t\t\t\t\t\t\t\t<p style=\"text-align: left;\"><b>Efici\u00eancia e Clean Web<\/b><\/p>\t\t\t\t\t\t\t\t<\/div>\n\t\t\t\t<\/div>\n\t\t\t\t\t<\/div>\n\t\t<\/div>\n\t\t\t\t\t<\/div>\n\t\t<\/section>\n\t\t\t\t<section class=\"elementor-section elementor-top-section elementor-element elementor-element-5f2ef51 elementor-section-stretched elementor-section-boxed elementor-section-height-default elementor-section-height-default\" data-id=\"5f2ef51\" data-element_type=\"section\" data-settings=\"{&quot;stretch_section&quot;:&quot;section-stretched&quot;}\">\n\t\t\t\t\t\t<div class=\"elementor-container elementor-column-gap-default\">\n\t\t\t\t\t<div class=\"elementor-column elementor-col-50 elementor-top-column elementor-element elementor-element-0d9ae2b\" data-id=\"0d9ae2b\" data-element_type=\"column\">\n\t\t\t<div class=\"elementor-widget-wrap elementor-element-populated\">\n\t\t\t\t\t\t<div class=\"elementor-element elementor-element-127d3e8 elementor-widget elementor-widget-accordion\" data-id=\"127d3e8\" data-element_type=\"widget\" data-widget_type=\"accordion.default\">\n\t\t\t\t<div class=\"elementor-widget-container\">\n\t\t\t\t\t\t\t<div class=\"elementor-accordion\">\n\t\t\t\t\t\t\t<div class=\"elementor-accordion-item\">\n\t\t\t\t\t<div id=\"elementor-tab-title-1931\" class=\"elementor-tab-title\" data-tab=\"1\" role=\"button\" aria-controls=\"elementor-tab-content-1931\" aria-expanded=\"false\">\n\t\t\t\t\t\t\t\t\t\t\t\t\t<span class=\"elementor-accordion-icon elementor-accordion-icon-left\" aria-hidden=\"true\">\n\t\t\t\t\t\t\t\t\t\t\t\t\t\t\t<span class=\"elementor-accordion-icon-closed\"><i class=\"fas fa-caret-down\"><\/i><\/span>\n\t\t\t\t\t\t\t\t<span class=\"elementor-accordion-icon-opened\"><i class=\"fas fa-caret-up\"><\/i><\/span>\n\t\t\t\t\t\t\t\t\t\t\t\t\t\t<\/span>\n\t\t\t\t\t\t\t\t\t\t\t\t<a class=\"elementor-accordion-title\" tabindex=\"0\">Arca Sustentabilidade<\/a>\n\t\t\t\t\t<\/div>\n\t\t\t\t\t<div id=\"elementor-tab-content-1931\" class=\"elementor-tab-content elementor-clearfix\" data-tab=\"1\" role=\"region\" aria-labelledby=\"elementor-tab-title-1931\"><p>O Sistema ARCA permite \u00e0s empresas coletar, gerenciar e comunicar informa\u00e7\u00f5es sobre indicadores de meio ambiente, sustentabilidade e cadeia de suprimentos. Essa abordagem integrada e simplificada permite que diversas empresas gerenciem seu desempenho em todos os tipos de dados e informa\u00e7\u00f5es ambientais, como por exemplo: consumo de \u00e1gua, consumo de energia, emiss\u00f5es de carbono, consumo de combust\u00edveis e res\u00edduos gerados.<\/p><p><b>Edi\u00e7\u00e3o da acelera\u00e7\u00e3o:\u00a0<\/b>2019<\/p><p><b>ODS:\u00a0<\/b><\/p><ol start=\"8\"><li>Trabalho decente e crescimento econ\u00f4mico<\/li><\/ol><ol start=\"13\"><li>A\u00e7\u00e3o contra a mudan\u00e7a global do clima<\/li><\/ol><p><a href=\"https:\/\/www.arcasustentabilidade.com.br\/\">https:\/\/www.arcasustentabilidade.com.br\/<\/a>\u00a0<\/p><p><a href=\"https:\/\/www.instagram.com\/arcasustentabilidade\/\">https:\/\/www.instagram.com\/arcasustentabilidade\/<\/a>\u00a0<\/p><p><a href=\"https:\/\/www.linkedin.com\/company\/arca-sustentabilidade\/\">https:\/\/www.linkedin.com\/company\/arca-sustentabilidade\/<\/a><\/p><\/div>\n\t\t\t\t<\/div>\n\t\t\t\t\t\t\t<div class=\"elementor-accordion-item\">\n\t\t\t\t\t<div id=\"elementor-tab-title-1932\" class=\"elementor-tab-title\" data-tab=\"2\" role=\"button\" aria-controls=\"elementor-tab-content-1932\" aria-expanded=\"false\">\n\t\t\t\t\t\t\t\t\t\t\t\t\t<span class=\"elementor-accordion-icon elementor-accordion-icon-left\" aria-hidden=\"true\">\n\t\t\t\t\t\t\t\t\t\t\t\t\t\t\t<span class=\"elementor-accordion-icon-closed\"><i class=\"fas fa-caret-down\"><\/i><\/span>\n\t\t\t\t\t\t\t\t<span class=\"elementor-accordion-icon-opened\"><i class=\"fas fa-caret-up\"><\/i><\/span>\n\t\t\t\t\t\t\t\t\t\t\t\t\t\t<\/span>\n\t\t\t\t\t\t\t\t\t\t\t\t<a class=\"elementor-accordion-title\" tabindex=\"0\">Co.urban<\/a>\n\t\t\t\t\t<\/div>\n\t\t\t\t\t<div id=\"elementor-tab-content-1932\" class=\"elementor-tab-content elementor-clearfix\" data-tab=\"2\" role=\"region\" aria-labelledby=\"elementor-tab-title-1932\"><p>Empresa de tecnologia que oferece uma plataforma inteligente com ferramentas de gest\u00e3o para servi\u00e7os urbanos mais eficientes, conectando dados de equipes de campo em tempo real de modo a garantir insights de melhoria de performance e decis\u00f5es de neg\u00f3cios assertivas e \u00e1geis.<\/p><p><b>Edi\u00e7\u00e3o da acelera\u00e7\u00e3o:\u00a0<\/b>2021<\/p><p><b>ODS:\u00a0<\/b><\/p><ol start=\"8\"><li>Trabalho decente e crescimento econ\u00f3mico<\/li><li>Ind\u00fastria, inova\u00e7\u00e3o e infraestrutura<\/li><\/ol><ol start=\"11\"><li>Cidades e comunidades sustent\u00e1veis<\/li><\/ol><ol start=\"13\"><li>A\u00e7\u00e3o contra a mudan\u00e7a global do clima<\/li><\/ol><ol start=\"17\"><li>Parcerias e meios de implementa\u00e7\u00e3o<\/li><\/ol><p><a href=\"https:\/\/www.courban.com.br\/\">https:\/\/www.courban.com.br\/<\/a><\/p><p><a href=\"https:\/\/www.linkedin.com\/company\/co-urban\/\">https:\/\/www.linkedin.com\/company\/co-urban\/<\/a>\u00a0<\/p><p><a href=\"https:\/\/www.instagram.com\/co.urban\/\">https:\/\/www.instagram.com\/co.urban\/<\/a><\/p><p><a href=\"https:\/\/www.facebook.com\/CoUrban-569719073443711\/\">https:\/\/www.facebook.com\/CoUrban-569719073443711\/<\/a><\/p><\/div>\n\t\t\t\t<\/div>\n\t\t\t\t\t\t\t<div class=\"elementor-accordion-item\">\n\t\t\t\t\t<div id=\"elementor-tab-title-1933\" class=\"elementor-tab-title\" data-tab=\"3\" role=\"button\" aria-controls=\"elementor-tab-content-1933\" aria-expanded=\"false\">\n\t\t\t\t\t\t\t\t\t\t\t\t\t<span class=\"elementor-accordion-icon elementor-accordion-icon-left\" aria-hidden=\"true\">\n\t\t\t\t\t\t\t\t\t\t\t\t\t\t\t<span class=\"elementor-accordion-icon-closed\"><i class=\"fas fa-caret-down\"><\/i><\/span>\n\t\t\t\t\t\t\t\t<span class=\"elementor-accordion-icon-opened\"><i class=\"fas fa-caret-up\"><\/i><\/span>\n\t\t\t\t\t\t\t\t\t\t\t\t\t\t<\/span>\n\t\t\t\t\t\t\t\t\t\t\t\t<a class=\"elementor-accordion-title\" tabindex=\"0\">Cubi Energia<\/a>\n\t\t\t\t\t<\/div>\n\t\t\t\t\t<div id=\"elementor-tab-content-1933\" class=\"elementor-tab-content elementor-clearfix\" data-tab=\"3\" role=\"region\" aria-labelledby=\"elementor-tab-title-1933\"><p>A CUBi \u00e9 uma startup focada em empresas que buscam entender como a energia \u00e9 consumida e quais s\u00e3o as alternativas para que as opera\u00e7\u00f5es sejam mais eficientes. Aliamos IoT e RPA para traduzir os dados coletados em op\u00e7\u00f5es reais de melhoria em efici\u00eancia energ\u00e9tica para redu\u00e7\u00e3o de consumo, custo e CO2.\u00a0<b>Edi\u00e7\u00e3o da acelera\u00e7\u00e3o:\u00a0<\/b>2019, 2020\u00a0<b>ODS:\u00a0<\/b><\/p><ol start=\"7\"><li>Energia limpa e acess\u00edvel<\/li><\/ol><ol start=\"12\"><li>Consumo e produ\u00e7\u00e3o respons\u00e1veis<\/li><\/ol><p><a href=\"https:\/\/www.cubienergia.com\/\">https:\/\/www.cubienergia.com\/<\/a>\u00a0<a href=\"https:\/\/www.linkedin.com\/company\/cubienergia\">https:\/\/www.linkedin.com\/company\/cubienergia<\/a>\u00a0\u00a0<a href=\"https:\/\/www.instagram.com\/cubienergia\/\">https:\/\/www.instagram.com\/cubienergia\/<\/a><\/p><\/div>\n\t\t\t\t<\/div>\n\t\t\t\t\t\t\t<div class=\"elementor-accordion-item\">\n\t\t\t\t\t<div id=\"elementor-tab-title-1934\" class=\"elementor-tab-title\" data-tab=\"4\" role=\"button\" aria-controls=\"elementor-tab-content-1934\" aria-expanded=\"false\">\n\t\t\t\t\t\t\t\t\t\t\t\t\t<span class=\"elementor-accordion-icon elementor-accordion-icon-left\" aria-hidden=\"true\">\n\t\t\t\t\t\t\t\t\t\t\t\t\t\t\t<span class=\"elementor-accordion-icon-closed\"><i class=\"fas fa-caret-down\"><\/i><\/span>\n\t\t\t\t\t\t\t\t<span class=\"elementor-accordion-icon-opened\"><i class=\"fas fa-caret-up\"><\/i><\/span>\n\t\t\t\t\t\t\t\t\t\t\t\t\t\t<\/span>\n\t\t\t\t\t\t\t\t\t\t\t\t<a class=\"elementor-accordion-title\" tabindex=\"0\">Raiz<\/a>\n\t\t\t\t\t<\/div>\n\t\t\t\t\t<div id=\"elementor-tab-content-1934\" class=\"elementor-tab-content elementor-clearfix\" data-tab=\"4\" role=\"region\" aria-labelledby=\"elementor-tab-title-1934\"><p>Sistema de gerenciamento de dados do setor de \u00e1reas contaminadas.<\/p><p>Edi\u00e7\u00e3o da acelera\u00e7\u00e3o: 2019, 2020<\/p><p>ODS:<\/p><p>\u00c1gua pot\u00e1vel e saneamento<br \/>A\u00e7\u00e3o contra a mudan\u00e7a global do clima<br \/>Vida na \u00e1gua<br \/>15.Vida terrestre<\/p><p>https:\/\/www.linkedin.com\/in\/luiz-cesar-merjan-de-paula-a8a68aa2\/<\/p><\/div>\n\t\t\t\t<\/div>\n\t\t\t\t\t\t\t\t<\/div>\n\t\t\t\t\t\t<\/div>\n\t\t\t\t<\/div>\n\t\t\t\t\t<\/div>\n\t\t<\/div>\n\t\t\t\t<div class=\"elementor-column elementor-col-50 elementor-top-column elementor-element elementor-element-9b74df0\" data-id=\"9b74df0\" data-element_type=\"column\">\n\t\t\t<div class=\"elementor-widget-wrap elementor-element-populated\">\n\t\t\t\t\t\t<div class=\"elementor-element elementor-element-e666f8d elementor-widget elementor-widget-accordion\" data-id=\"e666f8d\" data-element_type=\"widget\" data-widget_type=\"accordion.default\">\n\t\t\t\t<div class=\"elementor-widget-container\">\n\t\t\t\t\t\t\t<div class=\"elementor-accordion\">\n\t\t\t\t\t\t\t<div class=\"elementor-accordion-item\">\n\t\t\t\t\t<div id=\"elementor-tab-title-2411\" class=\"elementor-tab-title\" data-tab=\"1\" role=\"button\" aria-controls=\"elementor-tab-content-2411\" aria-expanded=\"false\">\n\t\t\t\t\t\t\t\t\t\t\t\t\t<span class=\"elementor-accordion-icon elementor-accordion-icon-left\" aria-hidden=\"true\">\n\t\t\t\t\t\t\t\t\t\t\t\t\t\t\t<span class=\"elementor-accordion-icon-closed\"><i class=\"fas fa-caret-down\"><\/i><\/span>\n\t\t\t\t\t\t\t\t<span class=\"elementor-accordion-icon-opened\"><i class=\"fas fa-caret-up\"><\/i><\/span>\n\t\t\t\t\t\t\t\t\t\t\t\t\t\t<\/span>\n\t\t\t\t\t\t\t\t\t\t\t\t<a class=\"elementor-accordion-title\" tabindex=\"0\">Topten.eco.br<\/a>\n\t\t\t\t\t<\/div>\n\t\t\t\t\t<div id=\"elementor-tab-content-2411\" class=\"elementor-tab-content elementor-clearfix\" data-tab=\"1\" role=\"region\" aria-labelledby=\"elementor-tab-title-2411\"><p>A Topten.eco.br \u00e9 uma plataforma online de livre acesso que visa estimular a compra de equipamentos l\u00edderes em efici\u00eancia energ\u00e9tica no mercado brasileiro e conscientizar o consumidor e fornecer informa\u00e7\u00f5es \u00fateis sobre como melhor escolher e utilizar seus eletrodom\u00e9sticos.<\/p><p><b>Edi\u00e7\u00e3o da acelera\u00e7\u00e3o:\u00a0<\/b>2019, 2020<\/p><p><b>ODS:\u00a0<\/b><\/p><ol start=\"11\"><li>Energia acess\u00edvel e limpa<\/li><li>Cidades e comunidades sustent\u00e1veis<\/li><li>Consumo e produ\u00e7\u00e3o respons\u00e1veis<\/li><li>A\u00e7\u00e3o contra a mudan\u00e7a global do clima<\/li><\/ol><p><a href=\"https:\/\/topten.eco.br\/\">https:\/\/topten.eco.br\/<\/a>\u00a0<\/p><p><a href=\"http:\/\/instagram.com\/topten.eco.br\">instagram.com\/topten.eco.br<\/a><\/p><p><a href=\"https:\/\/web.facebook.com\/topten.eco.br?_rdc=1&amp;_rdr\">https:\/\/web.facebook.com\/topten.eco.br<\/a><\/p><p><a href=\"https:\/\/www.linkedin.com\/company\/topteneco-br\">https:\/\/www.linkedin.com\/company\/topteneco-br<\/a><\/p><\/div>\n\t\t\t\t<\/div>\n\t\t\t\t\t\t\t<div class=\"elementor-accordion-item\">\n\t\t\t\t\t<div id=\"elementor-tab-title-2412\" class=\"elementor-tab-title\" data-tab=\"2\" role=\"button\" aria-controls=\"elementor-tab-content-2412\" aria-expanded=\"false\">\n\t\t\t\t\t\t\t\t\t\t\t\t\t<span class=\"elementor-accordion-icon elementor-accordion-icon-left\" aria-hidden=\"true\">\n\t\t\t\t\t\t\t\t\t\t\t\t\t\t\t<span class=\"elementor-accordion-icon-closed\"><i class=\"fas fa-caret-down\"><\/i><\/span>\n\t\t\t\t\t\t\t\t<span class=\"elementor-accordion-icon-opened\"><i class=\"fas fa-caret-up\"><\/i><\/span>\n\t\t\t\t\t\t\t\t\t\t\t\t\t\t<\/span>\n\t\t\t\t\t\t\t\t\t\t\t\t<a class=\"elementor-accordion-title\" tabindex=\"0\">u-Shar<\/a>\n\t\t\t\t\t<\/div>\n\t\t\t\t\t<div id=\"elementor-tab-content-2412\" class=\"elementor-tab-content elementor-clearfix\" data-tab=\"2\" role=\"region\" aria-labelledby=\"elementor-tab-title-2412\"><p>Impulsiona a economia circular, recompensando pessoas e empresas, por meio de uma plataforma de loca\u00e7\u00e3o e de Share-Hubs. As loca\u00e7\u00f5es geram cr\u00e9ditos de ESG tokenizados baseados nas ODS 8, 9, 10, 11, 12, 13 e 17.<\/p><p><b>Edi\u00e7\u00e3o da acelera\u00e7\u00e3o:\u00a0<\/b>2022<\/p><p><b>ODS:<\/b><\/p><ol start=\"8\"><li>Trabalho decente e crescimento econ\u00f4mico<\/li><li>Ind\u00fastria, inova\u00e7\u00e3o e infraestrutura<\/li><li>Redu\u00e7\u00e3o das desigualdades<\/li><li>Cidades e comunidades sustent\u00e1veis<\/li><li>Consumo e produ\u00e7\u00e3o respons\u00e1veis<\/li><li>A\u00e7\u00e3o contra a mudan\u00e7a global do clima<\/li><\/ol><ol start=\"17\"><li>Parcerias e meios de implementa\u00e7\u00e3o<\/li><\/ol><p><a href=\"https:\/\/u-shar.com.br\/\">https:\/\/u-shar.com.br<\/a><\/p><\/div>\n\t\t\t\t<\/div>\n\t\t\t\t\t\t\t\t<\/div>\n\t\t\t\t\t\t<\/div>\n\t\t\t\t<\/div>\n\t\t\t\t\t<\/div>\n\t\t<\/div>\n\t\t\t\t\t<\/div>\n\t\t<\/section>\n\t\t\t\t<section class=\"elementor-section elementor-top-section elementor-element elementor-element-53b108f elementor-section-stretched elementor-section-full_width elementor-hidden-tablet elementor-hidden-mobile elementor-section-height-default elementor-section-height-default\" data-id=\"53b108f\" data-element_type=\"section\" data-settings=\"{&quot;stretch_section&quot;:&quot;section-stretched&quot;,&quot;animation&quot;:&quot;none&quot;}\">\n\t\t\t\t\t\t<div class=\"elementor-container elementor-column-gap-default\">\n\t\t\t\t\t<div class=\"elementor-column elementor-col-100 elementor-top-column elementor-element elementor-element-3a4016c\" data-id=\"3a4016c\" data-element_type=\"column\">\n\t\t\t<div class=\"elementor-widget-wrap elementor-element-populated\">\n\t\t\t\t\t\t<div class=\"elementor-element elementor-element-cd6bf62 elementor-hidden-tablet elementor-hidden-mobile elementor-widget elementor-widget-text-editor\" data-id=\"cd6bf62\" data-element_type=\"widget\" data-widget_type=\"text-editor.default\">\n\t\t\t\t<div class=\"elementor-widget-container\">\n\t\t\t\t\t\t\t\t\t<p style=\"text-align: left; padding-left: 160px;\"><b>Energias Limpas e Armazenamento Energ\u00e9tico<\/b><\/p>\t\t\t\t\t\t\t\t<\/div>\n\t\t\t\t<\/div>\n\t\t\t\t\t<\/div>\n\t\t<\/div>\n\t\t\t\t\t<\/div>\n\t\t<\/section>\n\t\t\t\t<section class=\"elementor-section elementor-top-section elementor-element elementor-element-ae546ce elementor-section-stretched elementor-section-full_width elementor-section-height-default elementor-section-height-default\" data-id=\"ae546ce\" data-element_type=\"section\" data-settings=\"{&quot;stretch_section&quot;:&quot;section-stretched&quot;,&quot;animation&quot;:&quot;none&quot;}\">\n\t\t\t\t\t\t<div class=\"elementor-container elementor-column-gap-default\">\n\t\t\t\t\t<div class=\"elementor-column elementor-col-100 elementor-top-column elementor-element elementor-element-3ad89ff\" data-id=\"3ad89ff\" data-element_type=\"column\">\n\t\t\t<div class=\"elementor-widget-wrap elementor-element-populated\">\n\t\t\t\t\t\t<div class=\"elementor-element elementor-element-61b8ebe elementor-hidden-desktop elementor-widget elementor-widget-text-editor\" data-id=\"61b8ebe\" data-element_type=\"widget\" data-widget_type=\"text-editor.default\">\n\t\t\t\t<div class=\"elementor-widget-container\">\n\t\t\t\t\t\t\t\t\t<p style=\"text-align: left;\"><b>Energias Limpas e Armazenamento Energ\u00e9tico<\/b><\/p>\t\t\t\t\t\t\t\t<\/div>\n\t\t\t\t<\/div>\n\t\t\t\t\t<\/div>\n\t\t<\/div>\n\t\t\t\t\t<\/div>\n\t\t<\/section>\n\t\t\t\t<section class=\"elementor-section elementor-top-section elementor-element elementor-element-839e495 elementor-section-stretched elementor-section-boxed elementor-section-height-default elementor-section-height-default\" data-id=\"839e495\" data-element_type=\"section\" data-settings=\"{&quot;stretch_section&quot;:&quot;section-stretched&quot;}\">\n\t\t\t\t\t\t<div class=\"elementor-container elementor-column-gap-default\">\n\t\t\t\t\t<div class=\"elementor-column elementor-col-50 elementor-top-column elementor-element elementor-element-33ced5f\" data-id=\"33ced5f\" data-element_type=\"column\">\n\t\t\t<div class=\"elementor-widget-wrap elementor-element-populated\">\n\t\t\t\t\t\t<div class=\"elementor-element elementor-element-5d9611d elementor-widget elementor-widget-accordion\" data-id=\"5d9611d\" data-element_type=\"widget\" data-widget_type=\"accordion.default\">\n\t\t\t\t<div class=\"elementor-widget-container\">\n\t\t\t\t\t\t\t<div class=\"elementor-accordion\">\n\t\t\t\t\t\t\t<div class=\"elementor-accordion-item\">\n\t\t\t\t\t<div id=\"elementor-tab-title-9811\" class=\"elementor-tab-title\" data-tab=\"1\" role=\"button\" aria-controls=\"elementor-tab-content-9811\" aria-expanded=\"false\">\n\t\t\t\t\t\t\t\t\t\t\t\t\t<span class=\"elementor-accordion-icon elementor-accordion-icon-left\" aria-hidden=\"true\">\n\t\t\t\t\t\t\t\t\t\t\t\t\t\t\t<span class=\"elementor-accordion-icon-closed\"><i class=\"fas fa-caret-down\"><\/i><\/span>\n\t\t\t\t\t\t\t\t<span class=\"elementor-accordion-icon-opened\"><i class=\"fas fa-caret-up\"><\/i><\/span>\n\t\t\t\t\t\t\t\t\t\t\t\t\t\t<\/span>\n\t\t\t\t\t\t\t\t\t\t\t\t<a class=\"elementor-accordion-title\" tabindex=\"0\">Bike Energia<\/a>\n\t\t\t\t\t<\/div>\n\t\t\t\t\t<div id=\"elementor-tab-content-9811\" class=\"elementor-tab-content elementor-clearfix\" data-tab=\"1\" role=\"region\" aria-labelledby=\"elementor-tab-title-9811\"><p>A Bike Energia \u00e9 uma bicicleta que gera energia el\u00e9trica 100% limpa com pedalada. Ela \u00e9 sustent\u00e1vel, n\u00e3o gera res\u00edduos, al\u00e9m de ser interativa e divertida. Conectada ao m\u00f3dulo totem e ao m\u00f3dulo holograma, \u00e9 uma solu\u00e7\u00e3o \u00fanica no mercado de eventos que proporciona uma viv\u00eancia educadora e tecnol\u00f3gica utilizando luzes, cores, imagens e sons de forma personaliz\u00e1vel.<\/p><p><b>Edi\u00e7\u00e3o da acelera\u00e7\u00e3o:\u00a0<\/b>2019, 2020<\/p><p>\u00a0<\/p><p><b>ODS:\u00a0<\/b><\/p><ol start=\"3\"><li>Sa\u00fade e Bem-Estar<\/li><\/ol><ol start=\"7\"><li>Energia limpa e acess\u00edvel<\/li><\/ol><ol start=\"13\"><li>A\u00e7\u00e3o contra a mudan\u00e7a global do clima<\/li><\/ol><p>\u00a0<\/p><p>e-mail:\u00a0<a href=\"mailto:comercial@bikeyba.com.br\">comercial@bikeyba.com.br<\/a>\u00a0<\/p><p><a href=\"https:\/\/www.bikeenergia.com.br\/\">https:\/\/www.bikeenergia.com.br\/<\/a>\u00a0<\/p><p><a href=\"http:\/\/www.instagram.com\/bikeyba\">www.instagram.com\/bikeyba<\/a>\u00a0<\/p><p><a href=\"http:\/\/www.instagram.com\/bikeenergia\">www.instagram.com\/bikeenergia<\/a><\/p><\/div>\n\t\t\t\t<\/div>\n\t\t\t\t\t\t\t<div class=\"elementor-accordion-item\">\n\t\t\t\t\t<div id=\"elementor-tab-title-9812\" class=\"elementor-tab-title\" data-tab=\"2\" role=\"button\" aria-controls=\"elementor-tab-content-9812\" aria-expanded=\"false\">\n\t\t\t\t\t\t\t\t\t\t\t\t\t<span class=\"elementor-accordion-icon elementor-accordion-icon-left\" aria-hidden=\"true\">\n\t\t\t\t\t\t\t\t\t\t\t\t\t\t\t<span class=\"elementor-accordion-icon-closed\"><i class=\"fas fa-caret-down\"><\/i><\/span>\n\t\t\t\t\t\t\t\t<span class=\"elementor-accordion-icon-opened\"><i class=\"fas fa-caret-up\"><\/i><\/span>\n\t\t\t\t\t\t\t\t\t\t\t\t\t\t<\/span>\n\t\t\t\t\t\t\t\t\t\t\t\t<a class=\"elementor-accordion-title\" tabindex=\"0\">Ecobanho<\/a>\n\t\t\t\t\t<\/div>\n\t\t\t\t\t<div id=\"elementor-tab-content-9812\" class=\"elementor-tab-content elementor-clearfix\" data-tab=\"2\" role=\"region\" aria-labelledby=\"elementor-tab-title-9812\"><p>Entregamos aquecimento solar de \u00e1gua de baixo custo para neg\u00f3cios e fam\u00edlias para promover redu\u00e7\u00e3o do consumo energ\u00e9tico, maior renda e lucratividade e menor pegada de carbono.<\/p><p><b>Edi\u00e7\u00e3o da acelera\u00e7\u00e3o:\u00a0<\/b>2022<\/p><p><b>ODS:\u00a0<\/b><\/p><ol start=\"7\"><li>Energia limpa e acess\u00edvel<\/li><\/ol><p>e-mail:\u00a0<a href=\"mailto:tuliores@gmail.com\">tuliores@gmail.com<\/a>\u00a0<\/p><p>WhatsApp: (11) 95092-5526<\/p><\/div>\n\t\t\t\t<\/div>\n\t\t\t\t\t\t\t<div class=\"elementor-accordion-item\">\n\t\t\t\t\t<div id=\"elementor-tab-title-9813\" class=\"elementor-tab-title\" data-tab=\"3\" role=\"button\" aria-controls=\"elementor-tab-content-9813\" aria-expanded=\"false\">\n\t\t\t\t\t\t\t\t\t\t\t\t\t<span class=\"elementor-accordion-icon elementor-accordion-icon-left\" aria-hidden=\"true\">\n\t\t\t\t\t\t\t\t\t\t\t\t\t\t\t<span class=\"elementor-accordion-icon-closed\"><i class=\"fas fa-caret-down\"><\/i><\/span>\n\t\t\t\t\t\t\t\t<span class=\"elementor-accordion-icon-opened\"><i class=\"fas fa-caret-up\"><\/i><\/span>\n\t\t\t\t\t\t\t\t\t\t\t\t\t\t<\/span>\n\t\t\t\t\t\t\t\t\t\t\t\t<a class=\"elementor-accordion-title\" tabindex=\"0\">Eleventec<\/a>\n\t\t\t\t\t<\/div>\n\t\t\t\t\t<div id=\"elementor-tab-content-9813\" class=\"elementor-tab-content elementor-clearfix\" data-tab=\"3\" role=\"region\" aria-labelledby=\"elementor-tab-title-9813\"><p>ELEVENTEC \u00e9 uma empresa de tecnologia que fornece uma alternativa de carregamento a\u00a0ve\u00edculos el\u00e9tricos \u2013 VE. Com o nosso servi\u00e7o o usu\u00e1rio de VE tem liberdade de realizar um\u00a0carregamento em qualquer lugar que desejar.<\/p><p><b>Edi\u00e7\u00e3o da acelera\u00e7\u00e3o:\u00a0<\/b>2022<\/p><p><b>ODS:\u00a0<\/b><\/p><ol start=\"7\"><li>Energia limpa e acess\u00edvel<\/li><\/ol><ol start=\"9\"><li>Ind\u00fastria, inova\u00e7\u00e3o e infraestrutura<\/li><\/ol><ol start=\"11\"><li>Cidades e comunidades sustent\u00e1veis<\/li><\/ol><ol start=\"13\"><li>A\u00e7\u00e3o contra a mudan\u00e7a global do clima<\/li><\/ol><p><a href=\"https:\/\/eleventec.com\/\">https:\/\/eleventec.com\/<\/a><\/p><\/div>\n\t\t\t\t<\/div>\n\t\t\t\t\t\t\t\t<\/div>\n\t\t\t\t\t\t<\/div>\n\t\t\t\t<\/div>\n\t\t\t\t\t<\/div>\n\t\t<\/div>\n\t\t\t\t<div class=\"elementor-column elementor-col-50 elementor-top-column elementor-element elementor-element-5ac17e6\" data-id=\"5ac17e6\" data-element_type=\"column\">\n\t\t\t<div class=\"elementor-widget-wrap elementor-element-populated\">\n\t\t\t\t\t\t<div class=\"elementor-element elementor-element-06ecd80 elementor-widget elementor-widget-accordion\" data-id=\"06ecd80\" data-element_type=\"widget\" data-widget_type=\"accordion.default\">\n\t\t\t\t<div class=\"elementor-widget-container\">\n\t\t\t\t\t\t\t<div class=\"elementor-accordion\">\n\t\t\t\t\t\t\t<div class=\"elementor-accordion-item\">\n\t\t\t\t\t<div id=\"elementor-tab-title-7261\" class=\"elementor-tab-title\" data-tab=\"1\" role=\"button\" aria-controls=\"elementor-tab-content-7261\" aria-expanded=\"false\">\n\t\t\t\t\t\t\t\t\t\t\t\t\t<span class=\"elementor-accordion-icon elementor-accordion-icon-left\" aria-hidden=\"true\">\n\t\t\t\t\t\t\t\t\t\t\t\t\t\t\t<span class=\"elementor-accordion-icon-closed\"><i class=\"fas fa-caret-down\"><\/i><\/span>\n\t\t\t\t\t\t\t\t<span class=\"elementor-accordion-icon-opened\"><i class=\"fas fa-caret-up\"><\/i><\/span>\n\t\t\t\t\t\t\t\t\t\t\t\t\t\t<\/span>\n\t\t\t\t\t\t\t\t\t\t\t\t<a class=\"elementor-accordion-title\" tabindex=\"0\">Instituto Akhanda<\/a>\n\t\t\t\t\t<\/div>\n\t\t\t\t\t<div id=\"elementor-tab-content-7261\" class=\"elementor-tab-content elementor-clearfix\" data-tab=\"1\" role=\"region\" aria-labelledby=\"elementor-tab-title-7261\"><p>O projeto prop\u00f5e a implanta\u00e7\u00e3o de um Banco Tecnol\u00f3gico Sustent\u00e1vel, em parques, pra\u00e7as etc. A ideia contempla que o banco possua ilumina\u00e7\u00e3o com l\u00e2mpadas de led e tomadas USB para carregar celular, al\u00e9m de wifi gratuito. O fornecimento de energia se d\u00e1 atrav\u00e9s da instala\u00e7\u00e3o de painel fotovoltaico o qual alimenta os dispositivos instalados no banco.<\/p><p><b>Edi\u00e7\u00e3o da acelera\u00e7\u00e3o:\u00a0<\/b>2019<\/p><p><a href=\"https:\/\/www.institutoakhanda.com\/\">https:\/\/www.institutoakhanda.com\/<\/a><\/p><\/div>\n\t\t\t\t<\/div>\n\t\t\t\t\t\t\t<div class=\"elementor-accordion-item\">\n\t\t\t\t\t<div id=\"elementor-tab-title-7262\" class=\"elementor-tab-title\" data-tab=\"2\" role=\"button\" aria-controls=\"elementor-tab-content-7262\" aria-expanded=\"false\">\n\t\t\t\t\t\t\t\t\t\t\t\t\t<span class=\"elementor-accordion-icon elementor-accordion-icon-left\" aria-hidden=\"true\">\n\t\t\t\t\t\t\t\t\t\t\t\t\t\t\t<span class=\"elementor-accordion-icon-closed\"><i class=\"fas fa-caret-down\"><\/i><\/span>\n\t\t\t\t\t\t\t\t<span class=\"elementor-accordion-icon-opened\"><i class=\"fas fa-caret-up\"><\/i><\/span>\n\t\t\t\t\t\t\t\t\t\t\t\t\t\t<\/span>\n\t\t\t\t\t\t\t\t\t\t\t\t<a class=\"elementor-accordion-title\" tabindex=\"0\">MeteoIA Data Science<\/a>\n\t\t\t\t\t<\/div>\n\t\t\t\t\t<div id=\"elementor-tab-content-7262\" class=\"elementor-tab-content elementor-clearfix\" data-tab=\"2\" role=\"region\" aria-labelledby=\"elementor-tab-title-7262\"><p>A MeteoIA \u00e9 uma startup de tecnologia focada no desenvolvimento de modelos de\u00a0Intelig\u00eancia Artificial para previs\u00f5es de vari\u00e1veis clim\u00e1ticas e dos seus impactos nas\u00a0empresas, cidades e institui\u00e7\u00f5es. A MeteoIA possui um sistema pr\u00f3prio chamado \u201cMIA\u201d, que combina aprendizado de m\u00e1quina, sensoriamento remoto e modelagem clim\u00e1tica para produzir previs\u00f5es de alta resolu\u00e7\u00e3o espacial (at\u00e9 30 metros) de qualquer parte do planeta.<\/p><p><b>Edi\u00e7\u00e3o da acelera\u00e7\u00e3o:\u00a0<\/b>2022<\/p><p><b>ODS:<\/b><\/p><ol start=\"2\"><li>Fome zero e agricultura sustent\u00e1vel<\/li><li>Sa\u00fade e Bem-Estar<\/li><\/ol><ol start=\"7\"><li>Energia limpa e acess\u00edvel<\/li><\/ol><ol start=\"9\"><li>Ind\u00fastria, inova\u00e7\u00e3o e infraestrutura<\/li><\/ol><ol start=\"13\"><li>Cidades e comunidades sustent\u00e1veis<\/li><li>A\u00e7\u00e3o contra a mudan\u00e7a global do clima<\/li><\/ol><p><a href=\"http:\/\/www.meteoia.com\/\">www.meteoia.com<\/a>\u00a0<\/p><p><a href=\"https:\/\/www.linkedin.com\/company\/meteoia\">https:\/\/www.linkedin.com\/company\/meteoia<\/a>\u00a0<\/p><p><a href=\"https:\/\/twitter.com\/meteoia\">https:\/\/twitter.com\/meteoia<\/a>\u00a0<\/p><\/div>\n\t\t\t\t<\/div>\n\t\t\t\t\t\t\t\t<\/div>\n\t\t\t\t\t\t<\/div>\n\t\t\t\t<\/div>\n\t\t\t\t\t<\/div>\n\t\t<\/div>\n\t\t\t\t\t<\/div>\n\t\t<\/section>\n\t\t\t\t<section class=\"elementor-section elementor-top-section elementor-element elementor-element-6657ab9 elementor-section-stretched elementor-section-full_width elementor-section-height-default elementor-section-height-default\" data-id=\"6657ab9\" data-element_type=\"section\" data-settings=\"{&quot;stretch_section&quot;:&quot;section-stretched&quot;,&quot;animation&quot;:&quot;none&quot;}\">\n\t\t\t\t\t\t<div class=\"elementor-container elementor-column-gap-default\">\n\t\t\t\t\t<div class=\"elementor-column elementor-col-100 elementor-top-column elementor-element elementor-element-33ff27f\" data-id=\"33ff27f\" data-element_type=\"column\">\n\t\t\t<div class=\"elementor-widget-wrap elementor-element-populated\">\n\t\t\t\t\t\t<div class=\"elementor-element elementor-element-31851ac elementor-hidden-tablet elementor-hidden-mobile elementor-widget elementor-widget-text-editor\" data-id=\"31851ac\" data-element_type=\"widget\" data-widget_type=\"text-editor.default\">\n\t\t\t\t<div class=\"elementor-widget-container\">\n\t\t\t\t\t\t\t\t\t<p style=\"text-align: left; padding-left: 160px;\"><b>Ind\u00fastria Limpa e Log\u00edstica Reversa<\/b><\/p>\t\t\t\t\t\t\t\t<\/div>\n\t\t\t\t<\/div>\n\t\t\t\t\t<\/div>\n\t\t<\/div>\n\t\t\t\t\t<\/div>\n\t\t<\/section>\n\t\t\t\t<section class=\"elementor-section elementor-top-section elementor-element elementor-element-619b0d6 elementor-section-stretched elementor-section-full_width elementor-section-height-default elementor-section-height-default\" data-id=\"619b0d6\" data-element_type=\"section\" data-settings=\"{&quot;stretch_section&quot;:&quot;section-stretched&quot;,&quot;animation&quot;:&quot;none&quot;}\">\n\t\t\t\t\t\t<div class=\"elementor-container elementor-column-gap-default\">\n\t\t\t\t\t<div class=\"elementor-column elementor-col-100 elementor-top-column elementor-element elementor-element-84e99ae\" data-id=\"84e99ae\" data-element_type=\"column\">\n\t\t\t<div class=\"elementor-widget-wrap elementor-element-populated\">\n\t\t\t\t\t\t<div class=\"elementor-element elementor-element-ef7ec01 elementor-hidden-desktop elementor-widget elementor-widget-text-editor\" data-id=\"ef7ec01\" data-element_type=\"widget\" data-widget_type=\"text-editor.default\">\n\t\t\t\t<div class=\"elementor-widget-container\">\n\t\t\t\t\t\t\t\t\t<p style=\"text-align: left;\"><b>Ind\u00fastria Limpa e Log\u00edstica Reversa<\/b><\/p>\t\t\t\t\t\t\t\t<\/div>\n\t\t\t\t<\/div>\n\t\t\t\t\t<\/div>\n\t\t<\/div>\n\t\t\t\t\t<\/div>\n\t\t<\/section>\n\t\t\t\t<section class=\"elementor-section elementor-top-section elementor-element elementor-element-201694e elementor-section-stretched elementor-section-boxed elementor-section-height-default elementor-section-height-default\" data-id=\"201694e\" data-element_type=\"section\" data-settings=\"{&quot;stretch_section&quot;:&quot;section-stretched&quot;}\">\n\t\t\t\t\t\t<div class=\"elementor-container elementor-column-gap-default\">\n\t\t\t\t\t<div class=\"elementor-column elementor-col-50 elementor-top-column elementor-element elementor-element-e709194\" data-id=\"e709194\" data-element_type=\"column\">\n\t\t\t<div class=\"elementor-widget-wrap elementor-element-populated\">\n\t\t\t\t\t\t<div class=\"elementor-element elementor-element-4811984 elementor-widget elementor-widget-accordion\" data-id=\"4811984\" data-element_type=\"widget\" data-widget_type=\"accordion.default\">\n\t\t\t\t<div class=\"elementor-widget-container\">\n\t\t\t\t\t\t\t<div class=\"elementor-accordion\">\n\t\t\t\t\t\t\t<div class=\"elementor-accordion-item\">\n\t\t\t\t\t<div id=\"elementor-tab-title-7551\" class=\"elementor-tab-title\" data-tab=\"1\" role=\"button\" aria-controls=\"elementor-tab-content-7551\" aria-expanded=\"false\">\n\t\t\t\t\t\t\t\t\t\t\t\t\t<span class=\"elementor-accordion-icon elementor-accordion-icon-left\" aria-hidden=\"true\">\n\t\t\t\t\t\t\t\t\t\t\t\t\t\t\t<span class=\"elementor-accordion-icon-closed\"><i class=\"fas fa-caret-down\"><\/i><\/span>\n\t\t\t\t\t\t\t\t<span class=\"elementor-accordion-icon-opened\"><i class=\"fas fa-caret-up\"><\/i><\/span>\n\t\t\t\t\t\t\t\t\t\t\t\t\t\t<\/span>\n\t\t\t\t\t\t\t\t\t\t\t\t<a class=\"elementor-accordion-title\" tabindex=\"0\">Fervura - Raio X da Embalagem<\/a>\n\t\t\t\t\t<\/div>\n\t\t\t\t\t<div id=\"elementor-tab-content-7551\" class=\"elementor-tab-content elementor-clearfix\" data-tab=\"1\" role=\"region\" aria-labelledby=\"elementor-tab-title-7551\"><p>O app Raio-X da Embalagem informa ao consumidor se a embalagem que ele est\u00e1 prestes a comprar \u00e9 recicl\u00e1vel ou n\u00e3o e estimula o consumo consciente.Com consci\u00eancia, o consumidor pode repensar seu consumo e mudar sua compra. Al\u00e9m disso, pode deixar de comprar embalagens que n\u00e3o s\u00e3o recicl\u00e1veis \u2013 ou privilegiar as que s\u00e3o. Essa \u00e9 a ideia simples e funcional do aplicativo Raio-X da Embalagem :: S\u00e3o Paulo. A ideia \u00e9 criar um aplicativo que tenha dados levantados em um mapeamento de todas as embalagens comercializadas em S\u00e3o Paulo.<\/p><p><b>Edi\u00e7\u00e3o da acelera\u00e7\u00e3o:\u00a0<\/b>2021<\/p><p><b>ODS:<\/b><\/p><ol start=\"12\"><li>Consumo e produ\u00e7\u00e3o respons\u00e1veis<\/li><li>A\u00e7\u00e3o contra a mudan\u00e7a global do clima<\/li><\/ol><p><a href=\"https:\/\/fervuranoclima.com.br\/\">https:\/\/fervuranoclima.com.br\/<\/a><\/p><\/div>\n\t\t\t\t<\/div>\n\t\t\t\t\t\t\t<div class=\"elementor-accordion-item\">\n\t\t\t\t\t<div id=\"elementor-tab-title-7552\" class=\"elementor-tab-title\" data-tab=\"2\" role=\"button\" aria-controls=\"elementor-tab-content-7552\" aria-expanded=\"false\">\n\t\t\t\t\t\t\t\t\t\t\t\t\t<span class=\"elementor-accordion-icon elementor-accordion-icon-left\" aria-hidden=\"true\">\n\t\t\t\t\t\t\t\t\t\t\t\t\t\t\t<span class=\"elementor-accordion-icon-closed\"><i class=\"fas fa-caret-down\"><\/i><\/span>\n\t\t\t\t\t\t\t\t<span class=\"elementor-accordion-icon-opened\"><i class=\"fas fa-caret-up\"><\/i><\/span>\n\t\t\t\t\t\t\t\t\t\t\t\t\t\t<\/span>\n\t\t\t\t\t\t\t\t\t\t\t\t<a class=\"elementor-accordion-title\" tabindex=\"0\">Mama Fil\u00f3<\/a>\n\t\t\t\t\t<\/div>\n\t\t\t\t\t<div id=\"elementor-tab-content-7552\" class=\"elementor-tab-content elementor-clearfix\" data-tab=\"2\" role=\"region\" aria-labelledby=\"elementor-tab-title-7552\"><p>A Mama Fil\u00f3 \u00e9 um modelo de ind\u00fastria aliment\u00edcia com governan\u00e7a ambiental, social e econ\u00f4mica. Ademais, Mama \u00e9 um ecossistema colaborativo que atrav\u00e9s da venda de refei\u00e7\u00f5es saud\u00e1veis contribui para um mundo mais inclusivo, que se regenere ambientalmente e seja mais equilibrado financeiramente.<\/p><p>\u00a0<\/p><p><b>Edi\u00e7\u00e3o da acelera\u00e7\u00e3o:\u00a0<\/b>2022<\/p><\/div>\n\t\t\t\t<\/div>\n\t\t\t\t\t\t\t\t<\/div>\n\t\t\t\t\t\t<\/div>\n\t\t\t\t<\/div>\n\t\t\t\t\t<\/div>\n\t\t<\/div>\n\t\t\t\t<div class=\"elementor-column elementor-col-50 elementor-top-column elementor-element elementor-element-117e582\" data-id=\"117e582\" data-element_type=\"column\">\n\t\t\t<div class=\"elementor-widget-wrap elementor-element-populated\">\n\t\t\t\t\t\t<div class=\"elementor-element elementor-element-11ff8a9 elementor-widget elementor-widget-accordion\" data-id=\"11ff8a9\" data-element_type=\"widget\" data-widget_type=\"accordion.default\">\n\t\t\t\t<div class=\"elementor-widget-container\">\n\t\t\t\t\t\t\t<div class=\"elementor-accordion\">\n\t\t\t\t\t\t\t<div class=\"elementor-accordion-item\">\n\t\t\t\t\t<div id=\"elementor-tab-title-1881\" class=\"elementor-tab-title\" data-tab=\"1\" role=\"button\" aria-controls=\"elementor-tab-content-1881\" aria-expanded=\"false\">\n\t\t\t\t\t\t\t\t\t\t\t\t\t<span class=\"elementor-accordion-icon elementor-accordion-icon-left\" aria-hidden=\"true\">\n\t\t\t\t\t\t\t\t\t\t\t\t\t\t\t<span class=\"elementor-accordion-icon-closed\"><i class=\"fas fa-caret-down\"><\/i><\/span>\n\t\t\t\t\t\t\t\t<span class=\"elementor-accordion-icon-opened\"><i class=\"fas fa-caret-up\"><\/i><\/span>\n\t\t\t\t\t\t\t\t\t\t\t\t\t\t<\/span>\n\t\t\t\t\t\t\t\t\t\t\t\t<a class=\"elementor-accordion-title\" tabindex=\"0\">Triciclo<\/a>\n\t\t\t\t\t<\/div>\n\t\t\t\t\t<div id=\"elementor-tab-content-1881\" class=\"elementor-tab-content elementor-clearfix\" data-tab=\"1\" role=\"region\" aria-labelledby=\"elementor-tab-title-1881\"><p>Solu\u00e7\u00f5es tecnol\u00f3gicas para a log\u00edstica reversa de res\u00edduos s\u00f3lidos, sendo precursora na cria\u00e7\u00e3o de um sistema de monetiza\u00e7\u00e3o de res\u00edduos vinculado a um programa de benef\u00edcios, fidelidade, gamifica\u00e7\u00e3o, marketing, e controle em tempo real. Criou tr\u00eas produtos (ecopontos digitais) que hoje s\u00e3o refer\u00eancias nacionais: a Retorna Machine (coletora de embalagens p\u00f3s consumo), a Recicla Pharma (coletora de medicamentos vencidos ou em desuso) e o Deixaki (sistema automatizado drop and go para coleta de recicl\u00e1veis em grande volume). Todos vinculados ao Sistema Triciclo, concedendo ao usu\u00e1rio cashback para utiliza\u00e7\u00e3o em cr\u00e9ditos no transporte p\u00fablico, descontos em conta de energia, acesso \u00e0 cultura e outros.<\/p><p><b>Edi\u00e7\u00e3o da acelera\u00e7\u00e3o:\u00a0<\/b>2021<\/p><p><a href=\"https:\/\/triciclo.eco.br\/\">https:\/\/triciclo.eco.br\/<\/a><\/p><\/div>\n\t\t\t\t<\/div>\n\t\t\t\t\t\t\t<div class=\"elementor-accordion-item\">\n\t\t\t\t\t<div id=\"elementor-tab-title-1882\" class=\"elementor-tab-title\" data-tab=\"2\" role=\"button\" aria-controls=\"elementor-tab-content-1882\" aria-expanded=\"false\">\n\t\t\t\t\t\t\t\t\t\t\t\t\t<span class=\"elementor-accordion-icon elementor-accordion-icon-left\" aria-hidden=\"true\">\n\t\t\t\t\t\t\t\t\t\t\t\t\t\t\t<span class=\"elementor-accordion-icon-closed\"><i class=\"fas fa-caret-down\"><\/i><\/span>\n\t\t\t\t\t\t\t\t<span class=\"elementor-accordion-icon-opened\"><i class=\"fas fa-caret-up\"><\/i><\/span>\n\t\t\t\t\t\t\t\t\t\t\t\t\t\t<\/span>\n\t\t\t\t\t\t\t\t\t\t\t\t<a class=\"elementor-accordion-title\" tabindex=\"0\">Uka<\/a>\n\t\t\t\t\t<\/div>\n\t\t\t\t\t<div id=\"elementor-tab-content-1882\" class=\"elementor-tab-content elementor-clearfix\" data-tab=\"2\" role=\"region\" aria-labelledby=\"elementor-tab-title-1882\"><p>Uka oferece projetos de pequenas casas ecol\u00f3gicas. Integramos t\u00e9cnicas de constru\u00e7\u00e3o de baixo impacto, projetos de casas inspiradas no movimento Tiny House, manejo de paisagem funcional, e tecnologias verdes. Entregamos ao cliente uma moradia sustent\u00e1vel e com autonomia pelo menor custo vi\u00e1vel. Uka conecta a casa e a \u00e1rea externa, construindo c\u00e9lulas-verdes que s\u00e3o verdadeiros \u201cninhos de gente\u201d.<\/p><p>\u00a0<\/p><p><b>Edi\u00e7\u00e3o da acelera\u00e7\u00e3o:\u00a0<\/b>2021<\/p><\/div>\n\t\t\t\t<\/div>\n\t\t\t\t\t\t\t\t<\/div>\n\t\t\t\t\t\t<\/div>\n\t\t\t\t<\/div>\n\t\t\t\t\t<\/div>\n\t\t<\/div>\n\t\t\t\t\t<\/div>\n\t\t<\/section>\n\t\t\t\t<section class=\"elementor-section elementor-top-section elementor-element elementor-element-343e5a7 elementor-section-stretched elementor-section-full_width elementor-section-height-default elementor-section-height-default\" data-id=\"343e5a7\" data-element_type=\"section\" data-settings=\"{&quot;stretch_section&quot;:&quot;section-stretched&quot;,&quot;animation&quot;:&quot;none&quot;}\">\n\t\t\t\t\t\t<div class=\"elementor-container elementor-column-gap-default\">\n\t\t\t\t\t<div class=\"elementor-column elementor-col-100 elementor-top-column elementor-element elementor-element-4b9453f\" data-id=\"4b9453f\" data-element_type=\"column\">\n\t\t\t<div class=\"elementor-widget-wrap elementor-element-populated\">\n\t\t\t\t\t\t<div class=\"elementor-element elementor-element-93fa1dd elementor-hidden-tablet elementor-hidden-mobile elementor-widget elementor-widget-text-editor\" data-id=\"93fa1dd\" data-element_type=\"widget\" data-widget_type=\"text-editor.default\">\n\t\t\t\t<div class=\"elementor-widget-container\">\n\t\t\t\t\t\t\t\t\t<p style=\"text-align: left; padding-left: 160px;\"><b>Mobilidade Urbana e Transportes<\/b><\/p>\t\t\t\t\t\t\t\t<\/div>\n\t\t\t\t<\/div>\n\t\t\t\t\t<\/div>\n\t\t<\/div>\n\t\t\t\t\t<\/div>\n\t\t<\/section>\n\t\t\t\t<section class=\"elementor-section elementor-top-section elementor-element elementor-element-5d4b1bf elementor-section-stretched elementor-section-full_width elementor-section-height-default elementor-section-height-default\" data-id=\"5d4b1bf\" data-element_type=\"section\" data-settings=\"{&quot;stretch_section&quot;:&quot;section-stretched&quot;,&quot;animation&quot;:&quot;none&quot;}\">\n\t\t\t\t\t\t<div class=\"elementor-container elementor-column-gap-default\">\n\t\t\t\t\t<div class=\"elementor-column elementor-col-100 elementor-top-column elementor-element elementor-element-9a4e56a\" data-id=\"9a4e56a\" data-element_type=\"column\">\n\t\t\t<div class=\"elementor-widget-wrap elementor-element-populated\">\n\t\t\t\t\t\t<div class=\"elementor-element elementor-element-4b10891 elementor-hidden-desktop elementor-widget elementor-widget-text-editor\" data-id=\"4b10891\" data-element_type=\"widget\" data-widget_type=\"text-editor.default\">\n\t\t\t\t<div class=\"elementor-widget-container\">\n\t\t\t\t\t\t\t\t\t<p style=\"text-align: left;\"><b>Mobilidade Urbana e Transportes<\/b><\/p>\t\t\t\t\t\t\t\t<\/div>\n\t\t\t\t<\/div>\n\t\t\t\t\t<\/div>\n\t\t<\/div>\n\t\t\t\t\t<\/div>\n\t\t<\/section>\n\t\t\t\t<section class=\"elementor-section elementor-top-section elementor-element elementor-element-65e6460 elementor-section-stretched elementor-section-boxed elementor-section-height-default elementor-section-height-default\" data-id=\"65e6460\" data-element_type=\"section\" data-settings=\"{&quot;stretch_section&quot;:&quot;section-stretched&quot;}\">\n\t\t\t\t\t\t<div class=\"elementor-container elementor-column-gap-default\">\n\t\t\t\t\t<div class=\"elementor-column elementor-col-50 elementor-top-column elementor-element elementor-element-7df73a1\" data-id=\"7df73a1\" data-element_type=\"column\">\n\t\t\t<div class=\"elementor-widget-wrap elementor-element-populated\">\n\t\t\t\t\t\t<div class=\"elementor-element elementor-element-48b328a elementor-widget elementor-widget-accordion\" data-id=\"48b328a\" data-element_type=\"widget\" data-widget_type=\"accordion.default\">\n\t\t\t\t<div class=\"elementor-widget-container\">\n\t\t\t\t\t\t\t<div class=\"elementor-accordion\">\n\t\t\t\t\t\t\t<div class=\"elementor-accordion-item\">\n\t\t\t\t\t<div id=\"elementor-tab-title-7621\" class=\"elementor-tab-title\" data-tab=\"1\" role=\"button\" aria-controls=\"elementor-tab-content-7621\" aria-expanded=\"false\">\n\t\t\t\t\t\t\t\t\t\t\t\t\t<span class=\"elementor-accordion-icon elementor-accordion-icon-left\" aria-hidden=\"true\">\n\t\t\t\t\t\t\t\t\t\t\t\t\t\t\t<span class=\"elementor-accordion-icon-closed\"><i class=\"fas fa-caret-down\"><\/i><\/span>\n\t\t\t\t\t\t\t\t<span class=\"elementor-accordion-icon-opened\"><i class=\"fas fa-caret-up\"><\/i><\/span>\n\t\t\t\t\t\t\t\t\t\t\t\t\t\t<\/span>\n\t\t\t\t\t\t\t\t\t\t\t\t<a class=\"elementor-accordion-title\" tabindex=\"0\">FILAAP<\/a>\n\t\t\t\t\t<\/div>\n\t\t\t\t\t<div id=\"elementor-tab-content-7621\" class=\"elementor-tab-content elementor-clearfix\" data-tab=\"1\" role=\"region\" aria-labelledby=\"elementor-tab-title-7621\"><p>\u00c9 uma aplica\u00e7\u00e3o para dispositivos m\u00f3veis, baseada na navega\u00e7\u00e3o por GPS de forma colaborativa, e que cont\u00e9m informa\u00e7\u00f5es em tempo real do status das filas dos Supermercados e Atacados. Voltado para redu\u00e7\u00e3o do consumo de combust\u00edvel dos ve\u00edculos de cargas atrav\u00e9s da redu\u00e7\u00e3o de viagens que esses realizam em rota de entrega. Estudos demonstram que os ve\u00edculos de carga realizam entregas acima do tempo ideal em at\u00e9 5 horas acima do tempo combinado. Tempo adicional \u00e9 combust\u00edvel adicional.<\/p><p><br \/><b>Edi\u00e7\u00e3o da acelera\u00e7\u00e3o:\u00a0<\/b>2022<\/p><\/div>\n\t\t\t\t<\/div>\n\t\t\t\t\t\t\t<div class=\"elementor-accordion-item\">\n\t\t\t\t\t<div id=\"elementor-tab-title-7622\" class=\"elementor-tab-title\" data-tab=\"2\" role=\"button\" aria-controls=\"elementor-tab-content-7622\" aria-expanded=\"false\">\n\t\t\t\t\t\t\t\t\t\t\t\t\t<span class=\"elementor-accordion-icon elementor-accordion-icon-left\" aria-hidden=\"true\">\n\t\t\t\t\t\t\t\t\t\t\t\t\t\t\t<span class=\"elementor-accordion-icon-closed\"><i class=\"fas fa-caret-down\"><\/i><\/span>\n\t\t\t\t\t\t\t\t<span class=\"elementor-accordion-icon-opened\"><i class=\"fas fa-caret-up\"><\/i><\/span>\n\t\t\t\t\t\t\t\t\t\t\t\t\t\t<\/span>\n\t\t\t\t\t\t\t\t\t\t\t\t<a class=\"elementor-accordion-title\" tabindex=\"0\">hiBike<\/a>\n\t\t\t\t\t<\/div>\n\t\t\t\t\t<div id=\"elementor-tab-content-7622\" class=\"elementor-tab-content elementor-clearfix\" data-tab=\"2\" role=\"region\" aria-labelledby=\"elementor-tab-title-7622\"><p>hiBike \u00e9 um programa de fidelidade que pontua e concede benef\u00edcios exclusivos para quem promove a pr\u00e1tica esportiva, qualidade de vida e mobilidade urbana por meio do uso da bicicleta. Assim nos tornamos um modelo de pagamentos ESG.\u00a0<b>Edi\u00e7\u00e3o da acelera\u00e7\u00e3o:\u00a0<\/b>2021, 2022\u00a0<b>ODS:<\/b><\/p><ol start=\"3\"><li>Sa\u00fade e Bem-Estar<\/li><\/ol><ol start=\"13\"><li>Cidades e comunidades sustent\u00e1veis<\/li><li>A\u00e7\u00e3o contra a mudan\u00e7a global do clima<\/li><\/ol><p><a href=\"https:\/\/hibike.com.br\/\">https:\/\/hibike.com.br\/<\/a>\u00a0\u00a0<a href=\"https:\/\/www.instagram.com\/hibike_app\/\">https:\/\/www.instagram.com\/hibike_app\/<\/a>\u00a0\u00a0<a href=\"https:\/\/www.linkedin.com\/company\/hibike\/\">https:\/\/www.linkedin.com\/company\/hibike\/<\/a>\u00a0<\/p><\/div>\n\t\t\t\t<\/div>\n\t\t\t\t\t\t\t<div class=\"elementor-accordion-item\">\n\t\t\t\t\t<div id=\"elementor-tab-title-7623\" class=\"elementor-tab-title\" data-tab=\"3\" role=\"button\" aria-controls=\"elementor-tab-content-7623\" aria-expanded=\"false\">\n\t\t\t\t\t\t\t\t\t\t\t\t\t<span class=\"elementor-accordion-icon elementor-accordion-icon-left\" aria-hidden=\"true\">\n\t\t\t\t\t\t\t\t\t\t\t\t\t\t\t<span class=\"elementor-accordion-icon-closed\"><i class=\"fas fa-caret-down\"><\/i><\/span>\n\t\t\t\t\t\t\t\t<span class=\"elementor-accordion-icon-opened\"><i class=\"fas fa-caret-up\"><\/i><\/span>\n\t\t\t\t\t\t\t\t\t\t\t\t\t\t<\/span>\n\t\t\t\t\t\t\t\t\t\t\t\t<a class=\"elementor-accordion-title\" tabindex=\"0\">Meu Quintal<\/a>\n\t\t\t\t\t<\/div>\n\t\t\t\t\t<div id=\"elementor-tab-content-7623\" class=\"elementor-tab-content elementor-clearfix\" data-tab=\"3\" role=\"region\" aria-labelledby=\"elementor-tab-title-7623\"><p>Uma solu\u00e7\u00e3o que conecta produtores org\u00e2nicos, consumidores e entregadores da periferia da cidade. O aplicativo tem o objetivo de fomentar o consumo e a economia local nas regi\u00f5es perif\u00e9ricas, evitando que os entregadores se desloquem para o centro da cidade, se expondo a situa\u00e7\u00f5es de risco.<\/p><p><b>Edi\u00e7\u00e3o da acelera\u00e7\u00e3o:\u00a0<\/b>2022<\/p><p><b>ODS:<\/b><\/p><ol start=\"2\"><li>Fome zero e agricultura sustent\u00e1vel<\/li><\/ol><ol start=\"8\"><li>Trabalho decente e crescimento econ\u00f3mico<\/li><\/ol><ol start=\"13\"><li>Cidades e comunidades sustent\u00e1veis<\/li><li>A\u00e7\u00e3o contra a mudan\u00e7a global do clima<\/li><\/ol><p><a href=\"https:\/\/www.linkedin.com\/company\/meuquintal\/\">https:\/\/www.linkedin.com\/company\/meuquintal\/<\/a><\/p><\/div>\n\t\t\t\t<\/div>\n\t\t\t\t\t\t\t\t<\/div>\n\t\t\t\t\t\t<\/div>\n\t\t\t\t<\/div>\n\t\t\t\t\t<\/div>\n\t\t<\/div>\n\t\t\t\t<div class=\"elementor-column elementor-col-50 elementor-top-column elementor-element elementor-element-d904a5d\" data-id=\"d904a5d\" data-element_type=\"column\">\n\t\t\t<div class=\"elementor-widget-wrap elementor-element-populated\">\n\t\t\t\t\t\t<div class=\"elementor-element elementor-element-3512c14 elementor-widget elementor-widget-accordion\" data-id=\"3512c14\" data-element_type=\"widget\" data-widget_type=\"accordion.default\">\n\t\t\t\t<div class=\"elementor-widget-container\">\n\t\t\t\t\t\t\t<div class=\"elementor-accordion\">\n\t\t\t\t\t\t\t<div class=\"elementor-accordion-item\">\n\t\t\t\t\t<div id=\"elementor-tab-title-5561\" class=\"elementor-tab-title\" data-tab=\"1\" role=\"button\" aria-controls=\"elementor-tab-content-5561\" aria-expanded=\"false\">\n\t\t\t\t\t\t\t\t\t\t\t\t\t<span class=\"elementor-accordion-icon elementor-accordion-icon-left\" aria-hidden=\"true\">\n\t\t\t\t\t\t\t\t\t\t\t\t\t\t\t<span class=\"elementor-accordion-icon-closed\"><i class=\"fas fa-caret-down\"><\/i><\/span>\n\t\t\t\t\t\t\t\t<span class=\"elementor-accordion-icon-opened\"><i class=\"fas fa-caret-up\"><\/i><\/span>\n\t\t\t\t\t\t\t\t\t\t\t\t\t\t<\/span>\n\t\t\t\t\t\t\t\t\t\t\t\t<a class=\"elementor-accordion-title\" tabindex=\"0\">Mil\u00eanio Bus<\/a>\n\t\t\t\t\t<\/div>\n\t\t\t\t\t<div id=\"elementor-tab-content-5561\" class=\"elementor-tab-content elementor-clearfix\" data-tab=\"1\" role=\"region\" aria-labelledby=\"elementor-tab-title-5561\"><p>A solu\u00e7\u00e3o da startup Mil\u00eanio Bus trata-se de um sistema, composto por um hardware, que chamamos de SmartFlow, capaz de trazer informa\u00e7\u00f5es importantes sobre o fluxo de passageiros e a opera\u00e7\u00e3o das concession\u00e1rias de \u00f4nibus para empresas p\u00fablicas e privadas no segmento de mobilidade urbana. Estes dados, quando aplicados no dia a dia dessas empresas, possuem o potencial de trazer melhoria na gest\u00e3o de frotas, roteiriza\u00e7\u00e3o, planejamento, intelig\u00eancia, otimiza\u00e7\u00e3o e efici\u00eancia da opera\u00e7\u00e3o.<\/p><p>\u00a0<\/p><p><b>Edi\u00e7\u00e3o da acelera\u00e7\u00e3o:\u00a0<\/b>2021<\/p><\/div>\n\t\t\t\t<\/div>\n\t\t\t\t\t\t\t<div class=\"elementor-accordion-item\">\n\t\t\t\t\t<div id=\"elementor-tab-title-5562\" class=\"elementor-tab-title\" data-tab=\"2\" role=\"button\" aria-controls=\"elementor-tab-content-5562\" aria-expanded=\"false\">\n\t\t\t\t\t\t\t\t\t\t\t\t\t<span class=\"elementor-accordion-icon elementor-accordion-icon-left\" aria-hidden=\"true\">\n\t\t\t\t\t\t\t\t\t\t\t\t\t\t\t<span class=\"elementor-accordion-icon-closed\"><i class=\"fas fa-caret-down\"><\/i><\/span>\n\t\t\t\t\t\t\t\t<span class=\"elementor-accordion-icon-opened\"><i class=\"fas fa-caret-up\"><\/i><\/span>\n\t\t\t\t\t\t\t\t\t\t\t\t\t\t<\/span>\n\t\t\t\t\t\t\t\t\t\t\t\t<a class=\"elementor-accordion-title\" tabindex=\"0\">QG das Capivaras<\/a>\n\t\t\t\t\t<\/div>\n\t\t\t\t\t<div id=\"elementor-tab-content-5562\" class=\"elementor-tab-content elementor-clearfix\" data-tab=\"2\" role=\"region\" aria-labelledby=\"elementor-tab-title-5562\"><p>Consiste no recolhimento, segrega\u00e7\u00e3o, recomposi\u00e7\u00e3o de refugos de pe\u00e7as de bicicletas doadas por bicicletarias para a realiza\u00e7\u00e3o, por meio de \u2013 hoje \u2013 mec\u00e2nicos volunt\u00e1rios, de oficina de assist\u00eancia gratuita de manuten\u00e7\u00e3o de bicicletas \u00e0 usu\u00e1rios de baixa renda. O projeto utiliza pe\u00e7as de descarte de bicicletarias e oferece know-how de manuten\u00e7\u00e3o para realizar consertos em bicicletas de jovens que a utilizam como ferramenta de trabalho ou meio de transporte.<\/p><p><br \/><b>Edi\u00e7\u00e3o da acelera\u00e7\u00e3o:\u00a0<\/b>2021<\/p><\/div>\n\t\t\t\t<\/div>\n\t\t\t\t\t\t\t\t<\/div>\n\t\t\t\t\t\t<\/div>\n\t\t\t\t<\/div>\n\t\t\t\t\t<\/div>\n\t\t<\/div>\n\t\t\t\t\t<\/div>\n\t\t<\/section>\n\t\t\t\t<section class=\"elementor-section elementor-top-section elementor-element elementor-element-01c7a25 elementor-section-stretched elementor-section-full_width elementor-section-height-default elementor-section-height-default\" data-id=\"01c7a25\" data-element_type=\"section\" data-settings=\"{&quot;stretch_section&quot;:&quot;section-stretched&quot;,&quot;animation&quot;:&quot;none&quot;}\">\n\t\t\t\t\t\t<div class=\"elementor-container elementor-column-gap-default\">\n\t\t\t\t\t<div class=\"elementor-column elementor-col-100 elementor-top-column elementor-element elementor-element-155a1c5\" data-id=\"155a1c5\" data-element_type=\"column\">\n\t\t\t<div class=\"elementor-widget-wrap elementor-element-populated\">\n\t\t\t\t\t\t<div class=\"elementor-element elementor-element-90ed690 elementor-hidden-tablet elementor-hidden-mobile elementor-widget elementor-widget-text-editor\" data-id=\"90ed690\" data-element_type=\"widget\" data-widget_type=\"text-editor.default\">\n\t\t\t\t<div class=\"elementor-widget-container\">\n\t\t\t\t\t\t\t\t\t<p style=\"text-align: left; padding-left: 160px;\"><b>Parques e \u00c1reas Verdes<\/b><\/p>\t\t\t\t\t\t\t\t<\/div>\n\t\t\t\t<\/div>\n\t\t\t\t\t<\/div>\n\t\t<\/div>\n\t\t\t\t\t<\/div>\n\t\t<\/section>\n\t\t\t\t<section class=\"elementor-section elementor-top-section elementor-element elementor-element-3470c40 elementor-section-stretched elementor-section-full_width elementor-section-height-default elementor-section-height-default\" data-id=\"3470c40\" data-element_type=\"section\" data-settings=\"{&quot;stretch_section&quot;:&quot;section-stretched&quot;,&quot;animation&quot;:&quot;none&quot;}\">\n\t\t\t\t\t\t<div class=\"elementor-container elementor-column-gap-default\">\n\t\t\t\t\t<div class=\"elementor-column elementor-col-100 elementor-top-column elementor-element elementor-element-96eb472\" data-id=\"96eb472\" data-element_type=\"column\">\n\t\t\t<div class=\"elementor-widget-wrap elementor-element-populated\">\n\t\t\t\t\t\t<div class=\"elementor-element elementor-element-776bf7a elementor-hidden-desktop elementor-widget elementor-widget-text-editor\" data-id=\"776bf7a\" data-element_type=\"widget\" data-widget_type=\"text-editor.default\">\n\t\t\t\t<div class=\"elementor-widget-container\">\n\t\t\t\t\t\t\t\t\t<p style=\"text-align: left;\"><b>Parques e \u00c1reas Verdes<\/b><\/p>\t\t\t\t\t\t\t\t<\/div>\n\t\t\t\t<\/div>\n\t\t\t\t\t<\/div>\n\t\t<\/div>\n\t\t\t\t\t<\/div>\n\t\t<\/section>\n\t\t\t\t<section class=\"elementor-section elementor-top-section elementor-element elementor-element-07b0463 elementor-section-stretched elementor-section-boxed elementor-section-height-default elementor-section-height-default\" data-id=\"07b0463\" data-element_type=\"section\" data-settings=\"{&quot;stretch_section&quot;:&quot;section-stretched&quot;}\">\n\t\t\t\t\t\t<div class=\"elementor-container elementor-column-gap-default\">\n\t\t\t\t\t<div class=\"elementor-column elementor-col-50 elementor-top-column elementor-element elementor-element-f0597de\" data-id=\"f0597de\" data-element_type=\"column\">\n\t\t\t<div class=\"elementor-widget-wrap elementor-element-populated\">\n\t\t\t\t\t\t<div class=\"elementor-element elementor-element-3794838 elementor-widget elementor-widget-accordion\" data-id=\"3794838\" data-element_type=\"widget\" data-widget_type=\"accordion.default\">\n\t\t\t\t<div class=\"elementor-widget-container\">\n\t\t\t\t\t\t\t<div class=\"elementor-accordion\">\n\t\t\t\t\t\t\t<div class=\"elementor-accordion-item\">\n\t\t\t\t\t<div id=\"elementor-tab-title-5821\" class=\"elementor-tab-title\" data-tab=\"1\" role=\"button\" aria-controls=\"elementor-tab-content-5821\" aria-expanded=\"false\">\n\t\t\t\t\t\t\t\t\t\t\t\t\t<span class=\"elementor-accordion-icon elementor-accordion-icon-left\" aria-hidden=\"true\">\n\t\t\t\t\t\t\t\t\t\t\t\t\t\t\t<span class=\"elementor-accordion-icon-closed\"><i class=\"fas fa-caret-down\"><\/i><\/span>\n\t\t\t\t\t\t\t\t<span class=\"elementor-accordion-icon-opened\"><i class=\"fas fa-caret-up\"><\/i><\/span>\n\t\t\t\t\t\t\t\t\t\t\t\t\t\t<\/span>\n\t\t\t\t\t\t\t\t\t\t\t\t<a class=\"elementor-accordion-title\" tabindex=\"0\">Cidades.co<\/a>\n\t\t\t\t\t<\/div>\n\t\t\t\t\t<div id=\"elementor-tab-content-5821\" class=\"elementor-tab-content elementor-clearfix\" data-tab=\"1\" role=\"region\" aria-labelledby=\"elementor-tab-title-5821\"><p>Criada para coletivos e empresas que desejam gerar impacto positivo \u00e0 sociedade. A nossa plataforma auxilia grupos de vizinhan\u00e7a a colocarem seus projetos em pr\u00e1tica, por meio de parcerias seguindo nossa metodologia colaborativa.<\/p><p><b>Edi\u00e7\u00e3o da acelera\u00e7\u00e3o:\u00a0<\/b>2021, 2022<\/p><p><b>ODS:<\/b><\/p><ol start=\"1\"><li>Redu\u00e7\u00e3o da pobreza<\/li><li>Fome zero e agricultura sustent\u00e1vel<\/li><li>Sa\u00fade e Bem-estar<\/li><\/ol><ol start=\"11\"><li>Cidades e comunidades sustent\u00e1veis<\/li><\/ol><ol start=\"13\"><li>A\u00e7\u00e3o contra a mudan\u00e7a global do clima<\/li><li>Vida na \u00e1gua<\/li><li>Vida terrestre<\/li><\/ol><p><a href=\"https:\/\/grupo.cidades.co\/\">https:\/\/grupo.cidades.co\/<\/a><\/p><\/div>\n\t\t\t\t<\/div>\n\t\t\t\t\t\t\t\t<\/div>\n\t\t\t\t\t\t<\/div>\n\t\t\t\t<\/div>\n\t\t\t\t\t<\/div>\n\t\t<\/div>\n\t\t\t\t<div class=\"elementor-column elementor-col-50 elementor-top-column elementor-element elementor-element-1dfd4fb\" data-id=\"1dfd4fb\" data-element_type=\"column\">\n\t\t\t<div class=\"elementor-widget-wrap elementor-element-populated\">\n\t\t\t\t\t\t<div class=\"elementor-element elementor-element-61f4209 elementor-widget elementor-widget-accordion\" data-id=\"61f4209\" data-element_type=\"widget\" data-widget_type=\"accordion.default\">\n\t\t\t\t<div class=\"elementor-widget-container\">\n\t\t\t\t\t\t\t<div class=\"elementor-accordion\">\n\t\t\t\t\t\t\t<div class=\"elementor-accordion-item\">\n\t\t\t\t\t<div id=\"elementor-tab-title-1021\" class=\"elementor-tab-title\" data-tab=\"1\" role=\"button\" aria-controls=\"elementor-tab-content-1021\" aria-expanded=\"false\">\n\t\t\t\t\t\t\t\t\t\t\t\t\t<span class=\"elementor-accordion-icon elementor-accordion-icon-left\" aria-hidden=\"true\">\n\t\t\t\t\t\t\t\t\t\t\t\t\t\t\t<span class=\"elementor-accordion-icon-closed\"><i class=\"fas fa-caret-down\"><\/i><\/span>\n\t\t\t\t\t\t\t\t<span class=\"elementor-accordion-icon-opened\"><i class=\"fas fa-caret-up\"><\/i><\/span>\n\t\t\t\t\t\t\t\t\t\t\t\t\t\t<\/span>\n\t\t\t\t\t\t\t\t\t\t\t\t<a class=\"elementor-accordion-title\" tabindex=\"0\">Lab co.re.s<\/a>\n\t\t\t\t\t<\/div>\n\t\t\t\t\t<div id=\"elementor-tab-content-1021\" class=\"elementor-tab-content elementor-clearfix\" data-tab=\"1\" role=\"region\" aria-labelledby=\"elementor-tab-title-1021\"><p>Laborat\u00f3rios de conex\u00e3o, regenera\u00e7\u00e3o e servi\u00e7os ambientais.A proposta envolve o mapeamento\/ invent\u00e1rio georreferenciado das \u00e1reas verdes de SP (pra\u00e7as, canteiros, parques) em uma plataforma p\u00fablica baseada no Google Maps ou Open Street Maps, que al\u00e9m de elencar par\u00e2metros e diretrizes para a recupera\u00e7\u00e3o ecossist\u00eamica das \u00e1reas (plantio de esp\u00e9cie nativas, recupera\u00e7\u00e3o de solo, zeladoria), apontar\u00e1 indicadores dos servi\u00e7os ambientais prestados (provis\u00e3o, regula\u00e7\u00e3o, cultural e suporte).<\/p><p>\u00a0<\/p><p><b>Edi\u00e7\u00e3o da acelera\u00e7\u00e3o:\u00a0<\/b>2021<\/p><\/div>\n\t\t\t\t<\/div>\n\t\t\t\t\t\t\t\t<\/div>\n\t\t\t\t\t\t<\/div>\n\t\t\t\t<\/div>\n\t\t\t\t\t<\/div>\n\t\t<\/div>\n\t\t\t\t\t<\/div>\n\t\t<\/section>\n\t\t\t\t<section class=\"elementor-section elementor-top-section elementor-element elementor-element-a500b4e elementor-section-stretched elementor-section-full_width elementor-hidden-tablet elementor-hidden-mobile elementor-section-height-default elementor-section-height-default\" data-id=\"a500b4e\" data-element_type=\"section\" data-settings=\"{&quot;stretch_section&quot;:&quot;section-stretched&quot;,&quot;animation&quot;:&quot;none&quot;}\">\n\t\t\t\t\t\t<div class=\"elementor-container elementor-column-gap-default\">\n\t\t\t\t\t<div class=\"elementor-column elementor-col-100 elementor-top-column elementor-element elementor-element-30da341\" data-id=\"30da341\" data-element_type=\"column\">\n\t\t\t<div class=\"elementor-widget-wrap elementor-element-populated\">\n\t\t\t\t\t\t<div class=\"elementor-element elementor-element-1eb60a9 elementor-widget elementor-widget-text-editor\" data-id=\"1eb60a9\" data-element_type=\"widget\" data-widget_type=\"text-editor.default\">\n\t\t\t\t<div class=\"elementor-widget-container\">\n\t\t\t\t\t\t\t\t\t<p style=\"text-align: left; padding-left: 160px;\"><b>Qualidade do Ar<\/b><\/p>\t\t\t\t\t\t\t\t<\/div>\n\t\t\t\t<\/div>\n\t\t\t\t\t<\/div>\n\t\t<\/div>\n\t\t\t\t\t<\/div>\n\t\t<\/section>\n\t\t\t\t<section class=\"elementor-section elementor-top-section elementor-element elementor-element-58adbe6 elementor-section-stretched elementor-section-full_width elementor-section-height-default elementor-section-height-default\" data-id=\"58adbe6\" data-element_type=\"section\" data-settings=\"{&quot;stretch_section&quot;:&quot;section-stretched&quot;,&quot;animation&quot;:&quot;none&quot;}\">\n\t\t\t\t\t\t<div class=\"elementor-container elementor-column-gap-default\">\n\t\t\t\t\t<div class=\"elementor-column elementor-col-100 elementor-top-column elementor-element elementor-element-09187fc\" data-id=\"09187fc\" data-element_type=\"column\">\n\t\t\t<div class=\"elementor-widget-wrap elementor-element-populated\">\n\t\t\t\t\t\t<div class=\"elementor-element elementor-element-f353ff4 elementor-hidden-desktop elementor-widget elementor-widget-text-editor\" data-id=\"f353ff4\" data-element_type=\"widget\" data-widget_type=\"text-editor.default\">\n\t\t\t\t<div class=\"elementor-widget-container\">\n\t\t\t\t\t\t\t\t\t<p style=\"text-align: left;\"><b>Qualidade do Ar<\/b><\/p>\t\t\t\t\t\t\t\t<\/div>\n\t\t\t\t<\/div>\n\t\t\t\t\t<\/div>\n\t\t<\/div>\n\t\t\t\t\t<\/div>\n\t\t<\/section>\n\t\t\t\t<section class=\"elementor-section elementor-top-section elementor-element elementor-element-5fe2454 elementor-section-stretched elementor-section-boxed elementor-section-height-default elementor-section-height-default\" data-id=\"5fe2454\" data-element_type=\"section\" data-settings=\"{&quot;stretch_section&quot;:&quot;section-stretched&quot;}\">\n\t\t\t\t\t\t<div class=\"elementor-container elementor-column-gap-default\">\n\t\t\t\t\t<div class=\"elementor-column elementor-col-50 elementor-top-column elementor-element elementor-element-b93f163\" data-id=\"b93f163\" data-element_type=\"column\">\n\t\t\t<div class=\"elementor-widget-wrap elementor-element-populated\">\n\t\t\t\t\t\t<div class=\"elementor-element elementor-element-0e1b2bd elementor-widget elementor-widget-accordion\" data-id=\"0e1b2bd\" data-element_type=\"widget\" data-widget_type=\"accordion.default\">\n\t\t\t\t<div class=\"elementor-widget-container\">\n\t\t\t\t\t\t\t<div class=\"elementor-accordion\">\n\t\t\t\t\t\t\t<div class=\"elementor-accordion-item\">\n\t\t\t\t\t<div id=\"elementor-tab-title-1471\" class=\"elementor-tab-title\" data-tab=\"1\" role=\"button\" aria-controls=\"elementor-tab-content-1471\" aria-expanded=\"false\">\n\t\t\t\t\t\t\t\t\t\t\t\t\t<span class=\"elementor-accordion-icon elementor-accordion-icon-left\" aria-hidden=\"true\">\n\t\t\t\t\t\t\t\t\t\t\t\t\t\t\t<span class=\"elementor-accordion-icon-closed\"><i class=\"fas fa-caret-down\"><\/i><\/span>\n\t\t\t\t\t\t\t\t<span class=\"elementor-accordion-icon-opened\"><i class=\"fas fa-caret-up\"><\/i><\/span>\n\t\t\t\t\t\t\t\t\t\t\t\t\t\t<\/span>\n\t\t\t\t\t\t\t\t\t\t\t\t<a class=\"elementor-accordion-title\" tabindex=\"0\">Meister Safe System<\/a>\n\t\t\t\t\t<\/div>\n\t\t\t\t\t<div id=\"elementor-tab-content-1471\" class=\"elementor-tab-content elementor-clearfix\" data-tab=\"1\" role=\"region\" aria-labelledby=\"elementor-tab-title-1471\"><p>Empresa de engenharia que produz aparelhos e solu\u00e7\u00f5es com luz ultravioleta-C para a desinfec\u00e7\u00e3o do ar de ambientes internos contra micro-organismos. A UV-C previne doen\u00e7as que s\u00e3o transmitidas pelo ar: doen\u00e7as al\u00e9rgicas respirat\u00f3rias (fungos), tuberculose (bact\u00e9ria), gripes, influenza, covid-19 (v\u00edrus) dentre outras. A desinfec\u00e7\u00e3o do ar de ambientes internos traz saudabilidade para as pessoas e tamb\u00e9m para os neg\u00f3cios, diminuindo o absente\u00edsmo dos colaboradores por exemplo. A tecnologia UV-C \u00e9 uma energia limpa, n\u00e3o deixa res\u00edduos no ambiente e com baixo custo energ\u00e9tico. Temos aval da Anisa, Valida\u00e7\u00e3o de microbiologia por laborat\u00f3rio da UFMG e credita\u00e7\u00e3o pelo CREA.<\/p><p><b>Edi\u00e7\u00e3o da acelera\u00e7\u00e3o:\u00a0<\/b>2021<\/p><p><b>ODS:<\/b><\/p><ol start=\"3\"><li>Sa\u00fade e Bem-Estar<\/li><\/ol><ol start=\"7\"><li>Energia limpa e acess\u00edvel<\/li><\/ol><p><a href=\"https:\/\/www.meistersafe.com\/\">https:\/\/www.meistersafe.com<\/a>\u00a0<\/p><p><a href=\"https:\/\/www.linkedin.com\/company\/meister-safe\/\">https:\/\/www.linkedin.com\/company\/meister-safe\/<\/a>\u00a0 \u00a0\u00a0<a href=\"https:\/\/instagram.com\/meistersafe?igshid=YmMyMTA2M2Y=\">https:\/\/instagram.com\/meistersafe?igshid=YmMyMTA2M2Y=<\/a>\u00a0\u00a0<a href=\"https:\/\/www.facebook.com\/102714834857899?referrer=whatsapp\">https:\/\/www.facebook.com\/102714834857899?referrer=whatsapp<\/a>\u00a0<\/p><\/div>\n\t\t\t\t<\/div>\n\t\t\t\t\t\t\t\t<\/div>\n\t\t\t\t\t\t<\/div>\n\t\t\t\t<\/div>\n\t\t\t\t\t<\/div>\n\t\t<\/div>\n\t\t\t\t<div class=\"elementor-column elementor-col-50 elementor-top-column elementor-element elementor-element-4a9257f\" data-id=\"4a9257f\" data-element_type=\"column\">\n\t\t\t<div class=\"elementor-widget-wrap\">\n\t\t\t\t\t\t\t<\/div>\n\t\t<\/div>\n\t\t\t\t\t<\/div>\n\t\t<\/section>\n\t\t\t\t<section class=\"elementor-section elementor-top-section elementor-element elementor-element-9f16b32 elementor-section-stretched elementor-section-full_width elementor-hidden-tablet elementor-hidden-mobile elementor-section-height-default elementor-section-height-default\" data-id=\"9f16b32\" data-element_type=\"section\" data-settings=\"{&quot;stretch_section&quot;:&quot;section-stretched&quot;,&quot;animation&quot;:&quot;none&quot;}\">\n\t\t\t\t\t\t<div class=\"elementor-container elementor-column-gap-default\">\n\t\t\t\t\t<div class=\"elementor-column elementor-col-100 elementor-top-column elementor-element elementor-element-aaf930f\" data-id=\"aaf930f\" data-element_type=\"column\">\n\t\t\t<div class=\"elementor-widget-wrap elementor-element-populated\">\n\t\t\t\t\t\t<div class=\"elementor-element elementor-element-1f7dbb4 elementor-widget elementor-widget-text-editor\" data-id=\"1f7dbb4\" data-element_type=\"widget\" data-widget_type=\"text-editor.default\">\n\t\t\t\t<div class=\"elementor-widget-container\">\n\t\t\t\t\t\t\t\t\t<p style=\"text-align: left; padding-left: 160px;\"><b>Res\u00edduos S\u00f3lidos<\/b><\/p>\t\t\t\t\t\t\t\t<\/div>\n\t\t\t\t<\/div>\n\t\t\t\t\t<\/div>\n\t\t<\/div>\n\t\t\t\t\t<\/div>\n\t\t<\/section>\n\t\t\t\t<section class=\"elementor-section elementor-top-section elementor-element elementor-element-eaa1a65 elementor-section-stretched elementor-section-full_width elementor-section-height-default elementor-section-height-default\" data-id=\"eaa1a65\" data-element_type=\"section\" data-settings=\"{&quot;stretch_section&quot;:&quot;section-stretched&quot;,&quot;animation&quot;:&quot;none&quot;}\">\n\t\t\t\t\t\t<div class=\"elementor-container elementor-column-gap-default\">\n\t\t\t\t\t<div class=\"elementor-column elementor-col-100 elementor-top-column elementor-element elementor-element-7cfaa9f\" data-id=\"7cfaa9f\" data-element_type=\"column\">\n\t\t\t<div class=\"elementor-widget-wrap elementor-element-populated\">\n\t\t\t\t\t\t<div class=\"elementor-element elementor-element-a66afe6 elementor-hidden-desktop elementor-widget elementor-widget-text-editor\" data-id=\"a66afe6\" data-element_type=\"widget\" data-widget_type=\"text-editor.default\">\n\t\t\t\t<div class=\"elementor-widget-container\">\n\t\t\t\t\t\t\t\t\t<p style=\"text-align: left;\"><b>Res\u00edduos S\u00f3lidos<\/b><\/p>\t\t\t\t\t\t\t\t<\/div>\n\t\t\t\t<\/div>\n\t\t\t\t\t<\/div>\n\t\t<\/div>\n\t\t\t\t\t<\/div>\n\t\t<\/section>\n\t\t\t\t<section class=\"elementor-section elementor-top-section elementor-element elementor-element-0ca6eff elementor-section-stretched elementor-section-boxed elementor-section-height-default elementor-section-height-default\" data-id=\"0ca6eff\" data-element_type=\"section\" data-settings=\"{&quot;stretch_section&quot;:&quot;section-stretched&quot;}\">\n\t\t\t\t\t\t<div class=\"elementor-container elementor-column-gap-default\">\n\t\t\t\t\t<div class=\"elementor-column elementor-col-50 elementor-top-column elementor-element elementor-element-6906022\" data-id=\"6906022\" data-element_type=\"column\">\n\t\t\t<div class=\"elementor-widget-wrap elementor-element-populated\">\n\t\t\t\t\t\t<div class=\"elementor-element elementor-element-4465ec4 elementor-widget elementor-widget-accordion\" data-id=\"4465ec4\" data-element_type=\"widget\" data-widget_type=\"accordion.default\">\n\t\t\t\t<div class=\"elementor-widget-container\">\n\t\t\t\t\t\t\t<div class=\"elementor-accordion\">\n\t\t\t\t\t\t\t<div class=\"elementor-accordion-item\">\n\t\t\t\t\t<div id=\"elementor-tab-title-7171\" class=\"elementor-tab-title\" data-tab=\"1\" role=\"button\" aria-controls=\"elementor-tab-content-7171\" aria-expanded=\"false\">\n\t\t\t\t\t\t\t\t\t\t\t\t\t<span class=\"elementor-accordion-icon elementor-accordion-icon-left\" aria-hidden=\"true\">\n\t\t\t\t\t\t\t\t\t\t\t\t\t\t\t<span class=\"elementor-accordion-icon-closed\"><i class=\"fas fa-caret-down\"><\/i><\/span>\n\t\t\t\t\t\t\t\t<span class=\"elementor-accordion-icon-opened\"><i class=\"fas fa-caret-up\"><\/i><\/span>\n\t\t\t\t\t\t\t\t\t\t\t\t\t\t<\/span>\n\t\t\t\t\t\t\t\t\t\t\t\t<a class=\"elementor-accordion-title\" tabindex=\"0\">Be.Sun<\/a>\n\t\t\t\t\t<\/div>\n\t\t\t\t\t<div id=\"elementor-tab-content-7171\" class=\"elementor-tab-content elementor-clearfix\" data-tab=\"1\" role=\"region\" aria-labelledby=\"elementor-tab-title-7171\"><div id=\"elementor-tab-title-2291\" class=\"elementor-tab-title elementor-active\" tabindex=\"0\" role=\"button\" data-tab=\"1\" aria-controls=\"elementor-tab-content-2291\" aria-expanded=\"true\" aria-selected=\"true\"><a class=\"elementor-accordion-title\">Be.Sun<\/a><\/div><div id=\"elementor-tab-content-2291\" class=\"elementor-tab-content elementor-clearfix elementor-active\" role=\"region\" data-tab=\"1\" aria-labelledby=\"elementor-tab-title-2291\"><p>Startup gerida por mulheres! Coletamos res\u00edduos e sobras da constru\u00e7\u00e3o civil que estejam em bom estado e possam ser vendidos a baixo custo para o p\u00fablico B2B B2C. Retirando doa\u00e7\u00f5es de res\u00edduos s\u00f3lidos (RCC) em bom estado, que possam ser reutilizados, ajudamos a empresas e profissionais de Constru\u00e7\u00e3o Civil a realizar a destina\u00e7\u00e3o correta, diminuindo os descartes irregulares.<\/p><p><b>Edi\u00e7\u00e3o da acelera\u00e7\u00e3o:\u00a0<\/b>2021, 2022<\/p><p><a href=\"https:\/\/www.instagram.com\/besun.eco\/\">https:\/\/www.instagram.com\/besun.eco\/<\/a><\/p><\/div><\/div>\n\t\t\t\t<\/div>\n\t\t\t\t\t\t\t<div class=\"elementor-accordion-item\">\n\t\t\t\t\t<div id=\"elementor-tab-title-7172\" class=\"elementor-tab-title\" data-tab=\"2\" role=\"button\" aria-controls=\"elementor-tab-content-7172\" aria-expanded=\"false\">\n\t\t\t\t\t\t\t\t\t\t\t\t\t<span class=\"elementor-accordion-icon elementor-accordion-icon-left\" aria-hidden=\"true\">\n\t\t\t\t\t\t\t\t\t\t\t\t\t\t\t<span class=\"elementor-accordion-icon-closed\"><i class=\"fas fa-caret-down\"><\/i><\/span>\n\t\t\t\t\t\t\t\t<span class=\"elementor-accordion-icon-opened\"><i class=\"fas fa-caret-up\"><\/i><\/span>\n\t\t\t\t\t\t\t\t\t\t\t\t\t\t<\/span>\n\t\t\t\t\t\t\t\t\t\t\t\t<a class=\"elementor-accordion-title\" tabindex=\"0\">Coletalixo.com<\/a>\n\t\t\t\t\t<\/div>\n\t\t\t\t\t<div id=\"elementor-tab-content-7172\" class=\"elementor-tab-content elementor-clearfix\" data-tab=\"2\" role=\"region\" aria-labelledby=\"elementor-tab-title-7172\"><p>Startup de tecnologia com um software inovador que identifica ofertas e demandas de servi\u00e7os de coleta de lixo. Consiste em operar por meio de economia compartilhada, aproveitando toda malha dispon\u00edvel das empresas de coleta em todas as regi\u00f5es, oferecendo qualidade e seguran\u00e7a a pre\u00e7os competitivos. Nossa tecnologia permite que geradores de lixo encontrem empresas de coleta, em poucos cliques, de acordo com sua necessidade.<\/p><p><b>Edi\u00e7\u00e3o da acelera\u00e7\u00e3o:\u00a0<\/b>2022<\/p><p><b>ODS:<\/b><\/p><ol start=\"7\"><li>Energia limpa e acess\u00edvel<\/li><\/ol><ol start=\"9\"><li>Ind\u00fastria, inova\u00e7\u00e3o e infraestrutura<\/li><\/ol><ol start=\"11\"><li>Cidades e comunidades sustent\u00e1veis<\/li><li>Consumo e produ\u00e7\u00e3o respons\u00e1veis<\/li><\/ol><p><a href=\"https:\/\/www.linkedin.com\/company\/14842123\/admin\/feed\/posts\/\">https:\/\/www.linkedin.com\/company\/14842123\/admin\/feed\/posts\/<\/a><\/p><\/div>\n\t\t\t\t<\/div>\n\t\t\t\t\t\t\t<div class=\"elementor-accordion-item\">\n\t\t\t\t\t<div id=\"elementor-tab-title-7173\" class=\"elementor-tab-title\" data-tab=\"3\" role=\"button\" aria-controls=\"elementor-tab-content-7173\" aria-expanded=\"false\">\n\t\t\t\t\t\t\t\t\t\t\t\t\t<span class=\"elementor-accordion-icon elementor-accordion-icon-left\" aria-hidden=\"true\">\n\t\t\t\t\t\t\t\t\t\t\t\t\t\t\t<span class=\"elementor-accordion-icon-closed\"><i class=\"fas fa-caret-down\"><\/i><\/span>\n\t\t\t\t\t\t\t\t<span class=\"elementor-accordion-icon-opened\"><i class=\"fas fa-caret-up\"><\/i><\/span>\n\t\t\t\t\t\t\t\t\t\t\t\t\t\t<\/span>\n\t\t\t\t\t\t\t\t\t\t\t\t<a class=\"elementor-accordion-title\" tabindex=\"0\">Composta Bar\u00e3o<\/a>\n\t\t\t\t\t<\/div>\n\t\t\t\t\t<div id=\"elementor-tab-content-7173\" class=\"elementor-tab-content elementor-clearfix\" data-tab=\"3\" role=\"region\" aria-labelledby=\"elementor-tab-title-7173\"><p>Promove a compostagem urbana atrav\u00e9s de atividades educativas e da venda de equipamentos para compostagem dom\u00e9stica.<\/p><p><br \/><b>Edi\u00e7\u00e3o da acelera\u00e7\u00e3o:\u00a0<\/b>2021<\/p><\/div>\n\t\t\t\t<\/div>\n\t\t\t\t\t\t\t<div class=\"elementor-accordion-item\">\n\t\t\t\t\t<div id=\"elementor-tab-title-7174\" class=\"elementor-tab-title\" data-tab=\"4\" role=\"button\" aria-controls=\"elementor-tab-content-7174\" aria-expanded=\"false\">\n\t\t\t\t\t\t\t\t\t\t\t\t\t<span class=\"elementor-accordion-icon elementor-accordion-icon-left\" aria-hidden=\"true\">\n\t\t\t\t\t\t\t\t\t\t\t\t\t\t\t<span class=\"elementor-accordion-icon-closed\"><i class=\"fas fa-caret-down\"><\/i><\/span>\n\t\t\t\t\t\t\t\t<span class=\"elementor-accordion-icon-opened\"><i class=\"fas fa-caret-up\"><\/i><\/span>\n\t\t\t\t\t\t\t\t\t\t\t\t\t\t<\/span>\n\t\t\t\t\t\t\t\t\t\t\t\t<a class=\"elementor-accordion-title\" tabindex=\"0\">Eco Circuito<\/a>\n\t\t\t\t\t<\/div>\n\t\t\t\t\t<div id=\"elementor-tab-content-7174\" class=\"elementor-tab-content elementor-clearfix\" data-tab=\"4\" role=\"region\" aria-labelledby=\"elementor-tab-title-7174\"><p>Nosso prop\u00f3sito \u00e9 promover a opera\u00e7\u00f5es aterro zero e reduzir o desperd\u00edcio de alimentos. Oferecemos o Biodigestor ECO-PRO, uma solu\u00e7\u00e3o de tecnologia de ponta,que transforma res\u00edduos org\u00e2nicos em um efluente 100% natural.<\/p><p><b>Edi\u00e7\u00e3o da acelera\u00e7\u00e3o:\u00a0<\/b>2022<\/p><p>\u00a0<\/p><p><b>ODS:<\/b><\/p><ol start=\"11\"><li>Cidades e Comunidades Sustent\u00e1veis<\/li><li>Consumo e Produ\u00e7\u00e3o Respons\u00e1veis<\/li><li>A\u00e7\u00e3o Contra a Mudan\u00e7a Global do Clima<\/li><\/ol><p><a href=\"https:\/\/ecocircuito.com.br\/\">https:\/\/ecocircuito.com.br\/<\/a>\u00a0<\/p><p><a href=\"https:\/\/www.instagram.com\/ecocircuito\/\">https:\/\/www.instagram.com\/ecocircuito\/<\/a>\u00a0<\/p><\/div>\n\t\t\t\t<\/div>\n\t\t\t\t\t\t\t<div class=\"elementor-accordion-item\">\n\t\t\t\t\t<div id=\"elementor-tab-title-7175\" class=\"elementor-tab-title\" data-tab=\"5\" role=\"button\" aria-controls=\"elementor-tab-content-7175\" aria-expanded=\"false\">\n\t\t\t\t\t\t\t\t\t\t\t\t\t<span class=\"elementor-accordion-icon elementor-accordion-icon-left\" aria-hidden=\"true\">\n\t\t\t\t\t\t\t\t\t\t\t\t\t\t\t<span class=\"elementor-accordion-icon-closed\"><i class=\"fas fa-caret-down\"><\/i><\/span>\n\t\t\t\t\t\t\t\t<span class=\"elementor-accordion-icon-opened\"><i class=\"fas fa-caret-up\"><\/i><\/span>\n\t\t\t\t\t\t\t\t\t\t\t\t\t\t<\/span>\n\t\t\t\t\t\t\t\t\t\t\t\t<a class=\"elementor-accordion-title\" tabindex=\"0\">ESR Solu\u00e7\u00f5es Sustent\u00e1veis\/ Brech\u00f3 Carbono<\/a>\n\t\t\t\t\t<\/div>\n\t\t\t\t\t<div id=\"elementor-tab-content-7175\" class=\"elementor-tab-content elementor-clearfix\" data-tab=\"5\" role=\"region\" aria-labelledby=\"elementor-tab-title-7175\"><p>Destina\u00e7\u00e3o e circularidade para TODO e qualquer tipo de res\u00edduo t\u00eaxtil. Transformando-os em carv\u00e3o ativado de alto valor agregado, com m\u00faltiplas aplica\u00e7\u00f5es ambientais, agr\u00edcola, cosm\u00e9tico, hospitalar, dom\u00e9stico, etc.<\/p><p><b>Edi\u00e7\u00e3o da acelera\u00e7\u00e3o:\u00a0<\/b>2021, 2022<\/p><p><b>ODS:<\/b><\/p><ol start=\"11\"><li>Ind\u00fastria, inova\u00e7\u00e3o e infraestrutura<\/li><li>Cidades e comunidades sustent\u00e1veis<\/li><li>Consumo e produ\u00e7\u00e3o respons\u00e1veis<\/li><\/ol><p><a href=\"http:\/\/esr.eco.br\/\">https:\/\/esr.eco.br\/<\/a>\u00a0<\/p><p><a href=\"https:\/\/www.instagram.com\/brechocarbono\/\">https:\/\/www.instagram.com\/brechocarbono\/<\/a><\/p><p><a href=\"https:\/\/www.linkedin.com\/company\/esr-solucoes-sustentaveis\/\">https:\/\/www.linkedin.com\/company\/esr-solucoes-sustentaveis\/<\/a><\/p><\/div>\n\t\t\t\t<\/div>\n\t\t\t\t\t\t\t<div class=\"elementor-accordion-item\">\n\t\t\t\t\t<div id=\"elementor-tab-title-7176\" class=\"elementor-tab-title\" data-tab=\"6\" role=\"button\" aria-controls=\"elementor-tab-content-7176\" aria-expanded=\"false\">\n\t\t\t\t\t\t\t\t\t\t\t\t\t<span class=\"elementor-accordion-icon elementor-accordion-icon-left\" aria-hidden=\"true\">\n\t\t\t\t\t\t\t\t\t\t\t\t\t\t\t<span class=\"elementor-accordion-icon-closed\"><i class=\"fas fa-caret-down\"><\/i><\/span>\n\t\t\t\t\t\t\t\t<span class=\"elementor-accordion-icon-opened\"><i class=\"fas fa-caret-up\"><\/i><\/span>\n\t\t\t\t\t\t\t\t\t\t\t\t\t\t<\/span>\n\t\t\t\t\t\t\t\t\t\t\t\t<a class=\"elementor-accordion-title\" tabindex=\"0\">Instituto Gr\u00e3os\/ Circulagem<\/a>\n\t\t\t\t\t<\/div>\n\t\t\t\t\t<div id=\"elementor-tab-content-7176\" class=\"elementor-tab-content elementor-clearfix\" data-tab=\"6\" role=\"region\" aria-labelledby=\"elementor-tab-title-7176\"><p>Startup que tem como prop\u00f3sito a conex\u00e3o de todos os elos da cadeia de res\u00edduos s\u00f3lidos. Contam com solu\u00e7\u00f5es que visam potencializar a log\u00edstica reversa e promover uma quebra de paradigma em rela\u00e7\u00e3o \u00e0 responsabilidade na destina\u00e7\u00e3o dos res\u00edduos dom\u00e9sticos.<\/p><p><b>Edi\u00e7\u00e3o da acelera\u00e7\u00e3o:\u00a0<\/b>2019, 2020<\/p><p><b>ODS:\u00a0<\/b><\/p><ol start=\"8\"><li>Trabalho decente e crescimento econ\u00f3mico<\/li><li>Ind\u00fastria, inova\u00e7\u00e3o e infraestrutura<\/li><li>Redu\u00e7\u00e3o das desigualdades<\/li><li>Cidades e comunidades sustent\u00e1veis<\/li><li>Consumo e produ\u00e7\u00e3o respons\u00e1veis<\/li><li>A\u00e7\u00e3o contra a mudan\u00e7a global do clima<\/li><\/ol><p><a href=\"https:\/\/circulagem.com.br\/linktr_ee\/\">https:\/\/circulagem.com.br\/linktr_ee\/<\/a><\/p><\/div>\n\t\t\t\t<\/div>\n\t\t\t\t\t\t\t<div class=\"elementor-accordion-item\">\n\t\t\t\t\t<div id=\"elementor-tab-title-7177\" class=\"elementor-tab-title\" data-tab=\"7\" role=\"button\" aria-controls=\"elementor-tab-content-7177\" aria-expanded=\"false\">\n\t\t\t\t\t\t\t\t\t\t\t\t\t<span class=\"elementor-accordion-icon elementor-accordion-icon-left\" aria-hidden=\"true\">\n\t\t\t\t\t\t\t\t\t\t\t\t\t\t\t<span class=\"elementor-accordion-icon-closed\"><i class=\"fas fa-caret-down\"><\/i><\/span>\n\t\t\t\t\t\t\t\t<span class=\"elementor-accordion-icon-opened\"><i class=\"fas fa-caret-up\"><\/i><\/span>\n\t\t\t\t\t\t\t\t\t\t\t\t\t\t<\/span>\n\t\t\t\t\t\t\t\t\t\t\t\t<a class=\"elementor-accordion-title\" tabindex=\"0\">Menzani Chapas Ecol\u00f3gicas<\/a>\n\t\t\t\t\t<\/div>\n\t\t\t\t\t<div id=\"elementor-tab-content-7177\" class=\"elementor-tab-content elementor-clearfix\" data-tab=\"7\" role=\"region\" aria-labelledby=\"elementor-tab-title-7177\"><p>Somos fabricantes de chapas ecol\u00f3gicas e utilizamos como mat\u00e9ria prima material p\u00f3s ind\u00fastria ou p\u00f3s consumo das embalagens de pl\u00e1stico e res\u00edduos do agroneg\u00f3cio.<\/p><p><b>Edi\u00e7\u00e3o da acelera\u00e7\u00e3o:\u00a0<\/b>2020, 2021<\/p><p><b>ODS:\u00a0<\/b><\/p><ol start=\"8\"><li>Trabalho decente e crescimento econ\u00f4mico<\/li><li>Ind\u00fastria, Inova\u00e7\u00e3o e infraestrutura<\/li><li>Redu\u00e7\u00e3o das desigualdades<\/li><li>Cidades e comunidades sustent\u00e1veis<\/li><li>Consumo e produ\u00e7\u00e3o respons\u00e1vel<\/li><\/ol><p><a href=\"https:\/\/www.menzani.com.br\/\">https:\/\/www.menzani.com.br\/<\/a><\/p><p><a href=\"https:\/\/br.linkedin.com\/in\/alessandromenzani77a99685\">https:\/\/br.linkedin.com\/in\/alessandromenzani77a99685<\/a><\/p><\/div>\n\t\t\t\t<\/div>\n\t\t\t\t\t\t\t<div class=\"elementor-accordion-item\">\n\t\t\t\t\t<div id=\"elementor-tab-title-7178\" class=\"elementor-tab-title\" data-tab=\"8\" role=\"button\" aria-controls=\"elementor-tab-content-7178\" aria-expanded=\"false\">\n\t\t\t\t\t\t\t\t\t\t\t\t\t<span class=\"elementor-accordion-icon elementor-accordion-icon-left\" aria-hidden=\"true\">\n\t\t\t\t\t\t\t\t\t\t\t\t\t\t\t<span class=\"elementor-accordion-icon-closed\"><i class=\"fas fa-caret-down\"><\/i><\/span>\n\t\t\t\t\t\t\t\t<span class=\"elementor-accordion-icon-opened\"><i class=\"fas fa-caret-up\"><\/i><\/span>\n\t\t\t\t\t\t\t\t\t\t\t\t\t\t<\/span>\n\t\t\t\t\t\t\t\t\t\t\t\t<a class=\"elementor-accordion-title\" tabindex=\"0\">Metarecicla<\/a>\n\t\t\t\t\t<\/div>\n\t\t\t\t\t<div id=\"elementor-tab-content-7178\" class=\"elementor-tab-content elementor-clearfix\" data-tab=\"8\" role=\"region\" aria-labelledby=\"elementor-tab-title-7178\"><p>Coleta de e-lixo para a log\u00edstica reversa, os equipamentos s\u00e3o desmontados de forma did\u00e1tica e metareciclados com o uso da cultura maker. A\u00e7\u00e3o educacional com constru\u00e7\u00e3o de laborat\u00f3rios maker com material metareciclado. A\u00e7\u00e3o social e ecol\u00f3gica economicamente sustent\u00e1vel,utilizando a Economia Circular.<\/p><p><b>Edi\u00e7\u00e3o da acelera\u00e7\u00e3o:\u00a0<\/b>2021, 2022<\/p><p><b>ODS:\u00a0<\/b><\/p><ol start=\"12\"><li>Consumo Respons\u00e1vel<\/li><li>Combate Contra mudan\u00e7as Clim\u00e1ticas<\/li><\/ol><ol start=\"10\"><li>Redu\u00e7\u00e3o das Desigualdades<\/li><\/ol><ol start=\"4\"><li>Educa\u00e7\u00e3o de Qualidade<\/li><\/ol><ol start=\"7\"><li>Energias Renov\u00e1veis<\/li><\/ol><ol start=\"11\"><li>Cidades e Comunidades Sustent\u00e1veis<\/li><\/ol><ol start=\"8\"><li>Trabalho Digno e Crescimento Econ\u00f4mico<\/li><\/ol><ol start=\"17\"><li>Parcerias para implementa\u00e7\u00e3o dos Objetivos<\/li><\/ol><p><a href=\"http:\/\/www.metareciciclagem.com.br\/\">www.metareciciclagem.com.br<\/a><\/p><\/div>\n\t\t\t\t<\/div>\n\t\t\t\t\t\t\t\t<\/div>\n\t\t\t\t\t\t<\/div>\n\t\t\t\t<\/div>\n\t\t\t\t\t<\/div>\n\t\t<\/div>\n\t\t\t\t<div class=\"elementor-column elementor-col-50 elementor-top-column elementor-element elementor-element-5ce66ae\" data-id=\"5ce66ae\" data-element_type=\"column\">\n\t\t\t<div class=\"elementor-widget-wrap elementor-element-populated\">\n\t\t\t\t\t\t<div class=\"elementor-element elementor-element-bee49b4 elementor-widget elementor-widget-accordion\" data-id=\"bee49b4\" data-element_type=\"widget\" data-widget_type=\"accordion.default\">\n\t\t\t\t<div class=\"elementor-widget-container\">\n\t\t\t\t\t\t\t<div class=\"elementor-accordion\">\n\t\t\t\t\t\t\t<div class=\"elementor-accordion-item\">\n\t\t\t\t\t<div id=\"elementor-tab-title-2001\" class=\"elementor-tab-title\" data-tab=\"1\" role=\"button\" aria-controls=\"elementor-tab-content-2001\" aria-expanded=\"false\">\n\t\t\t\t\t\t\t\t\t\t\t\t\t<span class=\"elementor-accordion-icon elementor-accordion-icon-left\" aria-hidden=\"true\">\n\t\t\t\t\t\t\t\t\t\t\t\t\t\t\t<span class=\"elementor-accordion-icon-closed\"><i class=\"fas fa-caret-down\"><\/i><\/span>\n\t\t\t\t\t\t\t\t<span class=\"elementor-accordion-icon-opened\"><i class=\"fas fa-caret-up\"><\/i><\/span>\n\t\t\t\t\t\t\t\t\t\t\t\t\t\t<\/span>\n\t\t\t\t\t\t\t\t\t\t\t\t<a class=\"elementor-accordion-title\" tabindex=\"0\">Morada da Floresta<\/a>\n\t\t\t\t\t<\/div>\n\t\t\t\t\t<div id=\"elementor-tab-content-2001\" class=\"elementor-tab-content elementor-clearfix\" data-tab=\"1\" role=\"region\" aria-labelledby=\"elementor-tab-title-2001\"><p>Solu\u00e7\u00f5es pr\u00e1ticas para a realiza\u00e7\u00e3o da compostagem in loco. Para compostagem residencial temos a Composteira Humi, um equipamento desenvolvido para facilitar a pr\u00e1tica da vermicompostagem em casas e apartamentos. Para grandes geradores, implementam sistemas de compostagem termof\u00edlica de f\u00e1cil instala\u00e7\u00e3o e opera\u00e7\u00e3o. Realizamos diagn\u00f3stico, metodologia de gest\u00e3o dos res\u00edduos, palestras de sensibiliza\u00e7\u00e3o, implementa\u00e7\u00e3o, treinamentos, visitas t\u00e9cnicas e projetos com governos.<\/p><p><b>Edi\u00e7\u00e3o da acelera\u00e7\u00e3o:\u00a0<\/b>2021<\/p><p><a href=\"https:\/\/moradadafloresta.eco.br\/\">https:\/\/moradadafloresta.eco.br\/<\/a><\/p><\/div>\n\t\t\t\t<\/div>\n\t\t\t\t\t\t\t<div class=\"elementor-accordion-item\">\n\t\t\t\t\t<div id=\"elementor-tab-title-2002\" class=\"elementor-tab-title\" data-tab=\"2\" role=\"button\" aria-controls=\"elementor-tab-content-2002\" aria-expanded=\"false\">\n\t\t\t\t\t\t\t\t\t\t\t\t\t<span class=\"elementor-accordion-icon elementor-accordion-icon-left\" aria-hidden=\"true\">\n\t\t\t\t\t\t\t\t\t\t\t\t\t\t\t<span class=\"elementor-accordion-icon-closed\"><i class=\"fas fa-caret-down\"><\/i><\/span>\n\t\t\t\t\t\t\t\t<span class=\"elementor-accordion-icon-opened\"><i class=\"fas fa-caret-up\"><\/i><\/span>\n\t\t\t\t\t\t\t\t\t\t\t\t\t\t<\/span>\n\t\t\t\t\t\t\t\t\t\t\t\t<a class=\"elementor-accordion-title\" tabindex=\"0\">Niltex<\/a>\n\t\t\t\t\t<\/div>\n\t\t\t\t\t<div id=\"elementor-tab-content-2002\" class=\"elementor-tab-content elementor-clearfix\" data-tab=\"2\" role=\"region\" aria-labelledby=\"elementor-tab-title-2002\"><p>Em 2016, foi criado um suporte descart\u00e1vel para sacos de lixo, feito de papel\u00e3o reciclado,\u00a0recicl\u00e1vel, higi\u00eanico, econ\u00f4mico, de f\u00e1cil montagem e com resist\u00eancia \u00e0 \u00e1gua. Possui 3\u00a0tamanhos distintos e permite a impress\u00e3o de mensagens educativas e logomarcas.<\/p><p><b>Edi\u00e7\u00e3o da acelera\u00e7\u00e3o:\u00a0<\/b>2021<\/p><p><b>ODS:\u00a0<\/b><\/p><ol start=\"1\"><li>Erradica\u00e7\u00e3o da pobreza<\/li><li>Fome zero e agricultura sustent\u00e1vel<\/li><li>Sa\u00fade e Bem-Estar<\/li><li>Educa\u00e7\u00e3o de qualidade<\/li><li>Igualdade de g\u00e9nero<\/li><li>\u00c1gua pot\u00e1vel e saneamento<\/li><\/ol><ol start=\"8\"><li>Trabalho decente e crescimento econ\u00f3mico<\/li><li>Ind\u00fastria, inova\u00e7\u00e3o e infraestrutura<\/li><li>Redu\u00e7\u00e3o das desigualdades<\/li><li>Cidades e comunidades sustent\u00e1veis<\/li><li>Consumo e produ\u00e7\u00e3o respons\u00e1veis<\/li><li>A\u00e7\u00e3o contra a mudan\u00e7a global do clima<\/li><li>Vida na \u00e1gua<\/li><\/ol><p>15.Vida terrestre<\/p><ol start=\"16\"><li>Paz, justi\u00e7a e institui\u00e7\u00f5es eficazes<\/li><li>Parcerias e meios de implementa\u00e7\u00e3o<\/li><\/ol><p><a href=\"http:\/\/www.linkedin.com\/in\/niltondelzotto-residuossolidos\">www.linkedin.com\/in\/niltondelzotto-residuossolidos<\/a><\/p><\/div>\n\t\t\t\t<\/div>\n\t\t\t\t\t\t\t<div class=\"elementor-accordion-item\">\n\t\t\t\t\t<div id=\"elementor-tab-title-2003\" class=\"elementor-tab-title\" data-tab=\"3\" role=\"button\" aria-controls=\"elementor-tab-content-2003\" aria-expanded=\"false\">\n\t\t\t\t\t\t\t\t\t\t\t\t\t<span class=\"elementor-accordion-icon elementor-accordion-icon-left\" aria-hidden=\"true\">\n\t\t\t\t\t\t\t\t\t\t\t\t\t\t\t<span class=\"elementor-accordion-icon-closed\"><i class=\"fas fa-caret-down\"><\/i><\/span>\n\t\t\t\t\t\t\t\t<span class=\"elementor-accordion-icon-opened\"><i class=\"fas fa-caret-up\"><\/i><\/span>\n\t\t\t\t\t\t\t\t\t\t\t\t\t\t<\/span>\n\t\t\t\t\t\t\t\t\t\t\t\t<a class=\"elementor-accordion-title\" tabindex=\"0\">Recicla.se<\/a>\n\t\t\t\t\t<\/div>\n\t\t\t\t\t<div id=\"elementor-tab-content-2003\" class=\"elementor-tab-content elementor-clearfix\" data-tab=\"3\" role=\"region\" aria-labelledby=\"elementor-tab-title-2003\"><p>A Recicla.se \u00e9 uma plataforma integrada para a gest\u00e3o de res\u00edduos e solu\u00e7\u00e3o para descarte\u00a0sustent\u00e1vel. Atendemos empresas de diversos segmentos que possuem a necessidade\u00a0de gest\u00e3o, monitoramento e certifica\u00e7\u00e3o do descarte adequado dos seus res\u00edduos, al\u00e9m de\u00a0indicadores de impacto e inova\u00e7\u00e3o do seu processo atual. Uma solu\u00e7\u00e3o SAAS de\u00a0gest\u00e3o de res\u00edduos que utiliza tecnologia blockchain para rastreamento de res\u00edduos,\u00a0intelig\u00eancia artificial para insights de dados e mecanismos para converter a gest\u00e3o\u00a0adequada em indicadores de impacto.<\/p><p><b>Edi\u00e7\u00e3o da acelera\u00e7\u00e3o:\u00a0<\/b>2022<\/p><p><b>ODS:\u00a0<\/b><\/p><ol start=\"12\"><li>Consumo e produ\u00e7\u00e3o sustent\u00e1veis<\/li><\/ol><p><a href=\"https:\/\/recicla.se\/\">https:\/\/recicla.se\/\u00a0https:\/\/www.instagram.com\/recicla.se\/\u00a0<\/a><a href=\"https:\/\/www.linkedin.com\/company\/reciclas\">https:\/\/www.linkedin.com\/company\/reciclas<\/a><\/p><p><a href=\"https:\/\/web.facebook.com\/recicla.se\">https:\/\/web.facebook.com\/recicla.se<\/a>\u00a0<\/p><p><a href=\"https:\/\/twitter.com\/recicla_se?_rdc=1&amp;_rdr\">https:\/\/twitter.com\/recicla_se?_rdc=1&amp;_rdr<\/a>\u00a0<\/p><\/div>\n\t\t\t\t<\/div>\n\t\t\t\t\t\t\t<div class=\"elementor-accordion-item\">\n\t\t\t\t\t<div id=\"elementor-tab-title-2004\" class=\"elementor-tab-title\" data-tab=\"4\" role=\"button\" aria-controls=\"elementor-tab-content-2004\" aria-expanded=\"false\">\n\t\t\t\t\t\t\t\t\t\t\t\t\t<span class=\"elementor-accordion-icon elementor-accordion-icon-left\" aria-hidden=\"true\">\n\t\t\t\t\t\t\t\t\t\t\t\t\t\t\t<span class=\"elementor-accordion-icon-closed\"><i class=\"fas fa-caret-down\"><\/i><\/span>\n\t\t\t\t\t\t\t\t<span class=\"elementor-accordion-icon-opened\"><i class=\"fas fa-caret-up\"><\/i><\/span>\n\t\t\t\t\t\t\t\t\t\t\t\t\t\t<\/span>\n\t\t\t\t\t\t\t\t\t\t\t\t<a class=\"elementor-accordion-title\" tabindex=\"0\">Regera Mundo<\/a>\n\t\t\t\t\t<\/div>\n\t\t\t\t\t<div id=\"elementor-tab-content-2004\" class=\"elementor-tab-content elementor-clearfix\" data-tab=\"4\" role=\"region\" aria-labelledby=\"elementor-tab-title-2004\"><p>\u00c9 uma startup que recicla res\u00edduos org\u00e2nicos e uma plataforma de impacto integrada de recompensas, benef\u00edcios e promo\u00e7\u00f5es por a\u00e7\u00f5es sustent\u00e1veis. Queremos transformar a rela\u00e7\u00e3o da sociedade com os res\u00edduos org\u00e2nicos, combatendo a cultura do desperd\u00edcio e fomentando a economia circular na pr\u00e1tica.<\/p><p><b>Edi\u00e7\u00e3o da acelera\u00e7\u00e3o:\u00a0<\/b>2021<\/p><p><b>ODS:<\/b><\/p><ol start=\"8\"><li>Trabalho decente e crescimento econ\u00f4mico<\/li><\/ol><ol start=\"11\"><li>Cidades e comunidades sustent\u00e1veis<\/li><li>Consumo e produ\u00e7\u00e3o respons\u00e1veis<\/li><li>A\u00e7\u00e3o contra a mudan\u00e7a global do clima<\/li><\/ol><p>15.Vida terrestre<\/p><ol start=\"17\"><li>Parcerias e meios de implementa\u00e7\u00e3o<\/li><\/ol><p><a href=\"https:\/\/www.instagram.com\/regeramundo\/\">https:\/\/www.linkedin.com\/company\/regeramundo\/\u00a0<\/a><\/p><p><a href=\"https:\/\/www.instagram.com\/regeramundo\/\">https:\/\/www.instagram.com\/regeramundo\/<\/a><\/p><\/div>\n\t\t\t\t<\/div>\n\t\t\t\t\t\t\t<div class=\"elementor-accordion-item\">\n\t\t\t\t\t<div id=\"elementor-tab-title-2005\" class=\"elementor-tab-title\" data-tab=\"5\" role=\"button\" aria-controls=\"elementor-tab-content-2005\" aria-expanded=\"false\">\n\t\t\t\t\t\t\t\t\t\t\t\t\t<span class=\"elementor-accordion-icon elementor-accordion-icon-left\" aria-hidden=\"true\">\n\t\t\t\t\t\t\t\t\t\t\t\t\t\t\t<span class=\"elementor-accordion-icon-closed\"><i class=\"fas fa-caret-down\"><\/i><\/span>\n\t\t\t\t\t\t\t\t<span class=\"elementor-accordion-icon-opened\"><i class=\"fas fa-caret-up\"><\/i><\/span>\n\t\t\t\t\t\t\t\t\t\t\t\t\t\t<\/span>\n\t\t\t\t\t\t\t\t\t\t\t\t<a class=\"elementor-accordion-title\" tabindex=\"0\">Toca do Pet Eco Arte<\/a>\n\t\t\t\t\t<\/div>\n\t\t\t\t\t<div id=\"elementor-tab-content-2005\" class=\"elementor-tab-content elementor-clearfix\" data-tab=\"5\" role=\"region\" aria-labelledby=\"elementor-tab-title-2005\"><p>Utilizando material em descarte ou reciclado (madeira, vidro, pl\u00e1sticos, pneus) \u00e9 criado acess\u00f3rios para c\u00e3es e gatos e utens\u00edlios para o lar, ou seja utilidades dom\u00e9sticas, como pequenos m\u00f3veis para cozinha, \u00e1rea de churrasqueiras, barbearias. Sempre utilizando material em descarte.<\/p><p><b>Edi\u00e7\u00e3o da acelera\u00e7\u00e3o:\u00a0<\/b>2022<\/p><\/div>\n\t\t\t\t<\/div>\n\t\t\t\t\t\t\t<div class=\"elementor-accordion-item\">\n\t\t\t\t\t<div id=\"elementor-tab-title-2006\" class=\"elementor-tab-title\" data-tab=\"6\" role=\"button\" aria-controls=\"elementor-tab-content-2006\" aria-expanded=\"false\">\n\t\t\t\t\t\t\t\t\t\t\t\t\t<span class=\"elementor-accordion-icon elementor-accordion-icon-left\" aria-hidden=\"true\">\n\t\t\t\t\t\t\t\t\t\t\t\t\t\t\t<span class=\"elementor-accordion-icon-closed\"><i class=\"fas fa-caret-down\"><\/i><\/span>\n\t\t\t\t\t\t\t\t<span class=\"elementor-accordion-icon-opened\"><i class=\"fas fa-caret-up\"><\/i><\/span>\n\t\t\t\t\t\t\t\t\t\t\t\t\t\t<\/span>\n\t\t\t\t\t\t\t\t\t\t\t\t<a class=\"elementor-accordion-title\" tabindex=\"0\">Valora (participou da primeira edi\u00e7\u00e3o como Recycle)<\/a>\n\t\t\t\t\t<\/div>\n\t\t\t\t\t<div id=\"elementor-tab-content-2006\" class=\"elementor-tab-content elementor-clearfix\" data-tab=\"6\" role=\"region\" aria-labelledby=\"elementor-tab-title-2006\"><p>A Valora \u00e9 uma startup de valoriza\u00e7\u00e3o de res\u00edduos s\u00f3lidos recicl\u00e1veis e sustentabilidade, que atua na gest\u00e3o e coleta seletiva e projetos de sustentabilidade para empresas. A valoriza\u00e7\u00e3o dos res\u00edduos recicl\u00e1veis \u00e9 feita pela coleta em condom\u00ednios e grandes geradores, onde prestamos uma s\u00e9rie de servi\u00e7os para melhorar a experi\u00eancia das pessoas com o processo de reciclagem. Para empresas, desenvolvemos projetos espec\u00edficos \u00e0s necessidades e metas estabelecidas em temas de sustentabilidade como Compensa\u00e7\u00e3o ambiental, Valoriza\u00e7\u00e3o de Res\u00edduos, Coleta Seletiva, Selos de Sustentabilidade, Log\u00edstica Reversa e Economia Circular.<\/p><p><b>Edi\u00e7\u00e3o da acelera\u00e7\u00e3o:\u00a0<\/b>2019, 2020, 2021<\/p><p><b>ODS:<\/b><\/p><ol start=\"3\"><li>Sa\u00fade e Bem-Estar<\/li><\/ol><ol start=\"8\"><li>Trabalho decente e crescimento econ\u00f3mico<\/li><\/ol><ol start=\"11\"><li>Cidades e comunidades sustent\u00e1veis<\/li><li>Consumo e produ\u00e7\u00e3o respons\u00e1veis<\/li><li>A\u00e7\u00e3o contra a mudan\u00e7a global do clima<\/li><\/ol><p><a href=\"https:\/\/valorareciclaveis.com.br\/\">https:\/\/valorareciclaveis.com.br\/<\/a>\u00a0<\/p><p><a href=\"https:\/\/www.instagram.com\/valora.oficial\/\">https:\/\/www.instagram.com\/valora.oficial\/<\/a>\u00a0<\/p><p><a href=\"https:\/\/www.linkedin.com\/company\/valorasa\/\">https:\/\/www.linkedin.com\/company\/valorasa\/<\/a><\/p><\/div>\n\t\t\t\t<\/div>\n\t\t\t\t\t\t\t<div class=\"elementor-accordion-item\">\n\t\t\t\t\t<div id=\"elementor-tab-title-2007\" class=\"elementor-tab-title\" data-tab=\"7\" role=\"button\" aria-controls=\"elementor-tab-content-2007\" aria-expanded=\"false\">\n\t\t\t\t\t\t\t\t\t\t\t\t\t<span class=\"elementor-accordion-icon elementor-accordion-icon-left\" aria-hidden=\"true\">\n\t\t\t\t\t\t\t\t\t\t\t\t\t\t\t<span class=\"elementor-accordion-icon-closed\"><i class=\"fas fa-caret-down\"><\/i><\/span>\n\t\t\t\t\t\t\t\t<span class=\"elementor-accordion-icon-opened\"><i class=\"fas fa-caret-up\"><\/i><\/span>\n\t\t\t\t\t\t\t\t\t\t\t\t\t\t<\/span>\n\t\t\t\t\t\t\t\t\t\t\t\t<a class=\"elementor-accordion-title\" tabindex=\"0\">Your Feed<\/a>\n\t\t\t\t\t<\/div>\n\t\t\t\t\t<div id=\"elementor-tab-content-2007\" class=\"elementor-tab-content elementor-clearfix\" data-tab=\"7\" role=\"region\" aria-labelledby=\"elementor-tab-title-2007\"><p>Conecta consumidores a estabelecimentos que oferecerem com grandes descontos alimentos n\u00e3o vendidos, pr\u00f3prios para consumo, prestes a serem desperdi\u00e7ados. Transforma excedentes alimentares em rentabilidade para empresas e viabilizando alimenta\u00e7\u00e3o barata, acess\u00edvel e ecologicamente correta aos consumidores.<\/p><p><b>Edi\u00e7\u00e3o da acelera\u00e7\u00e3o:\u00a0<\/b>2019, 2020, 2021<\/p><\/div>\n\t\t\t\t<\/div>\n\t\t\t\t\t\t\t\t<\/div>\n\t\t\t\t\t\t<\/div>\n\t\t\t\t<\/div>\n\t\t\t\t\t<\/div>\n\t\t<\/div>\n\t\t\t\t\t<\/div>\n\t\t<\/section>\n\t\t\t\t<section class=\"elementor-section elementor-top-section elementor-element elementor-element-e8950dd elementor-section-stretched elementor-section-full_width elementor-hidden-tablet elementor-hidden-mobile elementor-section-height-default elementor-section-height-default\" data-id=\"e8950dd\" data-element_type=\"section\" data-settings=\"{&quot;stretch_section&quot;:&quot;section-stretched&quot;,&quot;animation&quot;:&quot;none&quot;}\">\n\t\t\t\t\t\t<div class=\"elementor-container elementor-column-gap-default\">\n\t\t\t\t\t<div class=\"elementor-column elementor-col-100 elementor-top-column elementor-element elementor-element-3b309a3\" data-id=\"3b309a3\" data-element_type=\"column\">\n\t\t\t<div class=\"elementor-widget-wrap elementor-element-populated\">\n\t\t\t\t\t\t<div class=\"elementor-element elementor-element-aec916f elementor-hidden-tablet elementor-hidden-mobile elementor-widget elementor-widget-text-editor\" data-id=\"aec916f\" data-element_type=\"widget\" data-widget_type=\"text-editor.default\">\n\t\t\t\t<div class=\"elementor-widget-container\">\n\t\t\t\t\t\t\t\t\t<p style=\"text-align: left; padding-left: 160px;\"><b>Consumo e Produ\u00e7\u00e3o Sustent\u00e1veis<\/b><\/p>\t\t\t\t\t\t\t\t<\/div>\n\t\t\t\t<\/div>\n\t\t\t\t\t<\/div>\n\t\t<\/div>\n\t\t\t\t\t<\/div>\n\t\t<\/section>\n\t\t\t\t<section class=\"elementor-section elementor-top-section elementor-element elementor-element-79082fe elementor-section-stretched elementor-section-full_width elementor-hidden-desktop elementor-section-height-default elementor-section-height-default\" data-id=\"79082fe\" data-element_type=\"section\" data-settings=\"{&quot;stretch_section&quot;:&quot;section-stretched&quot;,&quot;animation&quot;:&quot;none&quot;}\">\n\t\t\t\t\t\t<div class=\"elementor-container elementor-column-gap-default\">\n\t\t\t\t\t<div class=\"elementor-column elementor-col-100 elementor-top-column elementor-element elementor-element-4b8e320\" data-id=\"4b8e320\" data-element_type=\"column\">\n\t\t\t<div class=\"elementor-widget-wrap elementor-element-populated\">\n\t\t\t\t\t\t<div class=\"elementor-element elementor-element-d4da13c elementor-hidden-desktop elementor-widget elementor-widget-text-editor\" data-id=\"d4da13c\" data-element_type=\"widget\" data-widget_type=\"text-editor.default\">\n\t\t\t\t<div class=\"elementor-widget-container\">\n\t\t\t\t\t\t\t\t\t<p style=\"text-align: left;\"><b>Consumo e Produ\u00e7\u00e3o Sustent\u00e1veis<\/b><\/p>\t\t\t\t\t\t\t\t<\/div>\n\t\t\t\t<\/div>\n\t\t\t\t\t<\/div>\n\t\t<\/div>\n\t\t\t\t\t<\/div>\n\t\t<\/section>\n\t\t\t\t<section class=\"elementor-section elementor-top-section elementor-element elementor-element-96c2bb1 elementor-section-stretched elementor-section-boxed elementor-section-height-default elementor-section-height-default\" data-id=\"96c2bb1\" data-element_type=\"section\" data-settings=\"{&quot;stretch_section&quot;:&quot;section-stretched&quot;}\">\n\t\t\t\t\t\t<div class=\"elementor-container elementor-column-gap-default\">\n\t\t\t\t\t<div class=\"elementor-column elementor-col-50 elementor-top-column elementor-element elementor-element-13a3e0a\" data-id=\"13a3e0a\" data-element_type=\"column\">\n\t\t\t<div class=\"elementor-widget-wrap elementor-element-populated\">\n\t\t\t\t\t\t<div class=\"elementor-element elementor-element-df0020b elementor-widget elementor-widget-accordion\" data-id=\"df0020b\" data-element_type=\"widget\" data-widget_type=\"accordion.default\">\n\t\t\t\t<div class=\"elementor-widget-container\">\n\t\t\t\t\t\t\t<div class=\"elementor-accordion\">\n\t\t\t\t\t\t\t<div class=\"elementor-accordion-item\">\n\t\t\t\t\t<div id=\"elementor-tab-title-2331\" class=\"elementor-tab-title\" data-tab=\"1\" role=\"button\" aria-controls=\"elementor-tab-content-2331\" aria-expanded=\"false\">\n\t\t\t\t\t\t\t\t\t\t\t\t\t<span class=\"elementor-accordion-icon elementor-accordion-icon-left\" aria-hidden=\"true\">\n\t\t\t\t\t\t\t\t\t\t\t\t\t\t\t<span class=\"elementor-accordion-icon-closed\"><i class=\"fas fa-caret-down\"><\/i><\/span>\n\t\t\t\t\t\t\t\t<span class=\"elementor-accordion-icon-opened\"><i class=\"fas fa-caret-up\"><\/i><\/span>\n\t\t\t\t\t\t\t\t\t\t\t\t\t\t<\/span>\n\t\t\t\t\t\t\t\t\t\t\t\t<a class=\"elementor-accordion-title\" tabindex=\"0\">AZ Marias<\/a>\n\t\t\t\t\t<\/div>\n\t\t\t\t\t<div id=\"elementor-tab-content-2331\" class=\"elementor-tab-content elementor-clearfix\" data-tab=\"1\" role=\"region\" aria-labelledby=\"elementor-tab-title-2331\"><div id=\"elementor-tab-title-2291\" class=\"elementor-tab-title elementor-active\" tabindex=\"0\" role=\"button\" data-tab=\"1\" aria-controls=\"elementor-tab-content-2291\" aria-expanded=\"true\" aria-selected=\"true\"><p>AZ Marias \u00e9 uma marca de moda que se define como um NIS (neg\u00f3cio de impacto socioambiental) por propor solu\u00e7\u00f5es a tr\u00eas grandes problemas da ind\u00fastria da moda:<\/p><ol><li>Impacto social \u2013 trabalho an\u00e1logo \u00e1 escravid\u00e3o: Oferecemos treinamento gratuito para costureiras precificarem sua m\u00e3o de obra;<\/li><li>Impacto ambiental \u2013 Utilizamos res\u00edduos t\u00eaxteis, impedindo assim que eles cheguem at\u00e9 lix\u00f5es, aterros sanit\u00e1rios e que sejam incinerados;<\/li><li>Impacto social \u2013 representatividade de corpos reais: Temos o corpo real na centralidade da cria\u00e7\u00e3o. E que em 2021 estreou como o primeiro neg\u00f3cio de impacto socioambiental no lineup do maior evento de moda da Am\u00e9rica Latina, o SPFW.<\/li><\/ol><p><b>Edi\u00e7\u00e3o da acelera\u00e7\u00e3o:\u00a0<\/b>2022<\/p><p><b>ODS:<\/b><\/p><ol start=\"5\"><li>Igualdade de g\u00e9nero<\/li><\/ol><ol start=\"7\"><li>Energia limpa e acess\u00edvel<\/li><li>Trabalho decente e crescimento econ\u00f3mico<\/li><li>Ind\u00fastria, inova\u00e7\u00e3o e infraestrutura<\/li><li>Redu\u00e7\u00e3o das desigualdades<\/li><\/ol><ol start=\"12\"><li>Consumo e produ\u00e7\u00e3o respons\u00e1veis<\/li><\/ol><ol start=\"14\"><li>Vida na \u00e1gua<\/li><\/ol><p><a href=\"https:\/\/www.azmarias.com\/\">https:\/\/www.azmarias.com\/<\/a>\u00a0<\/p><p><a href=\"https:\/\/www.instagram.com\/azmarias\/\">https:\/\/www.instagram.com\/azmarias\/<\/a>\u00a0<\/p><p><a href=\"https:\/\/www.facebook.com\/azmarias\/\">https:\/\/www.facebook.com\/azmarias\/<\/a>\u00a0<\/p><p><a href=\"https:\/\/www.linkedin.com\/company\/30153653\/admin\/feed\/posts\/\">https:\/\/www.linkedin.com\/company\/30153653\/admin\/feed\/posts\/<\/a><\/p><\/div><div id=\"elementor-tab-content-2291\" class=\"elementor-tab-content elementor-clearfix elementor-active\" role=\"region\" data-tab=\"1\" aria-labelledby=\"elementor-tab-title-2291\">\u00a0<\/div><\/div>\n\t\t\t\t<\/div>\n\t\t\t\t\t\t\t<div class=\"elementor-accordion-item\">\n\t\t\t\t\t<div id=\"elementor-tab-title-2332\" class=\"elementor-tab-title\" data-tab=\"2\" role=\"button\" aria-controls=\"elementor-tab-content-2332\" aria-expanded=\"false\">\n\t\t\t\t\t\t\t\t\t\t\t\t\t<span class=\"elementor-accordion-icon elementor-accordion-icon-left\" aria-hidden=\"true\">\n\t\t\t\t\t\t\t\t\t\t\t\t\t\t\t<span class=\"elementor-accordion-icon-closed\"><i class=\"fas fa-caret-down\"><\/i><\/span>\n\t\t\t\t\t\t\t\t<span class=\"elementor-accordion-icon-opened\"><i class=\"fas fa-caret-up\"><\/i><\/span>\n\t\t\t\t\t\t\t\t\t\t\t\t\t\t<\/span>\n\t\t\t\t\t\t\t\t\t\t\t\t<a class=\"elementor-accordion-title\" tabindex=\"0\">Envolve Bioembalagens<\/a>\n\t\t\t\t\t<\/div>\n\t\t\t\t\t<div id=\"elementor-tab-content-2332\" class=\"elementor-tab-content elementor-clearfix\" data-tab=\"2\" role=\"region\" aria-labelledby=\"elementor-tab-title-2332\"><p>O Envolve \u00e9 uma solu\u00e7\u00e3o sustent\u00e1vel para embalar alimentos e cobrir potes, evitando o uso de embalagens originadas de recursos n\u00e3o renov\u00e1veis e em sua maioria n\u00e3o recicl\u00e1veis, como o pl\u00e1stico filme. Perfeito para acondicionar alimentos in natura e cobrir potes sem tampa, vai ao freezer e \u00e0 geladeira. \u00c9 lav\u00e1vel, compost\u00e1vel e antibacteriano at\u00e9 mesmo ap\u00f3s 150 lavagens, conservando melhor os alimentos, reduzindo seu desperd\u00edcio.<\/p><p><b>Edi\u00e7\u00e3o da acelera\u00e7\u00e3o:\u00a0<\/b>2021<\/p><p><b>ODS:<\/b><\/p><ol start=\"5\"><li>Igualdade de g\u00e9nero<\/li><\/ol><ol start=\"11\"><li>Cidades e comunidades sustent\u00e1veis<\/li><li>Consumo e produ\u00e7\u00e3o respons\u00e1veis<\/li><\/ol><p><a href=\"https:\/\/instagram.com\/envolve.eco.br\">https:\/\/instagram.com\/envolve.eco.br<\/a><\/p><p><a href=\"https:\/\/linkedin.com\/company\/envolve-eco-br\">https:\/\/linkedin.com\/company\/envolve-eco-br<\/a><\/p><\/div>\n\t\t\t\t<\/div>\n\t\t\t\t\t\t\t<div class=\"elementor-accordion-item\">\n\t\t\t\t\t<div id=\"elementor-tab-title-2333\" class=\"elementor-tab-title\" data-tab=\"3\" role=\"button\" aria-controls=\"elementor-tab-content-2333\" aria-expanded=\"false\">\n\t\t\t\t\t\t\t\t\t\t\t\t\t<span class=\"elementor-accordion-icon elementor-accordion-icon-left\" aria-hidden=\"true\">\n\t\t\t\t\t\t\t\t\t\t\t\t\t\t\t<span class=\"elementor-accordion-icon-closed\"><i class=\"fas fa-caret-down\"><\/i><\/span>\n\t\t\t\t\t\t\t\t<span class=\"elementor-accordion-icon-opened\"><i class=\"fas fa-caret-up\"><\/i><\/span>\n\t\t\t\t\t\t\t\t\t\t\t\t\t\t<\/span>\n\t\t\t\t\t\t\t\t\t\t\t\t<a class=\"elementor-accordion-title\" tabindex=\"0\">Kadara Natu (Sol em N\u00f3s)<\/a>\n\t\t\t\t\t<\/div>\n\t\t\t\t\t<div id=\"elementor-tab-content-2333\" class=\"elementor-tab-content elementor-clearfix\" data-tab=\"3\" role=\"region\" aria-labelledby=\"elementor-tab-title-2333\"><p>A Kadara Natu nasce com o objetivo de desenvolver acess\u00f3rios produzidos a partir de\u00a0mat\u00e9rias primas ecol\u00f3gicas. Os produtos v\u00e3o desde cases de \u00f3culos, carteiras, \u00e0\u00a0organizadores de fios e uma bituqueira (para o descarte correto de bitucas de cigarro). As\u00a0produ\u00e7\u00f5es ser\u00e3o realizadas por grupos que se encontram em situa\u00e7\u00e3o de vulnerabilidade\u00a0social, promovendo a emancipa\u00e7\u00e3o intelectual e posteriormente financeira com a venda<\/p><p>desses produtos.\u00a0<\/p><p><b>Edi\u00e7\u00e3o da acelera\u00e7\u00e3o:\u00a0<\/b>2022<\/p><p><b>ODS:<\/b><\/p><ol start=\"8\"><li>Trabalho decente e crescimento econ\u00f3mico<\/li><\/ol><ol start=\"10\"><li>Redu\u00e7\u00e3o das desigualdades<\/li><\/ol><ol start=\"12\"><li>Consumo e produ\u00e7\u00e3o respons\u00e1veis<\/li><\/ol><p><a href=\"https:\/\/www.instagram.com\/kadara.natu\/\">https:\/\/www.instagram.com\/kadara.natu\/<\/a><\/p><\/div>\n\t\t\t\t<\/div>\n\t\t\t\t\t\t\t\t<\/div>\n\t\t\t\t\t\t<\/div>\n\t\t\t\t<\/div>\n\t\t\t\t\t<\/div>\n\t\t<\/div>\n\t\t\t\t<div class=\"elementor-column elementor-col-50 elementor-top-column elementor-element elementor-element-fbaace6\" data-id=\"fbaace6\" data-element_type=\"column\">\n\t\t\t<div class=\"elementor-widget-wrap elementor-element-populated\">\n\t\t\t\t\t\t<div class=\"elementor-element elementor-element-61b9988 elementor-widget elementor-widget-accordion\" data-id=\"61b9988\" data-element_type=\"widget\" data-widget_type=\"accordion.default\">\n\t\t\t\t<div class=\"elementor-widget-container\">\n\t\t\t\t\t\t\t<div class=\"elementor-accordion\">\n\t\t\t\t\t\t\t<div class=\"elementor-accordion-item\">\n\t\t\t\t\t<div id=\"elementor-tab-title-1021\" class=\"elementor-tab-title\" data-tab=\"1\" role=\"button\" aria-controls=\"elementor-tab-content-1021\" aria-expanded=\"false\">\n\t\t\t\t\t\t\t\t\t\t\t\t\t<span class=\"elementor-accordion-icon elementor-accordion-icon-left\" aria-hidden=\"true\">\n\t\t\t\t\t\t\t\t\t\t\t\t\t\t\t<span class=\"elementor-accordion-icon-closed\"><i class=\"fas fa-caret-down\"><\/i><\/span>\n\t\t\t\t\t\t\t\t<span class=\"elementor-accordion-icon-opened\"><i class=\"fas fa-caret-up\"><\/i><\/span>\n\t\t\t\t\t\t\t\t\t\t\t\t\t\t<\/span>\n\t\t\t\t\t\t\t\t\t\t\t\t<a class=\"elementor-accordion-title\" tabindex=\"0\">pm for future<\/a>\n\t\t\t\t\t<\/div>\n\t\t\t\t\t<div id=\"elementor-tab-content-1021\" class=\"elementor-tab-content elementor-clearfix\" data-tab=\"1\" role=\"region\" aria-labelledby=\"elementor-tab-title-1021\"><p>\u00c9 uma plataforma de mentoria especializada em gest\u00e3o de produto digital que impulsiona a agenda 2030 de ODSs ligados ao meio ambiente conectando product managers a ONGs. Para o aluno de product management, \u00e9 a oportunidade de receber mentoria e de desenvolver solu\u00e7\u00f5es de impacto para o meio ambiente. Para o mentor, \u00e9 a oportunidade de fortalecer seu portf\u00f3lio e de previsibilidade de mentorias. Para ONGs, \u00e9 uma oportunidade de desenvolver produtos digitais para seus principais desafios.<\/p><p>\u00a0<\/p><p><b>Edi\u00e7\u00e3o da acelera\u00e7\u00e3o:\u00a0<\/b>2022<\/p><\/div>\n\t\t\t\t<\/div>\n\t\t\t\t\t\t\t<div class=\"elementor-accordion-item\">\n\t\t\t\t\t<div id=\"elementor-tab-title-1022\" class=\"elementor-tab-title\" data-tab=\"2\" role=\"button\" aria-controls=\"elementor-tab-content-1022\" aria-expanded=\"false\">\n\t\t\t\t\t\t\t\t\t\t\t\t\t<span class=\"elementor-accordion-icon elementor-accordion-icon-left\" aria-hidden=\"true\">\n\t\t\t\t\t\t\t\t\t\t\t\t\t\t\t<span class=\"elementor-accordion-icon-closed\"><i class=\"fas fa-caret-down\"><\/i><\/span>\n\t\t\t\t\t\t\t\t<span class=\"elementor-accordion-icon-opened\"><i class=\"fas fa-caret-up\"><\/i><\/span>\n\t\t\t\t\t\t\t\t\t\t\t\t\t\t<\/span>\n\t\t\t\t\t\t\t\t\t\t\t\t<a class=\"elementor-accordion-title\" tabindex=\"0\">Realixo<\/a>\n\t\t\t\t\t<\/div>\n\t\t\t\t\t<div id=\"elementor-tab-content-1022\" class=\"elementor-tab-content elementor-clearfix\" data-tab=\"2\" role=\"region\" aria-labelledby=\"elementor-tab-title-1022\"><p>Coleta seletiva de res\u00edduos recicl\u00e1veis e org\u00e2nicos (restos de alimentos) para pessoas f\u00edsicas.\u00a0\u00a0Coleta seletiva de res\u00edduos recicl\u00e1veis e org\u00e2nicos (restos de alimentos) para pessoas jur\u00eddicas (bares, restaurantes, cl\u00ednicas, escrit\u00f3rios, f\u00e1bricas).\u00a0Servi\u00e7o de coleta seletiva e limpeza de eventos de pequeno, m\u00e9dio e grande porte.\u00a0Marketplace de produtos locais, \u00e9ticos e sustent\u00e1veis, sempre com a garantia de que todas as embalagens ser\u00e3o recicladas, compostadas ou reutilizadas.<\/p><p><b>Edi\u00e7\u00e3o da acelera\u00e7\u00e3o:\u00a0<\/b>2022<\/p><p><b>ODS:<\/b><\/p><ol start=\"11\"><li>Cidades e comunidades sustent\u00e1veis<\/li><li>Consumo e produ\u00e7\u00e3o respons\u00e1veis<\/li><li>A\u00e7\u00e3o contra a mudan\u00e7a global do clima<\/li><\/ol><p><a href=\"https:\/\/www.realixo.com.br\/\">https:\/\/www.realixo.com.br\/<\/a><\/p><\/div>\n\t\t\t\t<\/div>\n\t\t\t\t\t\t\t\t<\/div>\n\t\t\t\t\t\t<\/div>\n\t\t\t\t<\/div>\n\t\t\t\t\t<\/div>\n\t\t<\/div>\n\t\t\t\t\t<\/div>\n\t\t<\/section>\n\t\t\t\t<\/div>\n\t\t","protected":false},"excerpt":{"rendered":"<p>Neg\u00f3cios acelerados Conhe\u00e7a as empresas que j\u00e1 passaram pelo processo&hellip;<\/p>\n<p> <a class=\"more-link\" href=\"https:\/\/adesampa.com.br\/greensampa\/7o-edicao-empresas-aceleradas\/\">Leia mais<\/a><\/p>\n","protected":false},"author":4,"featured_media":0,"parent":0,"menu_order":0,"comment_status":"closed","ping_status":"closed","template":"","meta":{"_monsterinsights_skip_tracking":false,"_monsterinsights_sitenote_active":false,"_monsterinsights_sitenote_note":"","_monsterinsights_sitenote_category":0,"footnotes":""},"class_list":["post-13772","page","type-page","status-publish"],"_links":{"self":[{"href":"https:\/\/adesampa.com.br\/greensampa\/wp-json\/wp\/v2\/pages\/13772","targetHints":{"allow":["GET"]}}],"collection":[{"href":"https:\/\/adesampa.com.br\/greensampa\/wp-json\/wp\/v2\/pages"}],"about":[{"href":"https:\/\/adesampa.com.br\/greensampa\/wp-json\/wp\/v2\/types\/page"}],"author":[{"embeddable":true,"href":"https:\/\/adesampa.com.br\/greensampa\/wp-json\/wp\/v2\/users\/4"}],"replies":[{"embeddable":true,"href":"https:\/\/adesampa.com.br\/greensampa\/wp-json\/wp\/v2\/comments?post=13772"}],"version-history":[{"count":69,"href":"https:\/\/adesampa.com.br\/greensampa\/wp-json\/wp\/v2\/pages\/13772\/revisions"}],"predecessor-version":[{"id":15066,"href":"https:\/\/adesampa.com.br\/greensampa\/wp-json\/wp\/v2\/pages\/13772\/revisions\/15066"}],"wp:attachment":[{"href":"https:\/\/adesampa.com.br\/greensampa\/wp-json\/wp\/v2\/media?parent=13772"}],"curies":[{"name":"wp","href":"https:\/\/api.w.org\/{rel}","templated":true}]}}