{"id":12260,"date":"2025-09-25T12:34:20","date_gmt":"2025-09-25T15:34:20","guid":{"rendered":"https:\/\/adesampa.com.br\/dev\/?page_id=12260"},"modified":"2025-10-31T10:08:18","modified_gmt":"2025-10-31T13:08:18","slug":"empresas-aceleradas","status":"publish","type":"page","link":"https:\/\/adesampa.com.br\/amplificacine\/empresas-aceleradas\/","title":{"rendered":"Empresas aceleradas"},"content":{"rendered":"\t\t<div data-elementor-type=\"wp-page\" data-elementor-id=\"12260\" class=\"elementor elementor-12260\">\n\t\t\t\t<div class=\"elementor-element elementor-element-a60b429 e-con-full elementor-hidden-tablet elementor-hidden-mobile e-flex e-con e-parent\" data-id=\"a60b429\" data-element_type=\"container\" data-e-type=\"container\" data-settings=\"{&quot;background_background&quot;:&quot;classic&quot;}\">\n\t\t\t\t<div class=\"elementor-element elementor-element-e64f25c elementor-widget__width-inherit elementor-widget elementor-widget-heading\" data-id=\"e64f25c\" data-element_type=\"widget\" data-e-type=\"widget\" data-widget_type=\"heading.default\">\n\t\t\t\t\t<h2 class=\"elementor-heading-title elementor-size-default\">Empresas aceleradas<\/h2>\t\t\t\t<\/div>\n\t\t\t\t<\/div>\n\t\t<div class=\"elementor-element elementor-element-e874f73 e-con-full elementor-hidden-desktop e-flex e-con e-parent\" data-id=\"e874f73\" data-element_type=\"container\" data-e-type=\"container\" data-settings=\"{&quot;background_background&quot;:&quot;classic&quot;}\">\n\t\t\t\t<div class=\"elementor-element elementor-element-fa3072c elementor-widget__width-inherit elementor-widget-mobile__width-inherit elementor-widget elementor-widget-heading\" data-id=\"fa3072c\" data-element_type=\"widget\" data-e-type=\"widget\" data-widget_type=\"heading.default\">\n\t\t\t\t\t<h2 class=\"elementor-heading-title elementor-size-default\">Empresas aceleradas<\/h2>\t\t\t\t<\/div>\n\t\t\t\t<\/div>\n\t\t<div class=\"elementor-element elementor-element-5ca150a e-flex e-con-boxed e-con e-parent\" data-id=\"5ca150a\" data-element_type=\"container\" data-e-type=\"container\">\n\t\t\t\t\t<div class=\"e-con-inner\">\n\t\t\t\t<div class=\"elementor-element elementor-element-9acb808 elementor-widget elementor-widget-spacer\" data-id=\"9acb808\" data-element_type=\"widget\" data-e-type=\"widget\" data-widget_type=\"spacer.default\">\n\t\t\t\t\t\t\t<div class=\"elementor-spacer\">\n\t\t\t<div class=\"elementor-spacer-inner\"><\/div>\n\t\t<\/div>\n\t\t\t\t\t\t<\/div>\n\t\t\t\t\t<\/div>\n\t\t\t\t<\/div>\n\t\t<div class=\"elementor-element elementor-element-280e128 e-flex e-con-boxed e-con e-parent\" data-id=\"280e128\" data-element_type=\"container\" data-e-type=\"container\">\n\t\t\t\t\t<div class=\"e-con-inner\">\n\t\t\t\t<div class=\"elementor-element elementor-element-e71a1d8 elementor-widget__width-initial elementor-widget-mobile__width-initial elementor-widget elementor-widget-heading\" data-id=\"e71a1d8\" data-element_type=\"widget\" data-e-type=\"widget\" data-widget_type=\"heading.default\">\n\t\t\t\t\t<h2 class=\"elementor-heading-title elementor-size-default\">Amplifica Cine - 1\u00aa Edi\u00e7\u00e3o<\/h2>\t\t\t\t<\/div>\n\t\t\t\t<div class=\"elementor-element elementor-element-3772d6d elementor-widget elementor-widget-spacer\" data-id=\"3772d6d\" data-element_type=\"widget\" data-e-type=\"widget\" data-widget_type=\"spacer.default\">\n\t\t\t\t\t\t\t<div class=\"elementor-spacer\">\n\t\t\t<div class=\"elementor-spacer-inner\"><\/div>\n\t\t<\/div>\n\t\t\t\t\t\t<\/div>\n\t\t<div class=\"elementor-element elementor-element-c048204 e-grid e-con-full e-con e-child\" data-id=\"c048204\" data-element_type=\"container\" data-e-type=\"container\">\n\t\t\t\t<div class=\"elementor-element elementor-element-cbe0964 elementor-widget elementor-widget-n-accordion\" data-id=\"cbe0964\" data-element_type=\"widget\" data-e-type=\"widget\" data-settings=\"{&quot;default_state&quot;:&quot;all_collapsed&quot;,&quot;max_items_expended&quot;:&quot;one&quot;,&quot;n_accordion_animation_duration&quot;:{&quot;unit&quot;:&quot;ms&quot;,&quot;size&quot;:400,&quot;sizes&quot;:[]}}\" data-widget_type=\"nested-accordion.default\">\n\t\t\t\t\t\t\t<div class=\"e-n-accordion\" aria-label=\"Accordion. Open links with Enter or Space, close with Escape, and navigate with Arrow Keys\">\n\t\t\t\t\t\t<details id=\"e-n-accordion-item-2130\" class=\"e-n-accordion-item\" >\n\t\t\t\t<summary class=\"e-n-accordion-item-title\" data-accordion-index=\"1\" tabindex=\"0\" aria-expanded=\"false\" aria-controls=\"e-n-accordion-item-2130\" >\n\t\t\t\t\t<span class='e-n-accordion-item-title-header'><div class=\"e-n-accordion-item-title-text\"> Lentes Malungas <\/div><\/span>\n\t\t\t\t\t\t\t<span class='e-n-accordion-item-title-icon'>\n\t\t\t<span class='e-opened' ><svg aria-hidden=\"true\" class=\"e-font-icon-svg e-fas-chevron-up\" viewBox=\"0 0 448 512\" xmlns=\"http:\/\/www.w3.org\/2000\/svg\"><path d=\"M240.971 130.524l194.343 194.343c9.373 9.373 9.373 24.569 0 33.941l-22.667 22.667c-9.357 9.357-24.522 9.375-33.901.04L224 227.495 69.255 381.516c-9.379 9.335-24.544 9.317-33.901-.04l-22.667-22.667c-9.373-9.373-9.373-24.569 0-33.941L207.03 130.525c9.372-9.373 24.568-9.373 33.941-.001z\"><\/path><\/svg><\/span>\n\t\t\t<span class='e-closed'><svg aria-hidden=\"true\" class=\"e-font-icon-svg e-fas-chevron-right\" viewBox=\"0 0 320 512\" xmlns=\"http:\/\/www.w3.org\/2000\/svg\"><path d=\"M285.476 272.971L91.132 467.314c-9.373 9.373-24.569 9.373-33.941 0l-22.667-22.667c-9.357-9.357-9.375-24.522-.04-33.901L188.505 256 34.484 101.255c-9.335-9.379-9.317-24.544.04-33.901l22.667-22.667c9.373-9.373 24.569-9.373 33.941 0L285.475 239.03c9.373 9.372 9.373 24.568.001 33.941z\"><\/path><\/svg><\/span>\n\t\t<\/span>\n\n\t\t\t\t\t\t<\/summary>\n\t\t\t\t<div role=\"region\" aria-labelledby=\"e-n-accordion-item-2130\" class=\"elementor-element elementor-element-dc4c73d e-con-full e-flex e-con e-child\" data-id=\"dc4c73d\" data-element_type=\"container\" data-e-type=\"container\">\n\t\t<div role=\"region\" aria-labelledby=\"e-n-accordion-item-2130\" class=\"elementor-element elementor-element-27afc40 e-flex e-con-boxed e-con e-child\" data-id=\"27afc40\" data-element_type=\"container\" data-e-type=\"container\">\n\t\t\t\t\t<div class=\"e-con-inner\">\n\t\t\t\t<div class=\"elementor-element elementor-element-f7e8efa elementor-widget elementor-widget-image\" data-id=\"f7e8efa\" data-element_type=\"widget\" data-e-type=\"widget\" data-widget_type=\"image.default\">\n\t\t\t\t\t\t\t\t\t\t\t\t\t\t\t<img fetchpriority=\"high\" decoding=\"async\" width=\"2026\" height=\"2052\" src=\"https:\/\/adesampa.com.br\/amplificacine\/wp-content\/uploads\/2025\/09\/LOGO-PNG-Lentes-Malungas.png\" class=\"attachment-full size-full wp-image-12281\" alt=\"\" srcset=\"https:\/\/adesampa.com.br\/amplificacine\/wp-content\/uploads\/2025\/09\/LOGO-PNG-Lentes-Malungas.png 2026w, https:\/\/adesampa.com.br\/amplificacine\/wp-content\/uploads\/2025\/09\/LOGO-PNG-Lentes-Malungas-296x300.png 296w, https:\/\/adesampa.com.br\/amplificacine\/wp-content\/uploads\/2025\/09\/LOGO-PNG-Lentes-Malungas-1011x1024.png 1011w, https:\/\/adesampa.com.br\/amplificacine\/wp-content\/uploads\/2025\/09\/LOGO-PNG-Lentes-Malungas-768x778.png 768w, https:\/\/adesampa.com.br\/amplificacine\/wp-content\/uploads\/2025\/09\/LOGO-PNG-Lentes-Malungas-1517x1536.png 1517w, https:\/\/adesampa.com.br\/amplificacine\/wp-content\/uploads\/2025\/09\/LOGO-PNG-Lentes-Malungas-2022x2048.png 2022w\" sizes=\"(max-width: 2026px) 100vw, 2026px\" \/>\t\t\t\t\t\t\t\t\t\t\t\t\t\t\t<\/div>\n\t\t\t\t<div class=\"elementor-element elementor-element-3fb1571 elementor-widget elementor-widget-text-editor\" data-id=\"3fb1571\" data-element_type=\"widget\" data-e-type=\"widget\" data-widget_type=\"text-editor.default\">\n\t\t\t\t\t\t\t\t\t<p>Coletivo estruturado em tr\u00eas eixos de atua\u00e7\u00e3o: pesquisa, documenta\u00e7\u00e3o e produ\u00e7\u00e3o audiovisual. Enxergamos a pot\u00eancia da linguagem cinematogr\u00e1fica atrelada \u00e0 educa\u00e7\u00e3o n\u00e3o formal. Elaboramos projetos e a\u00e7\u00f5es buscando as compreens\u00f5es de m\u00faltiplas identidades e outras percep\u00e7\u00f5es do mundo.<\/p><p>Utilizamos o audiovisual como ferramenta de elabora\u00e7\u00e3o e documenta\u00e7\u00e3o de registros hist\u00f3ricos atrelados aos processos de pesquisas narrativas, est\u00e9ticas, bibliogr\u00e1ficas, iconogr\u00e1ficas e sonoras, principalmente voltado \u00e0s pr\u00e1ticas art\u00edsticas, culturais e pol\u00edticas da popula\u00e7\u00e3o negra e da Di\u00e1spora Africana.<\/p><p>\u00a0<\/p><p><a href=\"https:\/\/linktr.ee\/LentesMalungas\">https:\/\/linktr.ee\/LentesMalungas<\/a><\/p>\t\t\t\t\t\t\t\t<\/div>\n\t\t\t\t\t<\/div>\n\t\t\t\t<\/div>\n\t\t\t\t<\/div>\n\t\t\t\t\t<\/details>\n\t\t\t\t\t\t<details id=\"e-n-accordion-item-2131\" class=\"e-n-accordion-item\" >\n\t\t\t\t<summary class=\"e-n-accordion-item-title\" data-accordion-index=\"2\" tabindex=\"-1\" aria-expanded=\"false\" aria-controls=\"e-n-accordion-item-2131\" >\n\t\t\t\t\t<span class='e-n-accordion-item-title-header'><div class=\"e-n-accordion-item-title-text\"> Aluga Quebrada <\/div><\/span>\n\t\t\t\t\t\t\t<span class='e-n-accordion-item-title-icon'>\n\t\t\t<span class='e-opened' ><svg aria-hidden=\"true\" class=\"e-font-icon-svg e-fas-chevron-up\" viewBox=\"0 0 448 512\" xmlns=\"http:\/\/www.w3.org\/2000\/svg\"><path d=\"M240.971 130.524l194.343 194.343c9.373 9.373 9.373 24.569 0 33.941l-22.667 22.667c-9.357 9.357-24.522 9.375-33.901.04L224 227.495 69.255 381.516c-9.379 9.335-24.544 9.317-33.901-.04l-22.667-22.667c-9.373-9.373-9.373-24.569 0-33.941L207.03 130.525c9.372-9.373 24.568-9.373 33.941-.001z\"><\/path><\/svg><\/span>\n\t\t\t<span class='e-closed'><svg aria-hidden=\"true\" class=\"e-font-icon-svg e-fas-chevron-right\" viewBox=\"0 0 320 512\" xmlns=\"http:\/\/www.w3.org\/2000\/svg\"><path d=\"M285.476 272.971L91.132 467.314c-9.373 9.373-24.569 9.373-33.941 0l-22.667-22.667c-9.357-9.357-9.375-24.522-.04-33.901L188.505 256 34.484 101.255c-9.335-9.379-9.317-24.544.04-33.901l22.667-22.667c9.373-9.373 24.569-9.373 33.941 0L285.475 239.03c9.373 9.372 9.373 24.568.001 33.941z\"><\/path><\/svg><\/span>\n\t\t<\/span>\n\n\t\t\t\t\t\t<\/summary>\n\t\t\t\t<div role=\"region\" aria-labelledby=\"e-n-accordion-item-2131\" class=\"elementor-element elementor-element-acf3eb7 e-con-full e-flex e-con e-child\" data-id=\"acf3eb7\" data-element_type=\"container\" data-e-type=\"container\">\n\t\t<div role=\"region\" aria-labelledby=\"e-n-accordion-item-2131\" class=\"elementor-element elementor-element-a296a35 e-flex e-con-boxed e-con e-child\" data-id=\"a296a35\" data-element_type=\"container\" data-e-type=\"container\">\n\t\t\t\t\t<div class=\"e-con-inner\">\n\t\t\t\t<div class=\"elementor-element elementor-element-803c4a2 elementor-widget elementor-widget-image\" data-id=\"803c4a2\" data-element_type=\"widget\" data-e-type=\"widget\" data-widget_type=\"image.default\">\n\t\t\t\t\t\t\t\t\t\t\t\t\t\t\t<img decoding=\"async\" width=\"2127\" height=\"2075\" src=\"https:\/\/adesampa.com.br\/amplificacine\/wp-content\/uploads\/2025\/09\/LOGO-PNG-AlugaQuebrada.png\" class=\"attachment-full size-full wp-image-12275\" alt=\"\" srcset=\"https:\/\/adesampa.com.br\/amplificacine\/wp-content\/uploads\/2025\/09\/LOGO-PNG-AlugaQuebrada.png 2127w, https:\/\/adesampa.com.br\/amplificacine\/wp-content\/uploads\/2025\/09\/LOGO-PNG-AlugaQuebrada-300x293.png 300w, https:\/\/adesampa.com.br\/amplificacine\/wp-content\/uploads\/2025\/09\/LOGO-PNG-AlugaQuebrada-1024x999.png 1024w, https:\/\/adesampa.com.br\/amplificacine\/wp-content\/uploads\/2025\/09\/LOGO-PNG-AlugaQuebrada-768x749.png 768w, https:\/\/adesampa.com.br\/amplificacine\/wp-content\/uploads\/2025\/09\/LOGO-PNG-AlugaQuebrada-1536x1498.png 1536w, https:\/\/adesampa.com.br\/amplificacine\/wp-content\/uploads\/2025\/09\/LOGO-PNG-AlugaQuebrada-2048x1998.png 2048w\" sizes=\"(max-width: 2127px) 100vw, 2127px\" \/>\t\t\t\t\t\t\t\t\t\t\t\t\t\t\t<\/div>\n\t\t\t\t<div class=\"elementor-element elementor-element-e77d218 elementor-widget elementor-widget-text-editor\" data-id=\"e77d218\" data-element_type=\"widget\" data-e-type=\"widget\" data-widget_type=\"text-editor.default\">\n\t\t\t\t\t\t\t\t\t<p>\u201cAluga Quebrada\u201d \u00e9 uma locadora coletiva de equipamentos audiovisuais, focada em fornecer equipamentos a projetos de m\u00e9dia e baixa renda. Com pontos estrat\u00e9gicos de retirada em \u00e1reas perif\u00e9ricas e com a op\u00e7\u00e3o de entrega at\u00e9 o cliente, oferecemos mochilas completas com c\u00e2meras, lentes, \u00e1udio, luzes e mais. Somos uma locadora que vai at\u00e9 voc\u00ea, promovendo a acessibilidade de equipamentos a pre\u00e7os acess\u00edveis.<\/p><p><span data-sheets-value=\"{&quot;1&quot;:2,&quot;2&quot;:&quot;Aluga Quebrada (@alugaquebrada) \u2022 Instagram photos and videos&quot;}\" data-sheets-userformat=\"{&quot;2&quot;:1053571,&quot;3&quot;:{&quot;1&quot;:0},&quot;4&quot;:{&quot;1&quot;:2,&quot;2&quot;:16777215},&quot;10&quot;:1,&quot;11&quot;:4,&quot;12&quot;:0,&quot;15&quot;:&quot;Arial, Helvetica, sans-serif&quot;,&quot;23&quot;:1}\" data-sheets-hyperlink=\"https:\/\/www.instagram.com\/alugaquebrada\/\"><a class=\"in-cell-link\" href=\"https:\/\/www.instagram.com\/alugaquebrada\/\" target=\"_blank\" rel=\"noopener\">Aluga Quebrada (@alugaquebrada) \u2022 Instagram photos and videos<\/a><\/span><\/p>\t\t\t\t\t\t\t\t<\/div>\n\t\t\t\t\t<\/div>\n\t\t\t\t<\/div>\n\t\t\t\t<\/div>\n\t\t\t\t\t<\/details>\n\t\t\t\t\t\t<details id=\"e-n-accordion-item-2132\" class=\"e-n-accordion-item\" >\n\t\t\t\t<summary class=\"e-n-accordion-item-title\" data-accordion-index=\"3\" tabindex=\"-1\" aria-expanded=\"false\" aria-controls=\"e-n-accordion-item-2132\" >\n\t\t\t\t\t<span class='e-n-accordion-item-title-header'><div class=\"e-n-accordion-item-title-text\"> Quilombarte <\/div><\/span>\n\t\t\t\t\t\t\t<span class='e-n-accordion-item-title-icon'>\n\t\t\t<span class='e-opened' ><svg aria-hidden=\"true\" class=\"e-font-icon-svg e-fas-chevron-up\" viewBox=\"0 0 448 512\" xmlns=\"http:\/\/www.w3.org\/2000\/svg\"><path d=\"M240.971 130.524l194.343 194.343c9.373 9.373 9.373 24.569 0 33.941l-22.667 22.667c-9.357 9.357-24.522 9.375-33.901.04L224 227.495 69.255 381.516c-9.379 9.335-24.544 9.317-33.901-.04l-22.667-22.667c-9.373-9.373-9.373-24.569 0-33.941L207.03 130.525c9.372-9.373 24.568-9.373 33.941-.001z\"><\/path><\/svg><\/span>\n\t\t\t<span class='e-closed'><svg aria-hidden=\"true\" class=\"e-font-icon-svg e-fas-chevron-right\" viewBox=\"0 0 320 512\" xmlns=\"http:\/\/www.w3.org\/2000\/svg\"><path d=\"M285.476 272.971L91.132 467.314c-9.373 9.373-24.569 9.373-33.941 0l-22.667-22.667c-9.357-9.357-9.375-24.522-.04-33.901L188.505 256 34.484 101.255c-9.335-9.379-9.317-24.544.04-33.901l22.667-22.667c9.373-9.373 24.569-9.373 33.941 0L285.475 239.03c9.373 9.372 9.373 24.568.001 33.941z\"><\/path><\/svg><\/span>\n\t\t<\/span>\n\n\t\t\t\t\t\t<\/summary>\n\t\t\t\t<div role=\"region\" aria-labelledby=\"e-n-accordion-item-2132\" class=\"elementor-element elementor-element-dd558d2 e-con-full e-flex e-con e-child\" data-id=\"dd558d2\" data-element_type=\"container\" data-e-type=\"container\">\n\t\t<div role=\"region\" aria-labelledby=\"e-n-accordion-item-2132\" class=\"elementor-element elementor-element-e4bbb25 e-flex e-con-boxed e-con e-child\" data-id=\"e4bbb25\" data-element_type=\"container\" data-e-type=\"container\">\n\t\t\t\t\t<div class=\"e-con-inner\">\n\t\t\t\t<div class=\"elementor-element elementor-element-bec1d52 elementor-widget elementor-widget-image\" data-id=\"bec1d52\" data-element_type=\"widget\" data-e-type=\"widget\" data-widget_type=\"image.default\">\n\t\t\t\t\t\t\t\t\t\t\t\t\t\t\t<img decoding=\"async\" width=\"2560\" height=\"2560\" src=\"https:\/\/adesampa.com.br\/amplificacine\/wp-content\/uploads\/2025\/09\/LOGO-PNG-Quilombarte-scaled.png\" class=\"attachment-full size-full wp-image-12276\" alt=\"\" srcset=\"https:\/\/adesampa.com.br\/amplificacine\/wp-content\/uploads\/2025\/09\/LOGO-PNG-Quilombarte-scaled.png 2560w, https:\/\/adesampa.com.br\/amplificacine\/wp-content\/uploads\/2025\/09\/LOGO-PNG-Quilombarte-300x300.png 300w, https:\/\/adesampa.com.br\/amplificacine\/wp-content\/uploads\/2025\/09\/LOGO-PNG-Quilombarte-1024x1024.png 1024w, https:\/\/adesampa.com.br\/amplificacine\/wp-content\/uploads\/2025\/09\/LOGO-PNG-Quilombarte-150x150.png 150w, https:\/\/adesampa.com.br\/amplificacine\/wp-content\/uploads\/2025\/09\/LOGO-PNG-Quilombarte-768x768.png 768w, https:\/\/adesampa.com.br\/amplificacine\/wp-content\/uploads\/2025\/09\/LOGO-PNG-Quilombarte-1536x1536.png 1536w, https:\/\/adesampa.com.br\/amplificacine\/wp-content\/uploads\/2025\/09\/LOGO-PNG-Quilombarte-2048x2048.png 2048w, https:\/\/adesampa.com.br\/amplificacine\/wp-content\/uploads\/2025\/09\/elementor\/thumbs\/LOGO-PNG-Quilombarte-scaled-rca3yo8z47dw9bbx0mtykviablod4tyiq6wufykb3c.png 260w, https:\/\/adesampa.com.br\/amplificacine\/wp-content\/uploads\/2025\/09\/elementor\/thumbs\/LOGO-PNG-Quilombarte-scaled-rcabsorqdwnhzjj2u4g724plh1g8vvbly8n4s7xu80.png 160w\" sizes=\"(max-width: 2560px) 100vw, 2560px\" \/>\t\t\t\t\t\t\t\t\t\t\t\t\t\t\t<\/div>\n\t\t\t\t<div class=\"elementor-element elementor-element-6e7f426 elementor-widget elementor-widget-text-editor\" data-id=\"6e7f426\" data-element_type=\"widget\" data-e-type=\"widget\" data-widget_type=\"text-editor.default\">\n\t\t\t\t\t\t\t\t\t<p>Fundado em 2019, o coletivo Quilombarte atua com o audiovisual em Parais\u00f3polis e vem desenvolvendo trabalhos com uma linguagem pr\u00f3pria para falar sobre a ess\u00eancia e as viv\u00eancias perif\u00e9ricas. Em seus trabalhos, o grupo abre espa\u00e7o para narrativas de dentro da favela que, geralmente, n\u00e3o s\u00e3o vistas no cinema tradicional. Dentre as suas produ\u00e7\u00f5es, est\u00e3o: curta-metragens, document\u00e1rios, propaganda, e materiais para m\u00eddias sociais.<\/p><p><a href=\"https:\/\/www.linkedin.com\/company\/quilombarte\/\">https:\/\/www.linkedin.com\/company\/quilombarte\/<\/a><\/p><p><span data-sheets-value=\"{&quot;1&quot;:2,&quot;2&quot;:&quot;Quilombarte (@coletivoquilombarte) \u2022 Instagram photos and videos&quot;}\" data-sheets-userformat=\"{&quot;2&quot;:268675,&quot;3&quot;:{&quot;1&quot;:0},&quot;4&quot;:{&quot;1&quot;:2,&quot;2&quot;:16777215},&quot;10&quot;:2,&quot;11&quot;:4,&quot;14&quot;:{&quot;1&quot;:2,&quot;2&quot;:1136076},&quot;15&quot;:&quot;Arial&quot;,&quot;21&quot;:1}\" data-sheets-hyperlink=\"https:\/\/www.instagram.com\/coletivoquilombarte\/\" data-sheets-hyperlinkruns=\"{&quot;1&quot;:0,&quot;2&quot;:&quot;https:\/\/www.instagram.com\/coletivoquilombarte\/&quot;}\"><a class=\"in-cell-link\" href=\"https:\/\/www.instagram.com\/coletivoquilombarte\/\" target=\"_blank\" rel=\"noopener\">Quilombarte (@coletivoquilombarte) \u2022 Instagram photos and videos<\/a><\/span><\/p>\t\t\t\t\t\t\t\t<\/div>\n\t\t\t\t\t<\/div>\n\t\t\t\t<\/div>\n\t\t\t\t<\/div>\n\t\t\t\t\t<\/details>\n\t\t\t\t\t\t<details id=\"e-n-accordion-item-2133\" class=\"e-n-accordion-item\" >\n\t\t\t\t<summary class=\"e-n-accordion-item-title\" data-accordion-index=\"4\" tabindex=\"-1\" aria-expanded=\"false\" aria-controls=\"e-n-accordion-item-2133\" >\n\t\t\t\t\t<span class='e-n-accordion-item-title-header'><div class=\"e-n-accordion-item-title-text\"> Impala Filmes <\/div><\/span>\n\t\t\t\t\t\t\t<span class='e-n-accordion-item-title-icon'>\n\t\t\t<span class='e-opened' ><svg aria-hidden=\"true\" class=\"e-font-icon-svg e-fas-chevron-up\" viewBox=\"0 0 448 512\" xmlns=\"http:\/\/www.w3.org\/2000\/svg\"><path d=\"M240.971 130.524l194.343 194.343c9.373 9.373 9.373 24.569 0 33.941l-22.667 22.667c-9.357 9.357-24.522 9.375-33.901.04L224 227.495 69.255 381.516c-9.379 9.335-24.544 9.317-33.901-.04l-22.667-22.667c-9.373-9.373-9.373-24.569 0-33.941L207.03 130.525c9.372-9.373 24.568-9.373 33.941-.001z\"><\/path><\/svg><\/span>\n\t\t\t<span class='e-closed'><svg aria-hidden=\"true\" class=\"e-font-icon-svg e-fas-chevron-right\" viewBox=\"0 0 320 512\" xmlns=\"http:\/\/www.w3.org\/2000\/svg\"><path d=\"M285.476 272.971L91.132 467.314c-9.373 9.373-24.569 9.373-33.941 0l-22.667-22.667c-9.357-9.357-9.375-24.522-.04-33.901L188.505 256 34.484 101.255c-9.335-9.379-9.317-24.544.04-33.901l22.667-22.667c9.373-9.373 24.569-9.373 33.941 0L285.475 239.03c9.373 9.372 9.373 24.568.001 33.941z\"><\/path><\/svg><\/span>\n\t\t<\/span>\n\n\t\t\t\t\t\t<\/summary>\n\t\t\t\t<div role=\"region\" aria-labelledby=\"e-n-accordion-item-2133\" class=\"elementor-element elementor-element-482895a e-flex e-con-boxed e-con e-child\" data-id=\"482895a\" data-element_type=\"container\" data-e-type=\"container\">\n\t\t\t\t\t<div class=\"e-con-inner\">\n\t\t<div role=\"region\" aria-labelledby=\"e-n-accordion-item-2133\" class=\"elementor-element elementor-element-0833221 e-con-full e-flex e-con e-child\" data-id=\"0833221\" data-element_type=\"container\" data-e-type=\"container\">\n\t\t\t\t<div class=\"elementor-element elementor-element-63300b2 elementor-widget elementor-widget-text-editor\" data-id=\"63300b2\" data-element_type=\"widget\" data-e-type=\"widget\" data-widget_type=\"text-editor.default\">\n\t\t\t\t\t\t\t\t\t<p>A Impala \u00e9 uma produtora audiovisual, nosso principal ponto \u00e9 o desenvolvimento de conte\u00fado especializado para redes sociais, oferecendo uma equipe especializada e plural visando o desempenho e agilidade nos processos. Idealizamos campanhas e projetos criativos e estrat\u00e9gicos, a n\u00edvel profissional, al\u00e9m disso criamos um cronograma que dividimos com o cliente para ficarmos todos alinhados. Atendemos em todo estado de S\u00e3o Paulo.<\/p>\t\t\t\t\t\t\t\t<\/div>\n\t\t\t\t<\/div>\n\t\t\t\t\t<\/div>\n\t\t\t\t<\/div>\n\t\t\t\t\t<\/details>\n\t\t\t\t\t\t<details id=\"e-n-accordion-item-2134\" class=\"e-n-accordion-item\" >\n\t\t\t\t<summary class=\"e-n-accordion-item-title\" data-accordion-index=\"5\" tabindex=\"-1\" aria-expanded=\"false\" aria-controls=\"e-n-accordion-item-2134\" >\n\t\t\t\t\t<span class='e-n-accordion-item-title-header'><div class=\"e-n-accordion-item-title-text\"> Coletivo Mulheres em S\u00e9rie <\/div><\/span>\n\t\t\t\t\t\t\t<span class='e-n-accordion-item-title-icon'>\n\t\t\t<span class='e-opened' ><svg aria-hidden=\"true\" class=\"e-font-icon-svg e-fas-chevron-up\" viewBox=\"0 0 448 512\" xmlns=\"http:\/\/www.w3.org\/2000\/svg\"><path d=\"M240.971 130.524l194.343 194.343c9.373 9.373 9.373 24.569 0 33.941l-22.667 22.667c-9.357 9.357-24.522 9.375-33.901.04L224 227.495 69.255 381.516c-9.379 9.335-24.544 9.317-33.901-.04l-22.667-22.667c-9.373-9.373-9.373-24.569 0-33.941L207.03 130.525c9.372-9.373 24.568-9.373 33.941-.001z\"><\/path><\/svg><\/span>\n\t\t\t<span class='e-closed'><svg aria-hidden=\"true\" class=\"e-font-icon-svg e-fas-chevron-right\" viewBox=\"0 0 320 512\" xmlns=\"http:\/\/www.w3.org\/2000\/svg\"><path d=\"M285.476 272.971L91.132 467.314c-9.373 9.373-24.569 9.373-33.941 0l-22.667-22.667c-9.357-9.357-9.375-24.522-.04-33.901L188.505 256 34.484 101.255c-9.335-9.379-9.317-24.544.04-33.901l22.667-22.667c9.373-9.373 24.569-9.373 33.941 0L285.475 239.03c9.373 9.372 9.373 24.568.001 33.941z\"><\/path><\/svg><\/span>\n\t\t<\/span>\n\n\t\t\t\t\t\t<\/summary>\n\t\t\t\t<div role=\"region\" aria-labelledby=\"e-n-accordion-item-2134\" class=\"elementor-element elementor-element-5b63b35 e-flex e-con-boxed e-con e-child\" data-id=\"5b63b35\" data-element_type=\"container\" data-e-type=\"container\">\n\t\t\t\t\t<div class=\"e-con-inner\">\n\t\t<div role=\"region\" aria-labelledby=\"e-n-accordion-item-2134\" class=\"elementor-element elementor-element-95dcd5e e-con-full e-flex e-con e-child\" data-id=\"95dcd5e\" data-element_type=\"container\" data-e-type=\"container\">\n\t\t\t\t<div class=\"elementor-element elementor-element-cbb94e6 elementor-widget elementor-widget-image\" data-id=\"cbb94e6\" data-element_type=\"widget\" data-e-type=\"widget\" data-widget_type=\"image.default\">\n\t\t\t\t\t\t\t\t\t\t\t\t\t\t\t<img loading=\"lazy\" decoding=\"async\" width=\"1080\" height=\"1080\" src=\"https:\/\/adesampa.com.br\/amplificacine\/wp-content\/uploads\/2025\/09\/LOGO-JPEG-Mulheres-em-Serie.jpeg\" class=\"attachment-full size-full wp-image-12277\" alt=\"\" srcset=\"https:\/\/adesampa.com.br\/amplificacine\/wp-content\/uploads\/2025\/09\/LOGO-JPEG-Mulheres-em-Serie.jpeg 1080w, https:\/\/adesampa.com.br\/amplificacine\/wp-content\/uploads\/2025\/09\/LOGO-JPEG-Mulheres-em-Serie-300x300.jpeg 300w, https:\/\/adesampa.com.br\/amplificacine\/wp-content\/uploads\/2025\/09\/LOGO-JPEG-Mulheres-em-Serie-1024x1024.jpeg 1024w, https:\/\/adesampa.com.br\/amplificacine\/wp-content\/uploads\/2025\/09\/LOGO-JPEG-Mulheres-em-Serie-150x150.jpeg 150w, https:\/\/adesampa.com.br\/amplificacine\/wp-content\/uploads\/2025\/09\/LOGO-JPEG-Mulheres-em-Serie-768x768.jpeg 768w, https:\/\/adesampa.com.br\/amplificacine\/wp-content\/uploads\/2025\/09\/elementor\/thumbs\/LOGO-JPEG-Mulheres-em-Serie-rca453h9tg6fle01ies6m95oge0nqdghlzeai11gko.jpeg 260w\" sizes=\"(max-width: 1080px) 100vw, 1080px\" \/>\t\t\t\t\t\t\t\t\t\t\t\t\t\t\t<\/div>\n\t\t\t\t<div class=\"elementor-element elementor-element-c27d433 elementor-widget elementor-widget-text-editor\" data-id=\"c27d433\" data-element_type=\"widget\" data-e-type=\"widget\" data-widget_type=\"text-editor.default\">\n\t\t\t\t\t\t\t\t\t<p>O Coletivo tem um processo comunicacional e interativo de transm\u00eddia, constr\u00f3i hist\u00f3rias para multiplataformas, fomenta discuss\u00f5es acerca de ocupa\u00e7\u00e3o de espa\u00e7o no audiovisual, aponta a problem\u00e1tica das diferentes figuras femininas, exp\u00f5e a intersec\u00e7\u00e3o entre corpo perif\u00e9rico, preto, travesti e deficiente quebrando os estere\u00f3tipos de subservi\u00eancias, desde uma estrutura de micro espa\u00e7os at\u00e9 arqu\u00e9tipos de g\u00eanero.<\/p><p><span data-sheets-value=\"{&quot;1&quot;:2,&quot;2&quot;:&quot;Insta: https:\/\/www.instagram.com\/mulheresemserie\/\\nwww.mulheresemserie.criarte.art.br&quot;}\" data-sheets-userformat=\"{&quot;2&quot;:1053571,&quot;3&quot;:{&quot;1&quot;:0},&quot;4&quot;:{&quot;1&quot;:2,&quot;2&quot;:16777215},&quot;10&quot;:1,&quot;11&quot;:4,&quot;12&quot;:0,&quot;15&quot;:&quot;Arial, Helvetica, sans-serif&quot;,&quot;23&quot;:1}\" data-sheets-textstyleruns=\"{&quot;1&quot;:0}\uee10{&quot;1&quot;:7,&quot;2&quot;:{&quot;2&quot;:{&quot;1&quot;:2,&quot;2&quot;:1136076},&quot;9&quot;:1}}\" data-sheets-hyperlinkruns=\"{&quot;1&quot;:7,&quot;2&quot;:&quot;https:\/\/www.instagram.com\/mulheresemserie\/&quot;}\uee10{&quot;1&quot;:49}\uee10{&quot;1&quot;:50,&quot;2&quot;:&quot;http:\/\/www.mulheresemserie.criarte.art.br\/&quot;}\uee10{&quot;1&quot;:84}\"><a class=\"in-cell-link\" href=\"https:\/\/www.instagram.com\/mulheresemserie\/\" target=\"_blank\" rel=\"noopener\">https:\/\/www.instagram.com\/mulheresemserie\/<\/a><\/span><\/p><p><span data-sheets-value=\"{&quot;1&quot;:2,&quot;2&quot;:&quot;Insta: https:\/\/www.instagram.com\/mulheresemserie\/\\nwww.mulheresemserie.criarte.art.br&quot;}\" data-sheets-userformat=\"{&quot;2&quot;:1053571,&quot;3&quot;:{&quot;1&quot;:0},&quot;4&quot;:{&quot;1&quot;:2,&quot;2&quot;:16777215},&quot;10&quot;:1,&quot;11&quot;:4,&quot;12&quot;:0,&quot;15&quot;:&quot;Arial, Helvetica, sans-serif&quot;,&quot;23&quot;:1}\" data-sheets-textstyleruns=\"{&quot;1&quot;:0}\uee10{&quot;1&quot;:7,&quot;2&quot;:{&quot;2&quot;:{&quot;1&quot;:2,&quot;2&quot;:1136076},&quot;9&quot;:1}}\" data-sheets-hyperlinkruns=\"{&quot;1&quot;:7,&quot;2&quot;:&quot;https:\/\/www.instagram.com\/mulheresemserie\/&quot;}\uee10{&quot;1&quot;:49}\uee10{&quot;1&quot;:50,&quot;2&quot;:&quot;http:\/\/www.mulheresemserie.criarte.art.br\/&quot;}\uee10{&quot;1&quot;:84}\"><a class=\"in-cell-link\" href=\"http:\/\/www.mulheresemserie.criarte.art.br\/\" target=\"_blank\" rel=\"noopener\">www.mulheresemserie.criarte.art.br<\/a><\/span><\/p>\t\t\t\t\t\t\t\t<\/div>\n\t\t\t\t<\/div>\n\t\t\t\t\t<\/div>\n\t\t\t\t<\/div>\n\t\t\t\t\t<\/details>\n\t\t\t\t\t<\/div>\n\t\t\t\t\t\t<\/div>\n\t\t\t\t<div class=\"elementor-element elementor-element-50d1c07 elementor-widget elementor-widget-n-accordion\" data-id=\"50d1c07\" data-element_type=\"widget\" data-e-type=\"widget\" data-settings=\"{&quot;default_state&quot;:&quot;all_collapsed&quot;,&quot;max_items_expended&quot;:&quot;one&quot;,&quot;n_accordion_animation_duration&quot;:{&quot;unit&quot;:&quot;ms&quot;,&quot;size&quot;:400,&quot;sizes&quot;:[]}}\" data-widget_type=\"nested-accordion.default\">\n\t\t\t\t\t\t\t<div class=\"e-n-accordion\" aria-label=\"Accordion. Open links with Enter or Space, close with Escape, and navigate with Arrow Keys\">\n\t\t\t\t\t\t<details id=\"e-n-accordion-item-8470\" class=\"e-n-accordion-item\" >\n\t\t\t\t<summary class=\"e-n-accordion-item-title\" data-accordion-index=\"1\" tabindex=\"0\" aria-expanded=\"false\" aria-controls=\"e-n-accordion-item-8470\" >\n\t\t\t\t\t<span class='e-n-accordion-item-title-header'><div class=\"e-n-accordion-item-title-text\"> Monomito Filmes <\/div><\/span>\n\t\t\t\t\t\t\t<span class='e-n-accordion-item-title-icon'>\n\t\t\t<span class='e-opened' ><svg aria-hidden=\"true\" class=\"e-font-icon-svg e-fas-chevron-up\" viewBox=\"0 0 448 512\" xmlns=\"http:\/\/www.w3.org\/2000\/svg\"><path d=\"M240.971 130.524l194.343 194.343c9.373 9.373 9.373 24.569 0 33.941l-22.667 22.667c-9.357 9.357-24.522 9.375-33.901.04L224 227.495 69.255 381.516c-9.379 9.335-24.544 9.317-33.901-.04l-22.667-22.667c-9.373-9.373-9.373-24.569 0-33.941L207.03 130.525c9.372-9.373 24.568-9.373 33.941-.001z\"><\/path><\/svg><\/span>\n\t\t\t<span class='e-closed'><svg aria-hidden=\"true\" class=\"e-font-icon-svg e-fas-chevron-right\" viewBox=\"0 0 320 512\" xmlns=\"http:\/\/www.w3.org\/2000\/svg\"><path d=\"M285.476 272.971L91.132 467.314c-9.373 9.373-24.569 9.373-33.941 0l-22.667-22.667c-9.357-9.357-9.375-24.522-.04-33.901L188.505 256 34.484 101.255c-9.335-9.379-9.317-24.544.04-33.901l22.667-22.667c9.373-9.373 24.569-9.373 33.941 0L285.475 239.03c9.373 9.372 9.373 24.568.001 33.941z\"><\/path><\/svg><\/span>\n\t\t<\/span>\n\n\t\t\t\t\t\t<\/summary>\n\t\t\t\t<div role=\"region\" aria-labelledby=\"e-n-accordion-item-8470\" class=\"elementor-element elementor-element-853c34c e-con-full e-flex e-con e-child\" data-id=\"853c34c\" data-element_type=\"container\" data-e-type=\"container\">\n\t\t<div role=\"region\" aria-labelledby=\"e-n-accordion-item-8470\" class=\"elementor-element elementor-element-62b1916 e-flex e-con-boxed e-con e-child\" data-id=\"62b1916\" data-element_type=\"container\" data-e-type=\"container\">\n\t\t\t\t\t<div class=\"e-con-inner\">\n\t\t\t\t<div class=\"elementor-element elementor-element-f2b5602 elementor-widget elementor-widget-image\" data-id=\"f2b5602\" data-element_type=\"widget\" data-e-type=\"widget\" data-widget_type=\"image.default\">\n\t\t\t\t\t\t\t\t\t\t\t\t\t\t\t<img loading=\"lazy\" decoding=\"async\" width=\"1447\" height=\"1447\" src=\"https:\/\/adesampa.com.br\/amplificacine\/wp-content\/uploads\/2025\/09\/LOGO-PNG-MONOMITO.png\" class=\"attachment-full size-full wp-image-12278\" alt=\"\" srcset=\"https:\/\/adesampa.com.br\/amplificacine\/wp-content\/uploads\/2025\/09\/LOGO-PNG-MONOMITO.png 1447w, https:\/\/adesampa.com.br\/amplificacine\/wp-content\/uploads\/2025\/09\/LOGO-PNG-MONOMITO-300x300.png 300w, https:\/\/adesampa.com.br\/amplificacine\/wp-content\/uploads\/2025\/09\/LOGO-PNG-MONOMITO-1024x1024.png 1024w, https:\/\/adesampa.com.br\/amplificacine\/wp-content\/uploads\/2025\/09\/LOGO-PNG-MONOMITO-150x150.png 150w, https:\/\/adesampa.com.br\/amplificacine\/wp-content\/uploads\/2025\/09\/LOGO-PNG-MONOMITO-768x768.png 768w, https:\/\/adesampa.com.br\/amplificacine\/wp-content\/uploads\/2025\/09\/elementor\/thumbs\/LOGO-PNG-MONOMITO-rca4711bv6tngj7088ukqrlsewhtjz4mjjo80i6bs8.png 260w\" sizes=\"(max-width: 1447px) 100vw, 1447px\" \/>\t\t\t\t\t\t\t\t\t\t\t\t\t\t\t<\/div>\n\t\t\t\t<div class=\"elementor-element elementor-element-c7a432a elementor-widget elementor-widget-text-editor\" data-id=\"c7a432a\" data-element_type=\"widget\" data-e-type=\"widget\" data-widget_type=\"text-editor.default\">\n\t\t\t\t\t\t\t\t\t<p>Monomito Filmes, Audiovisual de Impacto. Fundada em 2017 em Itaim Paulista, S\u00e3o Paulo, um bairro com alta vulnerabilidade social. Nossa miss\u00e3o \u00e9 conectar hist\u00f3rias e democratizar o acesso \u00e0 produ\u00e7\u00e3o audiovisual de qualidade. Percebemos que artistas e empreendedores na periferia n\u00e3o tinham acesso a produ\u00e7\u00e3o profissional acess\u00edvel, recorrendo a m\u00e9todos caseiros.<\/p><p>Nossa solu\u00e7\u00e3o? Usar parte do lucro das produ\u00e7\u00f5es com valores de mercado para viabilizar produ\u00e7\u00f5es acess\u00edveis para artistas, empreendedores e coletivos culturais, fomentando oportunidades audiovisuais para eles. O acesso ao audiovisual permite que artistas obtenham incentivos e editais, enquanto empreendedores promovem seus produtos e servi\u00e7os, impulsionando a economia local.<\/p><p>Priorizamos a contrata\u00e7\u00e3o de servi\u00e7os, freelancers e fornecedores da periferia para estimular ainda mais a economia local. Desde o in\u00edcio, impactamos mais de 250 artistas gratuitamente ou com pre\u00e7os sociais.<\/p><p>Reconhecidos pelo nosso impacto, fomos destacados entre 300 outras empresas sociais da Periferia pelo LabNIP em 2020 e acelerados pelo programa VAI TEC em 2021 e em 2022 pelo Amplifica Cine. Nosso modelo de monetiza\u00e7\u00e3o inclui vendas B2B, B2C e B2G de produ\u00e7\u00e3o audiovisual.<\/p><p>Democratizar o acesso significa garantir dignidade e op\u00e7\u00f5es para um futuro menos desigual, com mais oportunidades.<\/p><p><span data-sheets-value=\"{&quot;1&quot;:2,&quot;2&quot;:&quot;monomitofilmes.com.br&quot;}\" data-sheets-userformat=\"{&quot;2&quot;:7107,&quot;3&quot;:{&quot;1&quot;:0},&quot;4&quot;:{&quot;1&quot;:2,&quot;2&quot;:16777215},&quot;9&quot;:1,&quot;10&quot;:1,&quot;11&quot;:4,&quot;12&quot;:0,&quot;14&quot;:{&quot;1&quot;:2,&quot;2&quot;:1136076},&quot;15&quot;:&quot;Arial, Helvetica, sans-serif&quot;}\" data-sheets-hyperlink=\"http:\/\/monomitofilmes.com.br\/\"><a class=\"in-cell-link\" href=\"http:\/\/monomitofilmes.com.br\/\" target=\"_blank\" rel=\"noopener\">monomitofilmes.com.br<\/a><\/span><\/p>\t\t\t\t\t\t\t\t<\/div>\n\t\t\t\t\t<\/div>\n\t\t\t\t<\/div>\n\t\t\t\t<\/div>\n\t\t\t\t\t<\/details>\n\t\t\t\t\t\t<details id=\"e-n-accordion-item-8471\" class=\"e-n-accordion-item\" >\n\t\t\t\t<summary class=\"e-n-accordion-item-title\" data-accordion-index=\"2\" tabindex=\"-1\" aria-expanded=\"false\" aria-controls=\"e-n-accordion-item-8471\" >\n\t\t\t\t\t<span class='e-n-accordion-item-title-header'><div class=\"e-n-accordion-item-title-text\"> Brazuca Girls <\/div><\/span>\n\t\t\t\t\t\t\t<span class='e-n-accordion-item-title-icon'>\n\t\t\t<span class='e-opened' ><svg aria-hidden=\"true\" class=\"e-font-icon-svg e-fas-chevron-up\" viewBox=\"0 0 448 512\" xmlns=\"http:\/\/www.w3.org\/2000\/svg\"><path d=\"M240.971 130.524l194.343 194.343c9.373 9.373 9.373 24.569 0 33.941l-22.667 22.667c-9.357 9.357-24.522 9.375-33.901.04L224 227.495 69.255 381.516c-9.379 9.335-24.544 9.317-33.901-.04l-22.667-22.667c-9.373-9.373-9.373-24.569 0-33.941L207.03 130.525c9.372-9.373 24.568-9.373 33.941-.001z\"><\/path><\/svg><\/span>\n\t\t\t<span class='e-closed'><svg aria-hidden=\"true\" class=\"e-font-icon-svg e-fas-chevron-right\" viewBox=\"0 0 320 512\" xmlns=\"http:\/\/www.w3.org\/2000\/svg\"><path d=\"M285.476 272.971L91.132 467.314c-9.373 9.373-24.569 9.373-33.941 0l-22.667-22.667c-9.357-9.357-9.375-24.522-.04-33.901L188.505 256 34.484 101.255c-9.335-9.379-9.317-24.544.04-33.901l22.667-22.667c9.373-9.373 24.569-9.373 33.941 0L285.475 239.03c9.373 9.372 9.373 24.568.001 33.941z\"><\/path><\/svg><\/span>\n\t\t<\/span>\n\n\t\t\t\t\t\t<\/summary>\n\t\t\t\t<div role=\"region\" aria-labelledby=\"e-n-accordion-item-8471\" class=\"elementor-element elementor-element-4ff3fcf e-con-full e-flex e-con e-child\" data-id=\"4ff3fcf\" data-element_type=\"container\" data-e-type=\"container\">\n\t\t<div role=\"region\" aria-labelledby=\"e-n-accordion-item-8471\" class=\"elementor-element elementor-element-af83d24 e-flex e-con-boxed e-con e-child\" data-id=\"af83d24\" data-element_type=\"container\" data-e-type=\"container\">\n\t\t\t\t\t<div class=\"e-con-inner\">\n\t\t\t\t<div class=\"elementor-element elementor-element-d642626 elementor-widget elementor-widget-image\" data-id=\"d642626\" data-element_type=\"widget\" data-e-type=\"widget\" data-widget_type=\"image.default\">\n\t\t\t\t\t\t\t\t\t\t\t\t\t\t\t<img loading=\"lazy\" decoding=\"async\" width=\"1080\" height=\"1080\" src=\"https:\/\/adesampa.com.br\/amplificacine\/wp-content\/uploads\/2025\/09\/LOGO-PNG-BrazucaGirls.png\" class=\"attachment-full size-full wp-image-12279\" alt=\"\" srcset=\"https:\/\/adesampa.com.br\/amplificacine\/wp-content\/uploads\/2025\/09\/LOGO-PNG-BrazucaGirls.png 1080w, https:\/\/adesampa.com.br\/amplificacine\/wp-content\/uploads\/2025\/09\/LOGO-PNG-BrazucaGirls-300x300.png 300w, https:\/\/adesampa.com.br\/amplificacine\/wp-content\/uploads\/2025\/09\/LOGO-PNG-BrazucaGirls-1024x1024.png 1024w, https:\/\/adesampa.com.br\/amplificacine\/wp-content\/uploads\/2025\/09\/LOGO-PNG-BrazucaGirls-150x150.png 150w, https:\/\/adesampa.com.br\/amplificacine\/wp-content\/uploads\/2025\/09\/LOGO-PNG-BrazucaGirls-768x768.png 768w, https:\/\/adesampa.com.br\/amplificacine\/wp-content\/uploads\/2025\/09\/elementor\/thumbs\/LOGO-PNG-BrazucaGirls-rca49fihby414npe7a8945s72cnl84nxjfow5ym3vs.png 260w\" sizes=\"(max-width: 1080px) 100vw, 1080px\" \/>\t\t\t\t\t\t\t\t\t\t\t\t\t\t\t<\/div>\n\t\t\t\t<div class=\"elementor-element elementor-element-836619f elementor-widget elementor-widget-text-editor\" data-id=\"836619f\" data-element_type=\"widget\" data-e-type=\"widget\" data-widget_type=\"text-editor.default\">\n\t\t\t\t\t\t\t\t\t<p>Somos um coletivo de artistas mulheres da periferia de S\u00e3o Paulo, com talento e criatividade para contar hist\u00f3rias atrav\u00e9s do audiovisual.<\/p><p>Nossos produtos geram possibilidades, criamos e recriamos narrativas, assim expandimos nosso poder e impacto no mundo.<\/p><p>Trabalhamos com artistas perif\u00e9ricos de diversas vertentes e empreendedores. Al\u00e9m de nossos muitos trabalhos autorais.<\/p><p><a href=\"https:\/\/www.instagram.com\/brazucagirlsoficial\/\">https:\/\/www.instagram.com\/brazucagirlsoficial\/<\/a><\/p>\t\t\t\t\t\t\t\t<\/div>\n\t\t\t\t\t<\/div>\n\t\t\t\t<\/div>\n\t\t\t\t<\/div>\n\t\t\t\t\t<\/details>\n\t\t\t\t\t\t<details id=\"e-n-accordion-item-8472\" class=\"e-n-accordion-item\" >\n\t\t\t\t<summary class=\"e-n-accordion-item-title\" data-accordion-index=\"3\" tabindex=\"-1\" aria-expanded=\"false\" aria-controls=\"e-n-accordion-item-8472\" >\n\t\t\t\t\t<span class='e-n-accordion-item-title-header'><div class=\"e-n-accordion-item-title-text\"> Haze Filmes <\/div><\/span>\n\t\t\t\t\t\t\t<span class='e-n-accordion-item-title-icon'>\n\t\t\t<span class='e-opened' ><svg aria-hidden=\"true\" class=\"e-font-icon-svg e-fas-chevron-up\" viewBox=\"0 0 448 512\" xmlns=\"http:\/\/www.w3.org\/2000\/svg\"><path d=\"M240.971 130.524l194.343 194.343c9.373 9.373 9.373 24.569 0 33.941l-22.667 22.667c-9.357 9.357-24.522 9.375-33.901.04L224 227.495 69.255 381.516c-9.379 9.335-24.544 9.317-33.901-.04l-22.667-22.667c-9.373-9.373-9.373-24.569 0-33.941L207.03 130.525c9.372-9.373 24.568-9.373 33.941-.001z\"><\/path><\/svg><\/span>\n\t\t\t<span class='e-closed'><svg aria-hidden=\"true\" class=\"e-font-icon-svg e-fas-chevron-right\" viewBox=\"0 0 320 512\" xmlns=\"http:\/\/www.w3.org\/2000\/svg\"><path d=\"M285.476 272.971L91.132 467.314c-9.373 9.373-24.569 9.373-33.941 0l-22.667-22.667c-9.357-9.357-9.375-24.522-.04-33.901L188.505 256 34.484 101.255c-9.335-9.379-9.317-24.544.04-33.901l22.667-22.667c9.373-9.373 24.569-9.373 33.941 0L285.475 239.03c9.373 9.372 9.373 24.568.001 33.941z\"><\/path><\/svg><\/span>\n\t\t<\/span>\n\n\t\t\t\t\t\t<\/summary>\n\t\t\t\t<div role=\"region\" aria-labelledby=\"e-n-accordion-item-8472\" class=\"elementor-element elementor-element-c7dc312 e-con-full e-flex e-con e-child\" data-id=\"c7dc312\" data-element_type=\"container\" data-e-type=\"container\">\n\t\t<div role=\"region\" aria-labelledby=\"e-n-accordion-item-8472\" class=\"elementor-element elementor-element-bdc6a14 e-flex e-con-boxed e-con e-child\" data-id=\"bdc6a14\" data-element_type=\"container\" data-e-type=\"container\">\n\t\t\t\t\t<div class=\"e-con-inner\">\n\t\t\t\t<div class=\"elementor-element elementor-element-2ac0cf6 elementor-widget elementor-widget-image\" data-id=\"2ac0cf6\" data-element_type=\"widget\" data-e-type=\"widget\" data-widget_type=\"image.default\">\n\t\t\t\t\t\t\t\t\t\t\t\t\t\t\t<img loading=\"lazy\" decoding=\"async\" width=\"2560\" height=\"2560\" src=\"https:\/\/adesampa.com.br\/amplificacine\/wp-content\/uploads\/2025\/09\/LOGO-PNG-Haze-Filmes-scaled.png\" class=\"attachment-full size-full wp-image-12280\" alt=\"\" srcset=\"https:\/\/adesampa.com.br\/amplificacine\/wp-content\/uploads\/2025\/09\/LOGO-PNG-Haze-Filmes-scaled.png 2560w, https:\/\/adesampa.com.br\/amplificacine\/wp-content\/uploads\/2025\/09\/LOGO-PNG-Haze-Filmes-300x300.png 300w, https:\/\/adesampa.com.br\/amplificacine\/wp-content\/uploads\/2025\/09\/LOGO-PNG-Haze-Filmes-1024x1024.png 1024w, https:\/\/adesampa.com.br\/amplificacine\/wp-content\/uploads\/2025\/09\/LOGO-PNG-Haze-Filmes-150x150.png 150w, https:\/\/adesampa.com.br\/amplificacine\/wp-content\/uploads\/2025\/09\/LOGO-PNG-Haze-Filmes-768x768.png 768w, https:\/\/adesampa.com.br\/amplificacine\/wp-content\/uploads\/2025\/09\/LOGO-PNG-Haze-Filmes-1536x1536.png 1536w, https:\/\/adesampa.com.br\/amplificacine\/wp-content\/uploads\/2025\/09\/LOGO-PNG-Haze-Filmes-2048x2048.png 2048w, https:\/\/adesampa.com.br\/amplificacine\/wp-content\/uploads\/2025\/09\/elementor\/thumbs\/LOGO-PNG-Haze-Filmes-scaled-rca4bd2jdor8zswcx4an8o8b0v4r1qc2gzytofqz3c.png 260w\" sizes=\"(max-width: 2560px) 100vw, 2560px\" \/>\t\t\t\t\t\t\t\t\t\t\t\t\t\t\t<\/div>\n\t\t\t\t<div class=\"elementor-element elementor-element-406e99a elementor-widget elementor-widget-text-editor\" data-id=\"406e99a\" data-element_type=\"widget\" data-e-type=\"widget\" data-widget_type=\"text-editor.default\">\n\t\t\t\t\t\t\t\t\t<p>Produtora audiovisual de quebrada que atua com publicidade, cobertura de eventos, videoclipes e conte\u00fado para redes sociais.<\/p><p>Somos especializados em contar hist\u00f3rias que ressoam, sempre mesclando linguagens e olhares diversos para construir narrativas que celebram a diversidade da vida.<\/p><p>Das ruas as estrelas, das favelas at\u00e9 os arranha c\u00e9us, encontramos beleza e significado em cada hist\u00f3ria. E \u00e9 nossa miss\u00e3o dar vida a essas hist\u00f3rias, lhes dando o palco merecido para brilhar.<\/p><p>\u00a0<\/p><p><a href=\"https:\/\/hazefilmes.com\/\">https:\/\/hazefilmes.com\/<\/a><\/p>\t\t\t\t\t\t\t\t<\/div>\n\t\t\t\t\t<\/div>\n\t\t\t\t<\/div>\n\t\t\t\t<\/div>\n\t\t\t\t\t<\/details>\n\t\t\t\t\t\t<details id=\"e-n-accordion-item-8473\" class=\"e-n-accordion-item\" >\n\t\t\t\t<summary class=\"e-n-accordion-item-title\" data-accordion-index=\"4\" tabindex=\"-1\" aria-expanded=\"false\" aria-controls=\"e-n-accordion-item-8473\" >\n\t\t\t\t\t<span class='e-n-accordion-item-title-header'><div class=\"e-n-accordion-item-title-text\"> Impala Filmes <\/div><\/span>\n\t\t\t\t\t\t\t<span class='e-n-accordion-item-title-icon'>\n\t\t\t<span class='e-opened' ><svg aria-hidden=\"true\" class=\"e-font-icon-svg e-fas-chevron-up\" viewBox=\"0 0 448 512\" xmlns=\"http:\/\/www.w3.org\/2000\/svg\"><path d=\"M240.971 130.524l194.343 194.343c9.373 9.373 9.373 24.569 0 33.941l-22.667 22.667c-9.357 9.357-24.522 9.375-33.901.04L224 227.495 69.255 381.516c-9.379 9.335-24.544 9.317-33.901-.04l-22.667-22.667c-9.373-9.373-9.373-24.569 0-33.941L207.03 130.525c9.372-9.373 24.568-9.373 33.941-.001z\"><\/path><\/svg><\/span>\n\t\t\t<span class='e-closed'><svg aria-hidden=\"true\" class=\"e-font-icon-svg e-fas-chevron-right\" viewBox=\"0 0 320 512\" xmlns=\"http:\/\/www.w3.org\/2000\/svg\"><path d=\"M285.476 272.971L91.132 467.314c-9.373 9.373-24.569 9.373-33.941 0l-22.667-22.667c-9.357-9.357-9.375-24.522-.04-33.901L188.505 256 34.484 101.255c-9.335-9.379-9.317-24.544.04-33.901l22.667-22.667c9.373-9.373 24.569-9.373 33.941 0L285.475 239.03c9.373 9.372 9.373 24.568.001 33.941z\"><\/path><\/svg><\/span>\n\t\t<\/span>\n\n\t\t\t\t\t\t<\/summary>\n\t\t\t\t<div role=\"region\" aria-labelledby=\"e-n-accordion-item-8473\" class=\"elementor-element elementor-element-015b84d e-flex e-con-boxed e-con e-child\" data-id=\"015b84d\" data-element_type=\"container\" data-e-type=\"container\">\n\t\t\t\t\t<div class=\"e-con-inner\">\n\t\t<div role=\"region\" aria-labelledby=\"e-n-accordion-item-8473\" class=\"elementor-element elementor-element-2b75eed e-con-full e-flex e-con e-child\" data-id=\"2b75eed\" data-element_type=\"container\" data-e-type=\"container\">\n\t\t\t\t<div class=\"elementor-element elementor-element-afdd310 elementor-widget elementor-widget-text-editor\" data-id=\"afdd310\" data-element_type=\"widget\" data-e-type=\"widget\" data-widget_type=\"text-editor.default\">\n\t\t\t\t\t\t\t\t\t<p>Produtora audiovisual e criadora de conte\u00fado, que realiza, atualmente, curtas metragens, videoclipes e document\u00e1rios, compreendendo os elos desse setor como Arte(linguagem), T\u00e9cnica (metodologia) e Mercado (business), que formam um trip\u00e9 por meio destes pilares, sustentando a cadeia produtiva do audiovisual e seus segmentos.<\/p>\t\t\t\t\t\t\t\t<\/div>\n\t\t\t\t<\/div>\n\t\t\t\t\t<\/div>\n\t\t\t\t<\/div>\n\t\t\t\t\t<\/details>\n\t\t\t\t\t\t<details id=\"e-n-accordion-item-8474\" class=\"e-n-accordion-item\" >\n\t\t\t\t<summary class=\"e-n-accordion-item-title\" data-accordion-index=\"5\" tabindex=\"-1\" aria-expanded=\"false\" aria-controls=\"e-n-accordion-item-8474\" >\n\t\t\t\t\t<span class='e-n-accordion-item-title-header'><div class=\"e-n-accordion-item-title-text\"> Coletivo Mulheres em S\u00e9rie <\/div><\/span>\n\t\t\t\t\t\t\t<span class='e-n-accordion-item-title-icon'>\n\t\t\t<span class='e-opened' ><svg aria-hidden=\"true\" class=\"e-font-icon-svg e-fas-chevron-up\" viewBox=\"0 0 448 512\" xmlns=\"http:\/\/www.w3.org\/2000\/svg\"><path d=\"M240.971 130.524l194.343 194.343c9.373 9.373 9.373 24.569 0 33.941l-22.667 22.667c-9.357 9.357-24.522 9.375-33.901.04L224 227.495 69.255 381.516c-9.379 9.335-24.544 9.317-33.901-.04l-22.667-22.667c-9.373-9.373-9.373-24.569 0-33.941L207.03 130.525c9.372-9.373 24.568-9.373 33.941-.001z\"><\/path><\/svg><\/span>\n\t\t\t<span class='e-closed'><svg aria-hidden=\"true\" class=\"e-font-icon-svg e-fas-chevron-right\" viewBox=\"0 0 320 512\" xmlns=\"http:\/\/www.w3.org\/2000\/svg\"><path d=\"M285.476 272.971L91.132 467.314c-9.373 9.373-24.569 9.373-33.941 0l-22.667-22.667c-9.357-9.357-9.375-24.522-.04-33.901L188.505 256 34.484 101.255c-9.335-9.379-9.317-24.544.04-33.901l22.667-22.667c9.373-9.373 24.569-9.373 33.941 0L285.475 239.03c9.373 9.372 9.373 24.568.001 33.941z\"><\/path><\/svg><\/span>\n\t\t<\/span>\n\n\t\t\t\t\t\t<\/summary>\n\t\t\t\t<div role=\"region\" aria-labelledby=\"e-n-accordion-item-8474\" class=\"elementor-element elementor-element-cea3ce9 e-flex e-con-boxed e-con e-child\" data-id=\"cea3ce9\" data-element_type=\"container\" data-e-type=\"container\">\n\t\t\t\t\t<div class=\"e-con-inner\">\n\t\t<div role=\"region\" aria-labelledby=\"e-n-accordion-item-8474\" class=\"elementor-element elementor-element-f69b2f2 e-con-full e-flex e-con e-child\" data-id=\"f69b2f2\" data-element_type=\"container\" data-e-type=\"container\">\n\t\t\t\t<div class=\"elementor-element elementor-element-07da3e6 elementor-widget elementor-widget-text-editor\" data-id=\"07da3e6\" data-element_type=\"widget\" data-e-type=\"widget\" data-widget_type=\"text-editor.default\">\n\t\t\t\t\t\t\t\t\t<p>Somos uma produtora e distribuidora independente. Nosso foco s\u00e3o trabalhos autorais de artistas e pesquisadores perif\u00e9ricos e\/ou independentes, sejam esses trabalhos de origem ficcional ou documental. Para n\u00f3s \u00e9 muito importante dar e ouvir as vozes desses artistas e pesquisadores, pois elas ecoam os desejos e anseios de quem os cerca, e sobretudo dialoga com essas pessoas. N\u00f3s queremos, ao mesmo tempo, ecoar e dialogar com a periferia.<\/p>\t\t\t\t\t\t\t\t<\/div>\n\t\t\t\t<\/div>\n\t\t\t\t\t<\/div>\n\t\t\t\t<\/div>\n\t\t\t\t\t<\/details>\n\t\t\t\t\t<\/div>\n\t\t\t\t\t\t<\/div>\n\t\t\t\t<\/div>\n\t\t\t\t<div class=\"elementor-element elementor-element-838da90 elementor-widget elementor-widget-spacer\" data-id=\"838da90\" data-element_type=\"widget\" data-e-type=\"widget\" data-widget_type=\"spacer.default\">\n\t\t\t\t\t\t\t<div class=\"elementor-spacer\">\n\t\t\t<div class=\"elementor-spacer-inner\"><\/div>\n\t\t<\/div>\n\t\t\t\t\t\t<\/div>\n\t\t\t\t\t<\/div>\n\t\t\t\t<\/div>\n\t\t<div class=\"elementor-element elementor-element-1256650 e-flex e-con-boxed e-con e-parent\" data-id=\"1256650\" data-element_type=\"container\" data-e-type=\"container\">\n\t\t\t\t\t<div class=\"e-con-inner\">\n\t\t\t\t<div class=\"elementor-element elementor-element-5c5300d elementor-widget__width-initial elementor-widget-mobile__width-initial elementor-widget elementor-widget-heading\" data-id=\"5c5300d\" data-element_type=\"widget\" data-e-type=\"widget\" data-widget_type=\"heading.default\">\n\t\t\t\t\t<h2 class=\"elementor-heading-title elementor-size-default\">Amplifica Cine - 2\u00aa Edi\u00e7\u00e3o<\/h2>\t\t\t\t<\/div>\n\t\t\t\t<div class=\"elementor-element elementor-element-8c647d8 elementor-widget elementor-widget-spacer\" data-id=\"8c647d8\" data-element_type=\"widget\" data-e-type=\"widget\" data-widget_type=\"spacer.default\">\n\t\t\t\t\t\t\t<div class=\"elementor-spacer\">\n\t\t\t<div class=\"elementor-spacer-inner\"><\/div>\n\t\t<\/div>\n\t\t\t\t\t\t<\/div>\n\t\t<div class=\"elementor-element elementor-element-db5b3e1 e-grid e-con-full e-con e-child\" data-id=\"db5b3e1\" data-element_type=\"container\" data-e-type=\"container\">\n\t\t\t\t<div class=\"elementor-element elementor-element-dece551 elementor-widget elementor-widget-n-accordion\" data-id=\"dece551\" data-element_type=\"widget\" data-e-type=\"widget\" data-settings=\"{&quot;default_state&quot;:&quot;all_collapsed&quot;,&quot;max_items_expended&quot;:&quot;one&quot;,&quot;n_accordion_animation_duration&quot;:{&quot;unit&quot;:&quot;ms&quot;,&quot;size&quot;:400,&quot;sizes&quot;:[]}}\" data-widget_type=\"nested-accordion.default\">\n\t\t\t\t\t\t\t<div class=\"e-n-accordion\" aria-label=\"Accordion. Open links with Enter or Space, close with Escape, and navigate with Arrow Keys\">\n\t\t\t\t\t\t<details id=\"e-n-accordion-item-2330\" class=\"e-n-accordion-item\" >\n\t\t\t\t<summary class=\"e-n-accordion-item-title\" data-accordion-index=\"1\" tabindex=\"0\" aria-expanded=\"false\" aria-controls=\"e-n-accordion-item-2330\" >\n\t\t\t\t\t<span class='e-n-accordion-item-title-header'><div class=\"e-n-accordion-item-title-text\"> Favela Podcast <\/div><\/span>\n\t\t\t\t\t\t\t<span class='e-n-accordion-item-title-icon'>\n\t\t\t<span class='e-opened' ><svg aria-hidden=\"true\" class=\"e-font-icon-svg e-fas-chevron-up\" viewBox=\"0 0 448 512\" xmlns=\"http:\/\/www.w3.org\/2000\/svg\"><path d=\"M240.971 130.524l194.343 194.343c9.373 9.373 9.373 24.569 0 33.941l-22.667 22.667c-9.357 9.357-24.522 9.375-33.901.04L224 227.495 69.255 381.516c-9.379 9.335-24.544 9.317-33.901-.04l-22.667-22.667c-9.373-9.373-9.373-24.569 0-33.941L207.03 130.525c9.372-9.373 24.568-9.373 33.941-.001z\"><\/path><\/svg><\/span>\n\t\t\t<span class='e-closed'><svg aria-hidden=\"true\" class=\"e-font-icon-svg e-fas-chevron-right\" viewBox=\"0 0 320 512\" xmlns=\"http:\/\/www.w3.org\/2000\/svg\"><path d=\"M285.476 272.971L91.132 467.314c-9.373 9.373-24.569 9.373-33.941 0l-22.667-22.667c-9.357-9.357-9.375-24.522-.04-33.901L188.505 256 34.484 101.255c-9.335-9.379-9.317-24.544.04-33.901l22.667-22.667c9.373-9.373 24.569-9.373 33.941 0L285.475 239.03c9.373 9.372 9.373 24.568.001 33.941z\"><\/path><\/svg><\/span>\n\t\t<\/span>\n\n\t\t\t\t\t\t<\/summary>\n\t\t\t\t<div role=\"region\" aria-labelledby=\"e-n-accordion-item-2330\" class=\"elementor-element elementor-element-83b48b0 e-con-full e-flex e-con e-child\" data-id=\"83b48b0\" data-element_type=\"container\" data-e-type=\"container\">\n\t\t<div role=\"region\" aria-labelledby=\"e-n-accordion-item-2330\" class=\"elementor-element elementor-element-044d1eb e-flex e-con-boxed e-con e-child\" data-id=\"044d1eb\" data-element_type=\"container\" data-e-type=\"container\">\n\t\t\t\t\t<div class=\"e-con-inner\">\n\t\t\t\t<div class=\"elementor-element elementor-element-55a829a elementor-widget elementor-widget-image\" data-id=\"55a829a\" data-element_type=\"widget\" data-e-type=\"widget\" data-widget_type=\"image.default\">\n\t\t\t\t\t\t\t\t\t\t\t\t\t\t\t<img loading=\"lazy\" decoding=\"async\" width=\"500\" height=\"500\" src=\"https:\/\/adesampa.com.br\/amplificacine\/wp-content\/uploads\/2025\/09\/FAVELA-PODCAST.png\" class=\"attachment-full size-full wp-image-12282\" alt=\"\" srcset=\"https:\/\/adesampa.com.br\/amplificacine\/wp-content\/uploads\/2025\/09\/FAVELA-PODCAST.png 500w, https:\/\/adesampa.com.br\/amplificacine\/wp-content\/uploads\/2025\/09\/FAVELA-PODCAST-300x300.png 300w, https:\/\/adesampa.com.br\/amplificacine\/wp-content\/uploads\/2025\/09\/FAVELA-PODCAST-150x150.png 150w, https:\/\/adesampa.com.br\/amplificacine\/wp-content\/uploads\/2025\/09\/elementor\/thumbs\/FAVELA-PODCAST-rca4prxg68hj0jyorckph1aqxk3d2njwgc2ul6dnoo.png 260w\" sizes=\"(max-width: 500px) 100vw, 500px\" \/>\t\t\t\t\t\t\t\t\t\t\t\t\t\t\t<\/div>\n\t\t\t\t<div class=\"elementor-element elementor-element-fd97b75 elementor-widget elementor-widget-text-editor\" data-id=\"fd97b75\" data-element_type=\"widget\" data-e-type=\"widget\" data-widget_type=\"text-editor.default\">\n\t\t\t\t\t\t\t\t\t<p><b>Favela Podcast<\/b><\/p><p><strong>Proponentes<\/strong>:\u00a0Hermeson de Morais e Odete Santana<\/p><p><strong>Cria\u00e7\u00e3o<\/strong>: 2023<\/p><p><strong>Intersec\u00e7\u00e3o setorial:\u00a0<\/strong>Produtora de conte\u00fado digital e podcast<\/p><p><strong>Miss\u00e3o e valores:<\/strong><\/p><p>O Favela Podcast amplifica as vozes das comunidades, desconstruindo estere\u00f3tipos e promovendo empatia. Com autenticidade, resili\u00eancia e foco na diversidade, celebra a criatividade e inspira transforma\u00e7\u00e3o social por meio de hist\u00f3rias impactantes.<\/p><p><strong>Servi\u00e7os ofertados:<\/strong><\/p><p>O Favela Podcast oferece epis\u00f3dios sobre temas perif\u00e9ricos, conte\u00fado multim\u00eddia, eventos e parcerias comunit\u00e1rias. O diferencial \u00e9 a autenticidade, foco na transforma\u00e7\u00e3o social, e uma conex\u00e3o genu\u00edna com as favelas, desafiando estere\u00f3tipos.<\/p><p><strong>Vis\u00e3o de futuro:<\/strong><\/p><p>Nos pr\u00f3ximos 5 anos, o Favela Podcast pretende ampliar seu alcance, fortalecer parcerias, e aprofundar o impacto social, consolidando-se como refer\u00eancia na voz aut\u00eantica das favelas.<\/p><p><strong>Objetivos de desenvolvimento sustent\u00e1vel:<\/strong><\/p><ol start=\"8\"><li>\u00a0Trabalho Decente e Crescimento Econ\u00f4mico<\/li><\/ol><ol start=\"10\"><li>Redu\u00e7\u00e3o das Desigualdades<\/li><\/ol><ol start=\"16\"><li>Paz, Justi\u00e7a e Institui\u00e7\u00f5es Eficazes<\/li><\/ol><p><strong>Canais de comunica\u00e7\u00e3o:<\/strong><\/p><p>instagram: @favelapodcast_\u00a0<\/p><p>youtube: @favela_podcast\u00a0<\/p><p>site:\u00a0<a href=\"http:\/\/www.favelapodcast.com.br\/\">www.favelapodcast.com.br<\/a><\/p><p>e-mail: contato@favelapodcast.com.br<\/p>\t\t\t\t\t\t\t\t<\/div>\n\t\t\t\t\t<\/div>\n\t\t\t\t<\/div>\n\t\t\t\t<\/div>\n\t\t\t\t\t<\/details>\n\t\t\t\t\t\t<details id=\"e-n-accordion-item-2331\" class=\"e-n-accordion-item\" >\n\t\t\t\t<summary class=\"e-n-accordion-item-title\" data-accordion-index=\"2\" tabindex=\"-1\" aria-expanded=\"false\" aria-controls=\"e-n-accordion-item-2331\" >\n\t\t\t\t\t<span class='e-n-accordion-item-title-header'><div class=\"e-n-accordion-item-title-text\"> Irapu\u00e3 Cenografia Paisagista Audiovisual <\/div><\/span>\n\t\t\t\t\t\t\t<span class='e-n-accordion-item-title-icon'>\n\t\t\t<span class='e-opened' ><svg aria-hidden=\"true\" class=\"e-font-icon-svg e-fas-chevron-up\" viewBox=\"0 0 448 512\" xmlns=\"http:\/\/www.w3.org\/2000\/svg\"><path d=\"M240.971 130.524l194.343 194.343c9.373 9.373 9.373 24.569 0 33.941l-22.667 22.667c-9.357 9.357-24.522 9.375-33.901.04L224 227.495 69.255 381.516c-9.379 9.335-24.544 9.317-33.901-.04l-22.667-22.667c-9.373-9.373-9.373-24.569 0-33.941L207.03 130.525c9.372-9.373 24.568-9.373 33.941-.001z\"><\/path><\/svg><\/span>\n\t\t\t<span class='e-closed'><svg aria-hidden=\"true\" class=\"e-font-icon-svg e-fas-chevron-right\" viewBox=\"0 0 320 512\" xmlns=\"http:\/\/www.w3.org\/2000\/svg\"><path d=\"M285.476 272.971L91.132 467.314c-9.373 9.373-24.569 9.373-33.941 0l-22.667-22.667c-9.357-9.357-9.375-24.522-.04-33.901L188.505 256 34.484 101.255c-9.335-9.379-9.317-24.544.04-33.901l22.667-22.667c9.373-9.373 24.569-9.373 33.941 0L285.475 239.03c9.373 9.372 9.373 24.568.001 33.941z\"><\/path><\/svg><\/span>\n\t\t<\/span>\n\n\t\t\t\t\t\t<\/summary>\n\t\t\t\t<div role=\"region\" aria-labelledby=\"e-n-accordion-item-2331\" class=\"elementor-element elementor-element-8c4a9c4 e-con-full e-flex e-con e-child\" data-id=\"8c4a9c4\" data-element_type=\"container\" data-e-type=\"container\">\n\t\t<div role=\"region\" aria-labelledby=\"e-n-accordion-item-2331\" class=\"elementor-element elementor-element-f7ff490 e-flex e-con-boxed e-con e-child\" data-id=\"f7ff490\" data-element_type=\"container\" data-e-type=\"container\">\n\t\t\t\t\t<div class=\"e-con-inner\">\n\t\t\t\t<div class=\"elementor-element elementor-element-ecee652 elementor-widget elementor-widget-image\" data-id=\"ecee652\" data-element_type=\"widget\" data-e-type=\"widget\" data-widget_type=\"image.default\">\n\t\t\t\t\t\t\t\t\t\t\t\t\t\t\t<img loading=\"lazy\" decoding=\"async\" width=\"877\" height=\"634\" src=\"https:\/\/adesampa.com.br\/amplificacine\/wp-content\/uploads\/2025\/09\/IRAPUA-CENOGRAFIA-PAISAGISTA-AUDIOVISUAL.png\" class=\"attachment-full size-full wp-image-12283\" alt=\"\" srcset=\"https:\/\/adesampa.com.br\/amplificacine\/wp-content\/uploads\/2025\/09\/IRAPUA-CENOGRAFIA-PAISAGISTA-AUDIOVISUAL.png 877w, https:\/\/adesampa.com.br\/amplificacine\/wp-content\/uploads\/2025\/09\/IRAPUA-CENOGRAFIA-PAISAGISTA-AUDIOVISUAL-300x217.png 300w, https:\/\/adesampa.com.br\/amplificacine\/wp-content\/uploads\/2025\/09\/IRAPUA-CENOGRAFIA-PAISAGISTA-AUDIOVISUAL-768x555.png 768w\" sizes=\"(max-width: 877px) 100vw, 877px\" \/>\t\t\t\t\t\t\t\t\t\t\t\t\t\t\t<\/div>\n\t\t\t\t<div class=\"elementor-element elementor-element-04289e3 elementor-widget elementor-widget-text-editor\" data-id=\"04289e3\" data-element_type=\"widget\" data-e-type=\"widget\" data-widget_type=\"text-editor.default\">\n\t\t\t\t\t\t\t\t\t<p><b>Irapu\u00e3 Cenografia Paisagista Audiovisual<\/b><\/p><p><strong>Proponentes:<\/strong>\u00a0Marcelo Costa e Camila Chacur<\/p><p><strong>Cria\u00e7\u00e3o:<\/strong>\u00a02015<\/p><p><strong>Intersec\u00e7\u00e3o setorial:\u00a0<\/strong>Empresa de sustentabilidade audiovisual<\/p><p><strong>Miss\u00e3o e valores:<\/strong><\/p><p>Conectar a produ\u00e7\u00e3o audiovisual com o p\u00fablico, atrav\u00e9s de a\u00e7\u00f5es socio-ambientais.<\/p><p><strong>Servi\u00e7os ofertados:<\/strong><\/p><p>Consultoria de sustentabilidade audiovisual, cria\u00e7\u00e3o de cen\u00e1rios paisag\u00edsticos, mitiga\u00e7\u00e3o e compensa\u00e7\u00e3o de impactos socioambientais, gerados por produ\u00e7\u00f5es audiovisuais de todos os portes e em todas as fases, com certifica\u00e7\u00e3o socioambiental.<\/p><p><strong>Vis\u00e3o de futuro:<\/strong><\/p><p>Esperamos ser uma empresa de refer\u00eancia nacional em atendimento de sustentabilidade audiovisual.<\/p><p><strong>Objetivos de desenvolvimento sustent\u00e1vel:<\/strong><\/p><ol start=\"11\"><li>Cidades e Comunidades Sustent\u00e1veis,<\/li><li>Consumo e Produ\u00e7\u00e3o Respons\u00e1veis,<\/li><li>A\u00e7\u00e3o Contra a Mudan\u00e7a Global do Clima<\/li><\/ol><p><strong>Canais de comunica\u00e7\u00e3o:<\/strong><\/p><p>Site:\u00a0<a href=\"https:\/\/www.irapuaconceito.com.br\/\">https:\/\/www.irapuaconceito.com.br<\/a><\/p><p>LinkedIn:\u00a0<a href=\"https:\/\/www.linkedin.com\/in\/irapu%C3%A3-paisagismo-cenografico\/\">https:\/\/www.linkedin.com\/in\/irapu\u00e3-paisagismo-cenografico\/<\/a>\u00a0<\/p><p>Instagram:\u00a0<a href=\"https:\/\/www.instagram.com\/irapua_cenografia?igsh=czBlcjZucXpybXhr\">https:\/\/www.instagram.com\/irapua_cenografia?igsh=czBlcjZucXpybXhr<\/a><\/p><p>e-mail: bio.meneguelli@gmail.com<\/p>\t\t\t\t\t\t\t\t<\/div>\n\t\t\t\t\t<\/div>\n\t\t\t\t<\/div>\n\t\t\t\t<\/div>\n\t\t\t\t\t<\/details>\n\t\t\t\t\t\t<details id=\"e-n-accordion-item-2332\" class=\"e-n-accordion-item\" >\n\t\t\t\t<summary class=\"e-n-accordion-item-title\" data-accordion-index=\"3\" tabindex=\"-1\" aria-expanded=\"false\" aria-controls=\"e-n-accordion-item-2332\" >\n\t\t\t\t\t<span class='e-n-accordion-item-title-header'><div class=\"e-n-accordion-item-title-text\"> Malagueto Filmes <\/div><\/span>\n\t\t\t\t\t\t\t<span class='e-n-accordion-item-title-icon'>\n\t\t\t<span class='e-opened' ><svg aria-hidden=\"true\" class=\"e-font-icon-svg e-fas-chevron-up\" viewBox=\"0 0 448 512\" xmlns=\"http:\/\/www.w3.org\/2000\/svg\"><path d=\"M240.971 130.524l194.343 194.343c9.373 9.373 9.373 24.569 0 33.941l-22.667 22.667c-9.357 9.357-24.522 9.375-33.901.04L224 227.495 69.255 381.516c-9.379 9.335-24.544 9.317-33.901-.04l-22.667-22.667c-9.373-9.373-9.373-24.569 0-33.941L207.03 130.525c9.372-9.373 24.568-9.373 33.941-.001z\"><\/path><\/svg><\/span>\n\t\t\t<span class='e-closed'><svg aria-hidden=\"true\" class=\"e-font-icon-svg e-fas-chevron-right\" viewBox=\"0 0 320 512\" xmlns=\"http:\/\/www.w3.org\/2000\/svg\"><path d=\"M285.476 272.971L91.132 467.314c-9.373 9.373-24.569 9.373-33.941 0l-22.667-22.667c-9.357-9.357-9.375-24.522-.04-33.901L188.505 256 34.484 101.255c-9.335-9.379-9.317-24.544.04-33.901l22.667-22.667c9.373-9.373 24.569-9.373 33.941 0L285.475 239.03c9.373 9.372 9.373 24.568.001 33.941z\"><\/path><\/svg><\/span>\n\t\t<\/span>\n\n\t\t\t\t\t\t<\/summary>\n\t\t\t\t<div role=\"region\" aria-labelledby=\"e-n-accordion-item-2332\" class=\"elementor-element elementor-element-f246b23 e-con-full e-flex e-con e-child\" data-id=\"f246b23\" data-element_type=\"container\" data-e-type=\"container\">\n\t\t<div role=\"region\" aria-labelledby=\"e-n-accordion-item-2332\" class=\"elementor-element elementor-element-382ec39 e-flex e-con-boxed e-con e-child\" data-id=\"382ec39\" data-element_type=\"container\" data-e-type=\"container\">\n\t\t\t\t\t<div class=\"e-con-inner\">\n\t\t\t\t<div class=\"elementor-element elementor-element-2795c1d elementor-widget elementor-widget-image\" data-id=\"2795c1d\" data-element_type=\"widget\" data-e-type=\"widget\" data-widget_type=\"image.default\">\n\t\t\t\t\t\t\t\t\t\t\t\t\t\t\t<img loading=\"lazy\" decoding=\"async\" width=\"1080\" height=\"1080\" src=\"https:\/\/adesampa.com.br\/amplificacine\/wp-content\/uploads\/2025\/09\/Malagueto-Filmes.jpg\" class=\"attachment-full size-full wp-image-12284\" alt=\"\" srcset=\"https:\/\/adesampa.com.br\/amplificacine\/wp-content\/uploads\/2025\/09\/Malagueto-Filmes.jpg 1080w, https:\/\/adesampa.com.br\/amplificacine\/wp-content\/uploads\/2025\/09\/Malagueto-Filmes-300x300.jpg 300w, https:\/\/adesampa.com.br\/amplificacine\/wp-content\/uploads\/2025\/09\/Malagueto-Filmes-1024x1024.jpg 1024w, https:\/\/adesampa.com.br\/amplificacine\/wp-content\/uploads\/2025\/09\/Malagueto-Filmes-150x150.jpg 150w, https:\/\/adesampa.com.br\/amplificacine\/wp-content\/uploads\/2025\/09\/Malagueto-Filmes-768x768.jpg 768w, https:\/\/adesampa.com.br\/amplificacine\/wp-content\/uploads\/2025\/09\/elementor\/thumbs\/Malagueto-Filmes-rca4w3ee454x26s9v2wf8fwaosy6temxzlycq50duw.jpg 260w\" sizes=\"(max-width: 1080px) 100vw, 1080px\" \/>\t\t\t\t\t\t\t\t\t\t\t\t\t\t\t<\/div>\n\t\t\t\t<div class=\"elementor-element elementor-element-42b6d0b elementor-widget elementor-widget-text-editor\" data-id=\"42b6d0b\" data-element_type=\"widget\" data-e-type=\"widget\" data-widget_type=\"text-editor.default\">\n\t\t\t\t\t\t\t\t\t<p><b>Malagueto Filmes<\/b><\/p><p><strong>Proponentes:<\/strong>\u00a0Everton Matias e Maur\u00edcio Santos.<\/p><p><strong>Cria\u00e7\u00e3o:<\/strong>\u00a02023<\/p><p><strong>Intersec\u00e7\u00e3o setorial:<\/strong><\/p><p>Empresa de estrat\u00e9gia de conte\u00fado, Produtora musical, Espa\u00e7o criativo<\/p><p><strong>Miss\u00e3o e valores:<\/strong>\u00a0<\/p><p>O est\u00fadio foi criado com o objetivo de ser um espa\u00e7o de produ\u00e7\u00e3o criativa para profissionais do audiovisual no extremo leste de S\u00e3o Paulo e apoiar a diversidade e a riqueza criativa da regi\u00e3o.<\/p><p><strong>Servi\u00e7os ofertados:<\/strong><\/p><p>\u2013 Loca\u00e7\u00e3o de est\u00fadio<\/p><p>\u2013 Mentoria de carreira para artistas independentes<\/p><p>\u2013 Valores acess\u00edveis para loca\u00e7\u00e3o de est\u00fadio audiovisual com aux\u00edlio de profissionais que trabalham no setor audiovisual no extremo leste de S\u00e3o Paulo.<\/p><p><strong>Vis\u00e3o de futuro:<\/strong><\/p><p>Realizar a formaliza\u00e7\u00e3o jur\u00eddica, envolver mais gente na equipe, al\u00e9m de ampliar nosso espa\u00e7o, adquirir mais equipamentos e construir uma rede de clientes com fidelidade.<\/p><p><strong>Objetivos de desenvolvimento sustent\u00e1vel:<\/strong><\/p><ol start=\"9\"><li>Erradica\u00e7\u00e3o da Pobreza<\/li><li>Ind\u00fastria, Inova\u00e7\u00e3o e Infraestrutura<\/li><li>Redu\u00e7\u00e3o das Desigualdades<\/li><\/ol><p><strong>Canais de comunica\u00e7\u00e3o:\u00a0<\/strong><\/p><p>Instagram:\u00a0<a href=\"https:\/\/www.instagram.com\/malaguetofilmes?igsh=MWJ4Y2NlOXpzeTY4Mg==\">https:\/\/www.instagram.com\/malaguetofilmes?igsh=MWJ4Y2NlOXpzeTY4Mg==<\/a><\/p><p>E-mail: produtormatiaszec@gmail.com<\/p>\t\t\t\t\t\t\t\t<\/div>\n\t\t\t\t\t<\/div>\n\t\t\t\t<\/div>\n\t\t\t\t<\/div>\n\t\t\t\t\t<\/details>\n\t\t\t\t\t\t<details id=\"e-n-accordion-item-2333\" class=\"e-n-accordion-item\" >\n\t\t\t\t<summary class=\"e-n-accordion-item-title\" data-accordion-index=\"4\" tabindex=\"-1\" aria-expanded=\"false\" aria-controls=\"e-n-accordion-item-2333\" >\n\t\t\t\t\t<span class='e-n-accordion-item-title-header'><div class=\"e-n-accordion-item-title-text\"> Tomun <\/div><\/span>\n\t\t\t\t\t\t\t<span class='e-n-accordion-item-title-icon'>\n\t\t\t<span class='e-opened' ><svg aria-hidden=\"true\" class=\"e-font-icon-svg e-fas-chevron-up\" viewBox=\"0 0 448 512\" xmlns=\"http:\/\/www.w3.org\/2000\/svg\"><path d=\"M240.971 130.524l194.343 194.343c9.373 9.373 9.373 24.569 0 33.941l-22.667 22.667c-9.357 9.357-24.522 9.375-33.901.04L224 227.495 69.255 381.516c-9.379 9.335-24.544 9.317-33.901-.04l-22.667-22.667c-9.373-9.373-9.373-24.569 0-33.941L207.03 130.525c9.372-9.373 24.568-9.373 33.941-.001z\"><\/path><\/svg><\/span>\n\t\t\t<span class='e-closed'><svg aria-hidden=\"true\" class=\"e-font-icon-svg e-fas-chevron-right\" viewBox=\"0 0 320 512\" xmlns=\"http:\/\/www.w3.org\/2000\/svg\"><path d=\"M285.476 272.971L91.132 467.314c-9.373 9.373-24.569 9.373-33.941 0l-22.667-22.667c-9.357-9.357-9.375-24.522-.04-33.901L188.505 256 34.484 101.255c-9.335-9.379-9.317-24.544.04-33.901l22.667-22.667c9.373-9.373 24.569-9.373 33.941 0L285.475 239.03c9.373 9.372 9.373 24.568.001 33.941z\"><\/path><\/svg><\/span>\n\t\t<\/span>\n\n\t\t\t\t\t\t<\/summary>\n\t\t\t\t<div role=\"region\" aria-labelledby=\"e-n-accordion-item-2333\" class=\"elementor-element elementor-element-b5dac9a e-flex e-con-boxed e-con e-child\" data-id=\"b5dac9a\" data-element_type=\"container\" data-e-type=\"container\">\n\t\t\t\t\t<div class=\"e-con-inner\">\n\t\t<div role=\"region\" aria-labelledby=\"e-n-accordion-item-2333\" class=\"elementor-element elementor-element-8cc1acf e-con-full e-flex e-con e-child\" data-id=\"8cc1acf\" data-element_type=\"container\" data-e-type=\"container\">\n\t\t\t\t<div class=\"elementor-element elementor-element-dc50082 elementor-widget elementor-widget-image\" data-id=\"dc50082\" data-element_type=\"widget\" data-e-type=\"widget\" data-widget_type=\"image.default\">\n\t\t\t\t\t\t\t\t\t\t\t\t\t\t\t<img loading=\"lazy\" decoding=\"async\" width=\"300\" height=\"300\" src=\"https:\/\/adesampa.com.br\/amplificacine\/wp-content\/uploads\/2025\/10\/Tomun_Insights_Icones-02-300x300-1.png\" class=\"attachment-full size-full wp-image-13255\" alt=\"\" srcset=\"https:\/\/adesampa.com.br\/amplificacine\/wp-content\/uploads\/2025\/10\/Tomun_Insights_Icones-02-300x300-1.png 300w, https:\/\/adesampa.com.br\/amplificacine\/wp-content\/uploads\/2025\/10\/Tomun_Insights_Icones-02-300x300-1-150x150.png 150w\" sizes=\"(max-width: 300px) 100vw, 300px\" \/>\t\t\t\t\t\t\t\t\t\t\t\t\t\t\t<\/div>\n\t\t\t\t<div class=\"elementor-element elementor-element-158a965 elementor-widget elementor-widget-text-editor\" data-id=\"158a965\" data-element_type=\"widget\" data-e-type=\"widget\" data-widget_type=\"text-editor.default\">\n\t\t\t\t\t\t\t\t\t<p><b>Tomun<\/b><\/p><p><strong>Proponentes:<\/strong>\u00a0Aline Zambrini e Fernando Cabral<\/p><p><strong>Cria\u00e7\u00e3o:<\/strong>\u00a02020<\/p><p><strong>Intersec\u00e7\u00e3o setorial:<\/strong><\/p><p>Empresa de tecnologia e\/ou dados para o setor audiovisual, Empresa de estrat\u00e9gia de conte\u00fado<\/p><p><strong>Miss\u00e3o e valores:\u00a0<\/strong><\/p><p>Nossa miss\u00e3o \u00e9 abrir portas.<br \/>Abrir portas para a criatividade, para novas formas de fazer cinema e para um audiovisual que fale com as pessoas, que as fa\u00e7a rir, chorar, pensar e, acima de tudo, sonhar.<\/p><p>Nossos valores s\u00e3o<br \/>Sinceridade: a verdade \u00e9 o ponto de partida de toda cria\u00e7\u00e3o.<br \/>Hospitalidade: encontrar os melhores caminhos para o seu projeto \u00e9 nossa prioridade.<br \/>Criatividade em primeiro lugar: o mundo se transforma quando damos espa\u00e7o ao novo.<br \/>Dados a servi\u00e7o da imagina\u00e7\u00e3o: informa\u00e7\u00f5es que inspiram e guiam, mas nunca limitam.<br \/>Democratiza\u00e7\u00e3o: que o audiovisual seja de todos e para todos. Inova\u00e7\u00e3o: explorar, criar e reinventar constantemente.<br \/>A\u00e7\u00e3o: fazer acontecer, com paix\u00e3o e prop\u00f3sito.<\/p><p><strong>Servi\u00e7os ofertados:<\/strong><\/p><p>An\u00e1lises e consultoria para projetos:<br \/>Desenvolva e comunique seu projeto com an\u00e1lises essenciais e premium. Posicione-o estrategicamente, encontre refer\u00eancias, identifique riscos e explore temas, formatos e tramas para descobrir oportunidades \u00fanicas.<\/p><p><strong>Materiais de comunica\u00e7\u00e3o:<\/strong><\/p><p>Venda o seu filme para um player ou para o p\u00fablico. Fazemos materiais de comunica\u00e7\u00e3o \u00fanicos, criativos e orientados pelo p\u00fablico-alvo: Pitch decks, Cartazes e at\u00e9 Trailers e materiais para redes sociais. Com nossa rede de talentos, conectamos os desafios do projeto aos artistas ideais para a produ\u00e7\u00e3o dos materiais.<\/p><p><strong>Mentorias:<\/strong><br \/>Para quem quer aprender mais sobre como usar os dados no processo criativo de desenvolvimento de projetos ou saber como implementar o processo de tomada de decis\u00e3o baseada em dados!<\/p><p>Em breve um painel de dados de cinema:<br \/>Veja quais s\u00e3o os temas que mais levaram pessoas para os cinemas e encontre refer\u00eancias relevantes para os seus projetos.<\/p><p><strong>Vis\u00e3o de futuro:<\/strong><\/p><p>Cada insight \u00e9 combust\u00edvel para que a criatividade seja transformadora.<br \/>Do desenvolvimento ao lan\u00e7amento, nossas expertises em cinema e em tecnologia se unem \u00e0 versatilidade para que nos posicionemos em cada etapa do processo de fazer um filme. Sempre com uma vis\u00e3o inovadora e estrat\u00e9gica.<\/p><p><strong>Objetivos de desenvolvimento sustent\u00e1vel:<\/strong><\/p><ol start=\"8\"><li>Trabalho Decente e Crescimento Econ\u00f4mico<\/li><li>\u00a0Ind\u00fastria, Inova\u00e7\u00e3o e Infraestrutura<\/li><\/ol><ol start=\"12\"><li>Consumo e Produ\u00e7\u00e3o Respons\u00e1veis<\/li><\/ol><p><strong>Canais de comunica\u00e7\u00e3o:<\/strong><\/p><p>Site:\u00a0<a href=\"https:\/\/www.tomun.com.br\/\">https:\/\/www.tomun.com.br\/<\/a><br \/>Instagram:\u00a0<a href=\"https:\/\/www.instagram.com\/tomun.hub\/\">https:\/\/www.instagram.com\/tomun.hub\/<\/a><br \/>E-mail: tomun@tomun.com.br<\/p>\t\t\t\t\t\t\t\t<\/div>\n\t\t\t\t<\/div>\n\t\t\t\t\t<\/div>\n\t\t\t\t<\/div>\n\t\t\t\t\t<\/details>\n\t\t\t\t\t\t<details id=\"e-n-accordion-item-2334\" class=\"e-n-accordion-item\" >\n\t\t\t\t<summary class=\"e-n-accordion-item-title\" data-accordion-index=\"5\" tabindex=\"-1\" aria-expanded=\"false\" aria-controls=\"e-n-accordion-item-2334\" >\n\t\t\t\t\t<span class='e-n-accordion-item-title-header'><div class=\"e-n-accordion-item-title-text\"> Cleopatra Filmes e Multim\u00eddia <\/div><\/span>\n\t\t\t\t\t\t\t<span class='e-n-accordion-item-title-icon'>\n\t\t\t<span class='e-opened' ><svg aria-hidden=\"true\" class=\"e-font-icon-svg e-fas-chevron-up\" viewBox=\"0 0 448 512\" xmlns=\"http:\/\/www.w3.org\/2000\/svg\"><path d=\"M240.971 130.524l194.343 194.343c9.373 9.373 9.373 24.569 0 33.941l-22.667 22.667c-9.357 9.357-24.522 9.375-33.901.04L224 227.495 69.255 381.516c-9.379 9.335-24.544 9.317-33.901-.04l-22.667-22.667c-9.373-9.373-9.373-24.569 0-33.941L207.03 130.525c9.372-9.373 24.568-9.373 33.941-.001z\"><\/path><\/svg><\/span>\n\t\t\t<span class='e-closed'><svg aria-hidden=\"true\" class=\"e-font-icon-svg e-fas-chevron-right\" viewBox=\"0 0 320 512\" xmlns=\"http:\/\/www.w3.org\/2000\/svg\"><path d=\"M285.476 272.971L91.132 467.314c-9.373 9.373-24.569 9.373-33.941 0l-22.667-22.667c-9.357-9.357-9.375-24.522-.04-33.901L188.505 256 34.484 101.255c-9.335-9.379-9.317-24.544.04-33.901l22.667-22.667c9.373-9.373 24.569-9.373 33.941 0L285.475 239.03c9.373 9.372 9.373 24.568.001 33.941z\"><\/path><\/svg><\/span>\n\t\t<\/span>\n\n\t\t\t\t\t\t<\/summary>\n\t\t\t\t<div role=\"region\" aria-labelledby=\"e-n-accordion-item-2334\" class=\"elementor-element elementor-element-c4cc06b e-flex e-con-boxed e-con e-child\" data-id=\"c4cc06b\" data-element_type=\"container\" data-e-type=\"container\">\n\t\t\t\t\t<div class=\"e-con-inner\">\n\t\t<div role=\"region\" aria-labelledby=\"e-n-accordion-item-2334\" class=\"elementor-element elementor-element-04d3fba e-con-full e-flex e-con e-child\" data-id=\"04d3fba\" data-element_type=\"container\" data-e-type=\"container\">\n\t\t\t\t<div class=\"elementor-element elementor-element-996316b elementor-widget elementor-widget-image\" data-id=\"996316b\" data-element_type=\"widget\" data-e-type=\"widget\" data-widget_type=\"image.default\">\n\t\t\t\t\t\t\t\t\t\t\t\t\t\t\t<img loading=\"lazy\" decoding=\"async\" width=\"600\" height=\"600\" src=\"https:\/\/adesampa.com.br\/amplificacine\/wp-content\/uploads\/2025\/09\/Cleopatra-Filmes.png\" class=\"attachment-full size-full wp-image-12285\" alt=\"\" srcset=\"https:\/\/adesampa.com.br\/amplificacine\/wp-content\/uploads\/2025\/09\/Cleopatra-Filmes.png 600w, https:\/\/adesampa.com.br\/amplificacine\/wp-content\/uploads\/2025\/09\/Cleopatra-Filmes-300x300.png 300w, https:\/\/adesampa.com.br\/amplificacine\/wp-content\/uploads\/2025\/09\/Cleopatra-Filmes-150x150.png 150w, https:\/\/adesampa.com.br\/amplificacine\/wp-content\/uploads\/2025\/09\/elementor\/thumbs\/Cleopatra-Filmes-rca52evc21sb3tluyt84zuhug1t0k5pzivtuv3n414.png 260w\" sizes=\"(max-width: 600px) 100vw, 600px\" \/>\t\t\t\t\t\t\t\t\t\t\t\t\t\t\t<\/div>\n\t\t\t\t<div class=\"elementor-element elementor-element-c58130b elementor-widget elementor-widget-text-editor\" data-id=\"c58130b\" data-element_type=\"widget\" data-e-type=\"widget\" data-widget_type=\"text-editor.default\">\n\t\t\t\t\t\t\t\t\t<p><b>Cleopatra Filmes e Multim\u00eddia<\/b><\/p><p><strong>Proponentes:<\/strong>\u00a0Luanna Sampaio e Raquel Hisse<\/p><p><strong>Cria\u00e7\u00e3o:<\/strong>\u00a02023<\/p><p><strong>Intersec\u00e7\u00e3o setorial:<\/strong><\/p><p>Produtora de cinema e s\u00e9ries, Produtora de conte\u00fado digital e podcast, Produtora de videoclipes<\/p><p><strong>Miss\u00e3o e valores:\u00a0<\/strong><\/p><p>Visamos democratizar a ind\u00fastria criativa com inova\u00e7\u00e3o e inclus\u00e3o. Queremos romper a hegemonia elitista do meio, criando uma comunidade de mulheres, negrxs, e LGBT. Nossos valores s\u00e3o a inclus\u00e3o racial, igualdade de g\u00eanero e sustentabilidade.<\/p><p><strong>Servi\u00e7os ofertados:<\/strong><\/p><p>Somos uma produtora que foca no talento e no potencial de cada profissional que comp\u00f5e nossos sets. Nossa especialidade s\u00e3o filmes de fic\u00e7\u00e3o (curtas e longas) e videoclipes. Al\u00e9m disso trabalhamos com aftermovies, fashion films e institucionais.<\/p><p><strong>Vis\u00e3o de futuro:<\/strong><\/p><p>Como proje\u00e7\u00e3o para os pr\u00f3ximos anos, n\u00f3s estaremos com um portf\u00f3lio robusto de produ\u00e7\u00f5es de videoclipes com artistas e curtas de fic\u00e7\u00e3o, e na produ\u00e7\u00e3o do primeiro longa de fic\u00e7\u00e3o da produtora.<\/p><p><strong>Objetivos de desenvolvimento sustent\u00e1vel:<\/strong><\/p><ol start=\"5\"><li>Igualdade de G\u00eanero<\/li><\/ol><ol start=\"10\"><li>Redu\u00e7\u00e3o das Desigualdades<\/li><\/ol><ol start=\"12\"><li>Consumo e Produ\u00e7\u00e3o Respons\u00e1veis<\/li><\/ol><p><strong>Canais de comunica\u00e7\u00e3o:<\/strong><\/p><p>site:\u00a0<a href=\"http:\/\/www.cleopatrafilmes.com.br\/\">www.cleopatrafilmes.com.br<\/a><\/p><p>instagram:\u00a0<a href=\"https:\/\/www.instagram.com\/cleopatrafilmes\">https:\/\/www.instagram.com\/cleopatrafilmes<\/a><\/p><p>facebook:\u00a0<a href=\"https:\/\/www.facebook.com\/cleopatrafilmes\">https:\/\/www.facebook.com\/cleopatrafilmes<\/a><\/p><p>linkedin:\u00a0<a href=\"https:\/\/www.linkedin.com\/company\/cleopatra-filmes-e-multim%C3%ADdia\/\">https:\/\/www.linkedin.com\/company\/cleopatra-filmes-e-multim\u00eddia\/<\/a><\/p><p>e-mail: luanna@cleopatrafilmes.com.br<\/p>\t\t\t\t\t\t\t\t<\/div>\n\t\t\t\t<\/div>\n\t\t\t\t\t<\/div>\n\t\t\t\t<\/div>\n\t\t\t\t\t<\/details>\n\t\t\t\t\t\t<details id=\"e-n-accordion-item-2335\" class=\"e-n-accordion-item\" >\n\t\t\t\t<summary class=\"e-n-accordion-item-title\" data-accordion-index=\"6\" tabindex=\"-1\" aria-expanded=\"false\" aria-controls=\"e-n-accordion-item-2335\" >\n\t\t\t\t\t<span class='e-n-accordion-item-title-header'><div class=\"e-n-accordion-item-title-text\"> KE Produ\u00e7\u00f5es <\/div><\/span>\n\t\t\t\t\t\t\t<span class='e-n-accordion-item-title-icon'>\n\t\t\t<span class='e-opened' ><svg aria-hidden=\"true\" class=\"e-font-icon-svg e-fas-chevron-up\" viewBox=\"0 0 448 512\" xmlns=\"http:\/\/www.w3.org\/2000\/svg\"><path d=\"M240.971 130.524l194.343 194.343c9.373 9.373 9.373 24.569 0 33.941l-22.667 22.667c-9.357 9.357-24.522 9.375-33.901.04L224 227.495 69.255 381.516c-9.379 9.335-24.544 9.317-33.901-.04l-22.667-22.667c-9.373-9.373-9.373-24.569 0-33.941L207.03 130.525c9.372-9.373 24.568-9.373 33.941-.001z\"><\/path><\/svg><\/span>\n\t\t\t<span class='e-closed'><svg aria-hidden=\"true\" class=\"e-font-icon-svg e-fas-chevron-right\" viewBox=\"0 0 320 512\" xmlns=\"http:\/\/www.w3.org\/2000\/svg\"><path d=\"M285.476 272.971L91.132 467.314c-9.373 9.373-24.569 9.373-33.941 0l-22.667-22.667c-9.357-9.357-9.375-24.522-.04-33.901L188.505 256 34.484 101.255c-9.335-9.379-9.317-24.544.04-33.901l22.667-22.667c9.373-9.373 24.569-9.373 33.941 0L285.475 239.03c9.373 9.372 9.373 24.568.001 33.941z\"><\/path><\/svg><\/span>\n\t\t<\/span>\n\n\t\t\t\t\t\t<\/summary>\n\t\t\t\t<div role=\"region\" aria-labelledby=\"e-n-accordion-item-2335\" class=\"elementor-element elementor-element-7163909 e-flex e-con-boxed e-con e-child\" data-id=\"7163909\" data-element_type=\"container\" data-e-type=\"container\">\n\t\t\t\t\t<div class=\"e-con-inner\">\n\t\t<div role=\"region\" aria-labelledby=\"e-n-accordion-item-2335\" class=\"elementor-element elementor-element-09c3efe e-con-full e-flex e-con e-child\" data-id=\"09c3efe\" data-element_type=\"container\" data-e-type=\"container\">\n\t\t\t\t<div class=\"elementor-element elementor-element-21d58b7 elementor-widget elementor-widget-image\" data-id=\"21d58b7\" data-element_type=\"widget\" data-e-type=\"widget\" data-widget_type=\"image.default\">\n\t\t\t\t\t\t\t\t\t\t\t\t\t\t\t<img loading=\"lazy\" decoding=\"async\" width=\"1002\" height=\"1002\" src=\"https:\/\/adesampa.com.br\/amplificacine\/wp-content\/uploads\/2025\/09\/KE-PRODUCOES.png\" class=\"attachment-full size-full wp-image-12294\" alt=\"\" srcset=\"https:\/\/adesampa.com.br\/amplificacine\/wp-content\/uploads\/2025\/09\/KE-PRODUCOES.png 1002w, https:\/\/adesampa.com.br\/amplificacine\/wp-content\/uploads\/2025\/09\/KE-PRODUCOES-300x300.png 300w, https:\/\/adesampa.com.br\/amplificacine\/wp-content\/uploads\/2025\/09\/KE-PRODUCOES-150x150.png 150w, https:\/\/adesampa.com.br\/amplificacine\/wp-content\/uploads\/2025\/09\/KE-PRODUCOES-768x768.png 768w, https:\/\/adesampa.com.br\/amplificacine\/wp-content\/uploads\/2025\/09\/elementor\/thumbs\/KE-PRODUCOES-rca5z7gmhyog61yzgzjjzkksk0613zwup77pmn0my0.png 260w\" sizes=\"(max-width: 1002px) 100vw, 1002px\" \/>\t\t\t\t\t\t\t\t\t\t\t\t\t\t\t<\/div>\n\t\t\t\t<div class=\"elementor-element elementor-element-3ffc262 elementor-widget elementor-widget-text-editor\" data-id=\"3ffc262\" data-element_type=\"widget\" data-e-type=\"widget\" data-widget_type=\"text-editor.default\">\n\t\t\t\t\t\t\t\t\t<p><strong>KE Produ\u00e7\u00f5es<\/strong><\/p><p><strong>Proponentes:<\/strong>\u00a0Kauan Ribeiro e Estella Oliveira<\/p><p><strong>Cria\u00e7\u00e3o:<\/strong>\u00a02022<\/p><p><strong>Intersec\u00e7\u00e3o setorial:<\/strong><\/p><p>Produtora de foto, v\u00eddeo e conte\u00fados digitais.<\/p><p><strong>Miss\u00e3o e Valores:<\/strong><\/p><p><strong>Valores:<\/strong><br \/>Honestidade e criatividade s\u00e3o princ\u00edpios inegoci\u00e1veis para n\u00f3s. Acreditamos que a verdadeira express\u00e3o s\u00f3 acontece quando \u00e9 aut\u00eantica, e proporcionamos um ambiente onde a criatividade pode se desenvolver livremente.<\/p><p><strong>Miss\u00e3o:<\/strong><br \/>Tornar acess\u00edvel a produ\u00e7\u00e3o de conte\u00fado audiovisual para pequenas empresas e institui\u00e7\u00f5es, democratizando o acesso a ferramentas e estrat\u00e9gias de comunica\u00e7\u00e3o de qualidade.<\/p><p><strong>Servi\u00e7os Ofertados:<\/strong><\/p><p>Na KE Produ\u00e7\u00f5es, oferecemos uma ampla gama de servi\u00e7os, como v\u00eddeos institucionais, propagandas, cobertura de eventos, transmiss\u00f5es ao vivo, produ\u00e7\u00e3o de conte\u00fado para redes sociais e m\u00eddias digitais, al\u00e9m da cria\u00e7\u00e3o de bancos de imagens personalizados.<\/p><p><strong>Vis\u00e3o de Futuro:<\/strong><\/p><p>Nos consolidaremos como a principal produtora de solu\u00e7\u00f5es audiovisuais para pequenas e m\u00e9dias empresas, ampliando nosso alcance, sempre inovando e garantindo acessibilidade.<\/p><p><strong>Objetivos de Desenvolvimento Sustent\u00e1vel (ODS):<\/strong><\/p><ol start=\"4\"><li>Educa\u00e7\u00e3o de Qualidade<\/li><\/ol><ol start=\"8\"><li>Trabalho Decente e Crescimento Econ\u00f4mico<\/li><\/ol><ol start=\"10\"><li>Redu\u00e7\u00e3o das Desigualdades<\/li><\/ol><p><strong>Canais de Comunica\u00e7\u00e3o:<\/strong><\/p><p>Website: www.keproducoes.com<br \/>Instagram: @ke.producoes<br \/>E-mail: comunicacao@keproducoes.com<br \/>Telefone (Whatsapp):+55 11 95090-2339<\/p>\t\t\t\t\t\t\t\t<\/div>\n\t\t\t\t<\/div>\n\t\t\t\t\t<\/div>\n\t\t\t\t<\/div>\n\t\t\t\t\t<\/details>\n\t\t\t\t\t\t<details id=\"e-n-accordion-item-2336\" class=\"e-n-accordion-item\" >\n\t\t\t\t<summary class=\"e-n-accordion-item-title\" data-accordion-index=\"7\" tabindex=\"-1\" aria-expanded=\"false\" aria-controls=\"e-n-accordion-item-2336\" >\n\t\t\t\t\t<span class='e-n-accordion-item-title-header'><div class=\"e-n-accordion-item-title-text\"> S\u00e3o Paulo em Cores <\/div><\/span>\n\t\t\t\t\t\t\t<span class='e-n-accordion-item-title-icon'>\n\t\t\t<span class='e-opened' ><svg aria-hidden=\"true\" class=\"e-font-icon-svg e-fas-chevron-up\" viewBox=\"0 0 448 512\" xmlns=\"http:\/\/www.w3.org\/2000\/svg\"><path d=\"M240.971 130.524l194.343 194.343c9.373 9.373 9.373 24.569 0 33.941l-22.667 22.667c-9.357 9.357-24.522 9.375-33.901.04L224 227.495 69.255 381.516c-9.379 9.335-24.544 9.317-33.901-.04l-22.667-22.667c-9.373-9.373-9.373-24.569 0-33.941L207.03 130.525c9.372-9.373 24.568-9.373 33.941-.001z\"><\/path><\/svg><\/span>\n\t\t\t<span class='e-closed'><svg aria-hidden=\"true\" class=\"e-font-icon-svg e-fas-chevron-right\" viewBox=\"0 0 320 512\" xmlns=\"http:\/\/www.w3.org\/2000\/svg\"><path d=\"M285.476 272.971L91.132 467.314c-9.373 9.373-24.569 9.373-33.941 0l-22.667-22.667c-9.357-9.357-9.375-24.522-.04-33.901L188.505 256 34.484 101.255c-9.335-9.379-9.317-24.544.04-33.901l22.667-22.667c9.373-9.373 24.569-9.373 33.941 0L285.475 239.03c9.373 9.372 9.373 24.568.001 33.941z\"><\/path><\/svg><\/span>\n\t\t<\/span>\n\n\t\t\t\t\t\t<\/summary>\n\t\t\t\t<div role=\"region\" aria-labelledby=\"e-n-accordion-item-2336\" class=\"elementor-element elementor-element-2dac2d7 e-flex e-con-boxed e-con e-child\" data-id=\"2dac2d7\" data-element_type=\"container\" data-e-type=\"container\">\n\t\t\t\t\t<div class=\"e-con-inner\">\n\t\t<div role=\"region\" aria-labelledby=\"e-n-accordion-item-2336\" class=\"elementor-element elementor-element-b1a0057 e-con-full e-flex e-con e-child\" data-id=\"b1a0057\" data-element_type=\"container\" data-e-type=\"container\">\n\t\t\t\t<div class=\"elementor-element elementor-element-48cde9d elementor-widget elementor-widget-image\" data-id=\"48cde9d\" data-element_type=\"widget\" data-e-type=\"widget\" data-widget_type=\"image.default\">\n\t\t\t\t\t\t\t\t\t\t\t\t\t\t\t<img loading=\"lazy\" decoding=\"async\" width=\"600\" height=\"600\" src=\"https:\/\/adesampa.com.br\/amplificacine\/wp-content\/uploads\/2025\/09\/SAO-PAULO-EM-CORES.png\" class=\"attachment-full size-full wp-image-12295\" alt=\"\" srcset=\"https:\/\/adesampa.com.br\/amplificacine\/wp-content\/uploads\/2025\/09\/SAO-PAULO-EM-CORES.png 600w, https:\/\/adesampa.com.br\/amplificacine\/wp-content\/uploads\/2025\/09\/SAO-PAULO-EM-CORES-300x300.png 300w, https:\/\/adesampa.com.br\/amplificacine\/wp-content\/uploads\/2025\/09\/SAO-PAULO-EM-CORES-150x150.png 150w, https:\/\/adesampa.com.br\/amplificacine\/wp-content\/uploads\/2025\/09\/elementor\/thumbs\/SAO-PAULO-EM-CORES-rca6119bsd6iqrbesrzfu3z24z5q2t62a8vp80b2ug.png 260w\" sizes=\"(max-width: 600px) 100vw, 600px\" \/>\t\t\t\t\t\t\t\t\t\t\t\t\t\t\t<\/div>\n\t\t\t\t<div class=\"elementor-element elementor-element-d9efde4 elementor-widget elementor-widget-text-editor\" data-id=\"d9efde4\" data-element_type=\"widget\" data-e-type=\"widget\" data-widget_type=\"text-editor.default\">\n\t\t\t\t\t\t\t\t\t<p><b>S\u00e3o Paulo em Cores<\/b><\/p><p><strong>Proponentes:<\/strong>\u00a0Emerson Monteiro Sobreiro e Vilma Lopes do Nascimento<\/p><p><strong>Cria\u00e7\u00e3o:<\/strong>\u00a02023<\/p><p><strong>Intersec\u00e7\u00e3o setorial:<\/strong><\/p><p>Produtora de cinema e s\u00e9ries, Produtoras de anima\u00e7\u00e3o<\/p><p><strong>Miss\u00e3o e valores:<\/strong>\u00a0<\/p><p>A miss\u00e3o da S\u00e3o Paulo em Cores \u00e9 transformar a arte e a tecnologia em ferramentas de inclus\u00e3o social e cultural.<\/p><p>Nossos valores fundamentais s\u00e3o a inclus\u00e3o, diversidade, criatividade e compromisso social.<\/p><p><strong>Servi\u00e7os ofertados:<\/strong><\/p><p>A S\u00e3o Paulo em Cores oferece produ\u00e7\u00e3o audiovisual especializada em anima\u00e7\u00f5es inclusivas e document\u00e1rios interativos.<\/p><p>Nosso grande diferencial da S\u00e3o Paulo em Cores \u00e9 sua abordagem integrada de arte e impacto social.<\/p><p><strong>Vis\u00e3o de futuro:<\/strong><\/p><p>A S\u00e3o Paulo em Cores visa unir arte e tecnologia para construir pontes sociais e culturais, tornando-se refer\u00eancia global em conte\u00fados audiovisuais que promovem inclus\u00e3o e representatividade.<\/p><p><strong>Objetivos de desenvolvimento sustent\u00e1vel:<\/strong><\/p><ol start=\"4\"><li>Educa\u00e7\u00e3o de Qualidade,<\/li><\/ol><ol start=\"8\"><li>Igualdade de G\u00eanero,<\/li><\/ol><ol start=\"10\"><li>Redu\u00e7\u00e3o das Desigualdades<\/li><\/ol><p><strong>Canais de comunica\u00e7\u00e3o:<\/strong><\/p><p>Site:\u00a0<a href=\"http:\/\/www.ems.eti.br\/saopauloemcores\">www.ems.eti.br\/saopauloemcores<\/a><\/p><p>E-mail: emont4@gmail.com<\/p>\t\t\t\t\t\t\t\t<\/div>\n\t\t\t\t<\/div>\n\t\t\t\t\t<\/div>\n\t\t\t\t<\/div>\n\t\t\t\t\t<\/details>\n\t\t\t\t\t\t<details id=\"e-n-accordion-item-2337\" class=\"e-n-accordion-item\" >\n\t\t\t\t<summary class=\"e-n-accordion-item-title\" data-accordion-index=\"8\" tabindex=\"-1\" aria-expanded=\"false\" aria-controls=\"e-n-accordion-item-2337\" >\n\t\t\t\t\t<span class='e-n-accordion-item-title-header'><div class=\"e-n-accordion-item-title-text\"> CONCHA produtora <\/div><\/span>\n\t\t\t\t\t\t\t<span class='e-n-accordion-item-title-icon'>\n\t\t\t<span class='e-opened' ><svg aria-hidden=\"true\" class=\"e-font-icon-svg e-fas-chevron-up\" viewBox=\"0 0 448 512\" xmlns=\"http:\/\/www.w3.org\/2000\/svg\"><path d=\"M240.971 130.524l194.343 194.343c9.373 9.373 9.373 24.569 0 33.941l-22.667 22.667c-9.357 9.357-24.522 9.375-33.901.04L224 227.495 69.255 381.516c-9.379 9.335-24.544 9.317-33.901-.04l-22.667-22.667c-9.373-9.373-9.373-24.569 0-33.941L207.03 130.525c9.372-9.373 24.568-9.373 33.941-.001z\"><\/path><\/svg><\/span>\n\t\t\t<span class='e-closed'><svg aria-hidden=\"true\" class=\"e-font-icon-svg e-fas-chevron-right\" viewBox=\"0 0 320 512\" xmlns=\"http:\/\/www.w3.org\/2000\/svg\"><path d=\"M285.476 272.971L91.132 467.314c-9.373 9.373-24.569 9.373-33.941 0l-22.667-22.667c-9.357-9.357-9.375-24.522-.04-33.901L188.505 256 34.484 101.255c-9.335-9.379-9.317-24.544.04-33.901l22.667-22.667c9.373-9.373 24.569-9.373 33.941 0L285.475 239.03c9.373 9.372 9.373 24.568.001 33.941z\"><\/path><\/svg><\/span>\n\t\t<\/span>\n\n\t\t\t\t\t\t<\/summary>\n\t\t\t\t<div role=\"region\" aria-labelledby=\"e-n-accordion-item-2337\" class=\"elementor-element elementor-element-e3d5d68 e-flex e-con-boxed e-con e-child\" data-id=\"e3d5d68\" data-element_type=\"container\" data-e-type=\"container\">\n\t\t\t\t\t<div class=\"e-con-inner\">\n\t\t<div role=\"region\" aria-labelledby=\"e-n-accordion-item-2337\" class=\"elementor-element elementor-element-b2d868c e-con-full e-flex e-con e-child\" data-id=\"b2d868c\" data-element_type=\"container\" data-e-type=\"container\">\n\t\t\t\t<div class=\"elementor-element elementor-element-0591c0a elementor-widget elementor-widget-image\" data-id=\"0591c0a\" data-element_type=\"widget\" data-e-type=\"widget\" data-widget_type=\"image.default\">\n\t\t\t\t\t\t\t\t\t\t\t\t\t\t\t<img loading=\"lazy\" decoding=\"async\" width=\"2560\" height=\"2560\" src=\"https:\/\/adesampa.com.br\/amplificacine\/wp-content\/uploads\/2025\/09\/CON.CHA_-scaled.png\" class=\"attachment-full size-full wp-image-12296\" alt=\"\" srcset=\"https:\/\/adesampa.com.br\/amplificacine\/wp-content\/uploads\/2025\/09\/CON.CHA_-scaled.png 2560w, https:\/\/adesampa.com.br\/amplificacine\/wp-content\/uploads\/2025\/09\/CON.CHA_-300x300.png 300w, https:\/\/adesampa.com.br\/amplificacine\/wp-content\/uploads\/2025\/09\/CON.CHA_-1024x1024.png 1024w, https:\/\/adesampa.com.br\/amplificacine\/wp-content\/uploads\/2025\/09\/CON.CHA_-150x150.png 150w, https:\/\/adesampa.com.br\/amplificacine\/wp-content\/uploads\/2025\/09\/CON.CHA_-768x768.png 768w, https:\/\/adesampa.com.br\/amplificacine\/wp-content\/uploads\/2025\/09\/CON.CHA_-1536x1536.png 1536w, https:\/\/adesampa.com.br\/amplificacine\/wp-content\/uploads\/2025\/09\/CON.CHA_-2048x2048.png 2048w, https:\/\/adesampa.com.br\/amplificacine\/wp-content\/uploads\/2025\/09\/elementor\/thumbs\/CON.CHA_-scaled-rca62ytdu3tqlwidim1tymf63hmvweu77t5mqhfy20.png 260w\" sizes=\"(max-width: 2560px) 100vw, 2560px\" \/>\t\t\t\t\t\t\t\t\t\t\t\t\t\t\t<\/div>\n\t\t\t\t<div class=\"elementor-element elementor-element-8679ae6 elementor-widget elementor-widget-text-editor\" data-id=\"8679ae6\" data-element_type=\"widget\" data-e-type=\"widget\" data-widget_type=\"text-editor.default\">\n\t\t\t\t\t\t\t\t\t<p><b>CONCHA produtora<\/b><\/p><p><strong>Proponentes:\u00a0<\/strong>Mari Neris e Nath Ferran<\/p><p><strong>Cria\u00e7\u00e3o:<\/strong>\u00a02021<\/p><p><strong>Intersec\u00e7\u00e3o setorial:<\/strong><\/p><p>Produtora de cinema e s\u00e9ries, Produtora de conte\u00fado digital e podcast<\/p><p><strong>Miss\u00e3o e valores:\u00a0<\/strong><\/p><p>Inspirar as mulheres a serem protagonistas de suas hist\u00f3rias atrav\u00e9s de obras audiovisuais de impacto, com protagonismo feminino e equipe majoritariamente feminina.<\/p><p><strong>Servi\u00e7os ofertados:<\/strong><\/p><p>Nicho Conte\u00fado: produ\u00e7\u00e3o e dire\u00e7\u00e3o de curtas e longa-metragens de fic\u00e7\u00e3o e document\u00e1rio, roteiro<\/p><p>Nicho Publicidade: produ\u00e7\u00e3o de cursos, institucional, cobertura de eventos, conte\u00fado para redes sociais, edi\u00e7\u00e3o de v\u00eddeos\/ stories, roteiros<\/p><p><strong>Miss\u00e3o de futuro:<\/strong><\/p><p>Daqui 5 anos, vemos a CONCHA sendo rent\u00e1vel financeiramente, tendo produzido\/ dirigido ao menos 3 curtas, com rotatividade est\u00e1vel de clientes e novas parcerias com produtoras maiores e marcas.<\/p><p><strong>Objetivos de desenvolvimento sustent\u00e1vel:<\/strong><\/p><ol start=\"5\"><li>Igualdade de G\u00eanero<\/li><\/ol><ol start=\"8\"><li>Trabalho Decente e Crescimento Econ\u00f4mico,<\/li><\/ol><ol start=\"10\"><li>Redu\u00e7\u00e3o das Desigualdades<\/li><\/ol><p><strong>Canais de comunica\u00e7\u00e3o:<\/strong><\/p><p>Instagram: @concha_produtora<\/p><p>E-mail: aconchaprodutora@gmail.com<\/p>\t\t\t\t\t\t\t\t<\/div>\n\t\t\t\t<\/div>\n\t\t\t\t\t<\/div>\n\t\t\t\t<\/div>\n\t\t\t\t\t<\/details>\n\t\t\t\t\t\t<details id=\"e-n-accordion-item-2338\" class=\"e-n-accordion-item\" >\n\t\t\t\t<summary class=\"e-n-accordion-item-title\" data-accordion-index=\"9\" tabindex=\"-1\" aria-expanded=\"false\" aria-controls=\"e-n-accordion-item-2338\" >\n\t\t\t\t\t<span class='e-n-accordion-item-title-header'><div class=\"e-n-accordion-item-title-text\"> Settelab <\/div><\/span>\n\t\t\t\t\t\t\t<span class='e-n-accordion-item-title-icon'>\n\t\t\t<span class='e-opened' ><svg aria-hidden=\"true\" class=\"e-font-icon-svg e-fas-chevron-up\" viewBox=\"0 0 448 512\" xmlns=\"http:\/\/www.w3.org\/2000\/svg\"><path d=\"M240.971 130.524l194.343 194.343c9.373 9.373 9.373 24.569 0 33.941l-22.667 22.667c-9.357 9.357-24.522 9.375-33.901.04L224 227.495 69.255 381.516c-9.379 9.335-24.544 9.317-33.901-.04l-22.667-22.667c-9.373-9.373-9.373-24.569 0-33.941L207.03 130.525c9.372-9.373 24.568-9.373 33.941-.001z\"><\/path><\/svg><\/span>\n\t\t\t<span class='e-closed'><svg aria-hidden=\"true\" class=\"e-font-icon-svg e-fas-chevron-right\" viewBox=\"0 0 320 512\" xmlns=\"http:\/\/www.w3.org\/2000\/svg\"><path d=\"M285.476 272.971L91.132 467.314c-9.373 9.373-24.569 9.373-33.941 0l-22.667-22.667c-9.357-9.357-9.375-24.522-.04-33.901L188.505 256 34.484 101.255c-9.335-9.379-9.317-24.544.04-33.901l22.667-22.667c9.373-9.373 24.569-9.373 33.941 0L285.475 239.03c9.373 9.372 9.373 24.568.001 33.941z\"><\/path><\/svg><\/span>\n\t\t<\/span>\n\n\t\t\t\t\t\t<\/summary>\n\t\t\t\t<div role=\"region\" aria-labelledby=\"e-n-accordion-item-2338\" class=\"elementor-element elementor-element-776de3b e-flex e-con-boxed e-con e-child\" data-id=\"776de3b\" data-element_type=\"container\" data-e-type=\"container\">\n\t\t\t\t\t<div class=\"e-con-inner\">\n\t\t<div role=\"region\" aria-labelledby=\"e-n-accordion-item-2338\" class=\"elementor-element elementor-element-aadb001 e-con-full e-flex e-con e-child\" data-id=\"aadb001\" data-element_type=\"container\" data-e-type=\"container\">\n\t\t\t\t<div class=\"elementor-element elementor-element-baf2665 elementor-widget elementor-widget-image\" data-id=\"baf2665\" data-element_type=\"widget\" data-e-type=\"widget\" data-widget_type=\"image.default\">\n\t\t\t\t\t\t\t\t\t\t\t\t\t\t\t<img loading=\"lazy\" decoding=\"async\" width=\"600\" height=\"600\" src=\"https:\/\/adesampa.com.br\/amplificacine\/wp-content\/uploads\/2025\/09\/SETTELAB.png\" class=\"attachment-full size-full wp-image-12297\" alt=\"\" srcset=\"https:\/\/adesampa.com.br\/amplificacine\/wp-content\/uploads\/2025\/09\/SETTELAB.png 600w, https:\/\/adesampa.com.br\/amplificacine\/wp-content\/uploads\/2025\/09\/SETTELAB-300x300.png 300w, https:\/\/adesampa.com.br\/amplificacine\/wp-content\/uploads\/2025\/09\/SETTELAB-150x150.png 150w, https:\/\/adesampa.com.br\/amplificacine\/wp-content\/uploads\/2025\/09\/elementor\/thumbs\/SETTELAB-rca6b5ypg31rvglnn5mopjxwmh851ddx0e03fdabs8.png 260w\" sizes=\"(max-width: 600px) 100vw, 600px\" \/>\t\t\t\t\t\t\t\t\t\t\t\t\t\t\t<\/div>\n\t\t\t\t<div class=\"elementor-element elementor-element-fd72a5d elementor-widget elementor-widget-text-editor\" data-id=\"fd72a5d\" data-element_type=\"widget\" data-e-type=\"widget\" data-widget_type=\"text-editor.default\">\n\t\t\t\t\t\t\t\t\t<p><b>Settelab<\/b><\/p><p><strong>Proponentes:\u00a0<\/strong>Matheus Mendes e Norranelly Salvador<\/p><p><strong>Cria\u00e7\u00e3o:<\/strong>\u00a02023<\/p><p><strong>Intersec\u00e7\u00e3o setorial:<\/strong><\/p><p>Produtora de cinema e s\u00e9ries, Produtora de conte\u00fado digital e podcast<\/p><p><strong>Miss\u00e3o e valores:\u00a0<\/strong><\/p><p>Traduzir ideias em narrativas visuais impactantes com resultados aut\u00eanticos, inventivos e impactantes.<\/p><p>\u2013 Alta Performance<\/p><p>\u2013 Excel\u00eancia Criativa<\/p><p>\u2013 Diversidade de Ponta a Ponta<\/p><p>\u2013 Excel\u00eancia no Atendimento<\/p><p><strong>Servi\u00e7os ofertados:<\/strong><\/p><p>Produtora de filmes publicit\u00e1rios, clipes e conte\u00fados para cinema e TV. Nos destacamos na alta performance no atendimento e entrega. Atrelados a uma equipe que valoriza a pluralidade de ponta a ponta.<\/p><p><strong>Vis\u00e3o de futuro:<\/strong><\/p><p>Consolidada como uma das principais produtoras da nova gera\u00e7\u00e3o do pa\u00eds, reconhecida pelo impacto de seus filmes, premia\u00e7\u00f5es e sua relev\u00e2ncia social e cultural para o setor.<\/p><p><strong>Objetivos de desenvolvimento sustent\u00e1vel:<\/strong><\/p><ol start=\"5\"><li>Igualdade de G\u00eanero<\/li><\/ol><ol start=\"8\"><li>Trabalho Decente e Crescimento Econ\u00f4mico<\/li><\/ol><ol start=\"10\"><li>Redu\u00e7\u00e3o das Desigualdades<\/li><\/ol><p><strong>Canais de comunica\u00e7\u00e3o:\u00a0<\/strong><\/p><p>Instagram: @sette.lab<\/p><p>Site: https:\/\/www.settelab.com\/<\/p>\t\t\t\t\t\t\t\t<\/div>\n\t\t\t\t<\/div>\n\t\t\t\t\t<\/div>\n\t\t\t\t<\/div>\n\t\t\t\t\t<\/details>\n\t\t\t\t\t\t<details id=\"e-n-accordion-item-2339\" class=\"e-n-accordion-item\" >\n\t\t\t\t<summary class=\"e-n-accordion-item-title\" data-accordion-index=\"10\" tabindex=\"-1\" aria-expanded=\"false\" aria-controls=\"e-n-accordion-item-2339\" >\n\t\t\t\t\t<span class='e-n-accordion-item-title-header'><div class=\"e-n-accordion-item-title-text\"> Ecoar \u2013 Produtora de Comunica\u00e7\u00e3o <\/div><\/span>\n\t\t\t\t\t\t\t<span class='e-n-accordion-item-title-icon'>\n\t\t\t<span class='e-opened' ><svg aria-hidden=\"true\" class=\"e-font-icon-svg e-fas-chevron-up\" viewBox=\"0 0 448 512\" xmlns=\"http:\/\/www.w3.org\/2000\/svg\"><path d=\"M240.971 130.524l194.343 194.343c9.373 9.373 9.373 24.569 0 33.941l-22.667 22.667c-9.357 9.357-24.522 9.375-33.901.04L224 227.495 69.255 381.516c-9.379 9.335-24.544 9.317-33.901-.04l-22.667-22.667c-9.373-9.373-9.373-24.569 0-33.941L207.03 130.525c9.372-9.373 24.568-9.373 33.941-.001z\"><\/path><\/svg><\/span>\n\t\t\t<span class='e-closed'><svg aria-hidden=\"true\" class=\"e-font-icon-svg e-fas-chevron-right\" viewBox=\"0 0 320 512\" xmlns=\"http:\/\/www.w3.org\/2000\/svg\"><path d=\"M285.476 272.971L91.132 467.314c-9.373 9.373-24.569 9.373-33.941 0l-22.667-22.667c-9.357-9.357-9.375-24.522-.04-33.901L188.505 256 34.484 101.255c-9.335-9.379-9.317-24.544.04-33.901l22.667-22.667c9.373-9.373 24.569-9.373 33.941 0L285.475 239.03c9.373 9.372 9.373 24.568.001 33.941z\"><\/path><\/svg><\/span>\n\t\t<\/span>\n\n\t\t\t\t\t\t<\/summary>\n\t\t\t\t<div role=\"region\" aria-labelledby=\"e-n-accordion-item-2339\" class=\"elementor-element elementor-element-423a108 e-flex e-con-boxed e-con e-child\" data-id=\"423a108\" data-element_type=\"container\" data-e-type=\"container\">\n\t\t\t\t\t<div class=\"e-con-inner\">\n\t\t<div role=\"region\" aria-labelledby=\"e-n-accordion-item-2339\" class=\"elementor-element elementor-element-646bf13 e-con-full e-flex e-con e-child\" data-id=\"646bf13\" data-element_type=\"container\" data-e-type=\"container\">\n\t\t\t\t<div class=\"elementor-element elementor-element-3e45ead elementor-widget elementor-widget-image\" data-id=\"3e45ead\" data-element_type=\"widget\" data-e-type=\"widget\" data-widget_type=\"image.default\">\n\t\t\t\t\t\t\t\t\t\t\t\t\t\t\t<img loading=\"lazy\" decoding=\"async\" width=\"1080\" height=\"1080\" src=\"https:\/\/adesampa.com.br\/amplificacine\/wp-content\/uploads\/2025\/09\/ECOAR.png\" class=\"attachment-full size-full wp-image-12298\" alt=\"\" srcset=\"https:\/\/adesampa.com.br\/amplificacine\/wp-content\/uploads\/2025\/09\/ECOAR.png 1080w, https:\/\/adesampa.com.br\/amplificacine\/wp-content\/uploads\/2025\/09\/ECOAR-300x300.png 300w, https:\/\/adesampa.com.br\/amplificacine\/wp-content\/uploads\/2025\/09\/ECOAR-1024x1024.png 1024w, https:\/\/adesampa.com.br\/amplificacine\/wp-content\/uploads\/2025\/09\/ECOAR-150x150.png 150w, https:\/\/adesampa.com.br\/amplificacine\/wp-content\/uploads\/2025\/09\/ECOAR-768x768.png 768w, https:\/\/adesampa.com.br\/amplificacine\/wp-content\/uploads\/2025\/09\/elementor\/thumbs\/ECOAR-rca6cgymxsu3zype0py1682ybqshq8khuumdf7cn54.png 260w\" sizes=\"(max-width: 1080px) 100vw, 1080px\" \/>\t\t\t\t\t\t\t\t\t\t\t\t\t\t\t<\/div>\n\t\t\t\t<div class=\"elementor-element elementor-element-8c9231a elementor-widget elementor-widget-text-editor\" data-id=\"8c9231a\" data-element_type=\"widget\" data-e-type=\"widget\" data-widget_type=\"text-editor.default\">\n\t\t\t\t\t\t\t\t\t<p><b>Ecoar \u2013 Produtora de Comunica\u00e7\u00e3o<\/b><\/p><p><strong>Proponentes:<\/strong>\u00a0Julia da Silva Biaggioli\u00a0 e Karina Menezes Tigre\u00a0<\/p><p><strong>Cria\u00e7\u00e3o:<\/strong>\u00a02022<\/p><p><strong>Intersec\u00e7\u00e3o setorial:<\/strong><\/p><p>Produtora de conte\u00fado digital e podcast, Empresa de estrat\u00e9gia de conte\u00fado, Produtora de foto e v\u00eddeo<\/p><p><strong>Miss\u00e3o e valores:<\/strong>\u00a0<\/p><p>Proposito: Ecoar hist\u00f3rias aut\u00eanticas, com sensibilidade e proposito<\/p><p>Valores: Narrativa, Afetividade, Diversidades, Efici\u00eancia e Confian\u00e7a<\/p><p><strong>Servi\u00e7os ofertados:<\/strong><\/p><p>Transformamos eventos em EXPERI\u00caNCIAS 360\u00ba!<\/p><p>Fazemos a cobertura do seu evento com uma estrat\u00e9gia de impacto digital e isso inclui a cobertura audiovisual, fotogr\u00e1fica, m\u00eddias em tempo real e o gerenciamento da campanha digital.<\/p><p><strong>Vis\u00e3o de futuro:<\/strong><\/p><p>Queremos ser uma das maiores produtoras de comunica\u00e7\u00e3o da cidade de S\u00e3o Paulo.<\/p><p><strong>Objetivos de desenvolvimento sustent\u00e1vel:<\/strong><\/p><ol start=\"8\"><li>Trabalho Decente e Crescimento Econ\u00f4mico<\/li><li>Ind\u00fastria, Inova\u00e7\u00e3o e Infraestrutura<\/li><li>Redu\u00e7\u00e3o das Desigualdades<\/li><\/ol><p><strong>Canais de comunica\u00e7\u00e3o:<\/strong><\/p><p>Instagram: https:\/\/www.instagram.com\/ecoar.produtora\/<\/p><p>LinkedIn:\u00a0<a href=\"https:\/\/www.linkedin.com\/company\/ecoarprodutora\/\">https:\/\/www.linkedin.com\/company\/ecoarprodutora\/<\/a><\/p><p>E-mail: comunicacao@ecoarprodutora.com<\/p>\t\t\t\t\t\t\t\t<\/div>\n\t\t\t\t<\/div>\n\t\t\t\t\t<\/div>\n\t\t\t\t<\/div>\n\t\t\t\t\t<\/details>\n\t\t\t\t\t\t<details id=\"e-n-accordion-item-23310\" class=\"e-n-accordion-item\" >\n\t\t\t\t<summary class=\"e-n-accordion-item-title\" data-accordion-index=\"11\" tabindex=\"-1\" aria-expanded=\"false\" aria-controls=\"e-n-accordion-item-23310\" >\n\t\t\t\t\t<span class='e-n-accordion-item-title-header'><div class=\"e-n-accordion-item-title-text\"> Carpe Filmes <\/div><\/span>\n\t\t\t\t\t\t\t<span class='e-n-accordion-item-title-icon'>\n\t\t\t<span class='e-opened' ><svg aria-hidden=\"true\" class=\"e-font-icon-svg e-fas-chevron-up\" viewBox=\"0 0 448 512\" xmlns=\"http:\/\/www.w3.org\/2000\/svg\"><path d=\"M240.971 130.524l194.343 194.343c9.373 9.373 9.373 24.569 0 33.941l-22.667 22.667c-9.357 9.357-24.522 9.375-33.901.04L224 227.495 69.255 381.516c-9.379 9.335-24.544 9.317-33.901-.04l-22.667-22.667c-9.373-9.373-9.373-24.569 0-33.941L207.03 130.525c9.372-9.373 24.568-9.373 33.941-.001z\"><\/path><\/svg><\/span>\n\t\t\t<span class='e-closed'><svg aria-hidden=\"true\" class=\"e-font-icon-svg e-fas-chevron-right\" viewBox=\"0 0 320 512\" xmlns=\"http:\/\/www.w3.org\/2000\/svg\"><path d=\"M285.476 272.971L91.132 467.314c-9.373 9.373-24.569 9.373-33.941 0l-22.667-22.667c-9.357-9.357-9.375-24.522-.04-33.901L188.505 256 34.484 101.255c-9.335-9.379-9.317-24.544.04-33.901l22.667-22.667c9.373-9.373 24.569-9.373 33.941 0L285.475 239.03c9.373 9.372 9.373 24.568.001 33.941z\"><\/path><\/svg><\/span>\n\t\t<\/span>\n\n\t\t\t\t\t\t<\/summary>\n\t\t\t\t<div role=\"region\" aria-labelledby=\"e-n-accordion-item-23310\" class=\"elementor-element elementor-element-1ff2371 e-flex e-con-boxed e-con e-child\" data-id=\"1ff2371\" data-element_type=\"container\" data-e-type=\"container\">\n\t\t\t\t\t<div class=\"e-con-inner\">\n\t\t<div role=\"region\" aria-labelledby=\"e-n-accordion-item-23310\" class=\"elementor-element elementor-element-f851ced e-con-full e-flex e-con e-child\" data-id=\"f851ced\" data-element_type=\"container\" data-e-type=\"container\">\n\t\t\t\t<div class=\"elementor-element elementor-element-f42186f elementor-widget elementor-widget-image\" data-id=\"f42186f\" data-element_type=\"widget\" data-e-type=\"widget\" data-widget_type=\"image.default\">\n\t\t\t\t\t\t\t\t\t\t\t\t\t\t\t<img loading=\"lazy\" decoding=\"async\" width=\"500\" height=\"500\" src=\"https:\/\/adesampa.com.br\/amplificacine\/wp-content\/uploads\/2025\/09\/Carpe-Filmes.png\" class=\"attachment-full size-full wp-image-12299\" alt=\"\" srcset=\"https:\/\/adesampa.com.br\/amplificacine\/wp-content\/uploads\/2025\/09\/Carpe-Filmes.png 500w, https:\/\/adesampa.com.br\/amplificacine\/wp-content\/uploads\/2025\/09\/Carpe-Filmes-300x300.png 300w, https:\/\/adesampa.com.br\/amplificacine\/wp-content\/uploads\/2025\/09\/Carpe-Filmes-150x150.png 150w, https:\/\/adesampa.com.br\/amplificacine\/wp-content\/uploads\/2025\/09\/elementor\/thumbs\/Carpe-Filmes-rca6earc87c6ko1tcidx0rh7wps6p1tpfwad0kn31k.png 260w\" sizes=\"(max-width: 500px) 100vw, 500px\" \/>\t\t\t\t\t\t\t\t\t\t\t\t\t\t\t<\/div>\n\t\t\t\t<div class=\"elementor-element elementor-element-4bf6148 elementor-widget elementor-widget-text-editor\" data-id=\"4bf6148\" data-element_type=\"widget\" data-e-type=\"widget\" data-widget_type=\"text-editor.default\">\n\t\t\t\t\t\t\t\t\t<p><b>Carpe Filmes<\/b><\/p><p><strong>Proponentes:<\/strong>\u00a0Ant\u00f4nio Cortez e Gabriel Bonavita<\/p><p><strong>Cria\u00e7\u00e3o:<\/strong>\u00a02019<\/p><p><strong>Intersec\u00e7\u00e3o setorial:<\/strong><\/p><p>Produtora de cinema e s\u00e9ries, Produtora de conte\u00fado digital e podcast, Ag\u00eancia de vendas audiovisual, Empresa de estrat\u00e9gia de conte\u00fado<\/p><p><strong>Miss\u00e3o e valores:\u00a0<\/strong><\/p><p>Produzir conte\u00fados audiovisuais que inspiram, conectam e transformam, usando criatividade, flexibilidade e agilidade para atender ao mercado, e com isso, promover mudan\u00e7as significativas, com responsabilidade social, inova\u00e7\u00e3o, diversidade e inclus\u00e3o.<\/p><p><strong>Servi\u00e7os ofertados:<\/strong><\/p><p>Sempre com criatividade, agilidade e foco no impacto visual, a Carpe Filmes cria conte\u00fados originais para o mercado de entretenimento. J\u00e1 a Corale Media, bra\u00e7o de servi\u00e7os da Carpe, oferece v\u00eddeos publicit\u00e1rios, institucionais e corporativos.<\/p><p><strong>Vis\u00e3o de futuro:<\/strong><\/p><p>Ser uma produtora refer\u00eancia no mercado audiovisual brasileiro, destacando-se pela criatividade, impacto, inova\u00e7\u00e3o e compromisso com diversidade, transformando ideias em narrativas visuais.<\/p><p><strong>Objetivos de desenvolvimento sustent\u00e1vel:<\/strong><\/p><ol start=\"5\"><li>Igualdade de G\u00eanero<\/li><\/ol><ol start=\"8\"><li>Trabalho Decente e Crescimento Econ\u00f4mico<\/li><\/ol><ol start=\"10\"><li>Redu\u00e7\u00e3o das Desigualdades<\/li><\/ol><p><strong>Canais de comunica\u00e7\u00e3o:<\/strong><\/p><p>Site:\u00a0<a href=\"https:\/\/www.carpeprodutora.com\/\">https:\/\/www.carpeprodutora.com\/<\/a><\/p><p>Instagram Carpe Filmes:\u00a0<a href=\"https:\/\/www.instagram.com\/carpecultural\/\">https:\/\/www.instagram.com\/carpecultural\/<\/a><\/p><p>Instagram Corale Media:\u00a0<a href=\"https:\/\/www.instagram.com\/coralemedia\/\">https:\/\/www.instagram.com\/coralemedia\/<\/a><\/p><p>Linkedin Carpe Filmes:\u00a0<a href=\"https:\/\/www.linkedin.com\/company\/carpeprodutora\/\">https:\/\/www.linkedin.com\/company\/carpeprodutora\/<\/a><\/p><p>Linkedin Corale Media:\u00a0<a href=\"https:\/\/www.linkedin.com\/company\/coralemedia\/\">https:\/\/www.linkedin.com\/company\/coralemedia\/<\/a><\/p><p>E-mail: carpefilmes@gmail.com<\/p>\t\t\t\t\t\t\t\t<\/div>\n\t\t\t\t<\/div>\n\t\t\t\t\t<\/div>\n\t\t\t\t<\/div>\n\t\t\t\t\t<\/details>\n\t\t\t\t\t\t<details id=\"e-n-accordion-item-23311\" class=\"e-n-accordion-item\" >\n\t\t\t\t<summary class=\"e-n-accordion-item-title\" data-accordion-index=\"12\" tabindex=\"-1\" aria-expanded=\"false\" aria-controls=\"e-n-accordion-item-23311\" >\n\t\t\t\t\t<span class='e-n-accordion-item-title-header'><div class=\"e-n-accordion-item-title-text\"> CineMafia <\/div><\/span>\n\t\t\t\t\t\t\t<span class='e-n-accordion-item-title-icon'>\n\t\t\t<span class='e-opened' ><svg aria-hidden=\"true\" class=\"e-font-icon-svg e-fas-chevron-up\" viewBox=\"0 0 448 512\" xmlns=\"http:\/\/www.w3.org\/2000\/svg\"><path d=\"M240.971 130.524l194.343 194.343c9.373 9.373 9.373 24.569 0 33.941l-22.667 22.667c-9.357 9.357-24.522 9.375-33.901.04L224 227.495 69.255 381.516c-9.379 9.335-24.544 9.317-33.901-.04l-22.667-22.667c-9.373-9.373-9.373-24.569 0-33.941L207.03 130.525c9.372-9.373 24.568-9.373 33.941-.001z\"><\/path><\/svg><\/span>\n\t\t\t<span class='e-closed'><svg aria-hidden=\"true\" class=\"e-font-icon-svg e-fas-chevron-right\" viewBox=\"0 0 320 512\" xmlns=\"http:\/\/www.w3.org\/2000\/svg\"><path d=\"M285.476 272.971L91.132 467.314c-9.373 9.373-24.569 9.373-33.941 0l-22.667-22.667c-9.357-9.357-9.375-24.522-.04-33.901L188.505 256 34.484 101.255c-9.335-9.379-9.317-24.544.04-33.901l22.667-22.667c9.373-9.373 24.569-9.373 33.941 0L285.475 239.03c9.373 9.372 9.373 24.568.001 33.941z\"><\/path><\/svg><\/span>\n\t\t<\/span>\n\n\t\t\t\t\t\t<\/summary>\n\t\t\t\t<div role=\"region\" aria-labelledby=\"e-n-accordion-item-23311\" class=\"elementor-element elementor-element-741b1c8 e-flex e-con-boxed e-con e-child\" data-id=\"741b1c8\" data-element_type=\"container\" data-e-type=\"container\">\n\t\t\t\t\t<div class=\"e-con-inner\">\n\t\t<div role=\"region\" aria-labelledby=\"e-n-accordion-item-23311\" class=\"elementor-element elementor-element-6ce45d3 e-con-full e-flex e-con e-child\" data-id=\"6ce45d3\" data-element_type=\"container\" data-e-type=\"container\">\n\t\t\t\t<div class=\"elementor-element elementor-element-6308d29 elementor-widget elementor-widget-image\" data-id=\"6308d29\" data-element_type=\"widget\" data-e-type=\"widget\" data-widget_type=\"image.default\">\n\t\t\t\t\t\t\t\t\t\t\t\t\t\t\t<img loading=\"lazy\" decoding=\"async\" width=\"2560\" height=\"1979\" src=\"https:\/\/adesampa.com.br\/amplificacine\/wp-content\/uploads\/2025\/09\/CINE-MAFIA-scaled.jpg\" class=\"attachment-full size-full wp-image-12300\" alt=\"\" srcset=\"https:\/\/adesampa.com.br\/amplificacine\/wp-content\/uploads\/2025\/09\/CINE-MAFIA-scaled.jpg 2560w, https:\/\/adesampa.com.br\/amplificacine\/wp-content\/uploads\/2025\/09\/CINE-MAFIA-300x232.jpg 300w, https:\/\/adesampa.com.br\/amplificacine\/wp-content\/uploads\/2025\/09\/CINE-MAFIA-1024x791.jpg 1024w, https:\/\/adesampa.com.br\/amplificacine\/wp-content\/uploads\/2025\/09\/CINE-MAFIA-768x594.jpg 768w, https:\/\/adesampa.com.br\/amplificacine\/wp-content\/uploads\/2025\/09\/CINE-MAFIA-1536x1187.jpg 1536w, https:\/\/adesampa.com.br\/amplificacine\/wp-content\/uploads\/2025\/09\/CINE-MAFIA-2048x1583.jpg 2048w\" sizes=\"(max-width: 2560px) 100vw, 2560px\" \/>\t\t\t\t\t\t\t\t\t\t\t\t\t\t\t<\/div>\n\t\t\t\t<div class=\"elementor-element elementor-element-ef449dc elementor-widget elementor-widget-text-editor\" data-id=\"ef449dc\" data-element_type=\"widget\" data-e-type=\"widget\" data-widget_type=\"text-editor.default\">\n\t\t\t\t\t\t\t\t\t<p><b>CineMafia<\/b><\/p><p><strong>Proponentes:<\/strong>\u00a0Rafael Regis dos Reis e Julia Montero Mattos<\/p><p><strong>Cria\u00e7\u00e3o:<\/strong>\u00a02023<\/p><p><strong>Intersec\u00e7\u00e3o setorial:<\/strong><\/p><p>Empresa de tecnologia e\/ou dados para o setor audiovisual<\/p><p><strong>Miss\u00e3o e valores:<\/strong>\u00a0<\/p><p>Conectar freelancers e empresas produtoras e intermediar contrata\u00e7\u00f5es de servi\u00e7os audiovisuais com efici\u00eancia, seguran\u00e7a financeira, seguran\u00e7a jur\u00eddica e diversidade.<\/p><p><strong>Servi\u00e7os ofertados:<\/strong><\/p><p>Marketplace de servi\u00e7os audiovisuais, com funcionalidades espec\u00edficas para o setor:<\/p><p>-Filtros de busca avan\u00e7ados<\/p><p>-Formaliza\u00e7\u00e3o de propostas e pagamento na plataforma<\/p><p>-Preenchimento autom\u00e1tico de contratos<\/p><p>-Antecipa\u00e7\u00e3o e parcelamento de pagamentos<\/p><p><strong>Vis\u00e3o de futuro:<\/strong><\/p><p>Ser a principal plataforma de servi\u00e7os audiovisuais do Brasil, digitalizando os processos de busca e contrata\u00e7\u00e3o de freelancers no setor, com 5 mil produtoras e 20 mil profissionais cadastrados.<\/p><p><strong>Objetivos de desenvolvimento sustent\u00e1vel:<\/strong><\/p><ol start=\"5\"><li>Igualdade de G\u00eanero<\/li><\/ol><ol start=\"8\"><li>Trabalho Decente e Crescimento Econ\u00f4mico<\/li><\/ol><ol start=\"10\"><li>Redu\u00e7\u00e3o das Desigualdades<\/li><\/ol><p><strong>Canais de comunica\u00e7\u00e3o:\u00a0<\/strong><\/p><p>Site:\u00a0<a href=\"http:\/\/www.cinemafia.com.br\/\">www.cinemafia.com.br<\/a><\/p><p>E-mail: rafaelatwood@gmail.com<\/p>\t\t\t\t\t\t\t\t<\/div>\n\t\t\t\t<\/div>\n\t\t\t\t\t<\/div>\n\t\t\t\t<\/div>\n\t\t\t\t\t<\/details>\n\t\t\t\t\t<\/div>\n\t\t\t\t\t\t<\/div>\n\t\t\t\t<div class=\"elementor-element elementor-element-9b918a7 elementor-widget elementor-widget-n-accordion\" data-id=\"9b918a7\" data-element_type=\"widget\" data-e-type=\"widget\" data-settings=\"{&quot;default_state&quot;:&quot;all_collapsed&quot;,&quot;max_items_expended&quot;:&quot;one&quot;,&quot;n_accordion_animation_duration&quot;:{&quot;unit&quot;:&quot;ms&quot;,&quot;size&quot;:400,&quot;sizes&quot;:[]}}\" data-widget_type=\"nested-accordion.default\">\n\t\t\t\t\t\t\t<div class=\"e-n-accordion\" aria-label=\"Accordion. Open links with Enter or Space, close with Escape, and navigate with Arrow Keys\">\n\t\t\t\t\t\t<details id=\"e-n-accordion-item-1630\" class=\"e-n-accordion-item\" >\n\t\t\t\t<summary class=\"e-n-accordion-item-title\" data-accordion-index=\"1\" tabindex=\"0\" aria-expanded=\"false\" aria-controls=\"e-n-accordion-item-1630\" >\n\t\t\t\t\t<span class='e-n-accordion-item-title-header'><div class=\"e-n-accordion-item-title-text\"> Spok Studio <\/div><\/span>\n\t\t\t\t\t\t\t<span class='e-n-accordion-item-title-icon'>\n\t\t\t<span class='e-opened' ><svg aria-hidden=\"true\" class=\"e-font-icon-svg e-fas-chevron-up\" viewBox=\"0 0 448 512\" xmlns=\"http:\/\/www.w3.org\/2000\/svg\"><path d=\"M240.971 130.524l194.343 194.343c9.373 9.373 9.373 24.569 0 33.941l-22.667 22.667c-9.357 9.357-24.522 9.375-33.901.04L224 227.495 69.255 381.516c-9.379 9.335-24.544 9.317-33.901-.04l-22.667-22.667c-9.373-9.373-9.373-24.569 0-33.941L207.03 130.525c9.372-9.373 24.568-9.373 33.941-.001z\"><\/path><\/svg><\/span>\n\t\t\t<span class='e-closed'><svg aria-hidden=\"true\" class=\"e-font-icon-svg e-fas-chevron-right\" viewBox=\"0 0 320 512\" xmlns=\"http:\/\/www.w3.org\/2000\/svg\"><path d=\"M285.476 272.971L91.132 467.314c-9.373 9.373-24.569 9.373-33.941 0l-22.667-22.667c-9.357-9.357-9.375-24.522-.04-33.901L188.505 256 34.484 101.255c-9.335-9.379-9.317-24.544.04-33.901l22.667-22.667c9.373-9.373 24.569-9.373 33.941 0L285.475 239.03c9.373 9.372 9.373 24.568.001 33.941z\"><\/path><\/svg><\/span>\n\t\t<\/span>\n\n\t\t\t\t\t\t<\/summary>\n\t\t\t\t<div role=\"region\" aria-labelledby=\"e-n-accordion-item-1630\" class=\"elementor-element elementor-element-f8d2982 e-con-full e-flex e-con e-child\" data-id=\"f8d2982\" data-element_type=\"container\" data-e-type=\"container\">\n\t\t<div role=\"region\" aria-labelledby=\"e-n-accordion-item-1630\" class=\"elementor-element elementor-element-4efb8e5 e-flex e-con-boxed e-con e-child\" data-id=\"4efb8e5\" data-element_type=\"container\" data-e-type=\"container\">\n\t\t\t\t\t<div class=\"e-con-inner\">\n\t\t\t\t<div class=\"elementor-element elementor-element-17b57b4 elementor-widget elementor-widget-image\" data-id=\"17b57b4\" data-element_type=\"widget\" data-e-type=\"widget\" data-widget_type=\"image.default\">\n\t\t\t\t\t\t\t\t\t\t\t\t\t\t\t<img loading=\"lazy\" decoding=\"async\" width=\"600\" height=\"600\" src=\"https:\/\/adesampa.com.br\/amplificacine\/wp-content\/uploads\/2025\/09\/SPOK-STUDIO.png\" class=\"attachment-full size-full wp-image-12301\" alt=\"\" srcset=\"https:\/\/adesampa.com.br\/amplificacine\/wp-content\/uploads\/2025\/09\/SPOK-STUDIO.png 600w, https:\/\/adesampa.com.br\/amplificacine\/wp-content\/uploads\/2025\/09\/SPOK-STUDIO-300x300.png 300w, https:\/\/adesampa.com.br\/amplificacine\/wp-content\/uploads\/2025\/09\/SPOK-STUDIO-150x150.png 150w, https:\/\/adesampa.com.br\/amplificacine\/wp-content\/uploads\/2025\/09\/elementor\/thumbs\/SPOK-STUDIO-rca6ibihgouc8m7jv8ygoqy7e1ypmfsdbsr4x6ogfc.png 260w\" sizes=\"(max-width: 600px) 100vw, 600px\" \/>\t\t\t\t\t\t\t\t\t\t\t\t\t\t\t<\/div>\n\t\t\t\t<div class=\"elementor-element elementor-element-bd0583c elementor-widget elementor-widget-text-editor\" data-id=\"bd0583c\" data-element_type=\"widget\" data-e-type=\"widget\" data-widget_type=\"text-editor.default\">\n\t\t\t\t\t\t\t\t\t<p><b>Spok Studio<\/b><\/p><p><strong>Proponentes:<\/strong>\u00a0Marcelo Am\u00e9lio de Castro e Viviane Roque Cavalcante<\/p><p><strong>Cria\u00e7\u00e3o:<\/strong>\u00a02001<\/p><p><strong>Intersec\u00e7\u00e3o setorial:\u00a0<\/strong><\/p><p>Produtoras de anima\u00e7\u00e3o<\/p><p><strong>Miss\u00e3o e valores:\u00a0<\/strong><\/p><p>Desenvolver formas divertidas de contar hist\u00f3rias e educar.<\/p><p>Difundir conhecimento de forma l\u00fadica, criando acesso \u00e0 informa\u00e7\u00e3o e tecnologia de forma inclusiva.<\/p><p><strong>Servi\u00e7os ofertados:<\/strong><\/p><p>Cria\u00e7\u00e3o e desenvolvimento de artes e roteiros para anima\u00e7\u00f5es, games, livros, publicidade, com uma rede ampla de profissionais.<\/p><p><strong>Vis\u00e3o de futuro:<\/strong><\/p><p>Cria\u00e7\u00e3o de hub de talentos, prospec\u00e7\u00e3o nacional e internacional, contrata\u00e7\u00e3o de profissionais para financeiro e jur\u00eddico.<\/p><p><strong>Objetivos de desenvolvimento sustent\u00e1vel:<\/strong><\/p><ol start=\"4\"><li>Educa\u00e7\u00e3o de Qualidade,<\/li><\/ol><ol start=\"6\"><li>\u00c1gua Pot\u00e1vel e Saneamento,<\/li><\/ol><ol start=\"13\"><li>A\u00e7\u00e3o Contra a Mudan\u00e7a Global do Clima<\/li><\/ol><p><strong>Canais de comunica\u00e7\u00e3o:<\/strong><\/p><p>Site:\u00a0<a href=\"https:\/\/spokstudio.com\/\">https:\/\/spokstudio.com<\/a><\/p><p>Instagram:\u00a0<a href=\"https:\/\/www.instagram.com\/spok.studio\">https:\/\/www.instagram.com\/spok.studio<\/a><\/p><p>E-mail: contato@spokstudio.com<\/p>\t\t\t\t\t\t\t\t<\/div>\n\t\t\t\t\t<\/div>\n\t\t\t\t<\/div>\n\t\t\t\t<\/div>\n\t\t\t\t\t<\/details>\n\t\t\t\t\t\t<details id=\"e-n-accordion-item-1631\" class=\"e-n-accordion-item\" >\n\t\t\t\t<summary class=\"e-n-accordion-item-title\" data-accordion-index=\"2\" tabindex=\"-1\" aria-expanded=\"false\" aria-controls=\"e-n-accordion-item-1631\" >\n\t\t\t\t\t<span class='e-n-accordion-item-title-header'><div class=\"e-n-accordion-item-title-text\"> Leaal Filmes e Produ\u00e7\u00f5es <\/div><\/span>\n\t\t\t\t\t\t\t<span class='e-n-accordion-item-title-icon'>\n\t\t\t<span class='e-opened' ><svg aria-hidden=\"true\" class=\"e-font-icon-svg e-fas-chevron-up\" viewBox=\"0 0 448 512\" xmlns=\"http:\/\/www.w3.org\/2000\/svg\"><path d=\"M240.971 130.524l194.343 194.343c9.373 9.373 9.373 24.569 0 33.941l-22.667 22.667c-9.357 9.357-24.522 9.375-33.901.04L224 227.495 69.255 381.516c-9.379 9.335-24.544 9.317-33.901-.04l-22.667-22.667c-9.373-9.373-9.373-24.569 0-33.941L207.03 130.525c9.372-9.373 24.568-9.373 33.941-.001z\"><\/path><\/svg><\/span>\n\t\t\t<span class='e-closed'><svg aria-hidden=\"true\" class=\"e-font-icon-svg e-fas-chevron-right\" viewBox=\"0 0 320 512\" xmlns=\"http:\/\/www.w3.org\/2000\/svg\"><path d=\"M285.476 272.971L91.132 467.314c-9.373 9.373-24.569 9.373-33.941 0l-22.667-22.667c-9.357-9.357-9.375-24.522-.04-33.901L188.505 256 34.484 101.255c-9.335-9.379-9.317-24.544.04-33.901l22.667-22.667c9.373-9.373 24.569-9.373 33.941 0L285.475 239.03c9.373 9.372 9.373 24.568.001 33.941z\"><\/path><\/svg><\/span>\n\t\t<\/span>\n\n\t\t\t\t\t\t<\/summary>\n\t\t\t\t<div role=\"region\" aria-labelledby=\"e-n-accordion-item-1631\" class=\"elementor-element elementor-element-db39cee e-con-full e-flex e-con e-child\" data-id=\"db39cee\" data-element_type=\"container\" data-e-type=\"container\">\n\t\t<div role=\"region\" aria-labelledby=\"e-n-accordion-item-1631\" class=\"elementor-element elementor-element-51ed3e6 e-flex e-con-boxed e-con e-child\" data-id=\"51ed3e6\" data-element_type=\"container\" data-e-type=\"container\">\n\t\t\t\t\t<div class=\"e-con-inner\">\n\t\t\t\t<div class=\"elementor-element elementor-element-7ee64de elementor-widget elementor-widget-image\" data-id=\"7ee64de\" data-element_type=\"widget\" data-e-type=\"widget\" data-widget_type=\"image.default\">\n\t\t\t\t\t\t\t\t\t\t\t\t\t\t\t<img loading=\"lazy\" decoding=\"async\" width=\"597\" height=\"459\" src=\"https:\/\/adesampa.com.br\/amplificacine\/wp-content\/uploads\/2025\/09\/LEAAL-FILMES.png\" class=\"attachment-full size-full wp-image-12302\" alt=\"\" srcset=\"https:\/\/adesampa.com.br\/amplificacine\/wp-content\/uploads\/2025\/09\/LEAAL-FILMES.png 597w, https:\/\/adesampa.com.br\/amplificacine\/wp-content\/uploads\/2025\/09\/LEAAL-FILMES-300x231.png 300w\" sizes=\"(max-width: 597px) 100vw, 597px\" \/>\t\t\t\t\t\t\t\t\t\t\t\t\t\t\t<\/div>\n\t\t\t\t<div class=\"elementor-element elementor-element-7de712a elementor-widget elementor-widget-text-editor\" data-id=\"7de712a\" data-element_type=\"widget\" data-e-type=\"widget\" data-widget_type=\"text-editor.default\">\n\t\t\t\t\t\t\t\t\t<p><b>Leaal Filmes e Produ\u00e7\u00f5es<\/b><\/p><p><strong>Proponentes:<\/strong>\u00a0Lucas Campos Alcantara Leal e Leandro Valton Correia de Amorim<\/p><p><strong>Cria\u00e7\u00e3o:<\/strong>\u00a02020<\/p><p><strong>Intersec\u00e7\u00e3o setorial:<\/strong><\/p><p>Produtora de cinema e s\u00e9ries, Produtora de conte\u00fado digital e podcast, Produtora musical<\/p><p><strong>Miss\u00e3o e valores:\u00a0<\/strong><\/p><p>Nossa miss\u00e3o \u00e9 fazer um trabalho audiovisual que se conecte com as comunidades perif\u00e9ricas e d\u00ea voz \u00e0s pessoas que precisam ser ouvidas. Os valores da Leal Filmes e Produ\u00e7\u00f5es consistem em fazer uma produ\u00e7\u00e3o respons\u00e1vel que busca equidade.<\/p><p><strong>Servi\u00e7os ofertados:<\/strong><\/p><ul><li aria-level=\"1\">Pr\u00e9 produ\u00e7\u00e3o<\/li><li aria-level=\"1\">Roteiro<\/li><li aria-level=\"1\">Capta\u00e7\u00e3o audiovisual<\/li><li aria-level=\"1\">Edi\u00e7\u00e3o<\/li><li aria-level=\"1\">P\u00f3s produ\u00e7\u00e3o<\/li><li aria-level=\"1\">Produ\u00e7\u00e3o de longa metragem e anima\u00e7\u00e3o<\/li><\/ul><p>O diferencial do nosso produto seria a qualidade e o cuidado de deixar o produto final com a cara do cliente.<\/p><p><strong>Vis\u00e3o de futuro:<\/strong><\/p><p>Estruturar a produtora, com uma carteira de clientes consistente, criando possibilidades de aprendizado para menores em vulnerabilidade, produ\u00e7\u00f5es direcionadas em cinema e m\u00fasicas.<\/p><p><strong>Objetivos de desenvolvimento sustent\u00e1vel:<\/strong><\/p><ol start=\"3\"><li>Sa\u00fade e Bem Estar<\/li><li>Educa\u00e7\u00e3o de Qualidade<\/li><\/ol><ol start=\"11&quot;\"><li>Cidades e Comunidades Sustent\u00e1veis<\/li><\/ol><p><strong>Canais de comunica\u00e7\u00e3o:<\/strong>\u00a0<\/p><p>Site:\u00a0<a href=\"https:\/\/lealfilmesproducao.wixsite.com\/leal-filmes-e-produ\">https:\/\/lealfilmesproducao.wixsite.com\/leal-filmes-e-produ<\/a><\/p><p>E-mail: lealfilmesproducao@gmail.com<\/p>\t\t\t\t\t\t\t\t<\/div>\n\t\t\t\t\t<\/div>\n\t\t\t\t<\/div>\n\t\t\t\t<\/div>\n\t\t\t\t\t<\/details>\n\t\t\t\t\t\t<details id=\"e-n-accordion-item-1632\" class=\"e-n-accordion-item\" >\n\t\t\t\t<summary class=\"e-n-accordion-item-title\" data-accordion-index=\"3\" tabindex=\"-1\" aria-expanded=\"false\" aria-controls=\"e-n-accordion-item-1632\" >\n\t\t\t\t\t<span class='e-n-accordion-item-title-header'><div class=\"e-n-accordion-item-title-text\"> O Transe Coletivo <\/div><\/span>\n\t\t\t\t\t\t\t<span class='e-n-accordion-item-title-icon'>\n\t\t\t<span class='e-opened' ><svg aria-hidden=\"true\" class=\"e-font-icon-svg e-fas-chevron-up\" viewBox=\"0 0 448 512\" xmlns=\"http:\/\/www.w3.org\/2000\/svg\"><path d=\"M240.971 130.524l194.343 194.343c9.373 9.373 9.373 24.569 0 33.941l-22.667 22.667c-9.357 9.357-24.522 9.375-33.901.04L224 227.495 69.255 381.516c-9.379 9.335-24.544 9.317-33.901-.04l-22.667-22.667c-9.373-9.373-9.373-24.569 0-33.941L207.03 130.525c9.372-9.373 24.568-9.373 33.941-.001z\"><\/path><\/svg><\/span>\n\t\t\t<span class='e-closed'><svg aria-hidden=\"true\" class=\"e-font-icon-svg e-fas-chevron-right\" viewBox=\"0 0 320 512\" xmlns=\"http:\/\/www.w3.org\/2000\/svg\"><path d=\"M285.476 272.971L91.132 467.314c-9.373 9.373-24.569 9.373-33.941 0l-22.667-22.667c-9.357-9.357-9.375-24.522-.04-33.901L188.505 256 34.484 101.255c-9.335-9.379-9.317-24.544.04-33.901l22.667-22.667c9.373-9.373 24.569-9.373 33.941 0L285.475 239.03c9.373 9.372 9.373 24.568.001 33.941z\"><\/path><\/svg><\/span>\n\t\t<\/span>\n\n\t\t\t\t\t\t<\/summary>\n\t\t\t\t<div role=\"region\" aria-labelledby=\"e-n-accordion-item-1632\" class=\"elementor-element elementor-element-5c6f06b e-con-full e-flex e-con e-child\" data-id=\"5c6f06b\" data-element_type=\"container\" data-e-type=\"container\">\n\t\t<div role=\"region\" aria-labelledby=\"e-n-accordion-item-1632\" class=\"elementor-element elementor-element-4785b8c e-flex e-con-boxed e-con e-child\" data-id=\"4785b8c\" data-element_type=\"container\" data-e-type=\"container\">\n\t\t\t\t\t<div class=\"e-con-inner\">\n\t\t\t\t<div class=\"elementor-element elementor-element-a7a1c57 elementor-widget elementor-widget-image\" data-id=\"a7a1c57\" data-element_type=\"widget\" data-e-type=\"widget\" data-widget_type=\"image.default\">\n\t\t\t\t\t\t\t\t\t\t\t\t\t\t\t<img loading=\"lazy\" decoding=\"async\" width=\"1080\" height=\"1080\" src=\"https:\/\/adesampa.com.br\/amplificacine\/wp-content\/uploads\/2025\/09\/O-TRANSE-COLETIVO.jpg\" class=\"attachment-full size-full wp-image-12303\" alt=\"\" srcset=\"https:\/\/adesampa.com.br\/amplificacine\/wp-content\/uploads\/2025\/09\/O-TRANSE-COLETIVO.jpg 1080w, https:\/\/adesampa.com.br\/amplificacine\/wp-content\/uploads\/2025\/09\/O-TRANSE-COLETIVO-300x300.jpg 300w, https:\/\/adesampa.com.br\/amplificacine\/wp-content\/uploads\/2025\/09\/O-TRANSE-COLETIVO-1024x1024.jpg 1024w, https:\/\/adesampa.com.br\/amplificacine\/wp-content\/uploads\/2025\/09\/O-TRANSE-COLETIVO-150x150.jpg 150w, https:\/\/adesampa.com.br\/amplificacine\/wp-content\/uploads\/2025\/09\/O-TRANSE-COLETIVO-768x768.jpg 768w, https:\/\/adesampa.com.br\/amplificacine\/wp-content\/uploads\/2025\/09\/elementor\/thumbs\/O-TRANSE-COLETIVO-rca6o0faukmujlxwmpj4sb8ow1wq8gduryyzji8mqw.jpg 260w\" sizes=\"(max-width: 1080px) 100vw, 1080px\" \/>\t\t\t\t\t\t\t\t\t\t\t\t\t\t\t<\/div>\n\t\t\t\t<div class=\"elementor-element elementor-element-e90f1c1 elementor-widget elementor-widget-text-editor\" data-id=\"e90f1c1\" data-element_type=\"widget\" data-e-type=\"widget\" data-widget_type=\"text-editor.default\">\n\t\t\t\t\t\t\t\t\t<div class=\"elementor-accordion-item\"><div id=\"elementor-tab-content-1373\" class=\"elementor-tab-content elementor-clearfix elementor-inline-editing elementor-active\" role=\"region\" data-tab=\"3\" aria-labelledby=\"elementor-tab-title-1373\" data-elementor-setting-key=\"tabs.2.tab_content\" data-elementor-inline-editing-toolbar=\"advanced\"><p><b>O Transe Coletivo<\/b>\u00a0<\/p><p><strong>Proponentes:\u00a0<\/strong>Amilcar Neto e Matheus Guimar\u00e3es<\/p><p><strong>Cria\u00e7\u00e3o:<\/strong>\u00a02020<\/p><p><strong>Intersec\u00e7\u00e3o setorial:<\/strong><\/p><p>Produtora de cinema e s\u00e9ries, Produtora de conte\u00fado digital e podcast<\/p><p><strong>Miss\u00e3o e valores:\u00a0<\/strong><\/p><p>O Transe Coletivo \u00e9 uma produtora que luta por um mercado criativo mais saud\u00e1vel, diverso e sens\u00edvel, seja desenvolvendo e produzindo nossos pr\u00f3prios projetos para internet, TV e cinema ou criando conte\u00fados de making of para outras empresas do setor.<\/p><p><strong>Servi\u00e7os ofertados:<\/strong><\/p><ul><li aria-level=\"1\">Desenvolvimento e produ\u00e7\u00e3o de obras cinematogr\u00e1ficas;<\/li><li aria-level=\"1\">Produ\u00e7\u00e3o de conte\u00fado de making of para produtoras\/ag\u00eancias.\u00a0<\/li><\/ul><p>Nossa especializa\u00e7\u00e3o nos permite uma entrega r\u00e1pida e estrat\u00e9gica, com equipe enxuta e olhar t\u00e9cnico\/sens\u00edvel afinado.<\/p><p><strong>Vis\u00e3o de futuro:<\/strong><\/p><p>Pretendemos disputar editais e linhas de cr\u00e9dito para filmes e s\u00e9ries de maior or\u00e7amento, com maior poder de distribui\u00e7\u00e3o, al\u00e9m de termos nosso n\u00facleo de produ\u00e7\u00e3o de making ofs reconhecido no meio.<\/p><p><strong>Objetivos de desenvolvimento sustent\u00e1vel:<\/strong><\/p><ol start=\"5\"><li>Igualdade de G\u00eanero<\/li><\/ol><ol start=\"8\"><li>Trabalho Decente e Crescimento Econ\u00f4mico<\/li><\/ol><ol start=\"12\"><li>Consumo e Produ\u00e7\u00e3o Respons\u00e1veis<\/li><\/ol><p><strong>Canais de comunica\u00e7\u00e3o:<\/strong><\/p><p>Site:\u00a0<a href=\"https:\/\/otransecoletivo.com.br\/\">https:\/\/otransecoletivo.com.br\/<\/a><\/p><p>Instagram:<a href=\"https:\/\/www.instagram.com\/otransecoletivo\/\">https:\/\/www.instagram.com\/otransecoletivo\/<\/a><\/p><p>E-mail: otransecoletivo.otc@gmail.com<\/p><\/div><\/div><div class=\"elementor-accordion-item\"><div id=\"elementor-tab-title-1374\" class=\"elementor-tab-title\" role=\"button\" data-tab=\"4\" aria-controls=\"elementor-tab-content-1374\" aria-expanded=\"false\">\u00a0<\/div><\/div>\t\t\t\t\t\t\t\t<\/div>\n\t\t\t\t\t<\/div>\n\t\t\t\t<\/div>\n\t\t\t\t<\/div>\n\t\t\t\t\t<\/details>\n\t\t\t\t\t\t<details id=\"e-n-accordion-item-1633\" class=\"e-n-accordion-item\" >\n\t\t\t\t<summary class=\"e-n-accordion-item-title\" data-accordion-index=\"4\" tabindex=\"-1\" aria-expanded=\"false\" aria-controls=\"e-n-accordion-item-1633\" >\n\t\t\t\t\t<span class='e-n-accordion-item-title-header'><div class=\"e-n-accordion-item-title-text\"> Cinemando <\/div><\/span>\n\t\t\t\t\t\t\t<span class='e-n-accordion-item-title-icon'>\n\t\t\t<span class='e-opened' ><svg aria-hidden=\"true\" class=\"e-font-icon-svg e-fas-chevron-up\" viewBox=\"0 0 448 512\" xmlns=\"http:\/\/www.w3.org\/2000\/svg\"><path d=\"M240.971 130.524l194.343 194.343c9.373 9.373 9.373 24.569 0 33.941l-22.667 22.667c-9.357 9.357-24.522 9.375-33.901.04L224 227.495 69.255 381.516c-9.379 9.335-24.544 9.317-33.901-.04l-22.667-22.667c-9.373-9.373-9.373-24.569 0-33.941L207.03 130.525c9.372-9.373 24.568-9.373 33.941-.001z\"><\/path><\/svg><\/span>\n\t\t\t<span class='e-closed'><svg aria-hidden=\"true\" class=\"e-font-icon-svg e-fas-chevron-right\" viewBox=\"0 0 320 512\" xmlns=\"http:\/\/www.w3.org\/2000\/svg\"><path d=\"M285.476 272.971L91.132 467.314c-9.373 9.373-24.569 9.373-33.941 0l-22.667-22.667c-9.357-9.357-9.375-24.522-.04-33.901L188.505 256 34.484 101.255c-9.335-9.379-9.317-24.544.04-33.901l22.667-22.667c9.373-9.373 24.569-9.373 33.941 0L285.475 239.03c9.373 9.372 9.373 24.568.001 33.941z\"><\/path><\/svg><\/span>\n\t\t<\/span>\n\n\t\t\t\t\t\t<\/summary>\n\t\t\t\t<div role=\"region\" aria-labelledby=\"e-n-accordion-item-1633\" class=\"elementor-element elementor-element-ca1abb0 e-flex e-con-boxed e-con e-child\" data-id=\"ca1abb0\" data-element_type=\"container\" data-e-type=\"container\">\n\t\t\t\t\t<div class=\"e-con-inner\">\n\t\t<div role=\"region\" aria-labelledby=\"e-n-accordion-item-1633\" class=\"elementor-element elementor-element-e7889d8 e-con-full e-flex e-con e-child\" data-id=\"e7889d8\" data-element_type=\"container\" data-e-type=\"container\">\n\t\t\t\t<div class=\"elementor-element elementor-element-ca2b51c elementor-widget elementor-widget-image\" data-id=\"ca2b51c\" data-element_type=\"widget\" data-e-type=\"widget\" data-widget_type=\"image.default\">\n\t\t\t\t\t\t\t\t\t\t\t\t\t\t\t<img loading=\"lazy\" decoding=\"async\" width=\"1920\" height=\"1080\" src=\"https:\/\/adesampa.com.br\/amplificacine\/wp-content\/uploads\/2025\/09\/CINEMANDO.png\" class=\"attachment-full size-full wp-image-12304\" alt=\"\" srcset=\"https:\/\/adesampa.com.br\/amplificacine\/wp-content\/uploads\/2025\/09\/CINEMANDO.png 1920w, https:\/\/adesampa.com.br\/amplificacine\/wp-content\/uploads\/2025\/09\/CINEMANDO-300x169.png 300w, https:\/\/adesampa.com.br\/amplificacine\/wp-content\/uploads\/2025\/09\/CINEMANDO-1024x576.png 1024w, https:\/\/adesampa.com.br\/amplificacine\/wp-content\/uploads\/2025\/09\/CINEMANDO-768x432.png 768w, https:\/\/adesampa.com.br\/amplificacine\/wp-content\/uploads\/2025\/09\/CINEMANDO-1536x864.png 1536w\" sizes=\"(max-width: 1920px) 100vw, 1920px\" \/>\t\t\t\t\t\t\t\t\t\t\t\t\t\t\t<\/div>\n\t\t\t\t<div class=\"elementor-element elementor-element-8ce0934 elementor-widget elementor-widget-text-editor\" data-id=\"8ce0934\" data-element_type=\"widget\" data-e-type=\"widget\" data-widget_type=\"text-editor.default\">\n\t\t\t\t\t\t\t\t\t<p><b>Cinemando<\/b><\/p><p><strong>Proponentes:\u00a0<\/strong>Leonardo Henriques e Victor Bebiano<\/p><p><strong>Cria\u00e7\u00e3o:<\/strong>\u00a02023<\/p><p><strong>Intersec\u00e7\u00e3o setorial:<\/strong><\/p><p>Produtora de conte\u00fado digital e podcast<\/p><p><strong>Miss\u00e3o e valores:\u00a0<\/strong><\/p><p>Democratizar o acesso ao conhecimento sobre cinema e audiovisual, proporcionando conte\u00fado educativo, pr\u00e1tico e inspirador para apaixonados, estudantes e profissionais da \u00e1rea.<\/p><p>\u2013 Originalidade<\/p><p>\u2013 Fortalecimento da cultura brasileira<\/p><p>\u2013 Pluralidade<\/p><p><strong>Servi\u00e7os ofertados:<\/strong><\/p><p>Hub de conte\u00fado dedicado ao cinema e ao audiovisual, que atua em diversas plataformas. O mix de \u201cedutainment\u201d, not\u00edcias e comunidade. Dando aten\u00e7\u00e3o ao cen\u00e1rio brasileiro, nossa diversidade e uma autenticidade que inova o setor.<\/p><p><strong>Vis\u00e3o de futuro:<\/strong><\/p><p>Tornar-se um relevante hub de conte\u00fado sobre cinema e audiovisual no Brasil, sendo uma refer\u00eancia para profissionais da ind\u00fastria, entusiastas e o p\u00fablico em geral.<\/p><p><strong>Objetivos de desenvolvimento sustent\u00e1vel:<\/strong><\/p><ol start=\"4\"><li>Educa\u00e7\u00e3o de Qualidade,<\/li><\/ol><ol start=\"9\"><li>Ind\u00fastria, Inova\u00e7\u00e3o e Infraestrutura<\/li><\/ol><p><strong>Canais de comunica\u00e7\u00e3o:<\/strong><\/p><p>e-mail: leonardohenriques.id@gmail.com<\/p>\t\t\t\t\t\t\t\t<\/div>\n\t\t\t\t<\/div>\n\t\t\t\t\t<\/div>\n\t\t\t\t<\/div>\n\t\t\t\t\t<\/details>\n\t\t\t\t\t\t<details id=\"e-n-accordion-item-1634\" class=\"e-n-accordion-item\" >\n\t\t\t\t<summary class=\"e-n-accordion-item-title\" data-accordion-index=\"5\" tabindex=\"-1\" aria-expanded=\"false\" aria-controls=\"e-n-accordion-item-1634\" >\n\t\t\t\t\t<span class='e-n-accordion-item-title-header'><div class=\"e-n-accordion-item-title-text\"> Zahra Filmes <\/div><\/span>\n\t\t\t\t\t\t\t<span class='e-n-accordion-item-title-icon'>\n\t\t\t<span class='e-opened' ><svg aria-hidden=\"true\" class=\"e-font-icon-svg e-fas-chevron-up\" viewBox=\"0 0 448 512\" xmlns=\"http:\/\/www.w3.org\/2000\/svg\"><path d=\"M240.971 130.524l194.343 194.343c9.373 9.373 9.373 24.569 0 33.941l-22.667 22.667c-9.357 9.357-24.522 9.375-33.901.04L224 227.495 69.255 381.516c-9.379 9.335-24.544 9.317-33.901-.04l-22.667-22.667c-9.373-9.373-9.373-24.569 0-33.941L207.03 130.525c9.372-9.373 24.568-9.373 33.941-.001z\"><\/path><\/svg><\/span>\n\t\t\t<span class='e-closed'><svg aria-hidden=\"true\" class=\"e-font-icon-svg e-fas-chevron-right\" viewBox=\"0 0 320 512\" xmlns=\"http:\/\/www.w3.org\/2000\/svg\"><path d=\"M285.476 272.971L91.132 467.314c-9.373 9.373-24.569 9.373-33.941 0l-22.667-22.667c-9.357-9.357-9.375-24.522-.04-33.901L188.505 256 34.484 101.255c-9.335-9.379-9.317-24.544.04-33.901l22.667-22.667c9.373-9.373 24.569-9.373 33.941 0L285.475 239.03c9.373 9.372 9.373 24.568.001 33.941z\"><\/path><\/svg><\/span>\n\t\t<\/span>\n\n\t\t\t\t\t\t<\/summary>\n\t\t\t\t<div role=\"region\" aria-labelledby=\"e-n-accordion-item-1634\" class=\"elementor-element elementor-element-dcd6293 e-flex e-con-boxed e-con e-child\" data-id=\"dcd6293\" data-element_type=\"container\" data-e-type=\"container\">\n\t\t\t\t\t<div class=\"e-con-inner\">\n\t\t<div role=\"region\" aria-labelledby=\"e-n-accordion-item-1634\" class=\"elementor-element elementor-element-3a7600d e-con-full e-flex e-con e-child\" data-id=\"3a7600d\" data-element_type=\"container\" data-e-type=\"container\">\n\t\t\t\t<div class=\"elementor-element elementor-element-4d03ef5 elementor-widget elementor-widget-image\" data-id=\"4d03ef5\" data-element_type=\"widget\" data-e-type=\"widget\" data-widget_type=\"image.default\">\n\t\t\t\t\t\t\t\t\t\t\t\t\t\t\t<img loading=\"lazy\" decoding=\"async\" width=\"668\" height=\"668\" src=\"https:\/\/adesampa.com.br\/amplificacine\/wp-content\/uploads\/2025\/09\/ZAHRA-FILMES.png\" class=\"attachment-full size-full wp-image-12305\" alt=\"\" srcset=\"https:\/\/adesampa.com.br\/amplificacine\/wp-content\/uploads\/2025\/09\/ZAHRA-FILMES.png 668w, https:\/\/adesampa.com.br\/amplificacine\/wp-content\/uploads\/2025\/09\/ZAHRA-FILMES-300x300.png 300w, https:\/\/adesampa.com.br\/amplificacine\/wp-content\/uploads\/2025\/09\/ZAHRA-FILMES-150x150.png 150w, https:\/\/adesampa.com.br\/amplificacine\/wp-content\/uploads\/2025\/09\/elementor\/thumbs\/ZAHRA-FILMES-rca6te21yfzwza4n818a1ydn9feca3qk6ld0ei9j54.png 260w\" sizes=\"(max-width: 668px) 100vw, 668px\" \/>\t\t\t\t\t\t\t\t\t\t\t\t\t\t\t<\/div>\n\t\t\t\t<div class=\"elementor-element elementor-element-6925043 elementor-widget elementor-widget-text-editor\" data-id=\"6925043\" data-element_type=\"widget\" data-e-type=\"widget\" data-widget_type=\"text-editor.default\">\n\t\t\t\t\t\t\t\t\t<p><b>Zahra Filmes<\/b><\/p><p><strong>Proponentes:\u00a0<\/strong>Waddas Magalh\u00e3es e Raiza Dezorzi<\/p><p><strong>Cria\u00e7\u00e3o:<\/strong>\u00a02021<\/p><p><strong>Intersec\u00e7\u00e3o setorial:<\/strong><\/p><p>Produtora de cinema e s\u00e9ries, Empresa de estrat\u00e9gia de conte\u00fado<\/p><p><strong>Miss\u00e3o e valores:\u00a0<\/strong><\/p><p>Criar produ\u00e7\u00f5es audiovisuais para contar hist\u00f3rias emocionantes, inspiradoras e inclusivas que ressoam com o p\u00fablico e conectam pessoas.\u00a0<\/p><p>\u2013 Criatividade.\u00a0<\/p><p>-Inclus\u00e3o.\u00a0<\/p><p>-Qualidade.\u00a0<\/p><p>-Inspira\u00e7\u00e3o.<\/p><p>-Integridade.\u00a0<\/p><p>-Inova\u00e7\u00e3o.\u00a0<\/p><p>-Conex\u00e3o.<\/p><p><strong>Servi\u00e7os ofertados:<\/strong><\/p><p>-Produ\u00e7\u00e3o Audiovisual\u00a0<\/p><p>-Produ\u00e7\u00e3o Executiva\u00a0<\/p><p>-Gest\u00e3o Estrat\u00e9gica de Marketing\u00a0<\/p><p>-Propaganda e Marketing\u00a0<\/p><p>-Publicidade\u00a0<\/p><p>-Estrat\u00e9gia de Conte\u00fado\u00a0<\/p><p>-Cursos\u00a0<\/p><p>-Workshops\u00a0<\/p><p>-Palestras<\/p><p><strong>Vis\u00e3o de futuro:<\/strong><\/p><p>Ser reconhecida por sua criatividade e inova\u00e7\u00e3o no mundo do cinema, assim como criar um legado de narrativas inspiradoras que atravessam fronteiras culturais e geram impacto positivo na sociedade.<\/p><p><strong>Objetivos de desenvolvimento sustent\u00e1vel:<\/strong><\/p><ol start=\"5\"><li>Igualdade de G\u00eanero<\/li><\/ol><ol start=\"8\"><li>Trabalho Decente e Crescimento Econ\u00f4mico<\/li><\/ol><ol start=\"10\"><li>Redu\u00e7\u00e3o das Desigualdades<\/li><\/ol><p><strong>Canais de comunica\u00e7\u00e3o:\u00a0<\/strong><\/p><p>site:\u00a0<a href=\"https:\/\/zahrafilmes.com\/\">https:\/\/zahrafilmes.com<\/a><\/p><p>Instagram: @zahrafilmes\u00a0<\/p><p>Site:\u00a0<a href=\"https:\/\/www.linkedin.com\/company\/zahrafilmes\/\">https:\/\/www.linkedin.com\/company\/zahrafilmes\/<\/a><\/p>\t\t\t\t\t\t\t\t<\/div>\n\t\t\t\t<\/div>\n\t\t\t\t\t<\/div>\n\t\t\t\t<\/div>\n\t\t\t\t\t<\/details>\n\t\t\t\t\t\t<details id=\"e-n-accordion-item-1635\" class=\"e-n-accordion-item\" >\n\t\t\t\t<summary class=\"e-n-accordion-item-title\" data-accordion-index=\"6\" tabindex=\"-1\" aria-expanded=\"false\" aria-controls=\"e-n-accordion-item-1635\" >\n\t\t\t\t\t<span class='e-n-accordion-item-title-header'><div class=\"e-n-accordion-item-title-text\"> Ophelia Filmes <\/div><\/span>\n\t\t\t\t\t\t\t<span class='e-n-accordion-item-title-icon'>\n\t\t\t<span class='e-opened' ><svg aria-hidden=\"true\" class=\"e-font-icon-svg e-fas-chevron-up\" viewBox=\"0 0 448 512\" xmlns=\"http:\/\/www.w3.org\/2000\/svg\"><path d=\"M240.971 130.524l194.343 194.343c9.373 9.373 9.373 24.569 0 33.941l-22.667 22.667c-9.357 9.357-24.522 9.375-33.901.04L224 227.495 69.255 381.516c-9.379 9.335-24.544 9.317-33.901-.04l-22.667-22.667c-9.373-9.373-9.373-24.569 0-33.941L207.03 130.525c9.372-9.373 24.568-9.373 33.941-.001z\"><\/path><\/svg><\/span>\n\t\t\t<span class='e-closed'><svg aria-hidden=\"true\" class=\"e-font-icon-svg e-fas-chevron-right\" viewBox=\"0 0 320 512\" xmlns=\"http:\/\/www.w3.org\/2000\/svg\"><path d=\"M285.476 272.971L91.132 467.314c-9.373 9.373-24.569 9.373-33.941 0l-22.667-22.667c-9.357-9.357-9.375-24.522-.04-33.901L188.505 256 34.484 101.255c-9.335-9.379-9.317-24.544.04-33.901l22.667-22.667c9.373-9.373 24.569-9.373 33.941 0L285.475 239.03c9.373 9.372 9.373 24.568.001 33.941z\"><\/path><\/svg><\/span>\n\t\t<\/span>\n\n\t\t\t\t\t\t<\/summary>\n\t\t\t\t<div role=\"region\" aria-labelledby=\"e-n-accordion-item-1635\" class=\"elementor-element elementor-element-732224a e-flex e-con-boxed e-con e-child\" data-id=\"732224a\" data-element_type=\"container\" data-e-type=\"container\">\n\t\t\t\t\t<div class=\"e-con-inner\">\n\t\t<div role=\"region\" aria-labelledby=\"e-n-accordion-item-1635\" class=\"elementor-element elementor-element-c5ddc7b e-con-full e-flex e-con e-child\" data-id=\"c5ddc7b\" data-element_type=\"container\" data-e-type=\"container\">\n\t\t\t\t<div class=\"elementor-element elementor-element-ff25e09 elementor-widget elementor-widget-image\" data-id=\"ff25e09\" data-element_type=\"widget\" data-e-type=\"widget\" data-widget_type=\"image.default\">\n\t\t\t\t\t\t\t\t\t\t\t\t\t\t\t<img loading=\"lazy\" decoding=\"async\" width=\"1600\" height=\"1600\" src=\"https:\/\/adesampa.com.br\/amplificacine\/wp-content\/uploads\/2025\/09\/OPHELIA-FILMES.jpg\" class=\"attachment-full size-full wp-image-12306\" alt=\"\" srcset=\"https:\/\/adesampa.com.br\/amplificacine\/wp-content\/uploads\/2025\/09\/OPHELIA-FILMES.jpg 1600w, https:\/\/adesampa.com.br\/amplificacine\/wp-content\/uploads\/2025\/09\/OPHELIA-FILMES-300x300.jpg 300w, https:\/\/adesampa.com.br\/amplificacine\/wp-content\/uploads\/2025\/09\/OPHELIA-FILMES-1024x1024.jpg 1024w, https:\/\/adesampa.com.br\/amplificacine\/wp-content\/uploads\/2025\/09\/OPHELIA-FILMES-150x150.jpg 150w, https:\/\/adesampa.com.br\/amplificacine\/wp-content\/uploads\/2025\/09\/OPHELIA-FILMES-768x768.jpg 768w, https:\/\/adesampa.com.br\/amplificacine\/wp-content\/uploads\/2025\/09\/OPHELIA-FILMES-1536x1536.jpg 1536w, https:\/\/adesampa.com.br\/amplificacine\/wp-content\/uploads\/2025\/09\/elementor\/thumbs\/OPHELIA-FILMES-rca6v0c1q67oz3rzrqf5cjo83bf3jc5x2lt45nv4fc.jpg 260w\" sizes=\"(max-width: 1600px) 100vw, 1600px\" \/>\t\t\t\t\t\t\t\t\t\t\t\t\t\t\t<\/div>\n\t\t\t\t<div class=\"elementor-element elementor-element-81fcaf7 elementor-widget elementor-widget-text-editor\" data-id=\"81fcaf7\" data-element_type=\"widget\" data-e-type=\"widget\" data-widget_type=\"text-editor.default\">\n\t\t\t\t\t\t\t\t\t<p><b>Ophelia Filmes<\/b><\/p><p><strong>Proponentes:\u00a0<\/strong>Daniela Seles e Fernanda Andrade<\/p><p><strong>Cria\u00e7\u00e3o:<\/strong>\u00a02023<\/p><p><strong>Intersec\u00e7\u00e3o setorial:<\/strong><\/p><p>Produtora de cinema e s\u00e9ries<\/p><p><strong>Miss\u00e3o e valores:\u00a0<\/strong><\/p><p>Ophelia Filmes tem como valor criar videoclipes aut\u00eanticos, conectando-se com um p\u00fablico jovem.<\/p><p>S\u00e3o nossos valores: Democratiza\u00e7\u00e3o, inova\u00e7\u00e3o e excel\u00eancia, valoriza a colabora\u00e7\u00e3o e respeito aos artistas, garantindo trabalhos de alta qualidade e acess\u00edveis.<\/p><p><strong>Servi\u00e7os ofertados:<\/strong><\/p><p>Na Ophelia Filmes, produzimos videoclipes aut\u00eanticos e acess\u00edveis. Nosso diferencial \u00e9 a entrega de projetos visualmente \u00fanicos e de qualidade com pre\u00e7o abaixo do mercado, com comunica\u00e7\u00e3o eficiente e simplificada com os clientes.<\/p><p><strong>Vis\u00e3o de futuro:<\/strong><\/p><p>Expandir a equipe, formar parcerias estrat\u00e9gicas, fortalecer a presen\u00e7a on-line e nas redes sociais e manter a inova\u00e7\u00e3o e qualidade em cada projeto para crescer e consolidar nossa marca no mercado.<\/p><p><strong>Objetivos de desenvolvimento sustent\u00e1vel:<\/strong><\/p><p>8. Trabalho Decente e Crescimento Econ\u00f4mico<\/p><p>10. Redu\u00e7\u00e3o das Desigualdades<\/p><p>16. Paz, Justi\u00e7a e Institui\u00e7\u00f5es Eficazes<\/p><p><strong>Canais de comunica\u00e7\u00e3o:<\/strong><\/p><p>Instagram: @opheliafilmes<\/p><p>E-mail: opheliafilmes@gmail.com<\/p>\t\t\t\t\t\t\t\t<\/div>\n\t\t\t\t<\/div>\n\t\t\t\t\t<\/div>\n\t\t\t\t<\/div>\n\t\t\t\t\t<\/details>\n\t\t\t\t\t\t<details id=\"e-n-accordion-item-1636\" class=\"e-n-accordion-item\" >\n\t\t\t\t<summary class=\"e-n-accordion-item-title\" data-accordion-index=\"7\" tabindex=\"-1\" aria-expanded=\"false\" aria-controls=\"e-n-accordion-item-1636\" >\n\t\t\t\t\t<span class='e-n-accordion-item-title-header'><div class=\"e-n-accordion-item-title-text\"> A Vision\u00e1ria Lab <\/div><\/span>\n\t\t\t\t\t\t\t<span class='e-n-accordion-item-title-icon'>\n\t\t\t<span class='e-opened' ><svg aria-hidden=\"true\" class=\"e-font-icon-svg e-fas-chevron-up\" viewBox=\"0 0 448 512\" xmlns=\"http:\/\/www.w3.org\/2000\/svg\"><path d=\"M240.971 130.524l194.343 194.343c9.373 9.373 9.373 24.569 0 33.941l-22.667 22.667c-9.357 9.357-24.522 9.375-33.901.04L224 227.495 69.255 381.516c-9.379 9.335-24.544 9.317-33.901-.04l-22.667-22.667c-9.373-9.373-9.373-24.569 0-33.941L207.03 130.525c9.372-9.373 24.568-9.373 33.941-.001z\"><\/path><\/svg><\/span>\n\t\t\t<span class='e-closed'><svg aria-hidden=\"true\" class=\"e-font-icon-svg e-fas-chevron-right\" viewBox=\"0 0 320 512\" xmlns=\"http:\/\/www.w3.org\/2000\/svg\"><path d=\"M285.476 272.971L91.132 467.314c-9.373 9.373-24.569 9.373-33.941 0l-22.667-22.667c-9.357-9.357-9.375-24.522-.04-33.901L188.505 256 34.484 101.255c-9.335-9.379-9.317-24.544.04-33.901l22.667-22.667c9.373-9.373 24.569-9.373 33.941 0L285.475 239.03c9.373 9.372 9.373 24.568.001 33.941z\"><\/path><\/svg><\/span>\n\t\t<\/span>\n\n\t\t\t\t\t\t<\/summary>\n\t\t\t\t<div role=\"region\" aria-labelledby=\"e-n-accordion-item-1636\" class=\"elementor-element elementor-element-18e7c2c e-flex e-con-boxed e-con e-child\" data-id=\"18e7c2c\" data-element_type=\"container\" data-e-type=\"container\">\n\t\t\t\t\t<div class=\"e-con-inner\">\n\t\t<div role=\"region\" aria-labelledby=\"e-n-accordion-item-1636\" class=\"elementor-element elementor-element-a8fb726 e-con-full e-flex e-con e-child\" data-id=\"a8fb726\" data-element_type=\"container\" data-e-type=\"container\">\n\t\t\t\t<div class=\"elementor-element elementor-element-36bd050 elementor-widget elementor-widget-image\" data-id=\"36bd050\" data-element_type=\"widget\" data-e-type=\"widget\" data-widget_type=\"image.default\">\n\t\t\t\t\t\t\t\t\t\t\t\t\t\t\t<img loading=\"lazy\" decoding=\"async\" width=\"409\" height=\"97\" src=\"https:\/\/adesampa.com.br\/amplificacine\/wp-content\/uploads\/2025\/09\/A-Visionaria-Lab.png\" class=\"attachment-full size-full wp-image-12307\" alt=\"\" srcset=\"https:\/\/adesampa.com.br\/amplificacine\/wp-content\/uploads\/2025\/09\/A-Visionaria-Lab.png 409w, https:\/\/adesampa.com.br\/amplificacine\/wp-content\/uploads\/2025\/09\/A-Visionaria-Lab-300x71.png 300w\" sizes=\"(max-width: 409px) 100vw, 409px\" \/>\t\t\t\t\t\t\t\t\t\t\t\t\t\t\t<\/div>\n\t\t\t\t<div class=\"elementor-element elementor-element-82dd363 elementor-widget elementor-widget-text-editor\" data-id=\"82dd363\" data-element_type=\"widget\" data-e-type=\"widget\" data-widget_type=\"text-editor.default\">\n\t\t\t\t\t\t\t\t\t<p><b>A Vision\u00e1ria Lab<\/b><\/p><p><strong>Proponentes:\u00a0<\/strong>Ana Carolina Martins e Santi Gonzalez<\/p><p><strong>Cria\u00e7\u00e3o:<\/strong>\u00a02019<\/p><p><strong>Intersec\u00e7\u00e3o setorial:<\/strong><\/p><p>Produtora de cinema e s\u00e9ries, NIP \u2013 Neg\u00f3cios de impacto social<\/p><p><strong>Miss\u00e3o e valores:<\/strong>\u00a0<\/p><p>Impulsionar a transforma\u00e7\u00e3o social atrav\u00e9s do audiovisual, promovendo narrativas plurais que amplificam causas e vozes afro-trans-perif\u00e9ricas.<\/p><p>-Criatividade\u00a0<\/p><p>\u2013 Colabora\u00e7\u00e3o\u00a0<\/p><p>\u2013 Diversidade Cultural\u00a0<\/p><p>\u2013 Preserva\u00e7\u00e3o de Mem\u00f3ria (Sankofa).<\/p><p><strong>Servi\u00e7os ofertados:<\/strong><\/p><p>-Consultoria e Curadoria: Cultura, Impacto e Comunica\u00e7\u00e3o.<\/p><p>-Filmes e document\u00e1rios em multiformatos.<\/p><p>-Pesquisas, mapeamentos e mobiliza\u00e7\u00e3o cultural.<\/p><p>Diferenciais: atua\u00e7\u00e3o integrada, conectada a tend\u00eancias, intelig\u00eancia social e pr\u00e1ticas ESG.<\/p><p><strong>Vis\u00e3o de futuro:<\/strong><\/p><p>Ser um hub de inova\u00e7\u00e3o audiovisual, reconhecido por catalisar um ecossistema criativo, regenerativo e socialmente respons\u00e1vel, onde a diversidade cultural molde futuros sustent\u00e1veis.<\/p><p><strong>Objetivos de desenvolvimento sustent\u00e1vel:<\/strong><\/p><ol start=\"5\"><li>Igualdade de G\u00eanero<\/li><\/ol><ol start=\"8\"><li>Trabalho Decente e Crescimento Econ\u00f4mico<\/li><\/ol><ol start=\"10\"><li>Redu\u00e7\u00e3o das Desigualdades<\/li><\/ol><p><strong>Canais de comunica\u00e7\u00e3o:<\/strong><\/p><p>Site:\u00a0<a href=\"http:\/\/www.avisionarialab.com.br\/\">www.avisionarialab.com.br<\/a>\u00a0<\/p><p>Instagram: @avisionarialab\u00a0<\/p><p>Vimeo:\u00a0<a href=\"https:\/\/vimeo.com\/avisionaria\">https:\/\/vimeo.com\/avisionaria<\/a>\u00a0<\/p><p>Linktree:\u00a0<a href=\"https:\/\/linktr.ee\/avLAB\">https:\/\/linktr.ee\/avLAB<\/a><\/p>\t\t\t\t\t\t\t\t<\/div>\n\t\t\t\t<\/div>\n\t\t\t\t\t<\/div>\n\t\t\t\t<\/div>\n\t\t\t\t\t<\/details>\n\t\t\t\t\t\t<details id=\"e-n-accordion-item-1637\" class=\"e-n-accordion-item\" >\n\t\t\t\t<summary class=\"e-n-accordion-item-title\" data-accordion-index=\"8\" tabindex=\"-1\" aria-expanded=\"false\" aria-controls=\"e-n-accordion-item-1637\" >\n\t\t\t\t\t<span class='e-n-accordion-item-title-header'><div class=\"e-n-accordion-item-title-text\"> Comunica Ax\u00e9 <\/div><\/span>\n\t\t\t\t\t\t\t<span class='e-n-accordion-item-title-icon'>\n\t\t\t<span class='e-opened' ><svg aria-hidden=\"true\" class=\"e-font-icon-svg e-fas-chevron-up\" viewBox=\"0 0 448 512\" xmlns=\"http:\/\/www.w3.org\/2000\/svg\"><path d=\"M240.971 130.524l194.343 194.343c9.373 9.373 9.373 24.569 0 33.941l-22.667 22.667c-9.357 9.357-24.522 9.375-33.901.04L224 227.495 69.255 381.516c-9.379 9.335-24.544 9.317-33.901-.04l-22.667-22.667c-9.373-9.373-9.373-24.569 0-33.941L207.03 130.525c9.372-9.373 24.568-9.373 33.941-.001z\"><\/path><\/svg><\/span>\n\t\t\t<span class='e-closed'><svg aria-hidden=\"true\" class=\"e-font-icon-svg e-fas-chevron-right\" viewBox=\"0 0 320 512\" xmlns=\"http:\/\/www.w3.org\/2000\/svg\"><path d=\"M285.476 272.971L91.132 467.314c-9.373 9.373-24.569 9.373-33.941 0l-22.667-22.667c-9.357-9.357-9.375-24.522-.04-33.901L188.505 256 34.484 101.255c-9.335-9.379-9.317-24.544.04-33.901l22.667-22.667c9.373-9.373 24.569-9.373 33.941 0L285.475 239.03c9.373 9.372 9.373 24.568.001 33.941z\"><\/path><\/svg><\/span>\n\t\t<\/span>\n\n\t\t\t\t\t\t<\/summary>\n\t\t\t\t<div role=\"region\" aria-labelledby=\"e-n-accordion-item-1637\" class=\"elementor-element elementor-element-2492652 e-flex e-con-boxed e-con e-child\" data-id=\"2492652\" data-element_type=\"container\" data-e-type=\"container\">\n\t\t\t\t\t<div class=\"e-con-inner\">\n\t\t<div role=\"region\" aria-labelledby=\"e-n-accordion-item-1637\" class=\"elementor-element elementor-element-1fb0c37 e-con-full e-flex e-con e-child\" data-id=\"1fb0c37\" data-element_type=\"container\" data-e-type=\"container\">\n\t\t\t\t<div class=\"elementor-element elementor-element-db4c5dc elementor-widget elementor-widget-image\" data-id=\"db4c5dc\" data-element_type=\"widget\" data-e-type=\"widget\" data-widget_type=\"image.default\">\n\t\t\t\t\t\t\t\t\t\t\t\t\t\t\t<img loading=\"lazy\" decoding=\"async\" width=\"768\" height=\"543\" src=\"https:\/\/adesampa.com.br\/amplificacine\/wp-content\/uploads\/2025\/09\/logo_comunica_axe-768x543-1.png\" class=\"attachment-full size-full wp-image-12312\" alt=\"\" srcset=\"https:\/\/adesampa.com.br\/amplificacine\/wp-content\/uploads\/2025\/09\/logo_comunica_axe-768x543-1.png 768w, https:\/\/adesampa.com.br\/amplificacine\/wp-content\/uploads\/2025\/09\/logo_comunica_axe-768x543-1-300x212.png 300w\" sizes=\"(max-width: 768px) 100vw, 768px\" \/>\t\t\t\t\t\t\t\t\t\t\t\t\t\t\t<\/div>\n\t\t\t\t<div class=\"elementor-element elementor-element-b42dece elementor-widget elementor-widget-text-editor\" data-id=\"b42dece\" data-element_type=\"widget\" data-e-type=\"widget\" data-widget_type=\"text-editor.default\">\n\t\t\t\t\t\t\t\t\t<p><strong>Comunica Ax\u00e9<\/strong><\/p><p><strong>Proponentes:\u00a0<\/strong>Samuel Dias e Glaucy Alexandre<\/p><p><strong>Cria\u00e7\u00e3o:\u00a0<\/strong>2024<\/p><p><strong>Intersec\u00e7\u00e3o setorial:<\/strong><\/p><p>Produtora de conte\u00fado digital e podcast, Produtora musical<\/p><p><strong>Miss\u00e3o e valores:\u00a0<\/strong><\/p><p>Nossa miss\u00e3o \u00e9 transformar sonhos de artista e coletivos perif\u00e9ricos em realidade, atrav\u00e9s da arte sonora. Acreditamos no poder da m\u00fasica e da arte impacto positivo.<\/p><p><strong>Servi\u00e7os ofertados:<\/strong><\/p><p>Est\u00fadio de grava\u00e7\u00e3o musical e produ\u00e7\u00e3o audiovisual. Que acontecem em uma UTT (Unidade Territorial Tradicional).<\/p><p><strong>Vis\u00e3o de futuro:<\/strong><\/p><p>Queremos criar e fortalecer uma rede de artistas e coletivos perif\u00e9ricos. Al\u00e9m de aumentar os trabalhos na produ\u00e7\u00e3o musical e audiovisual.<\/p><p><strong>Objetivos de desenvolvimento sustent\u00e1vel:<\/strong><\/p><ol start=\"4\"><li>Educa\u00e7\u00e3o de Qualidade<\/li><li>Igualdade de G\u00eanero<\/li><\/ol><ol start=\"8\"><li>Trabalho Decente e Crescimento Econ\u00f4mico<\/li><\/ol><p><strong>Canais de comunica\u00e7\u00e3o:<\/strong><\/p><p>Instagram:\u00a0<a href=\"https:\/\/www.instagram.com\/ileiyaodo\/\">https:\/\/www.instagram.com\/ileiyaodo\/<\/a><\/p><p>E-mail: projetoase@gmail.com<\/p>\t\t\t\t\t\t\t\t<\/div>\n\t\t\t\t<\/div>\n\t\t\t\t\t<\/div>\n\t\t\t\t<\/div>\n\t\t\t\t\t<\/details>\n\t\t\t\t\t\t<details id=\"e-n-accordion-item-1638\" class=\"e-n-accordion-item\" >\n\t\t\t\t<summary class=\"e-n-accordion-item-title\" data-accordion-index=\"9\" tabindex=\"-1\" aria-expanded=\"false\" aria-controls=\"e-n-accordion-item-1638\" >\n\t\t\t\t\t<span class='e-n-accordion-item-title-header'><div class=\"e-n-accordion-item-title-text\"> Mamba Produ\u00e7\u00f5es <\/div><\/span>\n\t\t\t\t\t\t\t<span class='e-n-accordion-item-title-icon'>\n\t\t\t<span class='e-opened' ><svg aria-hidden=\"true\" class=\"e-font-icon-svg e-fas-chevron-up\" viewBox=\"0 0 448 512\" xmlns=\"http:\/\/www.w3.org\/2000\/svg\"><path d=\"M240.971 130.524l194.343 194.343c9.373 9.373 9.373 24.569 0 33.941l-22.667 22.667c-9.357 9.357-24.522 9.375-33.901.04L224 227.495 69.255 381.516c-9.379 9.335-24.544 9.317-33.901-.04l-22.667-22.667c-9.373-9.373-9.373-24.569 0-33.941L207.03 130.525c9.372-9.373 24.568-9.373 33.941-.001z\"><\/path><\/svg><\/span>\n\t\t\t<span class='e-closed'><svg aria-hidden=\"true\" class=\"e-font-icon-svg e-fas-chevron-right\" viewBox=\"0 0 320 512\" xmlns=\"http:\/\/www.w3.org\/2000\/svg\"><path d=\"M285.476 272.971L91.132 467.314c-9.373 9.373-24.569 9.373-33.941 0l-22.667-22.667c-9.357-9.357-9.375-24.522-.04-33.901L188.505 256 34.484 101.255c-9.335-9.379-9.317-24.544.04-33.901l22.667-22.667c9.373-9.373 24.569-9.373 33.941 0L285.475 239.03c9.373 9.372 9.373 24.568.001 33.941z\"><\/path><\/svg><\/span>\n\t\t<\/span>\n\n\t\t\t\t\t\t<\/summary>\n\t\t\t\t<div role=\"region\" aria-labelledby=\"e-n-accordion-item-1638\" class=\"elementor-element elementor-element-66f4221 e-flex e-con-boxed e-con e-child\" data-id=\"66f4221\" data-element_type=\"container\" data-e-type=\"container\">\n\t\t\t\t\t<div class=\"e-con-inner\">\n\t\t<div role=\"region\" aria-labelledby=\"e-n-accordion-item-1638\" class=\"elementor-element elementor-element-9634768 e-con-full e-flex e-con e-child\" data-id=\"9634768\" data-element_type=\"container\" data-e-type=\"container\">\n\t\t\t\t<div class=\"elementor-element elementor-element-ca4b207 elementor-widget elementor-widget-image\" data-id=\"ca4b207\" data-element_type=\"widget\" data-e-type=\"widget\" data-widget_type=\"image.default\">\n\t\t\t\t\t\t\t\t\t\t\t\t\t\t\t<img loading=\"lazy\" decoding=\"async\" width=\"1200\" height=\"1200\" src=\"https:\/\/adesampa.com.br\/amplificacine\/wp-content\/uploads\/2025\/09\/MAMBA-PRODUCOES.png\" class=\"attachment-full size-full wp-image-12308\" alt=\"\" srcset=\"https:\/\/adesampa.com.br\/amplificacine\/wp-content\/uploads\/2025\/09\/MAMBA-PRODUCOES.png 1200w, https:\/\/adesampa.com.br\/amplificacine\/wp-content\/uploads\/2025\/09\/MAMBA-PRODUCOES-300x300.png 300w, https:\/\/adesampa.com.br\/amplificacine\/wp-content\/uploads\/2025\/09\/MAMBA-PRODUCOES-1024x1024.png 1024w, https:\/\/adesampa.com.br\/amplificacine\/wp-content\/uploads\/2025\/09\/MAMBA-PRODUCOES-150x150.png 150w, https:\/\/adesampa.com.br\/amplificacine\/wp-content\/uploads\/2025\/09\/MAMBA-PRODUCOES-768x768.png 768w, https:\/\/adesampa.com.br\/amplificacine\/wp-content\/uploads\/2025\/09\/elementor\/thumbs\/MAMBA-PRODUCOES-rca7jnnoxrydezz3udyyqbrcv1xldm0j4lnh6vbh9k.png 260w\" sizes=\"(max-width: 1200px) 100vw, 1200px\" \/>\t\t\t\t\t\t\t\t\t\t\t\t\t\t\t<\/div>\n\t\t\t\t<div class=\"elementor-element elementor-element-cd9e3d2 elementor-widget elementor-widget-text-editor\" data-id=\"cd9e3d2\" data-element_type=\"widget\" data-e-type=\"widget\" data-widget_type=\"text-editor.default\">\n\t\t\t\t\t\t\t\t\t<p><b>Mamba Produ\u00e7\u00f5es<\/b><\/p><p><strong>Proponentes:<\/strong>\u00a0Carlos Alberto Silva e Humberto Silva Silveira<\/p><p><strong>Cria\u00e7\u00e3o:<\/strong>\u00a02023<\/p><p><strong>Intersec\u00e7\u00e3o setorial:<\/strong><\/p><p>Produtora de cinema e s\u00e9ries, Produtora de conte\u00fado digital e podcast<\/p><p><strong>Miss\u00e3o e valores:\u00a0<\/strong><\/p><p>Produzir conte\u00fados profundos e relevantes com est\u00e9tica cinematogr\u00e1fica diferenciada, prezando pela inclus\u00e3o social, de g\u00eanero e ra\u00e7a.<\/p><p><strong>Servi\u00e7os ofertados:<\/strong><\/p><p>Desenvolvemos projetos criativos com est\u00e9tica cinematogr\u00e1fica, voltados principalmente ao p\u00fablico jovem, com foco em pessoas negras e perif\u00e9ricas.<\/p><p><strong>Vis\u00e3o de futuro:<\/strong><\/p><p>Consolidar-se como uma produtora de conte\u00fados com projetos criativos em diversas plataformas, seja em nosso canal no youtube, seja no streaming ou na tv.<\/p><p><strong>Objetivos de desenvolvimento sustent\u00e1vel:<\/strong><\/p><ol start=\"3\"><li>Sa\u00fade e Bem Estar<\/li><\/ol><ol start=\"5\"><li>Igualdade de G\u00eanero<\/li><\/ol><ol start=\"10\"><li>Redu\u00e7\u00e3o das Desigualdades<\/li><\/ol><p><strong>Canais de comunica\u00e7\u00e3o:<\/strong><\/p><p>Youtube:\u00a0<a href=\"https:\/\/www.youtube.com\/@canalmamba\">https:\/\/www.youtube.com\/@canalmamba<\/a><\/p><p>Site:\u00a0<a href=\"https:\/\/www.instagram.com\/canalmamba\/\">https:\/\/www.instagram.com\/canalmamba\/<\/a><\/p><p>E-mail: carlos.alberto.nit@gmail.com<\/p>\t\t\t\t\t\t\t\t<\/div>\n\t\t\t\t<\/div>\n\t\t\t\t\t<\/div>\n\t\t\t\t<\/div>\n\t\t\t\t\t<\/details>\n\t\t\t\t\t\t<details id=\"e-n-accordion-item-1639\" class=\"e-n-accordion-item\" >\n\t\t\t\t<summary class=\"e-n-accordion-item-title\" data-accordion-index=\"10\" tabindex=\"-1\" aria-expanded=\"false\" aria-controls=\"e-n-accordion-item-1639\" >\n\t\t\t\t\t<span class='e-n-accordion-item-title-header'><div class=\"e-n-accordion-item-title-text\"> Devir Produ\u00e7\u00f5es <\/div><\/span>\n\t\t\t\t\t\t\t<span class='e-n-accordion-item-title-icon'>\n\t\t\t<span class='e-opened' ><svg aria-hidden=\"true\" class=\"e-font-icon-svg e-fas-chevron-up\" viewBox=\"0 0 448 512\" xmlns=\"http:\/\/www.w3.org\/2000\/svg\"><path d=\"M240.971 130.524l194.343 194.343c9.373 9.373 9.373 24.569 0 33.941l-22.667 22.667c-9.357 9.357-24.522 9.375-33.901.04L224 227.495 69.255 381.516c-9.379 9.335-24.544 9.317-33.901-.04l-22.667-22.667c-9.373-9.373-9.373-24.569 0-33.941L207.03 130.525c9.372-9.373 24.568-9.373 33.941-.001z\"><\/path><\/svg><\/span>\n\t\t\t<span class='e-closed'><svg aria-hidden=\"true\" class=\"e-font-icon-svg e-fas-chevron-right\" viewBox=\"0 0 320 512\" xmlns=\"http:\/\/www.w3.org\/2000\/svg\"><path d=\"M285.476 272.971L91.132 467.314c-9.373 9.373-24.569 9.373-33.941 0l-22.667-22.667c-9.357-9.357-9.375-24.522-.04-33.901L188.505 256 34.484 101.255c-9.335-9.379-9.317-24.544.04-33.901l22.667-22.667c9.373-9.373 24.569-9.373 33.941 0L285.475 239.03c9.373 9.372 9.373 24.568.001 33.941z\"><\/path><\/svg><\/span>\n\t\t<\/span>\n\n\t\t\t\t\t\t<\/summary>\n\t\t\t\t<div role=\"region\" aria-labelledby=\"e-n-accordion-item-1639\" class=\"elementor-element elementor-element-c9d2739 e-flex e-con-boxed e-con e-child\" data-id=\"c9d2739\" data-element_type=\"container\" data-e-type=\"container\">\n\t\t\t\t\t<div class=\"e-con-inner\">\n\t\t<div role=\"region\" aria-labelledby=\"e-n-accordion-item-1639\" class=\"elementor-element elementor-element-7b1940f e-con-full e-flex e-con e-child\" data-id=\"7b1940f\" data-element_type=\"container\" data-e-type=\"container\">\n\t\t\t\t<div class=\"elementor-element elementor-element-283ae53 elementor-widget elementor-widget-image\" data-id=\"283ae53\" data-element_type=\"widget\" data-e-type=\"widget\" data-widget_type=\"image.default\">\n\t\t\t\t\t\t\t\t\t\t\t\t\t\t\t<img loading=\"lazy\" decoding=\"async\" width=\"600\" height=\"600\" src=\"https:\/\/adesampa.com.br\/amplificacine\/wp-content\/uploads\/2025\/09\/DEVIR-PRODUCOES.png\" class=\"attachment-full size-full wp-image-12309\" alt=\"\" srcset=\"https:\/\/adesampa.com.br\/amplificacine\/wp-content\/uploads\/2025\/09\/DEVIR-PRODUCOES.png 600w, https:\/\/adesampa.com.br\/amplificacine\/wp-content\/uploads\/2025\/09\/DEVIR-PRODUCOES-300x300.png 300w, https:\/\/adesampa.com.br\/amplificacine\/wp-content\/uploads\/2025\/09\/DEVIR-PRODUCOES-150x150.png 150w, https:\/\/adesampa.com.br\/amplificacine\/wp-content\/uploads\/2025\/09\/elementor\/thumbs\/DEVIR-PRODUCOES-rca7l0jat5ta6q03wz3kbzfbr38ohveknbkq59b0a0.png 260w\" sizes=\"(max-width: 600px) 100vw, 600px\" \/>\t\t\t\t\t\t\t\t\t\t\t\t\t\t\t<\/div>\n\t\t\t\t<div class=\"elementor-element elementor-element-848f87a elementor-widget elementor-widget-text-editor\" data-id=\"848f87a\" data-element_type=\"widget\" data-e-type=\"widget\" data-widget_type=\"text-editor.default\">\n\t\t\t\t\t\t\t\t\t<p><b>Devir Produ\u00e7\u00f5es<\/b><\/p><p><strong>Proponentes:\u00a0<\/strong>Gabriel Sousa e Matheus Doninha<\/p><p><strong>Cria\u00e7\u00e3o:<\/strong>\u00a02015<\/p><p><strong>Intersec\u00e7\u00e3o setorial:<\/strong><\/p><p>Produtora de cinema e s\u00e9ries, Produtora de conte\u00fado digital e podcast<\/p><p><strong>Miss\u00e3o e valores:\u00a0<\/strong><\/p><p>Somos uma empresa que produz conte\u00fados audiovisuais de alta qualidade, singulares e sens\u00edveis, prezando por valores \u00e9ticos e est\u00e9ticos na produ\u00e7\u00e3o criativa, no aprender e no compartilhar informa\u00e7\u00e3o e conhecimento.<\/p><p><strong>Servi\u00e7os ofertados:<\/strong><\/p><p>Produ\u00e7\u00e3o audiovisual completa incluindo document\u00e1rios, fic\u00e7\u00e3o, cobertura real time e conte\u00fados publicit\u00e1rios, com diferencial na forma de articular t\u00e9cnica e sensibilidade art\u00edstica a partir da experi\u00eancia e do tr\u00e2nsito no mundo das artes.<\/p><p><strong>Vis\u00e3o de futuro:<\/strong><\/p><p>Ser a produtora audiovisual refer\u00eancia do meio cultural e art\u00edstico, ser premiada em um grande festival, realizar um projeto de coprodu\u00e7\u00e3o internacional e expandir a atua\u00e7\u00e3o no meio publicit\u00e1rio.<\/p><p><strong>Objetivos de desenvolvimento sustent\u00e1vel:<\/strong><\/p><ol start=\"10\"><li>Redu\u00e7\u00e3o das Desigualdades<\/li><li>Cidades e Comunidades Sustent\u00e1veis<\/li><\/ol><ol start=\"16\"><li>Paz, Justi\u00e7a e Institui\u00e7\u00f5es Eficazes<\/li><\/ol><p><strong>Canais de comunica\u00e7\u00e3o:<\/strong><\/p><p>Site:\u00a0<a href=\"http:\/\/devirproducoes.com.br\/\">devirproducoes.com.br<\/a>\u00a0<\/p><p>Instagram: @devirproducoes<\/p><p>E-mail: gabrielfdesousa@gmail.com<\/p>\t\t\t\t\t\t\t\t<\/div>\n\t\t\t\t<\/div>\n\t\t\t\t\t<\/div>\n\t\t\t\t<\/div>\n\t\t\t\t\t<\/details>\n\t\t\t\t\t\t<details id=\"e-n-accordion-item-16310\" class=\"e-n-accordion-item\" >\n\t\t\t\t<summary class=\"e-n-accordion-item-title\" data-accordion-index=\"11\" tabindex=\"-1\" aria-expanded=\"false\" aria-controls=\"e-n-accordion-item-16310\" >\n\t\t\t\t\t<span class='e-n-accordion-item-title-header'><div class=\"e-n-accordion-item-title-text\"> Ru\u00eddo Roxo <\/div><\/span>\n\t\t\t\t\t\t\t<span class='e-n-accordion-item-title-icon'>\n\t\t\t<span class='e-opened' ><svg aria-hidden=\"true\" class=\"e-font-icon-svg e-fas-chevron-up\" viewBox=\"0 0 448 512\" xmlns=\"http:\/\/www.w3.org\/2000\/svg\"><path d=\"M240.971 130.524l194.343 194.343c9.373 9.373 9.373 24.569 0 33.941l-22.667 22.667c-9.357 9.357-24.522 9.375-33.901.04L224 227.495 69.255 381.516c-9.379 9.335-24.544 9.317-33.901-.04l-22.667-22.667c-9.373-9.373-9.373-24.569 0-33.941L207.03 130.525c9.372-9.373 24.568-9.373 33.941-.001z\"><\/path><\/svg><\/span>\n\t\t\t<span class='e-closed'><svg aria-hidden=\"true\" class=\"e-font-icon-svg e-fas-chevron-right\" viewBox=\"0 0 320 512\" xmlns=\"http:\/\/www.w3.org\/2000\/svg\"><path d=\"M285.476 272.971L91.132 467.314c-9.373 9.373-24.569 9.373-33.941 0l-22.667-22.667c-9.357-9.357-9.375-24.522-.04-33.901L188.505 256 34.484 101.255c-9.335-9.379-9.317-24.544.04-33.901l22.667-22.667c9.373-9.373 24.569-9.373 33.941 0L285.475 239.03c9.373 9.372 9.373 24.568.001 33.941z\"><\/path><\/svg><\/span>\n\t\t<\/span>\n\n\t\t\t\t\t\t<\/summary>\n\t\t\t\t<div role=\"region\" aria-labelledby=\"e-n-accordion-item-16310\" class=\"elementor-element elementor-element-ef64788 e-flex e-con-boxed e-con e-child\" data-id=\"ef64788\" data-element_type=\"container\" data-e-type=\"container\">\n\t\t\t\t\t<div class=\"e-con-inner\">\n\t\t<div role=\"region\" aria-labelledby=\"e-n-accordion-item-16310\" class=\"elementor-element elementor-element-84923bd e-con-full e-flex e-con e-child\" data-id=\"84923bd\" data-element_type=\"container\" data-e-type=\"container\">\n\t\t\t\t<div class=\"elementor-element elementor-element-ffccf21 elementor-widget elementor-widget-image\" data-id=\"ffccf21\" data-element_type=\"widget\" data-e-type=\"widget\" data-widget_type=\"image.default\">\n\t\t\t\t\t\t\t\t\t\t\t\t\t\t\t<img loading=\"lazy\" decoding=\"async\" width=\"600\" height=\"600\" src=\"https:\/\/adesampa.com.br\/amplificacine\/wp-content\/uploads\/2025\/09\/RUIDO-ROXO.png\" class=\"attachment-full size-full wp-image-12310\" alt=\"\" srcset=\"https:\/\/adesampa.com.br\/amplificacine\/wp-content\/uploads\/2025\/09\/RUIDO-ROXO.png 600w, https:\/\/adesampa.com.br\/amplificacine\/wp-content\/uploads\/2025\/09\/RUIDO-ROXO-300x300.png 300w, https:\/\/adesampa.com.br\/amplificacine\/wp-content\/uploads\/2025\/09\/RUIDO-ROXO-150x150.png 150w, https:\/\/adesampa.com.br\/amplificacine\/wp-content\/uploads\/2025\/09\/elementor\/thumbs\/RUIDO-ROXO-rca7my3cuwgi1v72mt5yghvfplpubh2pkvunnqfvhk.png 260w\" sizes=\"(max-width: 600px) 100vw, 600px\" \/>\t\t\t\t\t\t\t\t\t\t\t\t\t\t\t<\/div>\n\t\t\t\t<div class=\"elementor-element elementor-element-6f750a1 elementor-widget elementor-widget-text-editor\" data-id=\"6f750a1\" data-element_type=\"widget\" data-e-type=\"widget\" data-widget_type=\"text-editor.default\">\n\t\t\t\t\t\t\t\t\t<p><b>Ru\u00eddo Roxo<\/b><\/p><p><strong>Proponentes:\u00a0<\/strong>Victor Gomes Brum e Richard Jeoshuah<\/p><p><strong>Cria\u00e7\u00e3o:<\/strong>\u00a02021<\/p><p><strong>Intersec\u00e7\u00e3o setorial:<\/strong><\/p><p>Ag\u00eancia de vendas audiovisual, Produtora musical<\/p><p><strong>Miss\u00e3o e valores:<\/strong><\/p><p>Construir, em parceria com os artistas, caminhos inovadores para carreiras musicais bem-sucedidas.<\/p><ul><li aria-level=\"1\">Arte\u00a0<\/li><li aria-level=\"1\">Cultura\u00a0<\/li><li aria-level=\"1\">territ\u00f3rio<\/li><\/ul><p><strong>Servi\u00e7os ofertados:<\/strong><\/p><p>Agenciamento art\u00edstico, produ\u00e7\u00e3o de v\u00eddeo, mentorias e consultorias.<\/p><p>Com servi\u00e7os e produtos especializados para artistas, a Ru\u00eddo Roxo preza pela transpar\u00eancia, responsabilidade e flexibilidade.<\/p><p><strong>Vis\u00e3o de futuro:<\/strong><\/p><p>Ser refer\u00eancia no agenciamento art\u00edstico e na constru\u00e7\u00e3o de carreiras musicais sustent\u00e1veis, promovendo a inova\u00e7\u00e3o, a diversidade cultural e o impacto social positivo na ind\u00fastria criativa.<\/p><p><strong>Objetivos de desenvolvimento sustent\u00e1vel:<\/strong><\/p><ol><li>Erradica\u00e7\u00e3o da Pobreza<\/li><\/ol><ol start=\"8\"><li>Trabalho Decente e Crescimento Econ\u00f4mico<\/li><\/ol><ol start=\"10\"><li>Redu\u00e7\u00e3o das Desigualdades<\/li><\/ol><p><strong>Canais de comunica\u00e7\u00e3o:<\/strong><\/p><p>Instagram:\u00a0<a href=\"http:\/\/www.instagram.com\/ruidoroxo\">www.instagram.com\/ruidoroxo<\/a><\/p><p>Youtube:\u00a0<a href=\"https:\/\/www.youtube.com\/ruidoroxo\">https:\/\/www.youtube.com\/ruidoroxo<\/a><\/p><p>Site:\u00a0<a href=\"https:\/\/www.ruidoroxo.com\/\">https:\/\/www.ruidoroxo.com<\/a>\u00a0(em constru\u00e7\u00e3o)<\/p>\t\t\t\t\t\t\t\t<\/div>\n\t\t\t\t<\/div>\n\t\t\t\t\t<\/div>\n\t\t\t\t<\/div>\n\t\t\t\t\t<\/details>\n\t\t\t\t\t\t<details id=\"e-n-accordion-item-16311\" class=\"e-n-accordion-item\" >\n\t\t\t\t<summary class=\"e-n-accordion-item-title\" data-accordion-index=\"12\" tabindex=\"-1\" aria-expanded=\"false\" aria-controls=\"e-n-accordion-item-16311\" >\n\t\t\t\t\t<span class='e-n-accordion-item-title-header'><div class=\"e-n-accordion-item-title-text\"> DAGO <\/div><\/span>\n\t\t\t\t\t\t\t<span class='e-n-accordion-item-title-icon'>\n\t\t\t<span class='e-opened' ><svg aria-hidden=\"true\" class=\"e-font-icon-svg e-fas-chevron-up\" viewBox=\"0 0 448 512\" xmlns=\"http:\/\/www.w3.org\/2000\/svg\"><path d=\"M240.971 130.524l194.343 194.343c9.373 9.373 9.373 24.569 0 33.941l-22.667 22.667c-9.357 9.357-24.522 9.375-33.901.04L224 227.495 69.255 381.516c-9.379 9.335-24.544 9.317-33.901-.04l-22.667-22.667c-9.373-9.373-9.373-24.569 0-33.941L207.03 130.525c9.372-9.373 24.568-9.373 33.941-.001z\"><\/path><\/svg><\/span>\n\t\t\t<span class='e-closed'><svg aria-hidden=\"true\" class=\"e-font-icon-svg e-fas-chevron-right\" viewBox=\"0 0 320 512\" xmlns=\"http:\/\/www.w3.org\/2000\/svg\"><path d=\"M285.476 272.971L91.132 467.314c-9.373 9.373-24.569 9.373-33.941 0l-22.667-22.667c-9.357-9.357-9.375-24.522-.04-33.901L188.505 256 34.484 101.255c-9.335-9.379-9.317-24.544.04-33.901l22.667-22.667c9.373-9.373 24.569-9.373 33.941 0L285.475 239.03c9.373 9.372 9.373 24.568.001 33.941z\"><\/path><\/svg><\/span>\n\t\t<\/span>\n\n\t\t\t\t\t\t<\/summary>\n\t\t\t\t<div role=\"region\" aria-labelledby=\"e-n-accordion-item-16311\" class=\"elementor-element elementor-element-1051070 e-flex e-con-boxed e-con e-child\" data-id=\"1051070\" data-element_type=\"container\" data-e-type=\"container\">\n\t\t\t\t\t<div class=\"e-con-inner\">\n\t\t<div role=\"region\" aria-labelledby=\"e-n-accordion-item-16311\" class=\"elementor-element elementor-element-ee42352 e-con-full e-flex e-con e-child\" data-id=\"ee42352\" data-element_type=\"container\" data-e-type=\"container\">\n\t\t\t\t<div class=\"elementor-element elementor-element-76cd3f1 elementor-widget elementor-widget-image\" data-id=\"76cd3f1\" data-element_type=\"widget\" data-e-type=\"widget\" data-widget_type=\"image.default\">\n\t\t\t\t\t\t\t\t\t\t\t\t\t\t\t<img loading=\"lazy\" decoding=\"async\" width=\"640\" height=\"640\" src=\"https:\/\/adesampa.com.br\/amplificacine\/wp-content\/uploads\/2025\/09\/DAGO.jpeg\" class=\"attachment-full size-full wp-image-12311\" alt=\"\" srcset=\"https:\/\/adesampa.com.br\/amplificacine\/wp-content\/uploads\/2025\/09\/DAGO.jpeg 640w, https:\/\/adesampa.com.br\/amplificacine\/wp-content\/uploads\/2025\/09\/DAGO-300x300.jpeg 300w, https:\/\/adesampa.com.br\/amplificacine\/wp-content\/uploads\/2025\/09\/DAGO-150x150.jpeg 150w, https:\/\/adesampa.com.br\/amplificacine\/wp-content\/uploads\/2025\/09\/elementor\/thumbs\/DAGO-rca7p8t5kblqfjux7sx4jwzzzie54u73899dw318a0.jpeg 260w\" sizes=\"(max-width: 640px) 100vw, 640px\" \/>\t\t\t\t\t\t\t\t\t\t\t\t\t\t\t<\/div>\n\t\t\t\t<div class=\"elementor-element elementor-element-a6eb8e7 elementor-widget elementor-widget-text-editor\" data-id=\"a6eb8e7\" data-element_type=\"widget\" data-e-type=\"widget\" data-widget_type=\"text-editor.default\">\n\t\t\t\t\t\t\t\t\t<p><b>DAGO<\/b><\/p><p><strong>Proponentes:\u00a0<\/strong>Ione Maria e William Meira<\/p><p><strong>Cria\u00e7\u00e3o:<\/strong>\u00a02023<\/p><p><strong>Intersec\u00e7\u00e3o setorial:<\/strong>\u00a0Produtora de cinema e s\u00e9ries<\/p><p><strong>Miss\u00e3o e valores:\u00a0<\/strong><\/p><p>Promover diversidade e inclus\u00e3o de ra\u00e7a e g\u00eanero no audiovisual atrav\u00e9s do departamento de arte.<\/p><p><strong>Servi\u00e7os ofertados:<\/strong><\/p><p>Oferecemos todos os servi\u00e7os do departamento de arte de forma integrada para um projeto audiovisual, nosso diferencial \u00e9 trabalhar com um corpo t\u00e9cnico diverso em ra\u00e7a e g\u00eanero<\/p><p><strong>Vis\u00e3o de futuro:<\/strong><\/p><p>A DAGO vem como um formato diferente para o mercado e atrav\u00e9s disso, pensamos que dentro de 5 anos teremos a oportunidade de criar rela\u00e7\u00f5es saud\u00e1veis que saibam interpretar nosso servi\u00e7o.<\/p><p><strong>Objetivos de desenvolvimento sustent\u00e1vel:<\/strong><\/p><ol start=\"5\"><li>Igualdade de G\u00eanero<\/li><\/ol><ol start=\"10&quot;\"><li>Redu\u00e7\u00e3o das Desigualdades<\/li><\/ol><ol start=\"17\"><li>Parcerias e Meios de Implementa\u00e7\u00e3o<\/li><\/ol><p><strong>Canais de comunica\u00e7\u00e3o:<\/strong><\/p><p>Instagram: @dago.film\u00a0<\/p><p>E-mail: ionemarialg@gmail.com<\/p>\t\t\t\t\t\t\t\t<\/div>\n\t\t\t\t<\/div>\n\t\t\t\t\t<\/div>\n\t\t\t\t<\/div>\n\t\t\t\t\t<\/details>\n\t\t\t\t\t<\/div>\n\t\t\t\t\t\t<\/div>\n\t\t\t\t<\/div>\n\t\t\t\t\t<\/div>\n\t\t\t\t<\/div>\n\t\t<div class=\"elementor-element elementor-element-0431d9a e-flex e-con-boxed e-con e-parent\" data-id=\"0431d9a\" data-element_type=\"container\" data-e-type=\"container\">\n\t\t\t\t\t<div class=\"e-con-inner\">\n\t\t\t\t<div class=\"elementor-element elementor-element-3cfda36 elementor-widget elementor-widget-spacer\" data-id=\"3cfda36\" data-element_type=\"widget\" data-e-type=\"widget\" data-widget_type=\"spacer.default\">\n\t\t\t\t\t\t\t<div class=\"elementor-spacer\">\n\t\t\t<div class=\"elementor-spacer-inner\"><\/div>\n\t\t<\/div>\n\t\t\t\t\t\t<\/div>\n\t\t\t\t<div class=\"elementor-element elementor-element-8cad261 elementor-widget__width-initial elementor-widget-mobile__width-initial elementor-widget elementor-widget-heading\" data-id=\"8cad261\" data-element_type=\"widget\" data-e-type=\"widget\" data-widget_type=\"heading.default\">\n\t\t\t\t\t<h2 class=\"elementor-heading-title elementor-size-default\">Amplifica Cine - 3\u00aa Edi\u00e7\u00e3o<\/h2>\t\t\t\t<\/div>\n\t\t\t\t<div class=\"elementor-element elementor-element-8a515a0 elementor-widget elementor-widget-spacer\" data-id=\"8a515a0\" data-element_type=\"widget\" data-e-type=\"widget\" data-widget_type=\"spacer.default\">\n\t\t\t\t\t\t\t<div class=\"elementor-spacer\">\n\t\t\t<div class=\"elementor-spacer-inner\"><\/div>\n\t\t<\/div>\n\t\t\t\t\t\t<\/div>\n\t\t<div class=\"elementor-element elementor-element-5cb3ccb e-grid e-con-full e-con e-child\" data-id=\"5cb3ccb\" data-element_type=\"container\" data-e-type=\"container\">\n\t\t\t\t<div class=\"elementor-element elementor-element-0d8763b elementor-widget elementor-widget-n-accordion\" data-id=\"0d8763b\" data-element_type=\"widget\" data-e-type=\"widget\" data-settings=\"{&quot;default_state&quot;:&quot;all_collapsed&quot;,&quot;max_items_expended&quot;:&quot;one&quot;,&quot;n_accordion_animation_duration&quot;:{&quot;unit&quot;:&quot;ms&quot;,&quot;size&quot;:400,&quot;sizes&quot;:[]}}\" data-widget_type=\"nested-accordion.default\">\n\t\t\t\t\t\t\t<div class=\"e-n-accordion\" aria-label=\"Accordion. Open links with Enter or Space, close with Escape, and navigate with Arrow Keys\">\n\t\t\t\t\t\t<details id=\"e-n-accordion-item-1410\" class=\"e-n-accordion-item\" >\n\t\t\t\t<summary class=\"e-n-accordion-item-title\" data-accordion-index=\"1\" tabindex=\"0\" aria-expanded=\"false\" aria-controls=\"e-n-accordion-item-1410\" >\n\t\t\t\t\t<span class='e-n-accordion-item-title-header'><div class=\"e-n-accordion-item-title-text\"> Loba Produ\u00e7\u00f5es <\/div><\/span>\n\t\t\t\t\t\t\t<span class='e-n-accordion-item-title-icon'>\n\t\t\t<span class='e-opened' ><svg aria-hidden=\"true\" class=\"e-font-icon-svg e-fas-chevron-up\" viewBox=\"0 0 448 512\" xmlns=\"http:\/\/www.w3.org\/2000\/svg\"><path d=\"M240.971 130.524l194.343 194.343c9.373 9.373 9.373 24.569 0 33.941l-22.667 22.667c-9.357 9.357-24.522 9.375-33.901.04L224 227.495 69.255 381.516c-9.379 9.335-24.544 9.317-33.901-.04l-22.667-22.667c-9.373-9.373-9.373-24.569 0-33.941L207.03 130.525c9.372-9.373 24.568-9.373 33.941-.001z\"><\/path><\/svg><\/span>\n\t\t\t<span class='e-closed'><svg aria-hidden=\"true\" class=\"e-font-icon-svg e-fas-chevron-right\" viewBox=\"0 0 320 512\" xmlns=\"http:\/\/www.w3.org\/2000\/svg\"><path d=\"M285.476 272.971L91.132 467.314c-9.373 9.373-24.569 9.373-33.941 0l-22.667-22.667c-9.357-9.357-9.375-24.522-.04-33.901L188.505 256 34.484 101.255c-9.335-9.379-9.317-24.544.04-33.901l22.667-22.667c9.373-9.373 24.569-9.373 33.941 0L285.475 239.03c9.373 9.372 9.373 24.568.001 33.941z\"><\/path><\/svg><\/span>\n\t\t<\/span>\n\n\t\t\t\t\t\t<\/summary>\n\t\t\t\t<div role=\"region\" aria-labelledby=\"e-n-accordion-item-1410\" class=\"elementor-element elementor-element-0038a0a e-con-full e-flex e-con e-child\" data-id=\"0038a0a\" data-element_type=\"container\" data-e-type=\"container\">\n\t\t<div role=\"region\" aria-labelledby=\"e-n-accordion-item-1410\" class=\"elementor-element elementor-element-298f9a4 e-flex e-con-boxed e-con e-child\" data-id=\"298f9a4\" data-element_type=\"container\" data-e-type=\"container\">\n\t\t\t\t\t<div class=\"e-con-inner\">\n\t\t\t\t<div class=\"elementor-element elementor-element-bc6eeb2 elementor-widget elementor-widget-image\" data-id=\"bc6eeb2\" data-element_type=\"widget\" data-e-type=\"widget\" data-widget_type=\"image.default\">\n\t\t\t\t\t\t\t\t\t\t\t\t\t\t\t<img loading=\"lazy\" decoding=\"async\" width=\"929\" height=\"380\" src=\"https:\/\/adesampa.com.br\/amplificacine\/wp-content\/uploads\/2025\/10\/loba-branco-Mandi-Castro.png\" class=\"attachment-full size-full wp-image-13189\" alt=\"\" srcset=\"https:\/\/adesampa.com.br\/amplificacine\/wp-content\/uploads\/2025\/10\/loba-branco-Mandi-Castro.png 929w, https:\/\/adesampa.com.br\/amplificacine\/wp-content\/uploads\/2025\/10\/loba-branco-Mandi-Castro-300x123.png 300w, https:\/\/adesampa.com.br\/amplificacine\/wp-content\/uploads\/2025\/10\/loba-branco-Mandi-Castro-768x314.png 768w, https:\/\/adesampa.com.br\/amplificacine\/wp-content\/uploads\/2025\/10\/loba-branco-Mandi-Castro-245x100.png 245w\" sizes=\"(max-width: 929px) 100vw, 929px\" \/>\t\t\t\t\t\t\t\t\t\t\t\t\t\t\t<\/div>\n\t\t\t\t<div class=\"elementor-element elementor-element-3a6ad35 elementor-widget elementor-widget-text-editor\" data-id=\"3a6ad35\" data-element_type=\"widget\" data-e-type=\"widget\" data-widget_type=\"text-editor.default\">\n\t\t\t\t\t\t\t\t\t<ol><li style=\"font-weight: 400;\" aria-level=\"1\"><b>Nome de empresa:<\/b><span style=\"font-weight: 400;\"> Loba Produ\u00e7\u00f5es<\/span><\/li><li style=\"font-weight: 400;\" aria-level=\"1\"><b>Proponentes:<\/b> <b>Kathelyn Rosa<\/b><span style=\"font-weight: 400;\"> e <\/span><b>Mandi Castro<\/b><\/li><li style=\"font-weight: 400;\" aria-level=\"1\"><b>Atua\u00e7\u00e3o principal e secund\u00e1ria:<\/b> <b>Principal:<\/b><span style=\"font-weight: 400;\"> Desenvolvimento e produ\u00e7\u00e3o de projetos culturais. <\/span><b>Secund\u00e1ria:<\/b><span style=\"font-weight: 400;\"> Produ\u00e7\u00e3o de cursos de aprimoramento t\u00e9cnico para o audiovisual.<\/span><\/li><li style=\"font-weight: 400;\" aria-level=\"1\"><b>Mini bio da empresa:<\/b><span style=\"font-weight: 400;\"> Produtora cultural e audiovisual fundada em 2019, liderada por mulheres e especializada em narrativas de perspectiva feminina, projetos de impacto social e adapta\u00e7\u00f5es liter\u00e1rias. Atua com conte\u00fados autorais em literatura, audiovisual, forma\u00e7\u00e3o e economia criativa.<\/span><\/li><li style=\"font-weight: 400;\" aria-level=\"1\"><b>Miss\u00e3o e valores:<\/b> <b>Miss\u00e3o:<\/b><span style=\"font-weight: 400;\"> Criar um ambiente de trabalho sustent\u00e1vel e produtivo, promovendo uma produ\u00e7\u00e3o cultural rent\u00e1vel com gerenciamento \u00e9tico e eficiente. <\/span><b>Valores:<\/b><span style=\"font-weight: 400;\"> Hist\u00f3rias locais, sele\u00e7\u00e3o de talentos, tempo de qualidade e equil\u00edbrio, \u00e9tica, inova\u00e7\u00e3o e compromisso com narrativas transformadoras.<\/span><\/li><li style=\"font-weight: 400;\" aria-level=\"1\"><b>Vis\u00e3o de futuro:<\/b><span style=\"font-weight: 400;\"> Ser reconhecida pela profissionaliza\u00e7\u00e3o, gest\u00e3o eficiente e estrutura s\u00f3lida do mercado audiovisual, valorizando conte\u00fados relevantes e contribuindo para o fortalecimento da ind\u00fastria criativa.<\/span><\/li><li style=\"font-weight: 400;\" aria-level=\"1\"><b>Servi\u00e7os ofertados:<\/b><span style=\"font-weight: 400;\"> Desenvolvimento e produ\u00e7\u00e3o de projetos culturais e audiovisuais com perspectiva feminina e adapta\u00e7\u00f5es liter\u00e1rias.<\/span><\/li><\/ol><p><b>Contatos:<\/b><span style=\"font-weight: 400;\"> E-mail: <\/span><a href=\"mailto:mandi@lobaproducoes.com.br\"><span style=\"font-weight: 400;\">mandi@lobaproducoes.com.br<\/span><\/a> <span style=\"font-weight: 400;\">Instagram: <\/span><b>@loba.producoes<\/b><span style=\"font-weight: 400;\">, Site: <\/span><b>http:\/\/www.lobaproducoes.com.br\/<\/b><\/p>\t\t\t\t\t\t\t\t<\/div>\n\t\t\t\t\t<\/div>\n\t\t\t\t<\/div>\n\t\t\t\t<\/div>\n\t\t\t\t\t<\/details>\n\t\t\t\t\t\t<details id=\"e-n-accordion-item-1411\" class=\"e-n-accordion-item\" >\n\t\t\t\t<summary class=\"e-n-accordion-item-title\" data-accordion-index=\"2\" tabindex=\"-1\" aria-expanded=\"false\" aria-controls=\"e-n-accordion-item-1411\" >\n\t\t\t\t\t<span class='e-n-accordion-item-title-header'><div class=\"e-n-accordion-item-title-text\"> Praiana Filmes <\/div><\/span>\n\t\t\t\t\t\t\t<span class='e-n-accordion-item-title-icon'>\n\t\t\t<span class='e-opened' ><svg aria-hidden=\"true\" class=\"e-font-icon-svg e-fas-chevron-up\" viewBox=\"0 0 448 512\" xmlns=\"http:\/\/www.w3.org\/2000\/svg\"><path d=\"M240.971 130.524l194.343 194.343c9.373 9.373 9.373 24.569 0 33.941l-22.667 22.667c-9.357 9.357-24.522 9.375-33.901.04L224 227.495 69.255 381.516c-9.379 9.335-24.544 9.317-33.901-.04l-22.667-22.667c-9.373-9.373-9.373-24.569 0-33.941L207.03 130.525c9.372-9.373 24.568-9.373 33.941-.001z\"><\/path><\/svg><\/span>\n\t\t\t<span class='e-closed'><svg aria-hidden=\"true\" class=\"e-font-icon-svg e-fas-chevron-right\" viewBox=\"0 0 320 512\" xmlns=\"http:\/\/www.w3.org\/2000\/svg\"><path d=\"M285.476 272.971L91.132 467.314c-9.373 9.373-24.569 9.373-33.941 0l-22.667-22.667c-9.357-9.357-9.375-24.522-.04-33.901L188.505 256 34.484 101.255c-9.335-9.379-9.317-24.544.04-33.901l22.667-22.667c9.373-9.373 24.569-9.373 33.941 0L285.475 239.03c9.373 9.372 9.373 24.568.001 33.941z\"><\/path><\/svg><\/span>\n\t\t<\/span>\n\n\t\t\t\t\t\t<\/summary>\n\t\t\t\t<div role=\"region\" aria-labelledby=\"e-n-accordion-item-1411\" class=\"elementor-element elementor-element-f62052e e-con-full e-flex e-con e-child\" data-id=\"f62052e\" data-element_type=\"container\" data-e-type=\"container\">\n\t\t<div role=\"region\" aria-labelledby=\"e-n-accordion-item-1411\" class=\"elementor-element elementor-element-7890056 e-flex e-con-boxed e-con e-child\" data-id=\"7890056\" data-element_type=\"container\" data-e-type=\"container\">\n\t\t\t\t\t<div class=\"e-con-inner\">\n\t\t\t\t<div class=\"elementor-element elementor-element-eed0e8c elementor-widget elementor-widget-image\" data-id=\"eed0e8c\" data-element_type=\"widget\" data-e-type=\"widget\" data-widget_type=\"image.default\">\n\t\t\t\t\t\t\t\t\t\t\t\t\t\t\t<img loading=\"lazy\" decoding=\"async\" width=\"2064\" height=\"1246\" src=\"https:\/\/adesampa.com.br\/amplificacine\/wp-content\/uploads\/2025\/10\/Logo-Praiana-Praiana-Filmes.png\" class=\"attachment-full size-full wp-image-13190\" alt=\"\" srcset=\"https:\/\/adesampa.com.br\/amplificacine\/wp-content\/uploads\/2025\/10\/Logo-Praiana-Praiana-Filmes.png 2064w, https:\/\/adesampa.com.br\/amplificacine\/wp-content\/uploads\/2025\/10\/Logo-Praiana-Praiana-Filmes-300x181.png 300w, https:\/\/adesampa.com.br\/amplificacine\/wp-content\/uploads\/2025\/10\/Logo-Praiana-Praiana-Filmes-1024x618.png 1024w, https:\/\/adesampa.com.br\/amplificacine\/wp-content\/uploads\/2025\/10\/Logo-Praiana-Praiana-Filmes-768x464.png 768w, https:\/\/adesampa.com.br\/amplificacine\/wp-content\/uploads\/2025\/10\/Logo-Praiana-Praiana-Filmes-1536x927.png 1536w, https:\/\/adesampa.com.br\/amplificacine\/wp-content\/uploads\/2025\/10\/Logo-Praiana-Praiana-Filmes-2048x1236.png 2048w\" sizes=\"(max-width: 2064px) 100vw, 2064px\" \/>\t\t\t\t\t\t\t\t\t\t\t\t\t\t\t<\/div>\n\t\t\t\t<div class=\"elementor-element elementor-element-71ef0dc elementor-widget elementor-widget-text-editor\" data-id=\"71ef0dc\" data-element_type=\"widget\" data-e-type=\"widget\" data-widget_type=\"text-editor.default\">\n\t\t\t\t\t\t\t\t\t<ol><li style=\"font-weight: 400;\" aria-level=\"1\"><b>Nome de empresa:<\/b><span style=\"font-weight: 400;\"> Praiana Filmes<\/span><\/li><li style=\"font-weight: 400;\" aria-level=\"1\"><b>Proponentes:<\/b> <b>Hanna Queiroz<\/b><span style=\"font-weight: 400;\"> e <\/span><b>Giovanna Rotter<\/b><\/li><li style=\"font-weight: 400;\" aria-level=\"1\"><b>Atua\u00e7\u00e3o principal e secund\u00e1ria:<\/b> <b>Principal:<\/b><span style=\"font-weight: 400;\"> Cinema autoral. <\/span><b>Secund\u00e1ria:<\/b><span style=\"font-weight: 400;\"> V\u00eddeo aulas, publicidade e v\u00eddeos institucionais.<\/span><\/li><li style=\"font-weight: 400;\" aria-level=\"1\"><b>Mini bio da empresa:<\/b><span style=\"font-weight: 400;\"> Empresa audiovisual mato-grossense focada na produ\u00e7\u00e3o de obras com <\/span><b>protagonismo feminino<\/b><span style=\"font-weight: 400;\">, tanto na frente quanto atr\u00e1s das c\u00e2meras, contando hist\u00f3rias nas quais as mulheres podem se identificar e se inspirar.<\/span><\/li><li style=\"font-weight: 400;\" aria-level=\"1\"><b>Miss\u00e3o e valores:<\/b> <b>Miss\u00e3o:<\/b><span style=\"font-weight: 400;\"> Atingir a <\/span><b>igualdade de g\u00eanero<\/b><span style=\"font-weight: 400;\"> no audiovisual. <\/span><b>Valores:<\/b><span style=\"font-weight: 400;\"> Igualdade, justi\u00e7a e anti-machismo.<\/span><\/li><li style=\"font-weight: 400;\" aria-level=\"1\"><b>Vis\u00e3o de futuro:<\/b><span style=\"font-weight: 400;\"> Crescer de forma estruturada e com previsibilidade de receita, buscando licenciamento de curtas j\u00e1 realizados e viabilizando projetos em andamento atrav\u00e9s de rodadas de neg\u00f3cios e editais.<\/span><\/li><li style=\"font-weight: 400;\" aria-level=\"1\"><b>Servi\u00e7os ofertados:<\/b><span style=\"font-weight: 400;\"> Produ\u00e7\u00e3o executiva e coordena\u00e7\u00e3o de produ\u00e7\u00e3o de curta-metragens, s\u00e9ries, longa-metragens e v\u00eddeos institucionais e corporativos.<\/span><\/li><li style=\"font-weight: 400;\" aria-level=\"1\"><b>Contatos:<\/b><span style=\"font-weight: 400;\"> Instagram: <\/span><b>@praianafilmes<\/b><span style=\"font-weight: 400;\">, Linkedin: https:\/\/www.linkedin.com\/company\/praiana-filmes\/?viewAsMember=true<\/span><\/li><\/ol>\t\t\t\t\t\t\t\t<\/div>\n\t\t\t\t\t<\/div>\n\t\t\t\t<\/div>\n\t\t\t\t<\/div>\n\t\t\t\t\t<\/details>\n\t\t\t\t\t\t<details id=\"e-n-accordion-item-1412\" class=\"e-n-accordion-item\" >\n\t\t\t\t<summary class=\"e-n-accordion-item-title\" data-accordion-index=\"3\" tabindex=\"-1\" aria-expanded=\"false\" aria-controls=\"e-n-accordion-item-1412\" >\n\t\t\t\t\t<span class='e-n-accordion-item-title-header'><div class=\"e-n-accordion-item-title-text\"> Produtora Alquimia P.A.M <\/div><\/span>\n\t\t\t\t\t\t\t<span class='e-n-accordion-item-title-icon'>\n\t\t\t<span class='e-opened' ><svg aria-hidden=\"true\" class=\"e-font-icon-svg e-fas-chevron-up\" viewBox=\"0 0 448 512\" xmlns=\"http:\/\/www.w3.org\/2000\/svg\"><path d=\"M240.971 130.524l194.343 194.343c9.373 9.373 9.373 24.569 0 33.941l-22.667 22.667c-9.357 9.357-24.522 9.375-33.901.04L224 227.495 69.255 381.516c-9.379 9.335-24.544 9.317-33.901-.04l-22.667-22.667c-9.373-9.373-9.373-24.569 0-33.941L207.03 130.525c9.372-9.373 24.568-9.373 33.941-.001z\"><\/path><\/svg><\/span>\n\t\t\t<span class='e-closed'><svg aria-hidden=\"true\" class=\"e-font-icon-svg e-fas-chevron-right\" viewBox=\"0 0 320 512\" xmlns=\"http:\/\/www.w3.org\/2000\/svg\"><path d=\"M285.476 272.971L91.132 467.314c-9.373 9.373-24.569 9.373-33.941 0l-22.667-22.667c-9.357-9.357-9.375-24.522-.04-33.901L188.505 256 34.484 101.255c-9.335-9.379-9.317-24.544.04-33.901l22.667-22.667c9.373-9.373 24.569-9.373 33.941 0L285.475 239.03c9.373 9.372 9.373 24.568.001 33.941z\"><\/path><\/svg><\/span>\n\t\t<\/span>\n\n\t\t\t\t\t\t<\/summary>\n\t\t\t\t<div role=\"region\" aria-labelledby=\"e-n-accordion-item-1412\" class=\"elementor-element elementor-element-3ab83b4 e-con-full e-flex e-con e-child\" data-id=\"3ab83b4\" data-element_type=\"container\" data-e-type=\"container\">\n\t\t<div role=\"region\" aria-labelledby=\"e-n-accordion-item-1412\" class=\"elementor-element elementor-element-1cd8e6a e-flex e-con-boxed e-con e-child\" data-id=\"1cd8e6a\" data-element_type=\"container\" data-e-type=\"container\">\n\t\t\t\t\t<div class=\"e-con-inner\">\n\t\t\t\t<div class=\"elementor-element elementor-element-69a9429 elementor-widget elementor-widget-image\" data-id=\"69a9429\" data-element_type=\"widget\" data-e-type=\"widget\" data-widget_type=\"image.default\">\n\t\t\t\t\t\t\t\t\t\t\t\t\t\t\t<img loading=\"lazy\" decoding=\"async\" width=\"945\" height=\"945\" src=\"https:\/\/adesampa.com.br\/amplificacine\/wp-content\/uploads\/2025\/10\/logo-Alquimia-PAM-8x8-4-COMUNICACAO-CEAC.jpg\" class=\"attachment-full size-full wp-image-13191\" alt=\"\" srcset=\"https:\/\/adesampa.com.br\/amplificacine\/wp-content\/uploads\/2025\/10\/logo-Alquimia-PAM-8x8-4-COMUNICACAO-CEAC.jpg 945w, https:\/\/adesampa.com.br\/amplificacine\/wp-content\/uploads\/2025\/10\/logo-Alquimia-PAM-8x8-4-COMUNICACAO-CEAC-300x300.jpg 300w, https:\/\/adesampa.com.br\/amplificacine\/wp-content\/uploads\/2025\/10\/logo-Alquimia-PAM-8x8-4-COMUNICACAO-CEAC-150x150.jpg 150w, https:\/\/adesampa.com.br\/amplificacine\/wp-content\/uploads\/2025\/10\/logo-Alquimia-PAM-8x8-4-COMUNICACAO-CEAC-768x768.jpg 768w\" sizes=\"(max-width: 945px) 100vw, 945px\" \/>\t\t\t\t\t\t\t\t\t\t\t\t\t\t\t<\/div>\n\t\t\t\t<div class=\"elementor-element elementor-element-b1fc6b8 elementor-widget elementor-widget-text-editor\" data-id=\"b1fc6b8\" data-element_type=\"widget\" data-e-type=\"widget\" data-widget_type=\"text-editor.default\">\n\t\t\t\t\t\t\t\t\t<ol><li style=\"font-weight: 400;\" aria-level=\"1\"><b>Nome de empresa:<\/b><span style=\"font-weight: 400;\"> Produtora Alquimia P.A.M.<\/span><\/li><li style=\"font-weight: 400;\" aria-level=\"1\"><b>Proponentes:<\/b> <b>Raul Carlos<\/b><span style=\"font-weight: 400;\"> e <\/span><b>Marina Moraes<\/b><\/li><li style=\"font-weight: 400;\" aria-level=\"1\"><b>Atua\u00e7\u00e3o principal e secund\u00e1ria:<\/b> <b>Principal:<\/b><span style=\"font-weight: 400;\"> Produ\u00e7\u00e3o audiovisual autoral e <\/span><i><span style=\"font-weight: 400;\">podcast<\/span><\/i><span style=\"font-weight: 400;\">. <\/span><b>Secund\u00e1ria:<\/b><span style=\"font-weight: 400;\"> Servi\u00e7o de capta\u00e7\u00e3o.<\/span><\/li><li style=\"font-weight: 400;\" aria-level=\"1\"><b>Mini bio da empresa:<\/b><span style=\"font-weight: 400;\"> Produtora com foco na periferia, que desenvolve o <\/span><i><span style=\"font-weight: 400;\">videocast<\/span><\/i> <b>TrocanoIdeia<\/b><span style=\"font-weight: 400;\">, um programa semanal que busca aproximar contextos tecnol\u00f3gicos, econ\u00f4micos e culturais da realidade perif\u00e9rica.<\/span><\/li><li style=\"font-weight: 400;\" aria-level=\"1\"><b>Miss\u00e3o e valores:<\/b> <b>Miss\u00e3o:<\/b><span style=\"font-weight: 400;\"> Desenvolver e produzir conte\u00fados audiovisuais com equipes predominantemente de <\/span><b>moradores das periferias<\/b><span style=\"font-weight: 400;\">. <\/span><b>Valores:<\/b><span style=\"font-weight: 400;\"> Coletividade, Comunica\u00e7\u00e3o ativa, dignidade humana, fomento \u00e0 cultura e diversidade.<\/span><\/li><li style=\"font-weight: 400;\" aria-level=\"1\"><b>Vis\u00e3o de futuro:<\/b><span style=\"font-weight: 400;\"> Ser uma das principais desenvolvedoras e produtoras de conte\u00fados audiovisuais para o mercado cultural, contribuindo para a propaga\u00e7\u00e3o da import\u00e2ncia do setor para o desenvolvimento social.<\/span><\/li><li style=\"font-weight: 400;\" aria-level=\"1\"><b>Servi\u00e7os ofertados:<\/b><span style=\"font-weight: 400;\"> Desenvolvimento de roteiro e plano de capta\u00e7\u00e3o financeira, Capta\u00e7\u00e3o de \u00e1udio e v\u00eddeo, Pr\u00e9-produ\u00e7\u00e3o, Produ\u00e7\u00e3o executiva, Edi\u00e7\u00e3o.<\/span><\/li><li style=\"font-weight: 400;\" aria-level=\"1\"><b>Contatos:<\/b><span style=\"font-weight: 400;\"> YouTube: <\/span><a href=\"https:\/\/www.youtube.com\/@pensaragirmudar\"><span style=\"font-weight: 400;\">https:\/\/www.youtube.com\/@pensaragirmudar<\/span><\/a><span style=\"font-weight: 400;\"> , Instagram: <\/span><a href=\"https:\/\/www.instagram.com\/alquimiapam\"><span style=\"font-weight: 400;\">https:\/\/www.instagram.com\/alquimiapam<\/span><\/a><span style=\"font-weight: 400;\">\u00a0<\/span><\/li><\/ol>\t\t\t\t\t\t\t\t<\/div>\n\t\t\t\t\t<\/div>\n\t\t\t\t<\/div>\n\t\t\t\t<\/div>\n\t\t\t\t\t<\/details>\n\t\t\t\t\t\t<details id=\"e-n-accordion-item-1413\" class=\"e-n-accordion-item\" >\n\t\t\t\t<summary class=\"e-n-accordion-item-title\" data-accordion-index=\"4\" tabindex=\"-1\" aria-expanded=\"false\" aria-controls=\"e-n-accordion-item-1413\" >\n\t\t\t\t\t<span class='e-n-accordion-item-title-header'><div class=\"e-n-accordion-item-title-text\"> Hipn\u00f3ticos Filmes Ltda <\/div><\/span>\n\t\t\t\t\t\t\t<span class='e-n-accordion-item-title-icon'>\n\t\t\t<span class='e-opened' ><svg aria-hidden=\"true\" class=\"e-font-icon-svg e-fas-chevron-up\" viewBox=\"0 0 448 512\" xmlns=\"http:\/\/www.w3.org\/2000\/svg\"><path d=\"M240.971 130.524l194.343 194.343c9.373 9.373 9.373 24.569 0 33.941l-22.667 22.667c-9.357 9.357-24.522 9.375-33.901.04L224 227.495 69.255 381.516c-9.379 9.335-24.544 9.317-33.901-.04l-22.667-22.667c-9.373-9.373-9.373-24.569 0-33.941L207.03 130.525c9.372-9.373 24.568-9.373 33.941-.001z\"><\/path><\/svg><\/span>\n\t\t\t<span class='e-closed'><svg aria-hidden=\"true\" class=\"e-font-icon-svg e-fas-chevron-right\" viewBox=\"0 0 320 512\" xmlns=\"http:\/\/www.w3.org\/2000\/svg\"><path d=\"M285.476 272.971L91.132 467.314c-9.373 9.373-24.569 9.373-33.941 0l-22.667-22.667c-9.357-9.357-9.375-24.522-.04-33.901L188.505 256 34.484 101.255c-9.335-9.379-9.317-24.544.04-33.901l22.667-22.667c9.373-9.373 24.569-9.373 33.941 0L285.475 239.03c9.373 9.372 9.373 24.568.001 33.941z\"><\/path><\/svg><\/span>\n\t\t<\/span>\n\n\t\t\t\t\t\t<\/summary>\n\t\t\t\t<div role=\"region\" aria-labelledby=\"e-n-accordion-item-1413\" class=\"elementor-element elementor-element-49b2352 e-flex e-con-boxed e-con e-child\" data-id=\"49b2352\" data-element_type=\"container\" data-e-type=\"container\">\n\t\t\t\t\t<div class=\"e-con-inner\">\n\t\t<div role=\"region\" aria-labelledby=\"e-n-accordion-item-1413\" class=\"elementor-element elementor-element-84eb46f e-con-full e-flex e-con e-child\" data-id=\"84eb46f\" data-element_type=\"container\" data-e-type=\"container\">\n\t\t\t\t<div class=\"elementor-element elementor-element-c5613c1 elementor-widget elementor-widget-image\" data-id=\"c5613c1\" data-element_type=\"widget\" data-e-type=\"widget\" data-widget_type=\"image.default\">\n\t\t\t\t\t\t\t\t\t\t\t\t\t\t\t<img loading=\"lazy\" decoding=\"async\" width=\"1023\" height=\"1080\" src=\"https:\/\/adesampa.com.br\/amplificacine\/wp-content\/uploads\/2025\/10\/Logo_HIPNOTICOS-FILMES-Fonte-Preta-Hipnoticos-Filmes-Producoes.png\" class=\"attachment-full size-full wp-image-13192\" alt=\"\" srcset=\"https:\/\/adesampa.com.br\/amplificacine\/wp-content\/uploads\/2025\/10\/Logo_HIPNOTICOS-FILMES-Fonte-Preta-Hipnoticos-Filmes-Producoes.png 1023w, https:\/\/adesampa.com.br\/amplificacine\/wp-content\/uploads\/2025\/10\/Logo_HIPNOTICOS-FILMES-Fonte-Preta-Hipnoticos-Filmes-Producoes-284x300.png 284w, https:\/\/adesampa.com.br\/amplificacine\/wp-content\/uploads\/2025\/10\/Logo_HIPNOTICOS-FILMES-Fonte-Preta-Hipnoticos-Filmes-Producoes-970x1024.png 970w, https:\/\/adesampa.com.br\/amplificacine\/wp-content\/uploads\/2025\/10\/Logo_HIPNOTICOS-FILMES-Fonte-Preta-Hipnoticos-Filmes-Producoes-768x811.png 768w\" sizes=\"(max-width: 1023px) 100vw, 1023px\" \/>\t\t\t\t\t\t\t\t\t\t\t\t\t\t\t<\/div>\n\t\t\t\t<div class=\"elementor-element elementor-element-b702f7e elementor-widget elementor-widget-text-editor\" data-id=\"b702f7e\" data-element_type=\"widget\" data-e-type=\"widget\" data-widget_type=\"text-editor.default\">\n\t\t\t\t\t\t\t\t\t<ol><li style=\"font-weight: 400;\" aria-level=\"1\"><b>Nome de empresa:<\/b><span style=\"font-weight: 400;\"> Hipn\u00f3ticos Filmes Ltda<\/span><\/li><li style=\"font-weight: 400;\" aria-level=\"1\"><b>Proponentes:<\/b> <b>Rafael Vieira Zanesco<\/b><span style=\"font-weight: 400;\"> e <\/span><b>Rodrigo Leite Cardoso<\/b><\/li><li style=\"font-weight: 400;\" aria-level=\"1\"><b>Atua\u00e7\u00e3o principal e secund\u00e1ria:<\/b> <b>Principal:<\/b><span style=\"font-weight: 400;\"> Desenvolvimento e produ\u00e7\u00e3o cinematogr\u00e1fica com foco no g\u00eanero de <\/span><b>suspense<\/b><span style=\"font-weight: 400;\">. <\/span><b>Secund\u00e1ria:<\/b><span style=\"font-weight: 400;\"> P\u00f3s-produ\u00e7\u00e3o, legendagem em v\u00e1rios idiomas e distribui\u00e7\u00e3o.<\/span><\/li><li style=\"font-weight: 400;\" aria-level=\"1\"><b>Mini bio da empresa:<\/b><span style=\"font-weight: 400;\"> Produtora independente de S\u00e3o Paulo especializada em terror e suspense, fundada em 2020. \u00c9 refer\u00eancia em narrativas originais de g\u00eanero no Brasil para cinema, TV e <\/span><i><span style=\"font-weight: 400;\">streaming<\/span><\/i><span style=\"font-weight: 400;\">, com mais de dez curtas premiados e dois longas finalizados.<\/span><\/li><li style=\"font-weight: 400;\" aria-level=\"1\"><b>Miss\u00e3o e valores:<\/b> <b>Miss\u00e3o:<\/b><span style=\"font-weight: 400;\"> Produzir conte\u00fados de terror e suspense que conectam o p\u00fablico jovem-adulto com narrativas originais, impactantes e acess\u00edveis. <\/span><b>Valores:<\/b><span style=\"font-weight: 400;\"> Poder do cinema de g\u00eanero, criatividade, autenticidade, profissionalismo e diversidade de olhares.<\/span><\/li><li style=\"font-weight: 400;\" aria-level=\"1\"><b>Vis\u00e3o de futuro:<\/b><span style=\"font-weight: 400;\"> Ser <\/span><b>refer\u00eancia nacional e internacional<\/b><span style=\"font-weight: 400;\"> na produ\u00e7\u00e3o de cinema de terror e suspense independente, com alto apelo popular e potencial de distribui\u00e7\u00e3o global.<\/span><\/li><li style=\"font-weight: 400;\" aria-level=\"1\"><b>Servi\u00e7os ofertados:<\/b><span style=\"font-weight: 400;\"> Desenvolvimento (roteiros, pesquisas), Produ\u00e7\u00e3o (planejamento, capta\u00e7\u00e3o), Dire\u00e7\u00e3o e Produ\u00e7\u00e3o Executiva, Edi\u00e7\u00e3o e P\u00f3s-produ\u00e7\u00e3o.<\/span><\/li><li style=\"font-weight: 400;\" aria-level=\"1\"><b>Contatos:<\/b><span style=\"font-weight: 400;\"> E-mail: <\/span><b>hipnoticos.comercial@gmail.com<\/b><span style=\"font-weight: 400;\"> Instagram: <\/span><a href=\"http:\/\/www.instagram.com\/hipnoticosfilmes\"><span style=\"font-weight: 400;\">www.instagram.com\/hipnoticosfilmes<\/span><\/a><span style=\"font-weight: 400;\"> , Facebook: www.facebook.com\/hipnoticosfilmes , YouTube: www.youtube.com\/hipnoticosfilmes<\/span><\/li><\/ol>\t\t\t\t\t\t\t\t<\/div>\n\t\t\t\t<\/div>\n\t\t\t\t\t<\/div>\n\t\t\t\t<\/div>\n\t\t\t\t\t<\/details>\n\t\t\t\t\t\t<details id=\"e-n-accordion-item-1414\" class=\"e-n-accordion-item\" >\n\t\t\t\t<summary class=\"e-n-accordion-item-title\" data-accordion-index=\"5\" tabindex=\"-1\" aria-expanded=\"false\" aria-controls=\"e-n-accordion-item-1414\" >\n\t\t\t\t\t<span class='e-n-accordion-item-title-header'><div class=\"e-n-accordion-item-title-text\"> Entre Nuvens <\/div><\/span>\n\t\t\t\t\t\t\t<span class='e-n-accordion-item-title-icon'>\n\t\t\t<span class='e-opened' ><svg aria-hidden=\"true\" class=\"e-font-icon-svg e-fas-chevron-up\" viewBox=\"0 0 448 512\" xmlns=\"http:\/\/www.w3.org\/2000\/svg\"><path d=\"M240.971 130.524l194.343 194.343c9.373 9.373 9.373 24.569 0 33.941l-22.667 22.667c-9.357 9.357-24.522 9.375-33.901.04L224 227.495 69.255 381.516c-9.379 9.335-24.544 9.317-33.901-.04l-22.667-22.667c-9.373-9.373-9.373-24.569 0-33.941L207.03 130.525c9.372-9.373 24.568-9.373 33.941-.001z\"><\/path><\/svg><\/span>\n\t\t\t<span class='e-closed'><svg aria-hidden=\"true\" class=\"e-font-icon-svg e-fas-chevron-right\" viewBox=\"0 0 320 512\" xmlns=\"http:\/\/www.w3.org\/2000\/svg\"><path d=\"M285.476 272.971L91.132 467.314c-9.373 9.373-24.569 9.373-33.941 0l-22.667-22.667c-9.357-9.357-9.375-24.522-.04-33.901L188.505 256 34.484 101.255c-9.335-9.379-9.317-24.544.04-33.901l22.667-22.667c9.373-9.373 24.569-9.373 33.941 0L285.475 239.03c9.373 9.372 9.373 24.568.001 33.941z\"><\/path><\/svg><\/span>\n\t\t<\/span>\n\n\t\t\t\t\t\t<\/summary>\n\t\t\t\t<div role=\"region\" aria-labelledby=\"e-n-accordion-item-1414\" class=\"elementor-element elementor-element-0c8b50f e-flex e-con-boxed e-con e-child\" data-id=\"0c8b50f\" data-element_type=\"container\" data-e-type=\"container\">\n\t\t\t\t\t<div class=\"e-con-inner\">\n\t\t<div role=\"region\" aria-labelledby=\"e-n-accordion-item-1414\" class=\"elementor-element elementor-element-ca44aae e-con-full e-flex e-con e-child\" data-id=\"ca44aae\" data-element_type=\"container\" data-e-type=\"container\">\n\t\t\t\t<div class=\"elementor-element elementor-element-bbb62cf elementor-widget elementor-widget-image\" data-id=\"bbb62cf\" data-element_type=\"widget\" data-e-type=\"widget\" data-widget_type=\"image.default\">\n\t\t\t\t\t\t\t\t\t\t\t\t\t\t\t<img loading=\"lazy\" decoding=\"async\" width=\"449\" height=\"262\" src=\"https:\/\/adesampa.com.br\/amplificacine\/wp-content\/uploads\/2025\/10\/logo_vertical_preto-Ugo-Araujo.png\" class=\"attachment-full size-full wp-image-13193\" alt=\"\" srcset=\"https:\/\/adesampa.com.br\/amplificacine\/wp-content\/uploads\/2025\/10\/logo_vertical_preto-Ugo-Araujo.png 449w, https:\/\/adesampa.com.br\/amplificacine\/wp-content\/uploads\/2025\/10\/logo_vertical_preto-Ugo-Araujo-300x175.png 300w\" sizes=\"(max-width: 449px) 100vw, 449px\" \/>\t\t\t\t\t\t\t\t\t\t\t\t\t\t\t<\/div>\n\t\t\t\t<div class=\"elementor-element elementor-element-c0e4ed6 elementor-widget elementor-widget-text-editor\" data-id=\"c0e4ed6\" data-element_type=\"widget\" data-e-type=\"widget\" data-widget_type=\"text-editor.default\">\n\t\t\t\t\t\t\t\t\t<ol><li style=\"font-weight: 400;\" aria-level=\"1\"><b>Nome de empresa:<\/b><span style=\"font-weight: 400;\"> Entre Nuvens<\/span><\/li><li style=\"font-weight: 400;\" aria-level=\"1\"><b>Proponentes:<\/b> <b>Ugo Araujo<\/b><span style=\"font-weight: 400;\"> e <\/span><b>Michel Nebonta<\/b><\/li><li style=\"font-weight: 400;\" aria-level=\"1\"><b>Atua\u00e7\u00e3o principal e secund\u00e1ria:<\/b> <b>Principal:<\/b><span style=\"font-weight: 400;\"> Produ\u00e7\u00e3o e licenciamento de imagens de <\/span><i><span style=\"font-weight: 400;\">drone<\/span><\/i><span style=\"font-weight: 400;\"> para o audiovisual. <\/span><b>Secund\u00e1ria:<\/b><span style=\"font-weight: 400;\"> Banco de imagens inovador e contrata\u00e7\u00e3o de servi\u00e7os especializados.<\/span><\/li><li style=\"font-weight: 400;\" aria-level=\"1\"><b>Mini bio da empresa:<\/b><span style=\"font-weight: 400;\"> Empresa de <\/span><b>tecnologia<\/b><span style=\"font-weight: 400;\"> que conecta <\/span><b>+3000 pilotos de <\/b><b><i>drone<\/i><\/b><span style=\"font-weight: 400;\"> e <\/span><b>+8000 imagens a\u00e9reas<\/b><span style=\"font-weight: 400;\"> de todo o Brasil a produ\u00e7\u00f5es audiovisuais e publicit\u00e1rias.<\/span><\/li><li style=\"font-weight: 400;\" aria-level=\"1\"><b>Miss\u00e3o e valores:<\/b><span style=\"font-weight: 400;\"> Conectar pilotos de <\/span><i><span style=\"font-weight: 400;\">drone<\/span><\/i><span style=\"font-weight: 400;\"> ao mercado audiovisual e publicit\u00e1rio, transformando acervos esquecidos em oportunidades de neg\u00f3cios.<\/span><\/li><li style=\"font-weight: 400;\" aria-level=\"1\"><b>Vis\u00e3o de futuro:<\/b><span style=\"font-weight: 400;\"> Construir o maior e mais inteligente <\/span><b>ecossistema de imagens a\u00e9reas da Am\u00e9rica Latina<\/b><span style=\"font-weight: 400;\">, unindo tecnologia propriet\u00e1ria, intelig\u00eancia artificial e rede colaborativa de pilotos.<\/span><\/li><li style=\"font-weight: 400;\" aria-level=\"1\"><b>Servi\u00e7os ofertados:<\/b><span style=\"font-weight: 400;\"> Licenciamento de imagens a\u00e9reas e presta\u00e7\u00e3o de capta\u00e7\u00e3o de imagens com <\/span><i><span style=\"font-weight: 400;\">drones<\/span><\/i><span style=\"font-weight: 400;\">.<\/span><\/li><li style=\"font-weight: 400;\" aria-level=\"1\"><b>Contatos:<\/b><span style=\"font-weight: 400;\"> E-mail: <\/span><b>ugo@entrenuvens.com<\/b><span style=\"font-weight: 400;\">, Site: https:\/\/entrenuvens.com\/ , LinkedIn: https:\/\/www.linkedin.com\/company\/entrenuvens\/ , Instagram: https:\/\/www.instagram.com\/entrenuvens , TikTok: https:\/\/www.tiktok.com\/@entrnuvens<\/span><\/li><\/ol>\t\t\t\t\t\t\t\t<\/div>\n\t\t\t\t<\/div>\n\t\t\t\t\t<\/div>\n\t\t\t\t<\/div>\n\t\t\t\t\t<\/details>\n\t\t\t\t\t\t<details id=\"e-n-accordion-item-1415\" class=\"e-n-accordion-item\" >\n\t\t\t\t<summary class=\"e-n-accordion-item-title\" data-accordion-index=\"6\" tabindex=\"-1\" aria-expanded=\"false\" aria-controls=\"e-n-accordion-item-1415\" >\n\t\t\t\t\t<span class='e-n-accordion-item-title-header'><div class=\"e-n-accordion-item-title-text\"> Ast\u00facia Filmes <\/div><\/span>\n\t\t\t\t\t\t\t<span class='e-n-accordion-item-title-icon'>\n\t\t\t<span class='e-opened' ><svg aria-hidden=\"true\" class=\"e-font-icon-svg e-fas-chevron-up\" viewBox=\"0 0 448 512\" xmlns=\"http:\/\/www.w3.org\/2000\/svg\"><path d=\"M240.971 130.524l194.343 194.343c9.373 9.373 9.373 24.569 0 33.941l-22.667 22.667c-9.357 9.357-24.522 9.375-33.901.04L224 227.495 69.255 381.516c-9.379 9.335-24.544 9.317-33.901-.04l-22.667-22.667c-9.373-9.373-9.373-24.569 0-33.941L207.03 130.525c9.372-9.373 24.568-9.373 33.941-.001z\"><\/path><\/svg><\/span>\n\t\t\t<span class='e-closed'><svg aria-hidden=\"true\" class=\"e-font-icon-svg e-fas-chevron-right\" viewBox=\"0 0 320 512\" xmlns=\"http:\/\/www.w3.org\/2000\/svg\"><path d=\"M285.476 272.971L91.132 467.314c-9.373 9.373-24.569 9.373-33.941 0l-22.667-22.667c-9.357-9.357-9.375-24.522-.04-33.901L188.505 256 34.484 101.255c-9.335-9.379-9.317-24.544.04-33.901l22.667-22.667c9.373-9.373 24.569-9.373 33.941 0L285.475 239.03c9.373 9.372 9.373 24.568.001 33.941z\"><\/path><\/svg><\/span>\n\t\t<\/span>\n\n\t\t\t\t\t\t<\/summary>\n\t\t\t\t<div role=\"region\" aria-labelledby=\"e-n-accordion-item-1415\" class=\"elementor-element elementor-element-902bc7d e-flex e-con-boxed e-con e-child\" data-id=\"902bc7d\" data-element_type=\"container\" data-e-type=\"container\">\n\t\t\t\t\t<div class=\"e-con-inner\">\n\t\t<div role=\"region\" aria-labelledby=\"e-n-accordion-item-1415\" class=\"elementor-element elementor-element-816f6fa e-con-full e-flex e-con e-child\" data-id=\"816f6fa\" data-element_type=\"container\" data-e-type=\"container\">\n\t\t\t\t<div class=\"elementor-element elementor-element-2632266 elementor-widget elementor-widget-image\" data-id=\"2632266\" data-element_type=\"widget\" data-e-type=\"widget\" data-widget_type=\"image.default\">\n\t\t\t\t\t\t\t\t\t\t\t\t\t\t\t<img loading=\"lazy\" decoding=\"async\" width=\"894\" height=\"132\" src=\"https:\/\/adesampa.com.br\/amplificacine\/wp-content\/uploads\/2025\/10\/astucia_logo-1-Lincoln-Pericles-LK-Astucia-Filmes.jpg\" class=\"attachment-full size-full wp-image-13194\" alt=\"\" srcset=\"https:\/\/adesampa.com.br\/amplificacine\/wp-content\/uploads\/2025\/10\/astucia_logo-1-Lincoln-Pericles-LK-Astucia-Filmes.jpg 894w, https:\/\/adesampa.com.br\/amplificacine\/wp-content\/uploads\/2025\/10\/astucia_logo-1-Lincoln-Pericles-LK-Astucia-Filmes-300x44.jpg 300w, https:\/\/adesampa.com.br\/amplificacine\/wp-content\/uploads\/2025\/10\/astucia_logo-1-Lincoln-Pericles-LK-Astucia-Filmes-768x113.jpg 768w\" sizes=\"(max-width: 894px) 100vw, 894px\" \/>\t\t\t\t\t\t\t\t\t\t\t\t\t\t\t<\/div>\n\t\t\t\t<div class=\"elementor-element elementor-element-47c86fc elementor-widget elementor-widget-text-editor\" data-id=\"47c86fc\" data-element_type=\"widget\" data-e-type=\"widget\" data-widget_type=\"text-editor.default\">\n\t\t\t\t\t\t\t\t\t<ol><li style=\"font-weight: 400;\" aria-level=\"1\"><b>Nome de empresa:<\/b><span style=\"font-weight: 400;\"> Ast\u00facia Filmes<\/span><\/li><li style=\"font-weight: 400;\" aria-level=\"1\"><b>Proponentes:<\/b> <b>Lincoln P\u00e9ricles (LK)<\/b><span style=\"font-weight: 400;\"> e <\/span><b>David Andrade<\/b><\/li><li style=\"font-weight: 400;\" aria-level=\"1\"><b>Atua\u00e7\u00e3o principal e secund\u00e1ria:<\/b> <b>Principal:<\/b><span style=\"font-weight: 400;\"> Produ\u00e7\u00e3o e p\u00f3s-produ\u00e7\u00e3o audiovisual. <\/span><b>Secund\u00e1ria:<\/b><span style=\"font-weight: 400;\"> Desenvolvimento de <\/span><b>forma\u00e7\u00e3o popular em cinema<\/b><span style=\"font-weight: 400;\">, exibi\u00e7\u00f5es e preserva\u00e7\u00e3o de arquivos pela <\/span><b>Cinemateca da Quebrada<\/b><span style=\"font-weight: 400;\">.<\/span><\/li><li style=\"font-weight: 400;\" aria-level=\"1\"><b>Mini bio da empresa:<\/b><span style=\"font-weight: 400;\"> Produtora independente fundada h\u00e1 mais de 15 anos no <\/span><b>Cap\u00e3o Redondo<\/b><span style=\"font-weight: 400;\">. Atua na realiza\u00e7\u00e3o, difus\u00e3o e preserva\u00e7\u00e3o de narrativas audiovisuais vindas das periferias, mantendo a Cinemateca da Quebrada.<\/span><\/li><li style=\"font-weight: 400;\" aria-level=\"1\"><b>Miss\u00e3o e valores:<\/b> <b>Miss\u00e3o:<\/b><span style=\"font-weight: 400;\"> Produzir, preservar e difundir narrativas audiovisuais que nascem das periferias, <\/span><b>rompendo padr\u00f5es coloniais<\/b><span style=\"font-weight: 400;\"> e valorizando a experi\u00eancia da classe trabalhadora. <\/span><b>Compromisso:<\/b><span style=\"font-weight: 400;\"> Cinema experimental, insurgente e popular.<\/span><\/li><li style=\"font-weight: 400;\" aria-level=\"1\"><b>Vis\u00e3o de futuro:<\/b><span style=\"font-weight: 400;\"> Ser <\/span><b>refer\u00eancia internacional<\/b><span style=\"font-weight: 400;\"> em cinema perif\u00e9rico e experimental, ampliando a Cinemateca da Quebrada e conectando as quebradas do Brasil a territ\u00f3rios em luta no mundo.<\/span><\/li><li style=\"font-weight: 400;\" aria-level=\"1\"><b>Servi\u00e7os ofertados:<\/b><span style=\"font-weight: 400;\"> Produ\u00e7\u00e3o, roteiro, edi\u00e7\u00e3o, curadoria, consultoria.<\/span><\/li><li style=\"font-weight: 400;\" aria-level=\"1\"><b>Contatos:<\/b><span style=\"font-weight: 400;\"> E-mail: <\/span><a href=\"mailto:astuciafilmes@gmail.com\"><b>astuciafilmes@gmail.com<\/b><\/a><span style=\"font-weight: 400;\">\u00a0<\/span><\/li><\/ol>\t\t\t\t\t\t\t\t<\/div>\n\t\t\t\t<\/div>\n\t\t\t\t\t<\/div>\n\t\t\t\t<\/div>\n\t\t\t\t\t<\/details>\n\t\t\t\t\t\t<details id=\"e-n-accordion-item-1416\" class=\"e-n-accordion-item\" >\n\t\t\t\t<summary class=\"e-n-accordion-item-title\" data-accordion-index=\"7\" tabindex=\"-1\" aria-expanded=\"false\" aria-controls=\"e-n-accordion-item-1416\" >\n\t\t\t\t\t<span class='e-n-accordion-item-title-header'><div class=\"e-n-accordion-item-title-text\"> Influxo.lab <\/div><\/span>\n\t\t\t\t\t\t\t<span class='e-n-accordion-item-title-icon'>\n\t\t\t<span class='e-opened' ><svg aria-hidden=\"true\" class=\"e-font-icon-svg e-fas-chevron-up\" viewBox=\"0 0 448 512\" xmlns=\"http:\/\/www.w3.org\/2000\/svg\"><path d=\"M240.971 130.524l194.343 194.343c9.373 9.373 9.373 24.569 0 33.941l-22.667 22.667c-9.357 9.357-24.522 9.375-33.901.04L224 227.495 69.255 381.516c-9.379 9.335-24.544 9.317-33.901-.04l-22.667-22.667c-9.373-9.373-9.373-24.569 0-33.941L207.03 130.525c9.372-9.373 24.568-9.373 33.941-.001z\"><\/path><\/svg><\/span>\n\t\t\t<span class='e-closed'><svg aria-hidden=\"true\" class=\"e-font-icon-svg e-fas-chevron-right\" viewBox=\"0 0 320 512\" xmlns=\"http:\/\/www.w3.org\/2000\/svg\"><path d=\"M285.476 272.971L91.132 467.314c-9.373 9.373-24.569 9.373-33.941 0l-22.667-22.667c-9.357-9.357-9.375-24.522-.04-33.901L188.505 256 34.484 101.255c-9.335-9.379-9.317-24.544.04-33.901l22.667-22.667c9.373-9.373 24.569-9.373 33.941 0L285.475 239.03c9.373 9.372 9.373 24.568.001 33.941z\"><\/path><\/svg><\/span>\n\t\t<\/span>\n\n\t\t\t\t\t\t<\/summary>\n\t\t\t\t<div role=\"region\" aria-labelledby=\"e-n-accordion-item-1416\" class=\"elementor-element elementor-element-c42e974 e-flex e-con-boxed e-con e-child\" data-id=\"c42e974\" data-element_type=\"container\" data-e-type=\"container\">\n\t\t\t\t\t<div class=\"e-con-inner\">\n\t\t<div role=\"region\" aria-labelledby=\"e-n-accordion-item-1416\" class=\"elementor-element elementor-element-9823e23 e-con-full e-flex e-con e-child\" data-id=\"9823e23\" data-element_type=\"container\" data-e-type=\"container\">\n\t\t\t\t<div class=\"elementor-element elementor-element-fa0e454 elementor-widget elementor-widget-image\" data-id=\"fa0e454\" data-element_type=\"widget\" data-e-type=\"widget\" data-widget_type=\"image.default\">\n\t\t\t\t\t\t\t\t\t\t\t\t\t\t\t<img loading=\"lazy\" decoding=\"async\" width=\"1350\" height=\"1350\" src=\"https:\/\/adesampa.com.br\/amplificacine\/wp-content\/uploads\/2025\/10\/Influxo.lab-LOGO-Influxo-Laboratorio-Criativo.png\" class=\"attachment-full size-full wp-image-13195\" alt=\"\" srcset=\"https:\/\/adesampa.com.br\/amplificacine\/wp-content\/uploads\/2025\/10\/Influxo.lab-LOGO-Influxo-Laboratorio-Criativo.png 1350w, https:\/\/adesampa.com.br\/amplificacine\/wp-content\/uploads\/2025\/10\/Influxo.lab-LOGO-Influxo-Laboratorio-Criativo-300x300.png 300w, https:\/\/adesampa.com.br\/amplificacine\/wp-content\/uploads\/2025\/10\/Influxo.lab-LOGO-Influxo-Laboratorio-Criativo-1024x1024.png 1024w, https:\/\/adesampa.com.br\/amplificacine\/wp-content\/uploads\/2025\/10\/Influxo.lab-LOGO-Influxo-Laboratorio-Criativo-150x150.png 150w, https:\/\/adesampa.com.br\/amplificacine\/wp-content\/uploads\/2025\/10\/Influxo.lab-LOGO-Influxo-Laboratorio-Criativo-768x768.png 768w, https:\/\/adesampa.com.br\/amplificacine\/wp-content\/uploads\/2025\/10\/elementor\/thumbs\/Influxo.lab-LOGO-Influxo-Laboratorio-Criativo-rdoysiw6cz04lfles12xg94z76eqjuhzho0nhvdcfc.png 260w\" sizes=\"(max-width: 1350px) 100vw, 1350px\" \/>\t\t\t\t\t\t\t\t\t\t\t\t\t\t\t<\/div>\n\t\t\t\t<div class=\"elementor-element elementor-element-d066cf6 elementor-widget elementor-widget-text-editor\" data-id=\"d066cf6\" data-element_type=\"widget\" data-e-type=\"widget\" data-widget_type=\"text-editor.default\">\n\t\t\t\t\t\t\t\t\t<ol><li style=\"font-weight: 400;\" aria-level=\"1\"><b>Nome de empresa:<\/b><span style=\"font-weight: 400;\"> Influxo.lab<\/span><\/li><li style=\"font-weight: 400;\" aria-level=\"1\"><b>Proponentes:<\/b> <b>Johnny Germano Sousa<\/b><span style=\"font-weight: 400;\"> e <\/span><b>Nathan Murari Silva<\/b><\/li><li style=\"font-weight: 400;\" aria-level=\"1\"><b>Atua\u00e7\u00e3o principal e secund\u00e1ria:<\/b> <b>Principal:<\/b><span style=\"font-weight: 400;\"> Produ\u00e7\u00e3o de v\u00eddeos de alta qualidade com estrat\u00e9gia de mercado. <\/span><b>Secund\u00e1ria:<\/b><span style=\"font-weight: 400;\"> Servi\u00e7os de <\/span><i><span style=\"font-weight: 400;\">social media<\/span><\/i><span style=\"font-weight: 400;\">, gest\u00e3o de tr\u00e1fego e fotografia.<\/span><\/li><li style=\"font-weight: 400;\" aria-level=\"1\"><b>Mini bio da empresa:<\/b><span style=\"font-weight: 400;\"> Produtora audiovisual que cria conte\u00fados estrat\u00e9gicos e criativos para marcas e empresas, combinando arte, tecnologia e estrat\u00e9gia para gerar impacto real.<\/span><\/li><li style=\"font-weight: 400;\" aria-level=\"1\"><b>Miss\u00e3o e valores:<\/b> <b>Miss\u00e3o:<\/b><span style=\"font-weight: 400;\"> Transformar ideias e valores em narrativas audiovisuais aut\u00eanticas e estrat\u00e9gicas. <\/span><b>Valores:<\/b><span style=\"font-weight: 400;\"> Autenticidade, criatividade, uni\u00e3o entre arte e estrat\u00e9gia, excel\u00eancia e conex\u00e3o humana.<\/span><\/li><li style=\"font-weight: 400;\" aria-level=\"1\"><b>Vis\u00e3o de futuro:<\/b><span style=\"font-weight: 400;\"> Tornar-se um <\/span><b>hub criativo completo<\/b><span style=\"font-weight: 400;\"> (est\u00fadio, escrit\u00f3rio e laborat\u00f3rio art\u00edstico). Expandir para \u00e1reas como filmes, <\/span><i><span style=\"font-weight: 400;\">sound design<\/span><\/i><span style=\"font-weight: 400;\"> e trilhas sonoras.<\/span><\/li><li style=\"font-weight: 400;\" aria-level=\"1\"><b>Servi\u00e7os ofertados:<\/b><span style=\"font-weight: 400;\"> Cria\u00e7\u00e3o e edi\u00e7\u00e3o de v\u00eddeos institucionais, promocionais, comerciais e videoclipes. Produ\u00e7\u00e3o de conte\u00fado para redes sociais. Desenvolvimento de roteiros. <\/span><i><span style=\"font-weight: 400;\">Sound design<\/span><\/i><span style=\"font-weight: 400;\"> e trilhas sonoras.<\/span><\/li><li style=\"font-weight: 400;\" aria-level=\"1\"><b>Contatos:<\/b><span style=\"font-weight: 400;\"> E-mail: <\/span><a href=\"mailto:influxo.lab@gmail.com\"><b>influxo.lab@gmail.com<\/b><\/a><span style=\"font-weight: 400;\">,\u00a0 Instagram: <\/span><b>@influxo.lab<\/b><\/li><\/ol>\t\t\t\t\t\t\t\t<\/div>\n\t\t\t\t<\/div>\n\t\t\t\t\t<\/div>\n\t\t\t\t<\/div>\n\t\t\t\t\t<\/details>\n\t\t\t\t\t\t<details id=\"e-n-accordion-item-1417\" class=\"e-n-accordion-item\" >\n\t\t\t\t<summary class=\"e-n-accordion-item-title\" data-accordion-index=\"8\" tabindex=\"-1\" aria-expanded=\"false\" aria-controls=\"e-n-accordion-item-1417\" >\n\t\t\t\t\t<span class='e-n-accordion-item-title-header'><div class=\"e-n-accordion-item-title-text\"> Tanan\u00e3 Filmes <\/div><\/span>\n\t\t\t\t\t\t\t<span class='e-n-accordion-item-title-icon'>\n\t\t\t<span class='e-opened' ><svg aria-hidden=\"true\" class=\"e-font-icon-svg e-fas-chevron-up\" viewBox=\"0 0 448 512\" xmlns=\"http:\/\/www.w3.org\/2000\/svg\"><path d=\"M240.971 130.524l194.343 194.343c9.373 9.373 9.373 24.569 0 33.941l-22.667 22.667c-9.357 9.357-24.522 9.375-33.901.04L224 227.495 69.255 381.516c-9.379 9.335-24.544 9.317-33.901-.04l-22.667-22.667c-9.373-9.373-9.373-24.569 0-33.941L207.03 130.525c9.372-9.373 24.568-9.373 33.941-.001z\"><\/path><\/svg><\/span>\n\t\t\t<span class='e-closed'><svg aria-hidden=\"true\" class=\"e-font-icon-svg e-fas-chevron-right\" viewBox=\"0 0 320 512\" xmlns=\"http:\/\/www.w3.org\/2000\/svg\"><path d=\"M285.476 272.971L91.132 467.314c-9.373 9.373-24.569 9.373-33.941 0l-22.667-22.667c-9.357-9.357-9.375-24.522-.04-33.901L188.505 256 34.484 101.255c-9.335-9.379-9.317-24.544.04-33.901l22.667-22.667c9.373-9.373 24.569-9.373 33.941 0L285.475 239.03c9.373 9.372 9.373 24.568.001 33.941z\"><\/path><\/svg><\/span>\n\t\t<\/span>\n\n\t\t\t\t\t\t<\/summary>\n\t\t\t\t<div role=\"region\" aria-labelledby=\"e-n-accordion-item-1417\" class=\"elementor-element elementor-element-c37ecbd e-flex e-con-boxed e-con e-child\" data-id=\"c37ecbd\" data-element_type=\"container\" data-e-type=\"container\">\n\t\t\t\t\t<div class=\"e-con-inner\">\n\t\t<div role=\"region\" aria-labelledby=\"e-n-accordion-item-1417\" class=\"elementor-element elementor-element-81b29b2 e-con-full e-flex e-con e-child\" data-id=\"81b29b2\" data-element_type=\"container\" data-e-type=\"container\">\n\t\t\t\t<div class=\"elementor-element elementor-element-675e8c4 elementor-widget elementor-widget-image\" data-id=\"675e8c4\" data-element_type=\"widget\" data-e-type=\"widget\" data-widget_type=\"image.default\">\n\t\t\t\t\t\t\t\t\t\t\t\t\t\t\t<img loading=\"lazy\" decoding=\"async\" width=\"1080\" height=\"1080\" src=\"https:\/\/adesampa.com.br\/amplificacine\/wp-content\/uploads\/2025\/10\/LOGO-PRINCIPAL-1-Raissa-B.-Kaspar.png\" class=\"attachment-full size-full wp-image-13199\" alt=\"\" srcset=\"https:\/\/adesampa.com.br\/amplificacine\/wp-content\/uploads\/2025\/10\/LOGO-PRINCIPAL-1-Raissa-B.-Kaspar.png 1080w, https:\/\/adesampa.com.br\/amplificacine\/wp-content\/uploads\/2025\/10\/LOGO-PRINCIPAL-1-Raissa-B.-Kaspar-300x300.png 300w, https:\/\/adesampa.com.br\/amplificacine\/wp-content\/uploads\/2025\/10\/LOGO-PRINCIPAL-1-Raissa-B.-Kaspar-1024x1024.png 1024w, https:\/\/adesampa.com.br\/amplificacine\/wp-content\/uploads\/2025\/10\/LOGO-PRINCIPAL-1-Raissa-B.-Kaspar-150x150.png 150w, https:\/\/adesampa.com.br\/amplificacine\/wp-content\/uploads\/2025\/10\/LOGO-PRINCIPAL-1-Raissa-B.-Kaspar-768x768.png 768w\" sizes=\"(max-width: 1080px) 100vw, 1080px\" \/>\t\t\t\t\t\t\t\t\t\t\t\t\t\t\t<\/div>\n\t\t\t\t<div class=\"elementor-element elementor-element-faa51e3 elementor-widget elementor-widget-text-editor\" data-id=\"faa51e3\" data-element_type=\"widget\" data-e-type=\"widget\" data-widget_type=\"text-editor.default\">\n\t\t\t\t\t\t\t\t\t<ol><li style=\"font-weight: 400;\" aria-level=\"1\"><b>Nome de empresa:<\/b><span style=\"font-weight: 400;\"> Tanan\u00e3 Filmes<\/span><\/li><li style=\"font-weight: 400;\" aria-level=\"1\"><b>Proponentes:<\/b> <b>Ra\u00edssa Blasques Kaspar<\/b><span style=\"font-weight: 400;\"> e <\/span><b>Ana Beatriz Pereira Alves<\/b><\/li><li style=\"font-weight: 400;\" aria-level=\"1\"><b>Atua\u00e7\u00e3o principal e secund\u00e1ria:<\/b> <b>Principal:<\/b><span style=\"font-weight: 400;\"> Produ\u00e7\u00e3o de roteiros e produ\u00e7\u00e3o de curtas-metragem. <\/span><b>Secund\u00e1ria:<\/b><span style=\"font-weight: 400;\"> Desenvolvimento de projetos audiovisuais.<\/span><\/li><li style=\"font-weight: 400;\" aria-level=\"1\"><b>Mini bio da empresa:<\/b><span style=\"font-weight: 400;\"> Produtora que surgiu da vontade de contar hist\u00f3rias a partir de olhares e percep\u00e7\u00f5es pr\u00f3prias. Em dois anos, soma editais, um <\/span><i><span style=\"font-weight: 400;\">podcast<\/span><\/i><span style=\"font-weight: 400;\"> e projetos em pesquisa\/produ\u00e7\u00e3o, unindo repert\u00f3rios de cinema, teatro e literatura.<\/span><\/li><li style=\"font-weight: 400;\" aria-level=\"1\"><b>Miss\u00e3o e valores:<\/b> <b>Miss\u00e3o:<\/b><span style=\"font-weight: 400;\"> Criar narrativas com afeto, senso cr\u00edtico e est\u00e9tico, utilizando a experi\u00eancia audiovisual como <\/span><b>ferramenta de transforma\u00e7\u00e3o<\/b><span style=\"font-weight: 400;\">. <\/span><b>Prop\u00f3sito:<\/b><span style=\"font-weight: 400;\"> Encantar, questionar e deixar um rastro de novas possibilidades.<\/span><\/li><li style=\"font-weight: 400;\" aria-level=\"1\"><b>Vis\u00e3o de futuro:<\/b><span style=\"font-weight: 400;\"> Ser refer\u00eancia na cria\u00e7\u00e3o de narrativas audiovisuais que unem sensibilidade art\u00edstica e refinamento t\u00e9cnico. Expandir o alcance, levando produ\u00e7\u00f5es autorais a novas plateias no Brasil e no mundo.<\/span><\/li><li style=\"font-weight: 400;\" aria-level=\"1\"><b>Servi\u00e7os ofertados:<\/b> <b>Frente Entretenimento:<\/b><span style=\"font-weight: 400;\"> Desenvolvimento e Assist\u00eancia de roteiro, Projeto de Fic\u00e7\u00e3o e Document\u00e1rio, Consultoria. <\/span><b>Frente Institucional:<\/b><span style=\"font-weight: 400;\"> Roteiro institucional, <\/span><i><span style=\"font-weight: 400;\">Prompts<\/span><\/i><span style=\"font-weight: 400;\"> para V\u00eddeos de IA, <\/span><i><span style=\"font-weight: 400;\">Copywrite<\/span><\/i><span style=\"font-weight: 400;\">.<\/span><\/li><li style=\"font-weight: 400;\" aria-level=\"1\"><b>Contatos:<\/b><span style=\"font-weight: 400;\"> E-mail: <\/span><b>filmestanana@gmail.com<\/b><span style=\"font-weight: 400;\">, Instagram: https:\/\/www.instagram.com\/tananafilmes\/<\/span><\/li><\/ol>\t\t\t\t\t\t\t\t<\/div>\n\t\t\t\t<\/div>\n\t\t\t\t\t<\/div>\n\t\t\t\t<\/div>\n\t\t\t\t\t<\/details>\n\t\t\t\t\t\t<details id=\"e-n-accordion-item-1418\" class=\"e-n-accordion-item\" >\n\t\t\t\t<summary class=\"e-n-accordion-item-title\" data-accordion-index=\"9\" tabindex=\"-1\" aria-expanded=\"false\" aria-controls=\"e-n-accordion-item-1418\" >\n\t\t\t\t\t<span class='e-n-accordion-item-title-header'><div class=\"e-n-accordion-item-title-text\"> Azyth <\/div><\/span>\n\t\t\t\t\t\t\t<span class='e-n-accordion-item-title-icon'>\n\t\t\t<span class='e-opened' ><svg aria-hidden=\"true\" class=\"e-font-icon-svg e-fas-chevron-up\" viewBox=\"0 0 448 512\" xmlns=\"http:\/\/www.w3.org\/2000\/svg\"><path d=\"M240.971 130.524l194.343 194.343c9.373 9.373 9.373 24.569 0 33.941l-22.667 22.667c-9.357 9.357-24.522 9.375-33.901.04L224 227.495 69.255 381.516c-9.379 9.335-24.544 9.317-33.901-.04l-22.667-22.667c-9.373-9.373-9.373-24.569 0-33.941L207.03 130.525c9.372-9.373 24.568-9.373 33.941-.001z\"><\/path><\/svg><\/span>\n\t\t\t<span class='e-closed'><svg aria-hidden=\"true\" class=\"e-font-icon-svg e-fas-chevron-right\" viewBox=\"0 0 320 512\" xmlns=\"http:\/\/www.w3.org\/2000\/svg\"><path d=\"M285.476 272.971L91.132 467.314c-9.373 9.373-24.569 9.373-33.941 0l-22.667-22.667c-9.357-9.357-9.375-24.522-.04-33.901L188.505 256 34.484 101.255c-9.335-9.379-9.317-24.544.04-33.901l22.667-22.667c9.373-9.373 24.569-9.373 33.941 0L285.475 239.03c9.373 9.372 9.373 24.568.001 33.941z\"><\/path><\/svg><\/span>\n\t\t<\/span>\n\n\t\t\t\t\t\t<\/summary>\n\t\t\t\t<div role=\"region\" aria-labelledby=\"e-n-accordion-item-1418\" class=\"elementor-element elementor-element-d98f148 e-flex e-con-boxed e-con e-child\" data-id=\"d98f148\" data-element_type=\"container\" data-e-type=\"container\">\n\t\t\t\t\t<div class=\"e-con-inner\">\n\t\t<div role=\"region\" aria-labelledby=\"e-n-accordion-item-1418\" class=\"elementor-element elementor-element-80040f4 e-con-full e-flex e-con e-child\" data-id=\"80040f4\" data-element_type=\"container\" data-e-type=\"container\">\n\t\t\t\t<div class=\"elementor-element elementor-element-6b34e06 elementor-widget elementor-widget-image\" data-id=\"6b34e06\" data-element_type=\"widget\" data-e-type=\"widget\" data-widget_type=\"image.default\">\n\t\t\t\t\t\t\t\t\t\t\t\t\t\t\t<img loading=\"lazy\" decoding=\"async\" width=\"1920\" height=\"1080\" src=\"https:\/\/adesampa.com.br\/amplificacine\/wp-content\/uploads\/2025\/10\/logo-Borja.png\" class=\"attachment-full size-full wp-image-13207\" alt=\"\" srcset=\"https:\/\/adesampa.com.br\/amplificacine\/wp-content\/uploads\/2025\/10\/logo-Borja.png 1920w, https:\/\/adesampa.com.br\/amplificacine\/wp-content\/uploads\/2025\/10\/logo-Borja-300x169.png 300w, https:\/\/adesampa.com.br\/amplificacine\/wp-content\/uploads\/2025\/10\/logo-Borja-1024x576.png 1024w, https:\/\/adesampa.com.br\/amplificacine\/wp-content\/uploads\/2025\/10\/logo-Borja-768x432.png 768w, https:\/\/adesampa.com.br\/amplificacine\/wp-content\/uploads\/2025\/10\/logo-Borja-1536x864.png 1536w\" sizes=\"(max-width: 1920px) 100vw, 1920px\" \/>\t\t\t\t\t\t\t\t\t\t\t\t\t\t\t<\/div>\n\t\t\t\t<div class=\"elementor-element elementor-element-0447add elementor-widget elementor-widget-text-editor\" data-id=\"0447add\" data-element_type=\"widget\" data-e-type=\"widget\" data-widget_type=\"text-editor.default\">\n\t\t\t\t\t\t\t\t\t<ol><li style=\"font-weight: 400;\" aria-level=\"1\"><b>Nome de empresa:<\/b><span style=\"font-weight: 400;\"> Azyth.Co<\/span><\/li><li style=\"font-weight: 400;\" aria-level=\"1\"><b>Proponentes:<\/b> <b>Camila Borja<\/b><span style=\"font-weight: 400;\"> e <\/span><b>Glaucy Alexandre<\/b><\/li><li style=\"font-weight: 400;\" aria-level=\"1\"><b>Atua\u00e7\u00e3o principal e secund\u00e1ria:<\/b> <b>Principal:<\/b><span style=\"font-weight: 400;\"> Selo criativo independente focado em <\/span><b>cria\u00e7\u00e3o, dire\u00e7\u00e3o e curadoria musical<\/b><span style=\"font-weight: 400;\">. <\/span><b>Secund\u00e1ria:<\/b><span style=\"font-weight: 400;\"> Formatos autorais (<\/span><i><span style=\"font-weight: 400;\">videocast<\/span><\/i><span style=\"font-weight: 400;\"> Vozes de Azyth) e servi\u00e7os de dire\u00e7\u00e3o criativa, planejamento de conte\u00fado e curadoria.<\/span><\/li><li style=\"font-weight: 400;\" aria-level=\"1\"><b>Mini bio da empresa:<\/b><span style=\"font-weight: 400;\"> Selo criativo independente que <\/span><b>conecta narrativas reais pra impulsionar as estrelas que o mundo tenta manter apagadas<\/b><span style=\"font-weight: 400;\">. Acredita no poder de transformar o mercado e abrir espa\u00e7o para a diversidade.<\/span><\/li><li style=\"font-weight: 400;\" aria-level=\"1\"><b>Miss\u00e3o e valores:<\/b> <b>Miss\u00e3o:<\/b><span style=\"font-weight: 400;\"> Criar uma comunidade criativa onde vozes em falta em posi\u00e7\u00f5es de lideran\u00e7a ganhem espa\u00e7o. <\/span><b>Valor:<\/b><span style=\"font-weight: 400;\"> Impulsionar sonhos de artistas at\u00e9 que legados se tornem eternos.<\/span><\/li><li style=\"font-weight: 400;\" aria-level=\"1\"><b>Vis\u00e3o de futuro:<\/b><span style=\"font-weight: 400;\"> Alcan\u00e7ar <\/span><b>autonomia financeira<\/b><span style=\"font-weight: 400;\"> e ampliar a presen\u00e7a dos talentos na cena cultural, com planos de lan\u00e7ar o <\/span><i><span style=\"font-weight: 400;\">videocast<\/span><\/i><span style=\"font-weight: 400;\"> e inaugurar a Casa Azyth (espa\u00e7o f\u00edsico).<\/span><\/li><li style=\"font-weight: 400;\" aria-level=\"1\"><b>Servi\u00e7os ofertados:<\/b><span style=\"font-weight: 400;\"> Dire\u00e7\u00e3o criativa, planejamento e produ\u00e7\u00e3o de conte\u00fado, pesquisa e curadoria musical.<\/span><\/li><li style=\"font-weight: 400;\" aria-level=\"1\"><b>Contatos:<\/b><span style=\"font-weight: 400;\"> E-mail: <\/span><b>azyth.co@gmail.com<\/b><span style=\"font-weight: 400;\">, Instagram: <\/span><b>https:\/\/www.instagram.com\/azyth.co\/<\/b><\/li><\/ol>\t\t\t\t\t\t\t\t<\/div>\n\t\t\t\t<\/div>\n\t\t\t\t\t<\/div>\n\t\t\t\t<\/div>\n\t\t\t\t\t<\/details>\n\t\t\t\t\t\t<details id=\"e-n-accordion-item-1419\" class=\"e-n-accordion-item\" >\n\t\t\t\t<summary class=\"e-n-accordion-item-title\" data-accordion-index=\"10\" tabindex=\"-1\" aria-expanded=\"false\" aria-controls=\"e-n-accordion-item-1419\" >\n\t\t\t\t\t<span class='e-n-accordion-item-title-header'><div class=\"e-n-accordion-item-title-text\"> Imagin\u00e1ria Cria\u00e7\u00f5es <\/div><\/span>\n\t\t\t\t\t\t\t<span class='e-n-accordion-item-title-icon'>\n\t\t\t<span class='e-opened' ><svg aria-hidden=\"true\" class=\"e-font-icon-svg e-fas-chevron-up\" viewBox=\"0 0 448 512\" xmlns=\"http:\/\/www.w3.org\/2000\/svg\"><path d=\"M240.971 130.524l194.343 194.343c9.373 9.373 9.373 24.569 0 33.941l-22.667 22.667c-9.357 9.357-24.522 9.375-33.901.04L224 227.495 69.255 381.516c-9.379 9.335-24.544 9.317-33.901-.04l-22.667-22.667c-9.373-9.373-9.373-24.569 0-33.941L207.03 130.525c9.372-9.373 24.568-9.373 33.941-.001z\"><\/path><\/svg><\/span>\n\t\t\t<span class='e-closed'><svg aria-hidden=\"true\" class=\"e-font-icon-svg e-fas-chevron-right\" viewBox=\"0 0 320 512\" xmlns=\"http:\/\/www.w3.org\/2000\/svg\"><path d=\"M285.476 272.971L91.132 467.314c-9.373 9.373-24.569 9.373-33.941 0l-22.667-22.667c-9.357-9.357-9.375-24.522-.04-33.901L188.505 256 34.484 101.255c-9.335-9.379-9.317-24.544.04-33.901l22.667-22.667c9.373-9.373 24.569-9.373 33.941 0L285.475 239.03c9.373 9.372 9.373 24.568.001 33.941z\"><\/path><\/svg><\/span>\n\t\t<\/span>\n\n\t\t\t\t\t\t<\/summary>\n\t\t\t\t<div role=\"region\" aria-labelledby=\"e-n-accordion-item-1419\" class=\"elementor-element elementor-element-cc28ef4 e-flex e-con-boxed e-con e-child\" data-id=\"cc28ef4\" data-element_type=\"container\" data-e-type=\"container\">\n\t\t\t\t\t<div class=\"e-con-inner\">\n\t\t<div role=\"region\" aria-labelledby=\"e-n-accordion-item-1419\" class=\"elementor-element elementor-element-f701be7 e-con-full e-flex e-con e-child\" data-id=\"f701be7\" data-element_type=\"container\" data-e-type=\"container\">\n\t\t\t\t<div class=\"elementor-element elementor-element-660e92b elementor-widget elementor-widget-image\" data-id=\"660e92b\" data-element_type=\"widget\" data-e-type=\"widget\" data-widget_type=\"image.default\">\n\t\t\t\t\t\t\t\t\t\t\t\t\t\t\t<img loading=\"lazy\" decoding=\"async\" width=\"2213\" height=\"1899\" src=\"https:\/\/adesampa.com.br\/amplificacine\/wp-content\/uploads\/2025\/10\/IMAC_COLORIDA-Thais-Namai.png\" class=\"attachment-full size-full wp-image-13208\" alt=\"\" srcset=\"https:\/\/adesampa.com.br\/amplificacine\/wp-content\/uploads\/2025\/10\/IMAC_COLORIDA-Thais-Namai.png 2213w, https:\/\/adesampa.com.br\/amplificacine\/wp-content\/uploads\/2025\/10\/IMAC_COLORIDA-Thais-Namai-300x257.png 300w, https:\/\/adesampa.com.br\/amplificacine\/wp-content\/uploads\/2025\/10\/IMAC_COLORIDA-Thais-Namai-1024x879.png 1024w, https:\/\/adesampa.com.br\/amplificacine\/wp-content\/uploads\/2025\/10\/IMAC_COLORIDA-Thais-Namai-768x659.png 768w, https:\/\/adesampa.com.br\/amplificacine\/wp-content\/uploads\/2025\/10\/IMAC_COLORIDA-Thais-Namai-1536x1318.png 1536w, https:\/\/adesampa.com.br\/amplificacine\/wp-content\/uploads\/2025\/10\/IMAC_COLORIDA-Thais-Namai-2048x1757.png 2048w\" sizes=\"(max-width: 2213px) 100vw, 2213px\" \/>\t\t\t\t\t\t\t\t\t\t\t\t\t\t\t<\/div>\n\t\t\t\t<div class=\"elementor-element elementor-element-a735e66 elementor-widget elementor-widget-text-editor\" data-id=\"a735e66\" data-element_type=\"widget\" data-e-type=\"widget\" data-widget_type=\"text-editor.default\">\n\t\t\t\t\t\t\t\t\t<ol><li style=\"font-weight: 400;\" aria-level=\"1\"><b>Nome de empresa:<\/b><span style=\"font-weight: 400;\"> Imagin\u00e1ria Cria\u00e7\u00f5es<\/span><\/li><li style=\"font-weight: 400;\" aria-level=\"1\"><b>Proponentes:<\/b> <b>Thais Namai<\/b><span style=\"font-weight: 400;\"> e <\/span><b>Jer\u00ea Nunes<\/b><\/li><li style=\"font-weight: 400;\" aria-level=\"1\"><b>Atua\u00e7\u00e3o principal e secund\u00e1ria:<\/b> <b>Principal:<\/b><span style=\"font-weight: 400;\"> Produ\u00e7\u00e3o audiovisual para o setor de Economia Criativa e Projetos de Impacto Social. <\/span><b>Secund\u00e1ria:<\/b><span style=\"font-weight: 400;\"> TERRA F\u00c9RTIL &#8211; Desenvolvimento de projetos cinematogr\u00e1ficos.<\/span><\/li><li style=\"font-weight: 400;\" aria-level=\"1\"><b>Mini bio da empresa:<\/b><span style=\"font-weight: 400;\"> Produtora de Conte\u00fado Audiovisual e Cinema sediada em S\u00e3o Paulo com a miss\u00e3o de <\/span><b>criar, registrar e amplificar hist\u00f3rias<\/b><span style=\"font-weight: 400;\"> de pessoas das artes, cultura e iniciativas de impacto social.<\/span><\/li><li style=\"font-weight: 400;\" aria-level=\"1\"><b>Miss\u00e3o e valores:<\/b> <b>Miss\u00e3o:<\/b><span style=\"font-weight: 400;\"> CRIAR, REGISTRAR &amp; AMPLIFICAR HIST\u00d3RIAS. <\/span><b>Valores:<\/b><span style=\"font-weight: 400;\"> Equidade, inclus\u00e3o e diversidade; Valoriza\u00e7\u00e3o do trabalho digno, crescimento humano e justi\u00e7a social; Compromisso com a sustentabilidade.<\/span><\/li><li style=\"font-weight: 400;\" aria-level=\"1\"><b>Vis\u00e3o de futuro:<\/b> <b>Curto Prazo:<\/b><span style=\"font-weight: 400;\"> Aumentar cartela de clientes de Impacto. <\/span><b>M\u00e9dio Prazo:<\/b><span style=\"font-weight: 400;\"> Submiss\u00e3o de projetos em editais. <\/span><b>Longo Prazo:<\/b><span style=\"font-weight: 400;\"> Espa\u00e7o f\u00edsico para atender Empresas com foco <\/span><b>ESG<\/b><span style=\"font-weight: 400;\">.<\/span><\/li><li style=\"font-weight: 400;\" aria-level=\"1\"><b>Servi\u00e7os ofertados:<\/b> <b>Produ\u00e7\u00e3o Audiovisual<\/b><span style=\"font-weight: 400;\"> (Document\u00e1rio, Grava\u00e7\u00e3o de Show\/Performance\/Espet\u00e1culo). <\/span><b>TERRA F\u00c9RTIL<\/b><span style=\"font-weight: 400;\"> &#8211; Desenvolvimento de projetos cinematogr\u00e1ficos.<\/span><\/li><li style=\"font-weight: 400;\" aria-level=\"1\"><b>Contatos:<\/b><span style=\"font-weight: 400;\"> E-mail: <\/span><a href=\"mailto:imaginariacriacoes@gmail.com\"><b>imaginariacriacoes@gmail.com<\/b><\/a><span style=\"font-weight: 400;\">\u00a0 Instagram:\u00a0 @imaginaria.criacoes\u00a0 &#8211; https:\/\/www.instagram.com\/imaginaria.criacoes\/<\/span><\/li><\/ol>\t\t\t\t\t\t\t\t<\/div>\n\t\t\t\t<\/div>\n\t\t\t\t\t<\/div>\n\t\t\t\t<\/div>\n\t\t\t\t\t<\/details>\n\t\t\t\t\t\t<details id=\"e-n-accordion-item-14110\" class=\"e-n-accordion-item\" >\n\t\t\t\t<summary class=\"e-n-accordion-item-title\" data-accordion-index=\"11\" tabindex=\"-1\" aria-expanded=\"false\" aria-controls=\"e-n-accordion-item-14110\" >\n\t\t\t\t\t<span class='e-n-accordion-item-title-header'><div class=\"e-n-accordion-item-title-text\"> Black Pipe Entretenimento <\/div><\/span>\n\t\t\t\t\t\t\t<span class='e-n-accordion-item-title-icon'>\n\t\t\t<span class='e-opened' ><svg aria-hidden=\"true\" class=\"e-font-icon-svg e-fas-chevron-up\" viewBox=\"0 0 448 512\" xmlns=\"http:\/\/www.w3.org\/2000\/svg\"><path d=\"M240.971 130.524l194.343 194.343c9.373 9.373 9.373 24.569 0 33.941l-22.667 22.667c-9.357 9.357-24.522 9.375-33.901.04L224 227.495 69.255 381.516c-9.379 9.335-24.544 9.317-33.901-.04l-22.667-22.667c-9.373-9.373-9.373-24.569 0-33.941L207.03 130.525c9.372-9.373 24.568-9.373 33.941-.001z\"><\/path><\/svg><\/span>\n\t\t\t<span class='e-closed'><svg aria-hidden=\"true\" class=\"e-font-icon-svg e-fas-chevron-right\" viewBox=\"0 0 320 512\" xmlns=\"http:\/\/www.w3.org\/2000\/svg\"><path d=\"M285.476 272.971L91.132 467.314c-9.373 9.373-24.569 9.373-33.941 0l-22.667-22.667c-9.357-9.357-9.375-24.522-.04-33.901L188.505 256 34.484 101.255c-9.335-9.379-9.317-24.544.04-33.901l22.667-22.667c9.373-9.373 24.569-9.373 33.941 0L285.475 239.03c9.373 9.372 9.373 24.568.001 33.941z\"><\/path><\/svg><\/span>\n\t\t<\/span>\n\n\t\t\t\t\t\t<\/summary>\n\t\t\t\t<div role=\"region\" aria-labelledby=\"e-n-accordion-item-14110\" class=\"elementor-element elementor-element-d7b66c2 e-flex e-con-boxed e-con e-child\" data-id=\"d7b66c2\" data-element_type=\"container\" data-e-type=\"container\">\n\t\t\t\t\t<div class=\"e-con-inner\">\n\t\t<div role=\"region\" aria-labelledby=\"e-n-accordion-item-14110\" class=\"elementor-element elementor-element-3f49889 e-con-full e-flex e-con e-child\" data-id=\"3f49889\" data-element_type=\"container\" data-e-type=\"container\">\n\t\t\t\t<div class=\"elementor-element elementor-element-2008539 elementor-widget elementor-widget-image\" data-id=\"2008539\" data-element_type=\"widget\" data-e-type=\"widget\" data-widget_type=\"image.default\">\n\t\t\t\t\t\t\t\t\t\t\t\t\t\t\t<img loading=\"lazy\" decoding=\"async\" width=\"1807\" height=\"531\" src=\"https:\/\/adesampa.com.br\/amplificacine\/wp-content\/uploads\/2025\/10\/Logo-BPE-Margemzinha-Vitor-Gabriel-da-Silva-Freitas-srwaltdisney.png\" class=\"attachment-full size-full wp-image-13209\" alt=\"\" srcset=\"https:\/\/adesampa.com.br\/amplificacine\/wp-content\/uploads\/2025\/10\/Logo-BPE-Margemzinha-Vitor-Gabriel-da-Silva-Freitas-srwaltdisney.png 1807w, https:\/\/adesampa.com.br\/amplificacine\/wp-content\/uploads\/2025\/10\/Logo-BPE-Margemzinha-Vitor-Gabriel-da-Silva-Freitas-srwaltdisney-300x88.png 300w, https:\/\/adesampa.com.br\/amplificacine\/wp-content\/uploads\/2025\/10\/Logo-BPE-Margemzinha-Vitor-Gabriel-da-Silva-Freitas-srwaltdisney-1024x301.png 1024w, https:\/\/adesampa.com.br\/amplificacine\/wp-content\/uploads\/2025\/10\/Logo-BPE-Margemzinha-Vitor-Gabriel-da-Silva-Freitas-srwaltdisney-768x226.png 768w, https:\/\/adesampa.com.br\/amplificacine\/wp-content\/uploads\/2025\/10\/Logo-BPE-Margemzinha-Vitor-Gabriel-da-Silva-Freitas-srwaltdisney-1536x451.png 1536w\" sizes=\"(max-width: 1807px) 100vw, 1807px\" \/>\t\t\t\t\t\t\t\t\t\t\t\t\t\t\t<\/div>\n\t\t\t\t<div class=\"elementor-element elementor-element-5bba4e8 elementor-widget elementor-widget-text-editor\" data-id=\"5bba4e8\" data-element_type=\"widget\" data-e-type=\"widget\" data-widget_type=\"text-editor.default\">\n\t\t\t\t\t\t\t\t\t<ol><li style=\"font-weight: 400;\" aria-level=\"1\"><b>Nome de empresa:<\/b><span style=\"font-weight: 400;\"> Black Pipe Entretenimento<\/span><\/li><li style=\"font-weight: 400;\" aria-level=\"1\"><b>Proponentes:<\/b> <b>V\u00edtor Gabriel<\/b><span style=\"font-weight: 400;\"> e <\/span><b>Luan Batista<\/b><\/li><li style=\"font-weight: 400;\" aria-level=\"1\"><b>Atua\u00e7\u00e3o principal e secund\u00e1ria:<\/b> <b>Principal:<\/b><span style=\"font-weight: 400;\"> Produtora multim\u00eddia com foco no audiovisual, atuando em 360\u00ba em pr\u00e9 e p\u00f3s-produ\u00e7\u00e3o. <\/span><b>Secund\u00e1ria:<\/b><span style=\"font-weight: 400;\"> Servi\u00e7os espec\u00edficos com diferencial criativo em concep\u00e7\u00e3o, dire\u00e7\u00e3o de fotografia e edi\u00e7\u00e3o.<\/span><\/li><li style=\"font-weight: 400;\" aria-level=\"1\"><b>Mini bio da empresa:<\/b><span style=\"font-weight: 400;\"> Produtora audiovisual formada por <\/span><b>pessoas pretas e perif\u00e9ricas de Guaianazes<\/b><span style=\"font-weight: 400;\">. \u00c9 refer\u00eancia por <\/span><b>romper estere\u00f3tipos visuais<\/b><span style=\"font-weight: 400;\"> e valorizar as express\u00f5es negras e perif\u00e9ricas, com identidade antirracista.<\/span><\/li><li style=\"font-weight: 400;\" aria-level=\"1\"><b>Miss\u00e3o e valores:<\/b> <b>Miss\u00e3o:<\/b><span style=\"font-weight: 400;\"> Ressignificar o termo \u2018Audiovisual Perif\u00e9rico\u2019. <\/span><b>Valores:<\/b><span style=\"font-weight: 400;\"> Pot\u00eancia de se comunicar a partir da periferia, autenticidade, inova\u00e7\u00e3o e responsabilidade sociocultural.<\/span><\/li><li style=\"font-weight: 400;\" aria-level=\"1\"><b>Vis\u00e3o de futuro:<\/b><span style=\"font-weight: 400;\"> Consolidar a Black Pipe como produtora s\u00f3lida (cinema e publicidade), fortalecer a marca e projetar a empresa como <\/span><b>refer\u00eancia global<\/b><span style=\"font-weight: 400;\">, trazendo uma perspectiva inclusiva da periferia para o mundo.<\/span><\/li><li style=\"font-weight: 400;\" aria-level=\"1\"><b>Servi\u00e7os ofertados:<\/b><span style=\"font-weight: 400;\"> Produ\u00e7\u00f5es completas ou servi\u00e7os espec\u00edficos em pr\u00e9 e p\u00f3s-produ\u00e7\u00e3o, incluindo concep\u00e7\u00e3o, dire\u00e7\u00e3o de fotografia e edi\u00e7\u00e3o.<\/span><\/li><li style=\"font-weight: 400;\" aria-level=\"1\"><b>Contatos:<\/b><span style=\"font-weight: 400;\"> Site: https:\/\/bpe.myportfolio.com , Instagram: https:\/\/www.instagram.com\/blackpipebr , Facebook: https:\/\/www.facebook.com\/blackpipeBR<\/span><\/li><\/ol>\t\t\t\t\t\t\t\t<\/div>\n\t\t\t\t<\/div>\n\t\t\t\t\t<\/div>\n\t\t\t\t<\/div>\n\t\t\t\t\t<\/details>\n\t\t\t\t\t\t<details id=\"e-n-accordion-item-14111\" class=\"e-n-accordion-item\" >\n\t\t\t\t<summary class=\"e-n-accordion-item-title\" data-accordion-index=\"12\" tabindex=\"-1\" aria-expanded=\"false\" aria-controls=\"e-n-accordion-item-14111\" >\n\t\t\t\t\t<span class='e-n-accordion-item-title-header'><div class=\"e-n-accordion-item-title-text\"> Suric\u00e1 Produtora <\/div><\/span>\n\t\t\t\t\t\t\t<span class='e-n-accordion-item-title-icon'>\n\t\t\t<span class='e-opened' ><svg aria-hidden=\"true\" class=\"e-font-icon-svg e-fas-chevron-up\" viewBox=\"0 0 448 512\" xmlns=\"http:\/\/www.w3.org\/2000\/svg\"><path d=\"M240.971 130.524l194.343 194.343c9.373 9.373 9.373 24.569 0 33.941l-22.667 22.667c-9.357 9.357-24.522 9.375-33.901.04L224 227.495 69.255 381.516c-9.379 9.335-24.544 9.317-33.901-.04l-22.667-22.667c-9.373-9.373-9.373-24.569 0-33.941L207.03 130.525c9.372-9.373 24.568-9.373 33.941-.001z\"><\/path><\/svg><\/span>\n\t\t\t<span class='e-closed'><svg aria-hidden=\"true\" class=\"e-font-icon-svg e-fas-chevron-right\" viewBox=\"0 0 320 512\" xmlns=\"http:\/\/www.w3.org\/2000\/svg\"><path d=\"M285.476 272.971L91.132 467.314c-9.373 9.373-24.569 9.373-33.941 0l-22.667-22.667c-9.357-9.357-9.375-24.522-.04-33.901L188.505 256 34.484 101.255c-9.335-9.379-9.317-24.544.04-33.901l22.667-22.667c9.373-9.373 24.569-9.373 33.941 0L285.475 239.03c9.373 9.372 9.373 24.568.001 33.941z\"><\/path><\/svg><\/span>\n\t\t<\/span>\n\n\t\t\t\t\t\t<\/summary>\n\t\t\t\t<div role=\"region\" aria-labelledby=\"e-n-accordion-item-14111\" class=\"elementor-element elementor-element-ba18c58 e-flex e-con-boxed e-con e-child\" data-id=\"ba18c58\" data-element_type=\"container\" data-e-type=\"container\">\n\t\t\t\t\t<div class=\"e-con-inner\">\n\t\t<div role=\"region\" aria-labelledby=\"e-n-accordion-item-14111\" class=\"elementor-element elementor-element-55f6216 e-con-full e-flex e-con e-child\" data-id=\"55f6216\" data-element_type=\"container\" data-e-type=\"container\">\n\t\t\t\t<div class=\"elementor-element elementor-element-a02fea9 elementor-widget elementor-widget-image\" data-id=\"a02fea9\" data-element_type=\"widget\" data-e-type=\"widget\" data-widget_type=\"image.default\">\n\t\t\t\t\t\t\t\t\t\t\t\t\t\t\t<img loading=\"lazy\" decoding=\"async\" width=\"2560\" height=\"1233\" src=\"https:\/\/adesampa.com.br\/amplificacine\/wp-content\/uploads\/2025\/10\/Primario_3-Nicolas-Cybis-scaled.png\" class=\"attachment-full size-full wp-image-13210\" alt=\"\" srcset=\"https:\/\/adesampa.com.br\/amplificacine\/wp-content\/uploads\/2025\/10\/Primario_3-Nicolas-Cybis-scaled.png 2560w, https:\/\/adesampa.com.br\/amplificacine\/wp-content\/uploads\/2025\/10\/Primario_3-Nicolas-Cybis-300x145.png 300w, https:\/\/adesampa.com.br\/amplificacine\/wp-content\/uploads\/2025\/10\/Primario_3-Nicolas-Cybis-1024x493.png 1024w, https:\/\/adesampa.com.br\/amplificacine\/wp-content\/uploads\/2025\/10\/Primario_3-Nicolas-Cybis-768x370.png 768w, https:\/\/adesampa.com.br\/amplificacine\/wp-content\/uploads\/2025\/10\/Primario_3-Nicolas-Cybis-1536x740.png 1536w, https:\/\/adesampa.com.br\/amplificacine\/wp-content\/uploads\/2025\/10\/Primario_3-Nicolas-Cybis-2048x987.png 2048w\" sizes=\"(max-width: 2560px) 100vw, 2560px\" \/>\t\t\t\t\t\t\t\t\t\t\t\t\t\t\t<\/div>\n\t\t\t\t<div class=\"elementor-element elementor-element-3f04239 elementor-widget elementor-widget-text-editor\" data-id=\"3f04239\" data-element_type=\"widget\" data-e-type=\"widget\" data-widget_type=\"text-editor.default\">\n\t\t\t\t\t\t\t\t\t<ol><li style=\"font-weight: 400;\" aria-level=\"1\"><b>Nome de empresa:<\/b><span style=\"font-weight: 400;\"> Suric\u00e1 Produtora<\/span><\/li><li style=\"font-weight: 400;\" aria-level=\"1\"><b>Proponentes:<\/b> <b>Nicolas Cybis de Castro<\/b><span style=\"font-weight: 400;\"> e <\/span><b>Lucas Soares Gomes da Silva<\/b><\/li><li style=\"font-weight: 400;\" aria-level=\"1\"><b>Atua\u00e7\u00e3o principal e secund\u00e1ria:<\/b> <b>Principal:<\/b><span style=\"font-weight: 400;\"> P\u00f3s-produ\u00e7\u00e3o. <\/span><b>Secund\u00e1ria:<\/b> <i><span style=\"font-weight: 400;\">Motion design<\/span><\/i><span style=\"font-weight: 400;\"> e v\u00eddeos institucionais.<\/span><\/li><li style=\"font-weight: 400;\" aria-level=\"1\"><b>Mini bio da empresa:<\/b><span style=\"font-weight: 400;\"> Produtora de p\u00f3s-produ\u00e7\u00e3o e <\/span><i><span style=\"font-weight: 400;\">motion design<\/span><\/i><span style=\"font-weight: 400;\"> que transforma ideias em narrativas visuais. Atua em dois n\u00facleos: <\/span><b>Lab<\/b><span style=\"font-weight: 400;\"> (conte\u00fados \u00e1geis) e <\/span><b>Studio<\/b><span style=\"font-weight: 400;\"> (anima\u00e7\u00f5es 2D e v\u00eddeos institucionais).<\/span><\/li><li style=\"font-weight: 400;\" aria-level=\"1\"><b>Miss\u00e3o e valores:<\/b> <b>Miss\u00e3o:<\/b><span style=\"font-weight: 400;\"> Transformar ideias em narrativas visuais impactantes por meio do <\/span><i><span style=\"font-weight: 400;\">motion design<\/span><\/i><span style=\"font-weight: 400;\"> e da p\u00f3s-produ\u00e7\u00e3o. <\/span><b>Valores:<\/b><span style=\"font-weight: 400;\"> Criatividade com prop\u00f3sito, compromisso, transpar\u00eancia, qualidade, inova\u00e7\u00e3o e acolhimento.<\/span><\/li><li style=\"font-weight: 400;\" aria-level=\"1\"><b>Vis\u00e3o de futuro:<\/b><span style=\"font-weight: 400;\"> Consolidar-se como <\/span><b>refer\u00eancia<\/b><span style=\"font-weight: 400;\"> em p\u00f3s-produ\u00e7\u00e3o e <\/span><i><span style=\"font-weight: 400;\">motion design<\/span><\/i><span style=\"font-weight: 400;\"> no Brasil, expandindo para o <\/span><b>mercado internacional<\/b><span style=\"font-weight: 400;\">.<\/span><\/li><li style=\"font-weight: 400;\" aria-level=\"1\"><b>Servi\u00e7os ofertados:<\/b> <b>Suric\u00e1 Lab:<\/b><span style=\"font-weight: 400;\"> Edi\u00e7\u00e3o de v\u00eddeo, legendagem, cortes. <\/span><b>Suric\u00e1 Studio:<\/b><span style=\"font-weight: 400;\"> Anima\u00e7\u00f5es 2D e <\/span><i><span style=\"font-weight: 400;\">motion design<\/span><\/i><span style=\"font-weight: 400;\"> institucional.<\/span><\/li><li style=\"font-weight: 400;\" aria-level=\"1\"><b>Contatos:<\/b><span style=\"font-weight: 400;\"> Site: <\/span><b>www.surica.cc<\/b><span style=\"font-weight: 400;\">, Instagram: https:\/\/www.instagram.com\/surica.produtora<\/span><\/li><\/ol>\t\t\t\t\t\t\t\t<\/div>\n\t\t\t\t<\/div>\n\t\t\t\t\t<\/div>\n\t\t\t\t<\/div>\n\t\t\t\t\t<\/details>\n\t\t\t\t\t\t<details id=\"e-n-accordion-item-14112\" class=\"e-n-accordion-item\" >\n\t\t\t\t<summary class=\"e-n-accordion-item-title\" data-accordion-index=\"13\" tabindex=\"-1\" aria-expanded=\"false\" aria-controls=\"e-n-accordion-item-14112\" >\n\t\t\t\t\t<span class='e-n-accordion-item-title-header'><div class=\"e-n-accordion-item-title-text\"> REComunidade <\/div><\/span>\n\t\t\t\t\t\t\t<span class='e-n-accordion-item-title-icon'>\n\t\t\t<span class='e-opened' ><svg aria-hidden=\"true\" class=\"e-font-icon-svg e-fas-chevron-up\" viewBox=\"0 0 448 512\" xmlns=\"http:\/\/www.w3.org\/2000\/svg\"><path d=\"M240.971 130.524l194.343 194.343c9.373 9.373 9.373 24.569 0 33.941l-22.667 22.667c-9.357 9.357-24.522 9.375-33.901.04L224 227.495 69.255 381.516c-9.379 9.335-24.544 9.317-33.901-.04l-22.667-22.667c-9.373-9.373-9.373-24.569 0-33.941L207.03 130.525c9.372-9.373 24.568-9.373 33.941-.001z\"><\/path><\/svg><\/span>\n\t\t\t<span class='e-closed'><svg aria-hidden=\"true\" class=\"e-font-icon-svg e-fas-chevron-right\" viewBox=\"0 0 320 512\" xmlns=\"http:\/\/www.w3.org\/2000\/svg\"><path d=\"M285.476 272.971L91.132 467.314c-9.373 9.373-24.569 9.373-33.941 0l-22.667-22.667c-9.357-9.357-9.375-24.522-.04-33.901L188.505 256 34.484 101.255c-9.335-9.379-9.317-24.544.04-33.901l22.667-22.667c9.373-9.373 24.569-9.373 33.941 0L285.475 239.03c9.373 9.372 9.373 24.568.001 33.941z\"><\/path><\/svg><\/span>\n\t\t<\/span>\n\n\t\t\t\t\t\t<\/summary>\n\t\t\t\t<div role=\"region\" aria-labelledby=\"e-n-accordion-item-14112\" class=\"elementor-element elementor-element-951d3d4 e-flex e-con-boxed e-con e-child\" data-id=\"951d3d4\" data-element_type=\"container\" data-e-type=\"container\">\n\t\t\t\t\t<div class=\"e-con-inner\">\n\t\t<div role=\"region\" aria-labelledby=\"e-n-accordion-item-14112\" class=\"elementor-element elementor-element-98d197f e-con-full e-flex e-con e-child\" data-id=\"98d197f\" data-element_type=\"container\" data-e-type=\"container\">\n\t\t\t\t<div class=\"elementor-element elementor-element-7955e99 elementor-widget elementor-widget-image\" data-id=\"7955e99\" data-element_type=\"widget\" data-e-type=\"widget\" data-widget_type=\"image.default\">\n\t\t\t\t\t\t\t\t\t\t\t\t\t\t\t<img loading=\"lazy\" decoding=\"async\" width=\"1080\" height=\"434\" src=\"https:\/\/adesampa.com.br\/amplificacine\/wp-content\/uploads\/2025\/10\/LOGO-OP02-Recomunidade-Rec.jpg\" class=\"attachment-full size-full wp-image-13211\" alt=\"\" srcset=\"https:\/\/adesampa.com.br\/amplificacine\/wp-content\/uploads\/2025\/10\/LOGO-OP02-Recomunidade-Rec.jpg 1080w, https:\/\/adesampa.com.br\/amplificacine\/wp-content\/uploads\/2025\/10\/LOGO-OP02-Recomunidade-Rec-300x121.jpg 300w, https:\/\/adesampa.com.br\/amplificacine\/wp-content\/uploads\/2025\/10\/LOGO-OP02-Recomunidade-Rec-1024x411.jpg 1024w, https:\/\/adesampa.com.br\/amplificacine\/wp-content\/uploads\/2025\/10\/LOGO-OP02-Recomunidade-Rec-768x309.jpg 768w\" sizes=\"(max-width: 1080px) 100vw, 1080px\" \/>\t\t\t\t\t\t\t\t\t\t\t\t\t\t\t<\/div>\n\t\t\t\t<div class=\"elementor-element elementor-element-b000ee1 elementor-widget elementor-widget-text-editor\" data-id=\"b000ee1\" data-element_type=\"widget\" data-e-type=\"widget\" data-widget_type=\"text-editor.default\">\n\t\t\t\t\t\t\t\t\t<ol><li style=\"font-weight: 400;\" aria-level=\"1\"><b>Nome de empresa:<\/b><span style=\"font-weight: 400;\"> REComunidade<\/span><\/li><li style=\"font-weight: 400;\" aria-level=\"1\"><b>Proponentes:<\/b> <b>Andr\u00e9 Silva Santana<\/b><span style=\"font-weight: 400;\"> e <\/span><b>Dione Costa da Silva<\/b><\/li><li style=\"font-weight: 400;\" aria-level=\"1\"><b>Atua\u00e7\u00e3o principal e secund\u00e1ria:<\/b> <b>Principal:<\/b><span style=\"font-weight: 400;\"> Produ\u00e7\u00e3o e p\u00f3s-produ\u00e7\u00e3o de conte\u00fado de \u00e1udio e agenciamento art\u00edstico (<\/span><i><span style=\"font-weight: 400;\">m\u00fasica urbana<\/span><\/i><span style=\"font-weight: 400;\">). <\/span><b>Secund\u00e1ria:<\/b><span style=\"font-weight: 400;\"> Oficinas, produ\u00e7\u00e3o audiovisual e <\/span><b>projetos sociais<\/b><span style=\"font-weight: 400;\"> (<\/span><i><span style=\"font-weight: 400;\">terapia, rodas de conversa<\/span><\/i><span style=\"font-weight: 400;\">).<\/span><\/li><li style=\"font-weight: 400;\" aria-level=\"1\"><b>Mini bio da empresa:<\/b><span style=\"font-weight: 400;\"> Produtora de m\u00fasica urbana localizada na <\/span><b>Favela S\u00e3o Remo<\/b><span style=\"font-weight: 400;\">. Apoia artistas perif\u00e9ricos do funk, <\/span><i><span style=\"font-weight: 400;\">hip-hop<\/span><\/i><span style=\"font-weight: 400;\"> e outros estilos. Oferece estrutura profissional acess\u00edvel e <\/span><b>servi\u00e7os com valor social<\/b><span style=\"font-weight: 400;\">.<\/span><\/li><li style=\"font-weight: 400;\" aria-level=\"1\"><b>Miss\u00e3o e valores:<\/b><span style=\"font-weight: 400;\"> Fortalecer artistas perif\u00e9ricos, &#8220;amplificando a pot\u00eancia musical da quebrada\u201d, promovendo protagonismo e acesso \u00e0 cultura.<\/span><\/li><li style=\"font-weight: 400;\" aria-level=\"1\"><b>Vis\u00e3o de futuro:<\/b><span style=\"font-weight: 400;\"> Ser <\/span><b>refer\u00eancia nacional<\/b><span style=\"font-weight: 400;\"> em produ\u00e7\u00e3o musical e audiovisual perif\u00e9rica, promovendo inclus\u00e3o e capacita\u00e7\u00e3o, e tornando-se <\/span><b>autossustent\u00e1vel<\/b><span style=\"font-weight: 400;\">.<\/span><\/li><li style=\"font-weight: 400;\" aria-level=\"1\"><b>Servi\u00e7os ofertados:<\/b><span style=\"font-weight: 400;\"> Produ\u00e7\u00e3o musical e audiovisual, fotografia, aluguel de salas, capta\u00e7\u00e3o a\u00e9rea com <\/span><i><span style=\"font-weight: 400;\">drone<\/span><\/i><span style=\"font-weight: 400;\"> e servi\u00e7os de design.<\/span><\/li><li style=\"font-weight: 400;\" aria-level=\"1\"><b>Contatos:<\/b><span style=\"font-weight: 400;\"> E-mail: <\/span><b>recomunidaderec@gmail.com<\/b><\/li><\/ol>\t\t\t\t\t\t\t\t<\/div>\n\t\t\t\t<\/div>\n\t\t\t\t\t<\/div>\n\t\t\t\t<\/div>\n\t\t\t\t\t<\/details>\n\t\t\t\t\t<\/div>\n\t\t\t\t\t\t<\/div>\n\t\t\t\t<div class=\"elementor-element elementor-element-711bcdd elementor-widget elementor-widget-n-accordion\" data-id=\"711bcdd\" data-element_type=\"widget\" data-e-type=\"widget\" data-settings=\"{&quot;default_state&quot;:&quot;all_collapsed&quot;,&quot;max_items_expended&quot;:&quot;one&quot;,&quot;n_accordion_animation_duration&quot;:{&quot;unit&quot;:&quot;ms&quot;,&quot;size&quot;:400,&quot;sizes&quot;:[]}}\" data-widget_type=\"nested-accordion.default\">\n\t\t\t\t\t\t\t<div class=\"e-n-accordion\" aria-label=\"Accordion. Open links with Enter or Space, close with Escape, and navigate with Arrow Keys\">\n\t\t\t\t\t\t<details id=\"e-n-accordion-item-1180\" class=\"e-n-accordion-item\" >\n\t\t\t\t<summary class=\"e-n-accordion-item-title\" data-accordion-index=\"1\" tabindex=\"0\" aria-expanded=\"false\" aria-controls=\"e-n-accordion-item-1180\" >\n\t\t\t\t\t<span class='e-n-accordion-item-title-header'><div class=\"e-n-accordion-item-title-text\"> Sabi Filmes <\/div><\/span>\n\t\t\t\t\t\t\t<span class='e-n-accordion-item-title-icon'>\n\t\t\t<span class='e-opened' ><svg aria-hidden=\"true\" class=\"e-font-icon-svg e-fas-chevron-up\" viewBox=\"0 0 448 512\" xmlns=\"http:\/\/www.w3.org\/2000\/svg\"><path d=\"M240.971 130.524l194.343 194.343c9.373 9.373 9.373 24.569 0 33.941l-22.667 22.667c-9.357 9.357-24.522 9.375-33.901.04L224 227.495 69.255 381.516c-9.379 9.335-24.544 9.317-33.901-.04l-22.667-22.667c-9.373-9.373-9.373-24.569 0-33.941L207.03 130.525c9.372-9.373 24.568-9.373 33.941-.001z\"><\/path><\/svg><\/span>\n\t\t\t<span class='e-closed'><svg aria-hidden=\"true\" class=\"e-font-icon-svg e-fas-chevron-right\" viewBox=\"0 0 320 512\" xmlns=\"http:\/\/www.w3.org\/2000\/svg\"><path d=\"M285.476 272.971L91.132 467.314c-9.373 9.373-24.569 9.373-33.941 0l-22.667-22.667c-9.357-9.357-9.375-24.522-.04-33.901L188.505 256 34.484 101.255c-9.335-9.379-9.317-24.544.04-33.901l22.667-22.667c9.373-9.373 24.569-9.373 33.941 0L285.475 239.03c9.373 9.372 9.373 24.568.001 33.941z\"><\/path><\/svg><\/span>\n\t\t<\/span>\n\n\t\t\t\t\t\t<\/summary>\n\t\t\t\t<div role=\"region\" aria-labelledby=\"e-n-accordion-item-1180\" class=\"elementor-element elementor-element-84d4bf9 e-con-full e-flex e-con e-child\" data-id=\"84d4bf9\" data-element_type=\"container\" data-e-type=\"container\">\n\t\t<div role=\"region\" aria-labelledby=\"e-n-accordion-item-1180\" class=\"elementor-element elementor-element-620d812 e-flex e-con-boxed e-con e-child\" data-id=\"620d812\" data-element_type=\"container\" data-e-type=\"container\">\n\t\t\t\t\t<div class=\"e-con-inner\">\n\t\t\t\t<div class=\"elementor-element elementor-element-6263b10 elementor-widget elementor-widget-image\" data-id=\"6263b10\" data-element_type=\"widget\" data-e-type=\"widget\" data-widget_type=\"image.default\">\n\t\t\t\t\t\t\t\t\t\t\t\t\t\t\t<img loading=\"lazy\" decoding=\"async\" width=\"2560\" height=\"1440\" src=\"https:\/\/adesampa.com.br\/amplificacine\/wp-content\/uploads\/2025\/10\/logo-sabi-6-Marilia-Santana-1-scaled.png\" class=\"attachment-full size-full wp-image-13214\" alt=\"\" srcset=\"https:\/\/adesampa.com.br\/amplificacine\/wp-content\/uploads\/2025\/10\/logo-sabi-6-Marilia-Santana-1-scaled.png 2560w, https:\/\/adesampa.com.br\/amplificacine\/wp-content\/uploads\/2025\/10\/logo-sabi-6-Marilia-Santana-1-300x169.png 300w, https:\/\/adesampa.com.br\/amplificacine\/wp-content\/uploads\/2025\/10\/logo-sabi-6-Marilia-Santana-1-1024x576.png 1024w, https:\/\/adesampa.com.br\/amplificacine\/wp-content\/uploads\/2025\/10\/logo-sabi-6-Marilia-Santana-1-768x432.png 768w, https:\/\/adesampa.com.br\/amplificacine\/wp-content\/uploads\/2025\/10\/logo-sabi-6-Marilia-Santana-1-1536x864.png 1536w, https:\/\/adesampa.com.br\/amplificacine\/wp-content\/uploads\/2025\/10\/logo-sabi-6-Marilia-Santana-1-2048x1152.png 2048w\" sizes=\"(max-width: 2560px) 100vw, 2560px\" \/>\t\t\t\t\t\t\t\t\t\t\t\t\t\t\t<\/div>\n\t\t\t\t<div class=\"elementor-element elementor-element-8981f11 elementor-widget elementor-widget-text-editor\" data-id=\"8981f11\" data-element_type=\"widget\" data-e-type=\"widget\" data-widget_type=\"text-editor.default\">\n\t\t\t\t\t\t\t\t\t<ol><li style=\"font-weight: 400;\" aria-level=\"1\"><b>Nome de empresa:<\/b><span style=\"font-weight: 400;\"> Sabi Filmes<\/span><\/li><li style=\"font-weight: 400;\" aria-level=\"1\"><b>Proponentes:<\/b> <b>Marco Aur\u00e9lio Toresin<\/b><span style=\"font-weight: 400;\"> e <\/span><b>Mar\u00edlia Sim\u00e3o de Santana<\/b><\/li><li style=\"font-weight: 400;\" aria-level=\"1\"><b>Atua\u00e7\u00e3o principal e secund\u00e1ria:<\/b> <b>Principal:<\/b><span style=\"font-weight: 400;\"> Produ\u00e7\u00e3o audiovisual especializada em <\/span><b>contar hist\u00f3rias reais<\/b><span style=\"font-weight: 400;\"> (<\/span><i><span style=\"font-weight: 400;\">v\u00eddeos institucionais, treinamentos EAD<\/span><\/i><span style=\"font-weight: 400;\">). <\/span><b>Secund\u00e1ria:<\/b><span style=\"font-weight: 400;\"> Produ\u00e7\u00e3o de conte\u00fado fotogr\u00e1fico e Audiovisual Cultural.<\/span><\/li><li style=\"font-weight: 400;\" aria-level=\"1\"><b>Mini bio da empresa:<\/b><span style=\"font-weight: 400;\"> Produtora audiovisual que cuida de cada etapa, da pr\u00e9 \u00e0 p\u00f3s-produ\u00e7\u00e3o, focando em <\/span><b>hist\u00f3rias reais<\/b><span style=\"font-weight: 400;\"> para conectar marcas e pessoas com olhar estrat\u00e9gico, clareza e criatividade.<\/span><\/li><li style=\"font-weight: 400;\" aria-level=\"1\"><b>Miss\u00e3o e valores:<\/b> <b>Miss\u00e3o:<\/b><span style=\"font-weight: 400;\"> Acreditar no poder das hist\u00f3rias reais para mover pessoas, colocando-as no centro de cada narrativa. <\/span><b>Valores:<\/b><span style=\"font-weight: 400;\"> Impacto social, conex\u00f5es verdadeiras e colabora\u00e7\u00e3o.<\/span><\/li><li style=\"font-weight: 400;\" aria-level=\"1\"><b>Vis\u00e3o de futuro:<\/b><span style=\"font-weight: 400;\"> Ser uma produtora reconhecida por <\/span><b>transmitir a ess\u00eancia humana<\/b><span style=\"font-weight: 400;\"> com criatividade e autenticidade nos projetos audiovisuais.<\/span><\/li><li style=\"font-weight: 400;\" aria-level=\"1\"><b>Servi\u00e7os ofertados:<\/b><span style=\"font-weight: 400;\"> Ensino a dist\u00e2ncia (EAD), Cobertura de eventos, Fotografia de produtos, Document\u00e1rios corporativos e Audiovisual Cultural.<\/span><\/li><li style=\"font-weight: 400;\" aria-level=\"1\"><b>Contatos:<\/b><span style=\"font-weight: 400;\"> E-mail Mar\u00edlia: <\/span><b>masantana@sabifilmes.com.br<\/b><span style=\"font-weight: 400;\">, E-mail Marco: <\/span><a href=\"mailto:mtoresin@sabifilmes.com.br\"><b>mtoresin@sabifilmes.com.br<\/b><\/a><span style=\"font-weight: 400;\">, Site: <\/span><a href=\"http:\/\/www.sabifilmes.com.br\"><span style=\"font-weight: 400;\">www.sabifilmes.com.br<\/span><\/a><span style=\"font-weight: 400;\"> , Instagram: <\/span><b>@sabfilmes<\/b><span style=\"font-weight: 400;\">\u00a0<\/span><\/li><\/ol>\t\t\t\t\t\t\t\t<\/div>\n\t\t\t\t\t<\/div>\n\t\t\t\t<\/div>\n\t\t\t\t<\/div>\n\t\t\t\t\t<\/details>\n\t\t\t\t\t\t<details id=\"e-n-accordion-item-1181\" class=\"e-n-accordion-item\" >\n\t\t\t\t<summary class=\"e-n-accordion-item-title\" data-accordion-index=\"2\" tabindex=\"-1\" aria-expanded=\"false\" aria-controls=\"e-n-accordion-item-1181\" >\n\t\t\t\t\t<span class='e-n-accordion-item-title-header'><div class=\"e-n-accordion-item-title-text\"> Hipot\u00e9ticas Produ\u00e7\u00f5es Art\u00edsticas <\/div><\/span>\n\t\t\t\t\t\t\t<span class='e-n-accordion-item-title-icon'>\n\t\t\t<span class='e-opened' ><svg aria-hidden=\"true\" class=\"e-font-icon-svg e-fas-chevron-up\" viewBox=\"0 0 448 512\" xmlns=\"http:\/\/www.w3.org\/2000\/svg\"><path d=\"M240.971 130.524l194.343 194.343c9.373 9.373 9.373 24.569 0 33.941l-22.667 22.667c-9.357 9.357-24.522 9.375-33.901.04L224 227.495 69.255 381.516c-9.379 9.335-24.544 9.317-33.901-.04l-22.667-22.667c-9.373-9.373-9.373-24.569 0-33.941L207.03 130.525c9.372-9.373 24.568-9.373 33.941-.001z\"><\/path><\/svg><\/span>\n\t\t\t<span class='e-closed'><svg aria-hidden=\"true\" class=\"e-font-icon-svg e-fas-chevron-right\" viewBox=\"0 0 320 512\" xmlns=\"http:\/\/www.w3.org\/2000\/svg\"><path d=\"M285.476 272.971L91.132 467.314c-9.373 9.373-24.569 9.373-33.941 0l-22.667-22.667c-9.357-9.357-9.375-24.522-.04-33.901L188.505 256 34.484 101.255c-9.335-9.379-9.317-24.544.04-33.901l22.667-22.667c9.373-9.373 24.569-9.373 33.941 0L285.475 239.03c9.373 9.372 9.373 24.568.001 33.941z\"><\/path><\/svg><\/span>\n\t\t<\/span>\n\n\t\t\t\t\t\t<\/summary>\n\t\t\t\t<div role=\"region\" aria-labelledby=\"e-n-accordion-item-1181\" class=\"elementor-element elementor-element-caddc44 e-con-full e-flex e-con e-child\" data-id=\"caddc44\" data-element_type=\"container\" data-e-type=\"container\">\n\t\t<div role=\"region\" aria-labelledby=\"e-n-accordion-item-1181\" class=\"elementor-element elementor-element-8adbef9 e-flex e-con-boxed e-con e-child\" data-id=\"8adbef9\" data-element_type=\"container\" data-e-type=\"container\">\n\t\t\t\t\t<div class=\"e-con-inner\">\n\t\t\t\t<div class=\"elementor-element elementor-element-def2070 elementor-widget elementor-widget-image\" data-id=\"def2070\" data-element_type=\"widget\" data-e-type=\"widget\" data-widget_type=\"image.default\">\n\t\t\t\t\t\t\t\t\t\t\t\t\t\t\t<img loading=\"lazy\" decoding=\"async\" width=\"2560\" height=\"1291\" src=\"https:\/\/adesampa.com.br\/amplificacine\/wp-content\/uploads\/2025\/10\/Logo-com-fundo-preto-Vivian-Valente-Petri-3-scaled.png\" class=\"attachment-full size-full wp-image-13221\" alt=\"\" srcset=\"https:\/\/adesampa.com.br\/amplificacine\/wp-content\/uploads\/2025\/10\/Logo-com-fundo-preto-Vivian-Valente-Petri-3-scaled.png 2560w, https:\/\/adesampa.com.br\/amplificacine\/wp-content\/uploads\/2025\/10\/Logo-com-fundo-preto-Vivian-Valente-Petri-3-300x151.png 300w, https:\/\/adesampa.com.br\/amplificacine\/wp-content\/uploads\/2025\/10\/Logo-com-fundo-preto-Vivian-Valente-Petri-3-1024x516.png 1024w, https:\/\/adesampa.com.br\/amplificacine\/wp-content\/uploads\/2025\/10\/Logo-com-fundo-preto-Vivian-Valente-Petri-3-768x387.png 768w, https:\/\/adesampa.com.br\/amplificacine\/wp-content\/uploads\/2025\/10\/Logo-com-fundo-preto-Vivian-Valente-Petri-3-1536x775.png 1536w, https:\/\/adesampa.com.br\/amplificacine\/wp-content\/uploads\/2025\/10\/Logo-com-fundo-preto-Vivian-Valente-Petri-3-2048x1033.png 2048w\" sizes=\"(max-width: 2560px) 100vw, 2560px\" \/>\t\t\t\t\t\t\t\t\t\t\t\t\t\t\t<\/div>\n\t\t\t\t<div class=\"elementor-element elementor-element-73e25b9 elementor-widget elementor-widget-text-editor\" data-id=\"73e25b9\" data-element_type=\"widget\" data-e-type=\"widget\" data-widget_type=\"text-editor.default\">\n\t\t\t\t\t\t\t\t\t<ol><li style=\"font-weight: 400;\" aria-level=\"1\"><b>Nome de empresa:<\/b><span style=\"font-weight: 400;\"> Hipot\u00e9ticas Produ\u00e7\u00f5es Art\u00edsticas<\/span><\/li><li style=\"font-weight: 400;\" aria-level=\"1\"><b>Proponentes:<\/b> <b>Victor Lima Fernandes<\/b><span style=\"font-weight: 400;\"> e <\/span><b>Vivian Valente<\/b><\/li><li style=\"font-weight: 400;\" aria-level=\"1\"><b>Atua\u00e7\u00e3o principal e secund\u00e1ria:<\/b> <b>Principal:<\/b><span style=\"font-weight: 400;\"> Elabora\u00e7\u00e3o, produ\u00e7\u00e3o e finaliza\u00e7\u00e3o de filmes autorais, publicit\u00e1rios e em parcerias. <\/span><b>Secund\u00e1ria:<\/b><span style=\"font-weight: 400;\"> Incubadora de projetos de filmes, s\u00e9ries e document\u00e1rios.<\/span><\/li><li style=\"font-weight: 400;\" aria-level=\"1\"><b>Mini bio da empresa:<\/b><span style=\"font-weight: 400;\"> Jovem produtora audiovisual focada em fomentar <\/span><b>narrativas autorais e disruptivas<\/b><span style=\"font-weight: 400;\">, dando voz a <\/span><b>vozes apagadas<\/b><span style=\"font-weight: 400;\">. Atualmente funciona como uma <\/span><b>incubadora de projetos<\/b><span style=\"font-weight: 400;\"> e possui obras premiadas no Festival do Minuto.<\/span><\/li><li style=\"font-weight: 400;\" aria-level=\"1\"><b>Miss\u00e3o e valores:<\/b> <b>Miss\u00e3o:<\/b><span style=\"font-weight: 400;\"> Fomentar narrativas art\u00edsticas autorais e disruptivas, colocando no centro vozes apagadas, com singularidade e um olhar criativo especializado. <\/span><b>Valor:<\/b><span style=\"font-weight: 400;\"> Pot\u00eancia dos encontros art\u00edsticos.<\/span><\/li><li style=\"font-weight: 400;\" aria-level=\"1\"><b>Vis\u00e3o de futuro:<\/b><span style=\"font-weight: 400;\"> Crescimento s\u00f3lido e fiel a origens art\u00edsticas, na produ\u00e7\u00e3o de um <\/span><b>cinema disruptivo<\/b><span style=\"font-weight: 400;\"> e compromissado com demandas sociais, buscando um portf\u00f3lio cinematogr\u00e1fico de excel\u00eancia.<\/span><\/li><li style=\"font-weight: 400;\" aria-level=\"1\"><b>Servi\u00e7os ofertados:<\/b><span style=\"font-weight: 400;\"> Produ\u00e7\u00e3o de curtas, v\u00eddeos-poesia, videoclipes, <\/span><i><span style=\"font-weight: 400;\">mini-docs<\/span><\/i><span style=\"font-weight: 400;\">, <\/span><i><span style=\"font-weight: 400;\">podcasts<\/span><\/i><span style=\"font-weight: 400;\"> ficcionais e pe\u00e7as publicit\u00e1rias, al\u00e9m de funcionar como um incubadora de projetos.<\/span><\/li><li style=\"font-weight: 400;\" aria-level=\"1\"><b>Contatos:<\/b><span style=\"font-weight: 400;\"> Instagram: <\/span><b>@hipoteticas.producoes<\/b><span style=\"font-weight: 400;\">\u00a0<\/span><\/li><\/ol>\t\t\t\t\t\t\t\t<\/div>\n\t\t\t\t\t<\/div>\n\t\t\t\t<\/div>\n\t\t\t\t<\/div>\n\t\t\t\t\t<\/details>\n\t\t\t\t\t\t<details id=\"e-n-accordion-item-1182\" class=\"e-n-accordion-item\" >\n\t\t\t\t<summary class=\"e-n-accordion-item-title\" data-accordion-index=\"3\" tabindex=\"-1\" aria-expanded=\"false\" aria-controls=\"e-n-accordion-item-1182\" >\n\t\t\t\t\t<span class='e-n-accordion-item-title-header'><div class=\"e-n-accordion-item-title-text\"> 609 Filmes <\/div><\/span>\n\t\t\t\t\t\t\t<span class='e-n-accordion-item-title-icon'>\n\t\t\t<span class='e-opened' ><svg aria-hidden=\"true\" class=\"e-font-icon-svg e-fas-chevron-up\" viewBox=\"0 0 448 512\" xmlns=\"http:\/\/www.w3.org\/2000\/svg\"><path d=\"M240.971 130.524l194.343 194.343c9.373 9.373 9.373 24.569 0 33.941l-22.667 22.667c-9.357 9.357-24.522 9.375-33.901.04L224 227.495 69.255 381.516c-9.379 9.335-24.544 9.317-33.901-.04l-22.667-22.667c-9.373-9.373-9.373-24.569 0-33.941L207.03 130.525c9.372-9.373 24.568-9.373 33.941-.001z\"><\/path><\/svg><\/span>\n\t\t\t<span class='e-closed'><svg aria-hidden=\"true\" class=\"e-font-icon-svg e-fas-chevron-right\" viewBox=\"0 0 320 512\" xmlns=\"http:\/\/www.w3.org\/2000\/svg\"><path d=\"M285.476 272.971L91.132 467.314c-9.373 9.373-24.569 9.373-33.941 0l-22.667-22.667c-9.357-9.357-9.375-24.522-.04-33.901L188.505 256 34.484 101.255c-9.335-9.379-9.317-24.544.04-33.901l22.667-22.667c9.373-9.373 24.569-9.373 33.941 0L285.475 239.03c9.373 9.372 9.373 24.568.001 33.941z\"><\/path><\/svg><\/span>\n\t\t<\/span>\n\n\t\t\t\t\t\t<\/summary>\n\t\t\t\t<div role=\"region\" aria-labelledby=\"e-n-accordion-item-1182\" class=\"elementor-element elementor-element-da8428e e-con-full e-flex e-con e-child\" data-id=\"da8428e\" data-element_type=\"container\" data-e-type=\"container\">\n\t\t<div role=\"region\" aria-labelledby=\"e-n-accordion-item-1182\" class=\"elementor-element elementor-element-c6aceed e-flex e-con-boxed e-con e-child\" data-id=\"c6aceed\" data-element_type=\"container\" data-e-type=\"container\">\n\t\t\t\t\t<div class=\"e-con-inner\">\n\t\t\t\t<div class=\"elementor-element elementor-element-b1587b5 elementor-widget elementor-widget-image\" data-id=\"b1587b5\" data-element_type=\"widget\" data-e-type=\"widget\" data-widget_type=\"image.default\">\n\t\t\t\t\t\t\t\t\t\t\t\t\t\t\t<img loading=\"lazy\" decoding=\"async\" width=\"1080\" height=\"1080\" src=\"https:\/\/adesampa.com.br\/amplificacine\/wp-content\/uploads\/2025\/10\/609-filmes_redondo_txt-cor_preto-609-Filmes.png\" class=\"attachment-full size-full wp-image-13222\" alt=\"\" srcset=\"https:\/\/adesampa.com.br\/amplificacine\/wp-content\/uploads\/2025\/10\/609-filmes_redondo_txt-cor_preto-609-Filmes.png 1080w, https:\/\/adesampa.com.br\/amplificacine\/wp-content\/uploads\/2025\/10\/609-filmes_redondo_txt-cor_preto-609-Filmes-300x300.png 300w, https:\/\/adesampa.com.br\/amplificacine\/wp-content\/uploads\/2025\/10\/609-filmes_redondo_txt-cor_preto-609-Filmes-1024x1024.png 1024w, https:\/\/adesampa.com.br\/amplificacine\/wp-content\/uploads\/2025\/10\/609-filmes_redondo_txt-cor_preto-609-Filmes-150x150.png 150w, https:\/\/adesampa.com.br\/amplificacine\/wp-content\/uploads\/2025\/10\/609-filmes_redondo_txt-cor_preto-609-Filmes-768x768.png 768w, https:\/\/adesampa.com.br\/amplificacine\/wp-content\/uploads\/2025\/10\/elementor\/thumbs\/609-filmes_redondo_txt-cor_preto-609-Filmes-rdp1e7h3ij8xqbijqiwbym2ulonppuewdcqteogsa0.png 260w\" sizes=\"(max-width: 1080px) 100vw, 1080px\" \/>\t\t\t\t\t\t\t\t\t\t\t\t\t\t\t<\/div>\n\t\t\t\t<div class=\"elementor-element elementor-element-b5220f8 elementor-widget elementor-widget-text-editor\" data-id=\"b5220f8\" data-element_type=\"widget\" data-e-type=\"widget\" data-widget_type=\"text-editor.default\">\n\t\t\t\t\t\t\t\t\t<ol><li style=\"font-weight: 400;\" aria-level=\"1\"><b>Nome de empresa:<\/b><span style=\"font-weight: 400;\"> 609 Filmes<\/span><\/li><li style=\"font-weight: 400;\" aria-level=\"1\"><b>Proponentes:<\/b> <b>Stheffany Fernanda<\/b><span style=\"font-weight: 400;\">, <\/span><b>Pedro Henrique<\/b><span style=\"font-weight: 400;\"> e <\/span><b>William Gomes<\/b><\/li><li style=\"font-weight: 400;\" aria-level=\"1\"><b>Atua\u00e7\u00e3o principal e secund\u00e1ria:<\/b> <b>Principal:<\/b><span style=\"font-weight: 400;\"> Produ\u00e7\u00e3o Executiva, Produ\u00e7\u00e3o Criativa e Forma\u00e7\u00e3o. <\/span><b>Secund\u00e1ria:<\/b><span style=\"font-weight: 400;\"> Consultorias e espa\u00e7o formativo com cursos e oficinas acess\u00edveis para jovens perif\u00e9ricos.<\/span><\/li><li style=\"font-weight: 400;\" aria-level=\"1\"><b>Mini bio da empresa:<\/b><span style=\"font-weight: 400;\"> Produtora e <\/span><b>espa\u00e7o formativo<\/b><span style=\"font-weight: 400;\"> que transforma afeto, t\u00e9cnica e territ\u00f3rio em pot\u00eancia criativa. Nasceu na Zona Sul de S\u00e3o Paulo, criando narrativas comprometidas com <\/span><b>diversidade, est\u00e9tica e transforma\u00e7\u00e3o<\/b><span style=\"font-weight: 400;\">.<\/span><\/li><li style=\"font-weight: 400;\" aria-level=\"1\"><b>Miss\u00e3o e valores:<\/b> <b>Miss\u00e3o:<\/b><span style=\"font-weight: 400;\"> Ampliar o acesso \u00e0 produ\u00e7\u00e3o audiovisual e formar novas vozes por meio de processos que rompem barreiras. <\/span><b>Valores:<\/b><span style=\"font-weight: 400;\"> Reconhecer a diversidade como for\u00e7a criativa e criar com prop\u00f3sito real.<\/span><\/li><li style=\"font-weight: 400;\" aria-level=\"1\"><b>Vis\u00e3o de futuro:<\/b><span style=\"font-weight: 400;\"> Consolidar-se como <\/span><b>refer\u00eancia no audiovisual brasileiro<\/b><span style=\"font-weight: 400;\"> e global, reconhecida pela excel\u00eancia, est\u00e9tica e impacto social, ampliando o acesso de jovens perif\u00e9ricos ao mercado.<\/span><\/li><li style=\"font-weight: 400;\" aria-level=\"1\"><b>Servi\u00e7os ofertados:<\/b> <b>Produ\u00e7\u00e3o Executiva<\/b><span style=\"font-weight: 400;\">, <\/span><b>Produ\u00e7\u00e3o Criativa<\/b><span style=\"font-weight: 400;\"> (obras autorais e sob encomenda) e <\/span><b>Forma\u00e7\u00e3o<\/b><span style=\"font-weight: 400;\"> (cursos, oficinas e consultorias).<\/span><\/li><li style=\"font-weight: 400;\" aria-level=\"1\"><b>Contatos:<\/b><span style=\"font-weight: 400;\"> E-mail: <\/span><b>609filmes@gmail.com<\/b><span style=\"font-weight: 400;\">, Pedro Miosso: <\/span><b>(11) 99520-8210<\/b><span style=\"font-weight: 400;\">, Stheffany Fernanda: <\/span><b>(11) 94867-3170<\/b><span style=\"font-weight: 400;\">, Instagram: @609filmes https:\/\/www.instagram.com\/609filmes<\/span><\/li><\/ol>\t\t\t\t\t\t\t\t<\/div>\n\t\t\t\t\t<\/div>\n\t\t\t\t<\/div>\n\t\t\t\t<\/div>\n\t\t\t\t\t<\/details>\n\t\t\t\t\t\t<details id=\"e-n-accordion-item-1183\" class=\"e-n-accordion-item\" >\n\t\t\t\t<summary class=\"e-n-accordion-item-title\" data-accordion-index=\"4\" tabindex=\"-1\" aria-expanded=\"false\" aria-controls=\"e-n-accordion-item-1183\" >\n\t\t\t\t\t<span class='e-n-accordion-item-title-header'><div class=\"e-n-accordion-item-title-text\"> Saravei! Produ\u00e7\u00f5es <\/div><\/span>\n\t\t\t\t\t\t\t<span class='e-n-accordion-item-title-icon'>\n\t\t\t<span class='e-opened' ><svg aria-hidden=\"true\" class=\"e-font-icon-svg e-fas-chevron-up\" viewBox=\"0 0 448 512\" xmlns=\"http:\/\/www.w3.org\/2000\/svg\"><path d=\"M240.971 130.524l194.343 194.343c9.373 9.373 9.373 24.569 0 33.941l-22.667 22.667c-9.357 9.357-24.522 9.375-33.901.04L224 227.495 69.255 381.516c-9.379 9.335-24.544 9.317-33.901-.04l-22.667-22.667c-9.373-9.373-9.373-24.569 0-33.941L207.03 130.525c9.372-9.373 24.568-9.373 33.941-.001z\"><\/path><\/svg><\/span>\n\t\t\t<span class='e-closed'><svg aria-hidden=\"true\" class=\"e-font-icon-svg e-fas-chevron-right\" viewBox=\"0 0 320 512\" xmlns=\"http:\/\/www.w3.org\/2000\/svg\"><path d=\"M285.476 272.971L91.132 467.314c-9.373 9.373-24.569 9.373-33.941 0l-22.667-22.667c-9.357-9.357-9.375-24.522-.04-33.901L188.505 256 34.484 101.255c-9.335-9.379-9.317-24.544.04-33.901l22.667-22.667c9.373-9.373 24.569-9.373 33.941 0L285.475 239.03c9.373 9.372 9.373 24.568.001 33.941z\"><\/path><\/svg><\/span>\n\t\t<\/span>\n\n\t\t\t\t\t\t<\/summary>\n\t\t\t\t<div role=\"region\" aria-labelledby=\"e-n-accordion-item-1183\" class=\"elementor-element elementor-element-30e2d66 e-flex e-con-boxed e-con e-child\" data-id=\"30e2d66\" data-element_type=\"container\" data-e-type=\"container\">\n\t\t\t\t\t<div class=\"e-con-inner\">\n\t\t<div role=\"region\" aria-labelledby=\"e-n-accordion-item-1183\" class=\"elementor-element elementor-element-c66ac08 e-con-full e-flex e-con e-child\" data-id=\"c66ac08\" data-element_type=\"container\" data-e-type=\"container\">\n\t\t\t\t<div class=\"elementor-element elementor-element-daf1285 elementor-widget elementor-widget-image\" data-id=\"daf1285\" data-element_type=\"widget\" data-e-type=\"widget\" data-widget_type=\"image.default\">\n\t\t\t\t\t\t\t\t\t\t\t\t\t\t\t<img loading=\"lazy\" decoding=\"async\" width=\"1158\" height=\"313\" src=\"https:\/\/adesampa.com.br\/amplificacine\/wp-content\/uploads\/2025\/10\/saraveiSprod_pos_-Nego-Junior.png\" class=\"attachment-full size-full wp-image-13223\" alt=\"\" srcset=\"https:\/\/adesampa.com.br\/amplificacine\/wp-content\/uploads\/2025\/10\/saraveiSprod_pos_-Nego-Junior.png 1158w, https:\/\/adesampa.com.br\/amplificacine\/wp-content\/uploads\/2025\/10\/saraveiSprod_pos_-Nego-Junior-300x81.png 300w, https:\/\/adesampa.com.br\/amplificacine\/wp-content\/uploads\/2025\/10\/saraveiSprod_pos_-Nego-Junior-1024x277.png 1024w, https:\/\/adesampa.com.br\/amplificacine\/wp-content\/uploads\/2025\/10\/saraveiSprod_pos_-Nego-Junior-768x208.png 768w\" sizes=\"(max-width: 1158px) 100vw, 1158px\" \/>\t\t\t\t\t\t\t\t\t\t\t\t\t\t\t<\/div>\n\t\t\t\t<div class=\"elementor-element elementor-element-7407b4d elementor-widget elementor-widget-text-editor\" data-id=\"7407b4d\" data-element_type=\"widget\" data-e-type=\"widget\" data-widget_type=\"text-editor.default\">\n\t\t\t\t\t\t\t\t\t<ol><li style=\"font-weight: 400;\" aria-level=\"1\"><b>Nome de empresa:<\/b><span style=\"font-weight: 400;\"> Saravei! Produ\u00e7\u00f5es<\/span><\/li><li style=\"font-weight: 400;\" aria-level=\"1\"><b>Proponentes:<\/b> <b>Jos\u00e9 Domingos Calixto J\u00fanior<\/b><span style=\"font-weight: 400;\"> (Nego J\u00fanior) e <\/span><b>Jonatas Santos Mota<\/b><span style=\"font-weight: 400;\"> (Samambaia)<\/span><\/li><li style=\"font-weight: 400;\" aria-level=\"1\"><b>Atua\u00e7\u00e3o principal e secund\u00e1ria:<\/b> <b>Principal:<\/b><span style=\"font-weight: 400;\"> Audiovisual, fotografia e produ\u00e7\u00e3o cultural, com foco em <\/span><b>narrativas negras e perif\u00e9ricas<\/b><span style=\"font-weight: 400;\">. <\/span><b>Secund\u00e1ria:<\/b><span style=\"font-weight: 400;\"> Atividades culturais, manifesta\u00e7\u00f5es e mem\u00f3rias negras.<\/span><\/li><li style=\"font-weight: 400;\" aria-level=\"1\"><b>Mini bio da empresa:<\/b><span style=\"font-weight: 400;\"> Produtora audiovisual, art\u00edstica e cultural, <\/span><b>perif\u00e9rica do Cap\u00e3o Redondo<\/b><span style=\"font-weight: 400;\">. \u00c9 um movimento que celebra hist\u00f3rias de resist\u00eancia, supera\u00e7\u00e3o e identidade, utilizando o audiovisual para fortalecer a cultura perif\u00e9rica.<\/span><\/li><li style=\"font-weight: 400;\" aria-level=\"1\"><b>Miss\u00e3o e valores:<\/b> <b>Miss\u00e3o:<\/b><span style=\"font-weight: 400;\"> Fortalecer a comunidade criativa, gerando trabalho e desenvolvimento a partir da periferia. <\/span><b>Valores:<\/b><span style=\"font-weight: 400;\"> Sagacidade, respeito \u00e0s ra\u00edzes e conex\u00e3o com a natureza.<\/span><\/li><li style=\"font-weight: 400;\" aria-level=\"1\"><b>Vis\u00e3o de futuro:<\/b><span style=\"font-weight: 400;\"> Ser uma produtora <\/span><b>refer\u00eancia na proje\u00e7\u00e3o de talentos da periferia<\/b><span style=\"font-weight: 400;\"> e projetos bem-sucedidos em produ\u00e7\u00f5es audiovisuais que aliam excel\u00eancia t\u00e9cnica, impacto social e autenticidade.<\/span><\/li><li style=\"font-weight: 400;\" aria-level=\"1\"><b>Servi\u00e7os ofertados:<\/b><span style=\"font-weight: 400;\"> Servi\u00e7os de filmagem, Co-produ\u00e7\u00e3o, Fotografia e <\/span><i><span style=\"font-weight: 400;\">Production Service<\/span><\/i><span style=\"font-weight: 400;\">.<\/span><\/li><li style=\"font-weight: 400;\" aria-level=\"1\"><b>Contatos:<\/b><span style=\"font-weight: 400;\"> Site: https:\/\/www.saravei.com.br , Instagram: <\/span><a href=\"https:\/\/www.instagram.com\/saraveiprod\"><span style=\"font-weight: 400;\">https:\/\/www.instagram.com\/saraveiprod<\/span><\/a><\/li><\/ol>\t\t\t\t\t\t\t\t<\/div>\n\t\t\t\t<\/div>\n\t\t\t\t\t<\/div>\n\t\t\t\t<\/div>\n\t\t\t\t\t<\/details>\n\t\t\t\t\t\t<details id=\"e-n-accordion-item-1184\" class=\"e-n-accordion-item\" >\n\t\t\t\t<summary class=\"e-n-accordion-item-title\" data-accordion-index=\"5\" tabindex=\"-1\" aria-expanded=\"false\" aria-controls=\"e-n-accordion-item-1184\" >\n\t\t\t\t\t<span class='e-n-accordion-item-title-header'><div class=\"e-n-accordion-item-title-text\"> EditLab Filmes <\/div><\/span>\n\t\t\t\t\t\t\t<span class='e-n-accordion-item-title-icon'>\n\t\t\t<span class='e-opened' ><svg aria-hidden=\"true\" class=\"e-font-icon-svg e-fas-chevron-up\" viewBox=\"0 0 448 512\" xmlns=\"http:\/\/www.w3.org\/2000\/svg\"><path d=\"M240.971 130.524l194.343 194.343c9.373 9.373 9.373 24.569 0 33.941l-22.667 22.667c-9.357 9.357-24.522 9.375-33.901.04L224 227.495 69.255 381.516c-9.379 9.335-24.544 9.317-33.901-.04l-22.667-22.667c-9.373-9.373-9.373-24.569 0-33.941L207.03 130.525c9.372-9.373 24.568-9.373 33.941-.001z\"><\/path><\/svg><\/span>\n\t\t\t<span class='e-closed'><svg aria-hidden=\"true\" class=\"e-font-icon-svg e-fas-chevron-right\" viewBox=\"0 0 320 512\" xmlns=\"http:\/\/www.w3.org\/2000\/svg\"><path d=\"M285.476 272.971L91.132 467.314c-9.373 9.373-24.569 9.373-33.941 0l-22.667-22.667c-9.357-9.357-9.375-24.522-.04-33.901L188.505 256 34.484 101.255c-9.335-9.379-9.317-24.544.04-33.901l22.667-22.667c9.373-9.373 24.569-9.373 33.941 0L285.475 239.03c9.373 9.372 9.373 24.568.001 33.941z\"><\/path><\/svg><\/span>\n\t\t<\/span>\n\n\t\t\t\t\t\t<\/summary>\n\t\t\t\t<div role=\"region\" aria-labelledby=\"e-n-accordion-item-1184\" class=\"elementor-element elementor-element-3a81912 e-flex e-con-boxed e-con e-child\" data-id=\"3a81912\" data-element_type=\"container\" data-e-type=\"container\">\n\t\t\t\t\t<div class=\"e-con-inner\">\n\t\t<div role=\"region\" aria-labelledby=\"e-n-accordion-item-1184\" class=\"elementor-element elementor-element-d19e153 e-con-full e-flex e-con e-child\" data-id=\"d19e153\" data-element_type=\"container\" data-e-type=\"container\">\n\t\t\t\t<div class=\"elementor-element elementor-element-60e6d51 elementor-widget elementor-widget-image\" data-id=\"60e6d51\" data-element_type=\"widget\" data-e-type=\"widget\" data-widget_type=\"image.default\">\n\t\t\t\t\t\t\t\t\t\t\t\t\t\t\t<img loading=\"lazy\" decoding=\"async\" width=\"1920\" height=\"1080\" src=\"https:\/\/adesampa.com.br\/amplificacine\/wp-content\/uploads\/2025\/10\/LOGO-BRANCO-Edit-Lab-Filmes.png\" class=\"attachment-full size-full wp-image-13224\" alt=\"\" srcset=\"https:\/\/adesampa.com.br\/amplificacine\/wp-content\/uploads\/2025\/10\/LOGO-BRANCO-Edit-Lab-Filmes.png 1920w, https:\/\/adesampa.com.br\/amplificacine\/wp-content\/uploads\/2025\/10\/LOGO-BRANCO-Edit-Lab-Filmes-300x169.png 300w, https:\/\/adesampa.com.br\/amplificacine\/wp-content\/uploads\/2025\/10\/LOGO-BRANCO-Edit-Lab-Filmes-1024x576.png 1024w, https:\/\/adesampa.com.br\/amplificacine\/wp-content\/uploads\/2025\/10\/LOGO-BRANCO-Edit-Lab-Filmes-768x432.png 768w, https:\/\/adesampa.com.br\/amplificacine\/wp-content\/uploads\/2025\/10\/LOGO-BRANCO-Edit-Lab-Filmes-1536x864.png 1536w\" sizes=\"(max-width: 1920px) 100vw, 1920px\" \/>\t\t\t\t\t\t\t\t\t\t\t\t\t\t\t<\/div>\n\t\t\t\t<div class=\"elementor-element elementor-element-8854927 elementor-widget elementor-widget-text-editor\" data-id=\"8854927\" data-element_type=\"widget\" data-e-type=\"widget\" data-widget_type=\"text-editor.default\">\n\t\t\t\t\t\t\t\t\t<ol><li style=\"font-weight: 400;\" aria-level=\"1\"><b>Nome de empresa:<\/b><span style=\"font-weight: 400;\"> EditLab Filmes<\/span><\/li><li style=\"font-weight: 400;\" aria-level=\"1\"><b>Proponentes:<\/b> <b>Cl\u00e9cio Junior<\/b><span style=\"font-weight: 400;\"> e <\/span><b>Sabrina Sousa<\/b><\/li><li style=\"font-weight: 400;\" aria-level=\"1\"><b>Atua\u00e7\u00e3o principal e secund\u00e1ria:<\/b> <b>Principal:<\/b><span style=\"font-weight: 400;\"> Produ\u00e7\u00e3o e p\u00f3s-produ\u00e7\u00e3o audiovisual para fortalecer a <\/span><b>comunica\u00e7\u00e3o no setor da sa\u00fade<\/b><span style=\"font-weight: 400;\">.<\/span><\/li><li style=\"font-weight: 400;\" aria-level=\"1\"><b>Mini bio da empresa:<\/b><span style=\"font-weight: 400;\"> Nasceu para <\/span><b>transformar a comunica\u00e7\u00e3o em sa\u00fade<\/b><span style=\"font-weight: 400;\">, traduzindo informa\u00e7\u00f5es m\u00e9dicas em v\u00eddeos claros e criativos.<\/span><\/li><li style=\"font-weight: 400;\" aria-level=\"1\"><b>Miss\u00e3o e valores:<\/b> <b>Miss\u00e3o:<\/b><span style=\"font-weight: 400;\"> Produzir v\u00eddeos que unem qualidade t\u00e9cnica e criatividade, fortalecendo a comunica\u00e7\u00e3o no setor da sa\u00fade. <\/span><b>Valores:<\/b><span style=\"font-weight: 400;\"> Compromisso, Clareza, Resist\u00eancia, Precis\u00e3o, Confiabilidade.<\/span><\/li><li style=\"font-weight: 400;\" aria-level=\"1\"><b>Vis\u00e3o de futuro:<\/b><span style=\"font-weight: 400;\"> Ser <\/span><b>autoridade em audiovisual da \u00e1rea da sa\u00fade<\/b><span style=\"font-weight: 400;\"> no Brasil e conquistar reconhecimento internacional.<\/span><\/li><li style=\"font-weight: 400;\" aria-level=\"1\"><b>Servi\u00e7os ofertados:<\/b><span style=\"font-weight: 400;\"> Edi\u00e7\u00e3o e capta\u00e7\u00e3o, Grava\u00e7\u00e3o de eventos, Produ\u00e7\u00e3o de cursos presenciais e online.<\/span><\/li><\/ol><p><b>Contatos:<\/b><span style=\"font-weight: 400;\"> E-mail: <\/span><b>editlabfilmes@gmail.com<\/b><span style=\"font-weight: 400;\">, Instagram: <\/span><b>@editlabfilmes.oficial<\/b><\/p>\t\t\t\t\t\t\t\t<\/div>\n\t\t\t\t<\/div>\n\t\t\t\t\t<\/div>\n\t\t\t\t<\/div>\n\t\t\t\t\t<\/details>\n\t\t\t\t\t\t<details id=\"e-n-accordion-item-1185\" class=\"e-n-accordion-item\" >\n\t\t\t\t<summary class=\"e-n-accordion-item-title\" data-accordion-index=\"6\" tabindex=\"-1\" aria-expanded=\"false\" aria-controls=\"e-n-accordion-item-1185\" >\n\t\t\t\t\t<span class='e-n-accordion-item-title-header'><div class=\"e-n-accordion-item-title-text\"> Digital Burn <\/div><\/span>\n\t\t\t\t\t\t\t<span class='e-n-accordion-item-title-icon'>\n\t\t\t<span class='e-opened' ><svg aria-hidden=\"true\" class=\"e-font-icon-svg e-fas-chevron-up\" viewBox=\"0 0 448 512\" xmlns=\"http:\/\/www.w3.org\/2000\/svg\"><path d=\"M240.971 130.524l194.343 194.343c9.373 9.373 9.373 24.569 0 33.941l-22.667 22.667c-9.357 9.357-24.522 9.375-33.901.04L224 227.495 69.255 381.516c-9.379 9.335-24.544 9.317-33.901-.04l-22.667-22.667c-9.373-9.373-9.373-24.569 0-33.941L207.03 130.525c9.372-9.373 24.568-9.373 33.941-.001z\"><\/path><\/svg><\/span>\n\t\t\t<span class='e-closed'><svg aria-hidden=\"true\" class=\"e-font-icon-svg e-fas-chevron-right\" viewBox=\"0 0 320 512\" xmlns=\"http:\/\/www.w3.org\/2000\/svg\"><path d=\"M285.476 272.971L91.132 467.314c-9.373 9.373-24.569 9.373-33.941 0l-22.667-22.667c-9.357-9.357-9.375-24.522-.04-33.901L188.505 256 34.484 101.255c-9.335-9.379-9.317-24.544.04-33.901l22.667-22.667c9.373-9.373 24.569-9.373 33.941 0L285.475 239.03c9.373 9.372 9.373 24.568.001 33.941z\"><\/path><\/svg><\/span>\n\t\t<\/span>\n\n\t\t\t\t\t\t<\/summary>\n\t\t\t\t<div role=\"region\" aria-labelledby=\"e-n-accordion-item-1185\" class=\"elementor-element elementor-element-b6b408b e-flex e-con-boxed e-con e-child\" data-id=\"b6b408b\" data-element_type=\"container\" data-e-type=\"container\">\n\t\t\t\t\t<div class=\"e-con-inner\">\n\t\t<div role=\"region\" aria-labelledby=\"e-n-accordion-item-1185\" class=\"elementor-element elementor-element-a52a113 e-con-full e-flex e-con e-child\" data-id=\"a52a113\" data-element_type=\"container\" data-e-type=\"container\">\n\t\t\t\t<div class=\"elementor-element elementor-element-0e35263 elementor-widget elementor-widget-image\" data-id=\"0e35263\" data-element_type=\"widget\" data-e-type=\"widget\" data-widget_type=\"image.default\">\n\t\t\t\t\t\t\t\t\t\t\t\t\t\t\t<img loading=\"lazy\" decoding=\"async\" width=\"1600\" height=\"1228\" src=\"https:\/\/adesampa.com.br\/amplificacine\/wp-content\/uploads\/2025\/10\/WhatsApp-Image-2025-07-15-at-16.30.34-Murilo-Santos.jpeg\" class=\"attachment-full size-full wp-image-13225\" alt=\"\" srcset=\"https:\/\/adesampa.com.br\/amplificacine\/wp-content\/uploads\/2025\/10\/WhatsApp-Image-2025-07-15-at-16.30.34-Murilo-Santos.jpeg 1600w, https:\/\/adesampa.com.br\/amplificacine\/wp-content\/uploads\/2025\/10\/WhatsApp-Image-2025-07-15-at-16.30.34-Murilo-Santos-300x230.jpeg 300w, https:\/\/adesampa.com.br\/amplificacine\/wp-content\/uploads\/2025\/10\/WhatsApp-Image-2025-07-15-at-16.30.34-Murilo-Santos-1024x786.jpeg 1024w, https:\/\/adesampa.com.br\/amplificacine\/wp-content\/uploads\/2025\/10\/WhatsApp-Image-2025-07-15-at-16.30.34-Murilo-Santos-768x589.jpeg 768w, https:\/\/adesampa.com.br\/amplificacine\/wp-content\/uploads\/2025\/10\/WhatsApp-Image-2025-07-15-at-16.30.34-Murilo-Santos-1536x1179.jpeg 1536w\" sizes=\"(max-width: 1600px) 100vw, 1600px\" \/>\t\t\t\t\t\t\t\t\t\t\t\t\t\t\t<\/div>\n\t\t\t\t<div class=\"elementor-element elementor-element-ee6d848 elementor-widget elementor-widget-text-editor\" data-id=\"ee6d848\" data-element_type=\"widget\" data-e-type=\"widget\" data-widget_type=\"text-editor.default\">\n\t\t\t\t\t\t\t\t\t<ol><li style=\"font-weight: 400;\" aria-level=\"1\"><b>Nome de empresa:<\/b><span style=\"font-weight: 400;\"> Digital Burn<\/span><\/li><li style=\"font-weight: 400;\" aria-level=\"1\"><b>Proponentes:<\/b> <b>Murilo Augusto dos Santos<\/b><span style=\"font-weight: 400;\"> e <\/span><b>Everton Pereira<\/b><\/li><li style=\"font-weight: 400;\" aria-level=\"1\"><b>Atua\u00e7\u00e3o principal e secund\u00e1ria:<\/b> <b>Principal:<\/b><span style=\"font-weight: 400;\"> Produ\u00e7\u00e3o virtual, VR\/AR e <\/span><b>Visualiza\u00e7\u00e3o Arquitet\u00f4nica (<\/b><b><i>Archviz<\/i><\/b><b>)<\/b><span style=\"font-weight: 400;\">. <\/span><b>Secund\u00e1ria:<\/b><span style=\"font-weight: 400;\"> Produ\u00e7\u00e3o e p\u00f3s-produ\u00e7\u00e3o audiovisual.<\/span><\/li><li style=\"font-weight: 400;\" aria-level=\"1\"><b>Mini bio da empresa:<\/b><span style=\"font-weight: 400;\"> Transforma projetos arquitet\u00f4nicos em experi\u00eancias de <\/span><b><i>storyliving<\/i><\/b><span style=\"font-weight: 400;\"> e <\/span><b><i>storyselling<\/i><\/b><span style=\"font-weight: 400;\">. Utiliza pacotes como <\/span><i><span style=\"font-weight: 400;\">Concept<\/span><\/i><span style=\"font-weight: 400;\"> (IA), <\/span><i><span style=\"font-weight: 400;\">Digital Twin<\/span><\/i><span style=\"font-weight: 400;\"> (3D) e Experi\u00eancia Interativa (VR\/tempo real).<\/span><\/li><li style=\"font-weight: 400;\" aria-level=\"1\"><b>Miss\u00e3o e valores:<\/b> <b>Miss\u00e3o:<\/b><span style=\"font-weight: 400;\"> Dar vida a hist\u00f3rias que transformam, criando experi\u00eancias visuais que unem emo\u00e7\u00e3o, inova\u00e7\u00e3o e impacto. <\/span><b>Valores:<\/b><span style=\"font-weight: 400;\"> Criatividade sem limites, excel\u00eancia emocional, inova\u00e7\u00e3o com prop\u00f3sito e colabora\u00e7\u00e3o.<\/span><\/li><li style=\"font-weight: 400;\" aria-level=\"1\"><b>Vis\u00e3o de futuro:<\/b><span style=\"font-weight: 400;\"> Ser <\/span><b>refer\u00eancia global<\/b><span style=\"font-weight: 400;\"> em visualiza\u00e7\u00e3o arquitet\u00f4nica e experi\u00eancias imersivas, liderando a transforma\u00e7\u00e3o do mercado.<\/span><\/li><li style=\"font-weight: 400;\" aria-level=\"1\"><b>Servi\u00e7os ofertados:<\/b> <b><i>Concept<\/i><\/b><span style=\"font-weight: 400;\"> (imagens com IA). <\/span><b><i>Digital Twin<\/i><\/b><span style=\"font-weight: 400;\"> (v\u00eddeos em 3D). <\/span><b>Experi\u00eancia Interativa<\/b><span style=\"font-weight: 400;\"> (aplica\u00e7\u00f5es em VR).<\/span><\/li><\/ol>\t\t\t\t\t\t\t\t<\/div>\n\t\t\t\t<\/div>\n\t\t\t\t\t<\/div>\n\t\t\t\t<\/div>\n\t\t\t\t\t<\/details>\n\t\t\t\t\t\t<details id=\"e-n-accordion-item-1186\" class=\"e-n-accordion-item\" >\n\t\t\t\t<summary class=\"e-n-accordion-item-title\" data-accordion-index=\"7\" tabindex=\"-1\" aria-expanded=\"false\" aria-controls=\"e-n-accordion-item-1186\" >\n\t\t\t\t\t<span class='e-n-accordion-item-title-header'><div class=\"e-n-accordion-item-title-text\"> BR1 <\/div><\/span>\n\t\t\t\t\t\t\t<span class='e-n-accordion-item-title-icon'>\n\t\t\t<span class='e-opened' ><svg aria-hidden=\"true\" class=\"e-font-icon-svg e-fas-chevron-up\" viewBox=\"0 0 448 512\" xmlns=\"http:\/\/www.w3.org\/2000\/svg\"><path d=\"M240.971 130.524l194.343 194.343c9.373 9.373 9.373 24.569 0 33.941l-22.667 22.667c-9.357 9.357-24.522 9.375-33.901.04L224 227.495 69.255 381.516c-9.379 9.335-24.544 9.317-33.901-.04l-22.667-22.667c-9.373-9.373-9.373-24.569 0-33.941L207.03 130.525c9.372-9.373 24.568-9.373 33.941-.001z\"><\/path><\/svg><\/span>\n\t\t\t<span class='e-closed'><svg aria-hidden=\"true\" class=\"e-font-icon-svg e-fas-chevron-right\" viewBox=\"0 0 320 512\" xmlns=\"http:\/\/www.w3.org\/2000\/svg\"><path d=\"M285.476 272.971L91.132 467.314c-9.373 9.373-24.569 9.373-33.941 0l-22.667-22.667c-9.357-9.357-9.375-24.522-.04-33.901L188.505 256 34.484 101.255c-9.335-9.379-9.317-24.544.04-33.901l22.667-22.667c9.373-9.373 24.569-9.373 33.941 0L285.475 239.03c9.373 9.372 9.373 24.568.001 33.941z\"><\/path><\/svg><\/span>\n\t\t<\/span>\n\n\t\t\t\t\t\t<\/summary>\n\t\t\t\t<div role=\"region\" aria-labelledby=\"e-n-accordion-item-1186\" class=\"elementor-element elementor-element-1daf9bf e-flex e-con-boxed e-con e-child\" data-id=\"1daf9bf\" data-element_type=\"container\" data-e-type=\"container\">\n\t\t\t\t\t<div class=\"e-con-inner\">\n\t\t<div role=\"region\" aria-labelledby=\"e-n-accordion-item-1186\" class=\"elementor-element elementor-element-4671df6 e-con-full e-flex e-con e-child\" data-id=\"4671df6\" data-element_type=\"container\" data-e-type=\"container\">\n\t\t\t\t<div class=\"elementor-element elementor-element-8e9179a elementor-widget elementor-widget-image\" data-id=\"8e9179a\" data-element_type=\"widget\" data-e-type=\"widget\" data-widget_type=\"image.default\">\n\t\t\t\t\t\t\t\t\t\t\t\t\t\t\t<img loading=\"lazy\" decoding=\"async\" width=\"574\" height=\"332\" src=\"https:\/\/adesampa.com.br\/amplificacine\/wp-content\/uploads\/2025\/10\/Logo-BR1_baixa-Diego-da-Costa.png\" class=\"attachment-full size-full wp-image-13226\" alt=\"\" srcset=\"https:\/\/adesampa.com.br\/amplificacine\/wp-content\/uploads\/2025\/10\/Logo-BR1_baixa-Diego-da-Costa.png 574w, https:\/\/adesampa.com.br\/amplificacine\/wp-content\/uploads\/2025\/10\/Logo-BR1_baixa-Diego-da-Costa-300x174.png 300w\" sizes=\"(max-width: 574px) 100vw, 574px\" \/>\t\t\t\t\t\t\t\t\t\t\t\t\t\t\t<\/div>\n\t\t\t\t<div class=\"elementor-element elementor-element-c09a601 elementor-widget elementor-widget-text-editor\" data-id=\"c09a601\" data-element_type=\"widget\" data-e-type=\"widget\" data-widget_type=\"text-editor.default\">\n\t\t\t\t\t\t\t\t\t<ol><li style=\"font-weight: 400;\" aria-level=\"1\"><b>Nome de empresa:<\/b><span style=\"font-weight: 400;\"> BR1<\/span><\/li><li style=\"font-weight: 400;\" aria-level=\"1\"><b>Proponentes:<\/b> <b>Diego da Costa<\/b><span style=\"font-weight: 400;\"> e <\/span><b>Hiro Ishikawa<\/b><\/li><li style=\"font-weight: 400;\" aria-level=\"1\"><b>Atua\u00e7\u00e3o principal e secund\u00e1ria:<\/b> <b>Principal:<\/b><span style=\"font-weight: 400;\"> Distribui\u00e7\u00e3o. <\/span><b>Secund\u00e1ria:<\/b><span style=\"font-weight: 400;\"> Cria\u00e7\u00e3o e produ\u00e7\u00e3o.<\/span><\/li><li style=\"font-weight: 400;\" aria-level=\"1\"><b>Mini bio da empresa:<\/b><span style=\"font-weight: 400;\"> Selo audiovisual criado por cineastas e m\u00fasicos experientes. Busca, a partir de curadoria e publicidade, conectar <\/span><b>hist\u00f3rias \u00fanicas com o grande p\u00fablico<\/b><span style=\"font-weight: 400;\">, trabalhando cada projeto do desenvolvimento \u00e0 distribui\u00e7\u00e3o.<\/span><\/li><li style=\"font-weight: 400;\" aria-level=\"1\"><b>Miss\u00e3o e valores:<\/b> <b>Miss\u00e3o:<\/b><span style=\"font-weight: 400;\"> Desenvolver uma cultura cinematogr\u00e1fica no Brasil e levar por\u00e7\u00f5es da cultura brasileira para o mundo. <\/span><b>Valores:<\/b><span style=\"font-weight: 400;\"> Criar filmes com apelo popular, gostosos, criativos e lucrativos, respeitando os tempos de qualidade de vida.<\/span><\/li><li style=\"font-weight: 400;\" aria-level=\"1\"><b>Vis\u00e3o de futuro:<\/b><span style=\"font-weight: 400;\"> Pretende se tornar <\/span><b>refer\u00eancia de cria\u00e7\u00e3o, modo de vida e distribui\u00e7\u00e3o<\/b><span style=\"font-weight: 400;\"> de filmes do Brasil para o mundo.<\/span><\/li><\/ol><p><b>Servi\u00e7os ofertados:<\/b><span style=\"font-weight: 400;\"> Trabalham da ideia inicial ao lan\u00e7amento de filmes, s\u00e9ries e <\/span><i><span style=\"font-weight: 400;\">webseries<\/span><\/i><span style=\"font-weight: 400;\">.<\/span><\/p>\t\t\t\t\t\t\t\t<\/div>\n\t\t\t\t<\/div>\n\t\t\t\t\t<\/div>\n\t\t\t\t<\/div>\n\t\t\t\t\t<\/details>\n\t\t\t\t\t\t<details id=\"e-n-accordion-item-1187\" class=\"e-n-accordion-item\" >\n\t\t\t\t<summary class=\"e-n-accordion-item-title\" data-accordion-index=\"8\" tabindex=\"-1\" aria-expanded=\"false\" aria-controls=\"e-n-accordion-item-1187\" >\n\t\t\t\t\t<span class='e-n-accordion-item-title-header'><div class=\"e-n-accordion-item-title-text\"> Achei no Helipa TV <\/div><\/span>\n\t\t\t\t\t\t\t<span class='e-n-accordion-item-title-icon'>\n\t\t\t<span class='e-opened' ><svg aria-hidden=\"true\" class=\"e-font-icon-svg e-fas-chevron-up\" viewBox=\"0 0 448 512\" xmlns=\"http:\/\/www.w3.org\/2000\/svg\"><path d=\"M240.971 130.524l194.343 194.343c9.373 9.373 9.373 24.569 0 33.941l-22.667 22.667c-9.357 9.357-24.522 9.375-33.901.04L224 227.495 69.255 381.516c-9.379 9.335-24.544 9.317-33.901-.04l-22.667-22.667c-9.373-9.373-9.373-24.569 0-33.941L207.03 130.525c9.372-9.373 24.568-9.373 33.941-.001z\"><\/path><\/svg><\/span>\n\t\t\t<span class='e-closed'><svg aria-hidden=\"true\" class=\"e-font-icon-svg e-fas-chevron-right\" viewBox=\"0 0 320 512\" xmlns=\"http:\/\/www.w3.org\/2000\/svg\"><path d=\"M285.476 272.971L91.132 467.314c-9.373 9.373-24.569 9.373-33.941 0l-22.667-22.667c-9.357-9.357-9.375-24.522-.04-33.901L188.505 256 34.484 101.255c-9.335-9.379-9.317-24.544.04-33.901l22.667-22.667c9.373-9.373 24.569-9.373 33.941 0L285.475 239.03c9.373 9.372 9.373 24.568.001 33.941z\"><\/path><\/svg><\/span>\n\t\t<\/span>\n\n\t\t\t\t\t\t<\/summary>\n\t\t\t\t<div role=\"region\" aria-labelledby=\"e-n-accordion-item-1187\" class=\"elementor-element elementor-element-d181633 e-flex e-con-boxed e-con e-child\" data-id=\"d181633\" data-element_type=\"container\" data-e-type=\"container\">\n\t\t\t\t\t<div class=\"e-con-inner\">\n\t\t<div role=\"region\" aria-labelledby=\"e-n-accordion-item-1187\" class=\"elementor-element elementor-element-b0627d4 e-con-full e-flex e-con e-child\" data-id=\"b0627d4\" data-element_type=\"container\" data-e-type=\"container\">\n\t\t\t\t<div class=\"elementor-element elementor-element-5ad3a27 elementor-widget elementor-widget-image\" data-id=\"5ad3a27\" data-element_type=\"widget\" data-e-type=\"widget\" data-widget_type=\"image.default\">\n\t\t\t\t\t\t\t\t\t\t\t\t\t\t\t<img loading=\"lazy\" decoding=\"async\" width=\"1233\" height=\"454\" src=\"https:\/\/adesampa.com.br\/amplificacine\/wp-content\/uploads\/2025\/10\/logo-achei-no-Helipa-2-png-Achei-no-Helipa-TV.png\" class=\"attachment-full size-full wp-image-13227\" alt=\"\" srcset=\"https:\/\/adesampa.com.br\/amplificacine\/wp-content\/uploads\/2025\/10\/logo-achei-no-Helipa-2-png-Achei-no-Helipa-TV.png 1233w, https:\/\/adesampa.com.br\/amplificacine\/wp-content\/uploads\/2025\/10\/logo-achei-no-Helipa-2-png-Achei-no-Helipa-TV-300x110.png 300w, https:\/\/adesampa.com.br\/amplificacine\/wp-content\/uploads\/2025\/10\/logo-achei-no-Helipa-2-png-Achei-no-Helipa-TV-1024x377.png 1024w, https:\/\/adesampa.com.br\/amplificacine\/wp-content\/uploads\/2025\/10\/logo-achei-no-Helipa-2-png-Achei-no-Helipa-TV-768x283.png 768w\" sizes=\"(max-width: 1233px) 100vw, 1233px\" \/>\t\t\t\t\t\t\t\t\t\t\t\t\t\t\t<\/div>\n\t\t\t\t<div class=\"elementor-element elementor-element-af95ba8 elementor-widget elementor-widget-text-editor\" data-id=\"af95ba8\" data-element_type=\"widget\" data-e-type=\"widget\" data-widget_type=\"text-editor.default\">\n\t\t\t\t\t\t\t\t\t<ol><li style=\"font-weight: 400;\" aria-level=\"1\"><b>Nome de empresa:<\/b><span style=\"font-weight: 400;\"> Achei no Helipa TV<\/span><\/li><li style=\"font-weight: 400;\" aria-level=\"1\"><b>Proponentes:<\/b> <b>Fabiana<\/b><span style=\"font-weight: 400;\"> e <\/span><b>Os\u00e9ias<\/b><\/li><li style=\"font-weight: 400;\" aria-level=\"1\"><b>Atua\u00e7\u00e3o principal e secund\u00e1ria:<\/b> <b>Principal:<\/b> <i><span style=\"font-weight: 400;\">Podcast<\/span><\/i><span style=\"font-weight: 400;\"> em v\u00eddeo que amplifica as <\/span><b>vozes e os talentos das periferias<\/b><span style=\"font-weight: 400;\">. <\/span><b>Secund\u00e1ria:<\/b><span style=\"font-weight: 400;\"> Produ\u00e7\u00e3o audiovisual para entretenimento, impacto social e desenvolvimento econ\u00f4mico.<\/span><\/li><li style=\"font-weight: 400;\" aria-level=\"1\"><b>Mini bio da empresa:<\/b><span style=\"font-weight: 400;\"> Voz e reflexo da <\/span><b>maior favela de S\u00e3o Paulo<\/b><span style=\"font-weight: 400;\">. Atua com um modelo de neg\u00f3cio h\u00edbrido onde a sustentabilidade financeira \u00e9 a for\u00e7a motriz da miss\u00e3o social, empoderando e transformando.<\/span><\/li><li style=\"font-weight: 400;\" aria-level=\"1\"><b>Miss\u00e3o e valores:<\/b> <b>Miss\u00e3o:<\/b><span style=\"font-weight: 400;\"> Ser o <\/span><b>canal de comunica\u00e7\u00e3o aut\u00eantico de Heli\u00f3polis<\/b><span style=\"font-weight: 400;\">, amplificando as vozes locais e transformando a percep\u00e7\u00e3o sobre as favelas do Brasil. <\/span><b>Valores:<\/b><span style=\"font-weight: 400;\"> Autenticidade, Empoderamento, Representatividade, Uni\u00e3o e Coletividade.<\/span><\/li><li style=\"font-weight: 400;\" aria-level=\"1\"><b>Vis\u00e3o de futuro:<\/b><span style=\"font-weight: 400;\"> Tornar-se o <\/span><b>principal ve\u00edculo de comunica\u00e7\u00e3o de Heli\u00f3polis<\/b><span style=\"font-weight: 400;\"> e uma <\/span><b>refer\u00eancia nacional em m\u00eddia comunit\u00e1ria<\/b><span style=\"font-weight: 400;\">.<\/span><\/li><li style=\"font-weight: 400;\" aria-level=\"1\"><b>Servi\u00e7os ofertados:<\/b><span style=\"font-weight: 400;\"> Publicidade e patroc\u00ednio, Venda de produtos da marca, Realiza\u00e7\u00e3o de eventos, Licenciamento de conte\u00fados.<\/span><\/li><li style=\"font-weight: 400;\" aria-level=\"1\"><b>Contatos:<\/b><span style=\"font-weight: 400;\"> E-mail: <\/span><b>acheinohelipatv@gmail.com<\/b><span style=\"font-weight: 400;\">, Instagram: <a href=\"https:\/\/www.instagram.com\/acheinohelipa\">https:\/\/www.instagram.com\/acheinohelipa<\/a> , YouTube:\u00a0 <a href=\"https:\/\/youtube.com\/@helipatv?si=YVJ-3UbvMjNMvmfx\">https:\/\/youtube.com\/@helipatv?si=YVJ-3UbvMjNMvmfx<\/a><\/span><\/li><\/ol>\t\t\t\t\t\t\t\t<\/div>\n\t\t\t\t<\/div>\n\t\t\t\t\t<\/div>\n\t\t\t\t<\/div>\n\t\t\t\t\t<\/details>\n\t\t\t\t\t\t<details id=\"e-n-accordion-item-1188\" class=\"e-n-accordion-item\" >\n\t\t\t\t<summary class=\"e-n-accordion-item-title\" data-accordion-index=\"9\" tabindex=\"-1\" aria-expanded=\"false\" aria-controls=\"e-n-accordion-item-1188\" >\n\t\t\t\t\t<span class='e-n-accordion-item-title-header'><div class=\"e-n-accordion-item-title-text\"> Meu Sobrenome \u00e9 Vida <\/div><\/span>\n\t\t\t\t\t\t\t<span class='e-n-accordion-item-title-icon'>\n\t\t\t<span class='e-opened' ><svg aria-hidden=\"true\" class=\"e-font-icon-svg e-fas-chevron-up\" viewBox=\"0 0 448 512\" xmlns=\"http:\/\/www.w3.org\/2000\/svg\"><path d=\"M240.971 130.524l194.343 194.343c9.373 9.373 9.373 24.569 0 33.941l-22.667 22.667c-9.357 9.357-24.522 9.375-33.901.04L224 227.495 69.255 381.516c-9.379 9.335-24.544 9.317-33.901-.04l-22.667-22.667c-9.373-9.373-9.373-24.569 0-33.941L207.03 130.525c9.372-9.373 24.568-9.373 33.941-.001z\"><\/path><\/svg><\/span>\n\t\t\t<span class='e-closed'><svg aria-hidden=\"true\" class=\"e-font-icon-svg e-fas-chevron-right\" viewBox=\"0 0 320 512\" xmlns=\"http:\/\/www.w3.org\/2000\/svg\"><path d=\"M285.476 272.971L91.132 467.314c-9.373 9.373-24.569 9.373-33.941 0l-22.667-22.667c-9.357-9.357-9.375-24.522-.04-33.901L188.505 256 34.484 101.255c-9.335-9.379-9.317-24.544.04-33.901l22.667-22.667c9.373-9.373 24.569-9.373 33.941 0L285.475 239.03c9.373 9.372 9.373 24.568.001 33.941z\"><\/path><\/svg><\/span>\n\t\t<\/span>\n\n\t\t\t\t\t\t<\/summary>\n\t\t\t\t<div role=\"region\" aria-labelledby=\"e-n-accordion-item-1188\" class=\"elementor-element elementor-element-eb68943 e-flex e-con-boxed e-con e-child\" data-id=\"eb68943\" data-element_type=\"container\" data-e-type=\"container\">\n\t\t\t\t\t<div class=\"e-con-inner\">\n\t\t<div role=\"region\" aria-labelledby=\"e-n-accordion-item-1188\" class=\"elementor-element elementor-element-6b23445 e-con-full e-flex e-con e-child\" data-id=\"6b23445\" data-element_type=\"container\" data-e-type=\"container\">\n\t\t\t\t<div class=\"elementor-element elementor-element-055a110 elementor-widget elementor-widget-image\" data-id=\"055a110\" data-element_type=\"widget\" data-e-type=\"widget\" data-widget_type=\"image.default\">\n\t\t\t\t\t\t\t\t\t\t\t\t\t\t\t<img loading=\"lazy\" decoding=\"async\" width=\"2160\" height=\"1215\" src=\"https:\/\/adesampa.com.br\/amplificacine\/wp-content\/uploads\/2025\/10\/logo000-Emerson-Ghaspar.png\" class=\"attachment-full size-full wp-image-13228\" alt=\"\" srcset=\"https:\/\/adesampa.com.br\/amplificacine\/wp-content\/uploads\/2025\/10\/logo000-Emerson-Ghaspar.png 2160w, https:\/\/adesampa.com.br\/amplificacine\/wp-content\/uploads\/2025\/10\/logo000-Emerson-Ghaspar-300x169.png 300w, https:\/\/adesampa.com.br\/amplificacine\/wp-content\/uploads\/2025\/10\/logo000-Emerson-Ghaspar-1024x576.png 1024w, https:\/\/adesampa.com.br\/amplificacine\/wp-content\/uploads\/2025\/10\/logo000-Emerson-Ghaspar-768x432.png 768w, https:\/\/adesampa.com.br\/amplificacine\/wp-content\/uploads\/2025\/10\/logo000-Emerson-Ghaspar-1536x864.png 1536w, https:\/\/adesampa.com.br\/amplificacine\/wp-content\/uploads\/2025\/10\/logo000-Emerson-Ghaspar-2048x1152.png 2048w\" sizes=\"(max-width: 2160px) 100vw, 2160px\" \/>\t\t\t\t\t\t\t\t\t\t\t\t\t\t\t<\/div>\n\t\t\t\t<div class=\"elementor-element elementor-element-b878f3a elementor-widget elementor-widget-text-editor\" data-id=\"b878f3a\" data-element_type=\"widget\" data-e-type=\"widget\" data-widget_type=\"text-editor.default\">\n\t\t\t\t\t\t\t\t\t<ol><li style=\"font-weight: 400;\" aria-level=\"1\"><b>Nome de empresa:<\/b><span style=\"font-weight: 400;\"> Meu Sobrenome \u00e9 Vida<\/span><\/li><li style=\"font-weight: 400;\" aria-level=\"1\"><b>Proponentes:<\/b> <b>Ad\u00e3o Mota<\/b><span style=\"font-weight: 400;\"> e <\/span><b>Emerson Gaspar<\/b><\/li><li style=\"font-weight: 400;\" aria-level=\"1\"><b>Atua\u00e7\u00e3o principal e secund\u00e1ria:<\/b> <b>Principal:<\/b><span style=\"font-weight: 400;\"> Produ\u00e7\u00e3o e veicula\u00e7\u00e3o de <\/span><b>s\u00e9ries <\/b><b><i>Boys Love<\/i><\/b><b> (BL)<\/b><span style=\"font-weight: 400;\">. <\/span><b>Secund\u00e1ria:<\/b><span style=\"font-weight: 400;\"> Projetos derivados e espa\u00e7os publicit\u00e1rios.<\/span><\/li><li style=\"font-weight: 400;\" aria-level=\"1\"><b>Mini bio da empresa:<\/b><span style=\"font-weight: 400;\"> A <\/span><b>primeira produtora e canal brasileiro no YouTube totalmente dedicado a produ\u00e7\u00f5es BL<\/b><span style=\"font-weight: 400;\">. \u00c9 uma vitrine internacional de hist\u00f3rias <\/span><b>LGBTQIA+<\/b><span style=\"font-weight: 400;\"> que s\u00e3o um espa\u00e7o de acolhimento e representatividade.<\/span><\/li><li style=\"font-weight: 400;\" aria-level=\"1\"><b>Miss\u00e3o e valores:<\/b> <b>Miss\u00e3o:<\/b><span style=\"font-weight: 400;\"> Dar voz a hist\u00f3rias LGBTQIA+ atrav\u00e9s de filmes e s\u00e9ries BL, promovendo a cultura brasileira. <\/span><b>Valores:<\/b><span style=\"font-weight: 400;\"> Diversidade e inclus\u00e3o, criatividade\/qualidade\/inova\u00e7\u00e3o, acessibilidade cultural, afeto e conex\u00e3o.<\/span><\/li><li style=\"font-weight: 400;\" aria-level=\"1\"><b>Vis\u00e3o de futuro:<\/b><span style=\"font-weight: 400;\"> Ampliar a produ\u00e7\u00e3o de s\u00e9ries e filmes BL com o apoio de marcas, <\/span><b>consolidando o Brasil no cen\u00e1rio internacional<\/b><span style=\"font-weight: 400;\">.<\/span><\/li><li style=\"font-weight: 400;\" aria-level=\"1\"><b>Servi\u00e7os ofertados:<\/b><span style=\"font-weight: 400;\"> Produ\u00e7\u00e3o de s\u00e9ries, filmes e curtas-metragens BL, espa\u00e7os publicit\u00e1rios no YouTube, desenvolvimento de roteiros originais e parcerias culturais.<\/span><\/li><li style=\"font-weight: 400;\" aria-level=\"1\"><b>Contatos:<\/b><span style=\"font-weight: 400;\"> E-mail: <\/span><b>meusobrenomeevida@gmail.com<\/b><span style=\"font-weight: 400;\">, YouTube: <\/span><a href=\"https:\/\/www.youtube.com\/@meusobrenomevida\"><span style=\"font-weight: 400;\">https:\/\/www.youtube.com\/@meusobrenomevida<\/span><\/a><span style=\"font-weight: 400;\"> , Instagram: <a href=\"https:\/\/www.instagram.com\/meusobrenomevida\/\">https:\/\/www.instagram.com\/meusobrenomevida\/<\/a> , TikTok: <a href=\"https:\/\/www.tiktok.com\/@meusobrenomevida\">https:\/\/www.tiktok.com\/@meusobrenomevida<\/a><\/span><\/li><\/ol>\t\t\t\t\t\t\t\t<\/div>\n\t\t\t\t<\/div>\n\t\t\t\t\t<\/div>\n\t\t\t\t<\/div>\n\t\t\t\t\t<\/details>\n\t\t\t\t\t\t<details id=\"e-n-accordion-item-1189\" class=\"e-n-accordion-item\" >\n\t\t\t\t<summary class=\"e-n-accordion-item-title\" data-accordion-index=\"10\" tabindex=\"-1\" aria-expanded=\"false\" aria-controls=\"e-n-accordion-item-1189\" >\n\t\t\t\t\t<span class='e-n-accordion-item-title-header'><div class=\"e-n-accordion-item-title-text\"> GGfx <\/div><\/span>\n\t\t\t\t\t\t\t<span class='e-n-accordion-item-title-icon'>\n\t\t\t<span class='e-opened' ><svg aria-hidden=\"true\" class=\"e-font-icon-svg e-fas-chevron-up\" viewBox=\"0 0 448 512\" xmlns=\"http:\/\/www.w3.org\/2000\/svg\"><path d=\"M240.971 130.524l194.343 194.343c9.373 9.373 9.373 24.569 0 33.941l-22.667 22.667c-9.357 9.357-24.522 9.375-33.901.04L224 227.495 69.255 381.516c-9.379 9.335-24.544 9.317-33.901-.04l-22.667-22.667c-9.373-9.373-9.373-24.569 0-33.941L207.03 130.525c9.372-9.373 24.568-9.373 33.941-.001z\"><\/path><\/svg><\/span>\n\t\t\t<span class='e-closed'><svg aria-hidden=\"true\" class=\"e-font-icon-svg e-fas-chevron-right\" viewBox=\"0 0 320 512\" xmlns=\"http:\/\/www.w3.org\/2000\/svg\"><path d=\"M285.476 272.971L91.132 467.314c-9.373 9.373-24.569 9.373-33.941 0l-22.667-22.667c-9.357-9.357-9.375-24.522-.04-33.901L188.505 256 34.484 101.255c-9.335-9.379-9.317-24.544.04-33.901l22.667-22.667c9.373-9.373 24.569-9.373 33.941 0L285.475 239.03c9.373 9.372 9.373 24.568.001 33.941z\"><\/path><\/svg><\/span>\n\t\t<\/span>\n\n\t\t\t\t\t\t<\/summary>\n\t\t\t\t<div role=\"region\" aria-labelledby=\"e-n-accordion-item-1189\" class=\"elementor-element elementor-element-ee0c74a e-flex e-con-boxed e-con e-child\" data-id=\"ee0c74a\" data-element_type=\"container\" data-e-type=\"container\">\n\t\t\t\t\t<div class=\"e-con-inner\">\n\t\t<div role=\"region\" aria-labelledby=\"e-n-accordion-item-1189\" class=\"elementor-element elementor-element-d502b90 e-con-full e-flex e-con e-child\" data-id=\"d502b90\" data-element_type=\"container\" data-e-type=\"container\">\n\t\t\t\t<div class=\"elementor-element elementor-element-28221e2 elementor-widget elementor-widget-image\" data-id=\"28221e2\" data-element_type=\"widget\" data-e-type=\"widget\" data-widget_type=\"image.default\">\n\t\t\t\t\t\t\t\t\t\t\t\t\t\t\t<img loading=\"lazy\" decoding=\"async\" width=\"1080\" height=\"1080\" src=\"https:\/\/adesampa.com.br\/amplificacine\/wp-content\/uploads\/2025\/10\/Logo_placeholder_gg_1024x1024-Good-Game-FX.png\" class=\"attachment-full size-full wp-image-13229\" alt=\"\" srcset=\"https:\/\/adesampa.com.br\/amplificacine\/wp-content\/uploads\/2025\/10\/Logo_placeholder_gg_1024x1024-Good-Game-FX.png 1080w, https:\/\/adesampa.com.br\/amplificacine\/wp-content\/uploads\/2025\/10\/Logo_placeholder_gg_1024x1024-Good-Game-FX-300x300.png 300w, https:\/\/adesampa.com.br\/amplificacine\/wp-content\/uploads\/2025\/10\/Logo_placeholder_gg_1024x1024-Good-Game-FX-1024x1024.png 1024w, https:\/\/adesampa.com.br\/amplificacine\/wp-content\/uploads\/2025\/10\/Logo_placeholder_gg_1024x1024-Good-Game-FX-150x150.png 150w, https:\/\/adesampa.com.br\/amplificacine\/wp-content\/uploads\/2025\/10\/Logo_placeholder_gg_1024x1024-Good-Game-FX-768x768.png 768w\" sizes=\"(max-width: 1080px) 100vw, 1080px\" \/>\t\t\t\t\t\t\t\t\t\t\t\t\t\t\t<\/div>\n\t\t\t\t<div class=\"elementor-element elementor-element-04c3aff elementor-widget elementor-widget-text-editor\" data-id=\"04c3aff\" data-element_type=\"widget\" data-e-type=\"widget\" data-widget_type=\"text-editor.default\">\n\t\t\t\t\t\t\t\t\t<ol><li style=\"font-weight: 400;\" aria-level=\"1\"><b>Nome de empresa:<\/b><span style=\"font-weight: 400;\"> GGfx<\/span><\/li><li style=\"font-weight: 400;\" aria-level=\"1\"><b>Proponentes:<\/b> <b>Greg\u00f3rio Guirado<\/b><span style=\"font-weight: 400;\"> e <\/span><b>Guilherme Ara\u00fajo<\/b><\/li><li style=\"font-weight: 400;\" aria-level=\"1\"><b>Atua\u00e7\u00e3o principal e secund\u00e1ria:<\/b> <b>Principal:<\/b><span style=\"font-weight: 400;\"> Produ\u00e7\u00e3o e p\u00f3s-produ\u00e7\u00e3o audiovisual. <\/span><b>Secund\u00e1ria:<\/b><span style=\"font-weight: 400;\"> Produ\u00e7\u00e3o de ferramentas auxiliares ao processo de produ\u00e7\u00e3o e p\u00f3s-produ\u00e7\u00e3o audiovisual.<\/span><\/li><li style=\"font-weight: 400;\" aria-level=\"1\"><b>Mini bio da empresa:<\/b><span style=\"font-weight: 400;\"> Produtora de <\/span><b>anima\u00e7\u00e3o 3D e efeitos visuais<\/b><span style=\"font-weight: 400;\"> (<\/span><i><span style=\"font-weight: 400;\">VFX<\/span><\/i><span style=\"font-weight: 400;\">), com trabalhos para mais de 10 pa\u00edses. Lidera o uso nacional do <\/span><b><i>software<\/i><\/b><b> de c\u00f3digo aberto Blender<\/b><span style=\"font-weight: 400;\">.<\/span><\/li><li style=\"font-weight: 400;\" aria-level=\"1\"><b>Miss\u00e3o e valores:<\/b> <b>Miss\u00e3o:<\/b><span style=\"font-weight: 400;\"> Ampliar o acesso \u00e0s tecnologias de ponta.<\/span><\/li><li style=\"font-weight: 400;\" aria-level=\"1\"><b>Vis\u00e3o de futuro:<\/b><span style=\"font-weight: 400;\"> Importar e desenvolver constantemente tecnologias de ponta, alcan\u00e7ando grandes resultados globais e <\/span><b>alterando a mentalidade da ind\u00fastria Brasileira<\/b><span style=\"font-weight: 400;\">.<\/span><\/li><li style=\"font-weight: 400;\" aria-level=\"1\"><b>Servi\u00e7os ofertados:<\/b><span style=\"font-weight: 400;\"> Anima\u00e7\u00f5es 3D, <\/span><i><span style=\"font-weight: 400;\">motion graphics<\/span><\/i><span style=\"font-weight: 400;\">, VFX e consultorias para cria\u00e7\u00e3o de <\/span><i><span style=\"font-weight: 400;\">pipelines<\/span><\/i><span style=\"font-weight: 400;\"> automatizadas.<\/span><\/li><\/ol><p><b>Contatos:<\/b><span style=\"font-weight: 400;\"> E-mail: <\/span><b>gregorio@ggfx.com.br<\/b><span style=\"font-weight: 400;\">, Site: <\/span><a href=\"http:\/\/www.ggfx.com.br\"><b>ggfx.com.br<\/b><\/a><\/p>\t\t\t\t\t\t\t\t<\/div>\n\t\t\t\t<\/div>\n\t\t\t\t\t<\/div>\n\t\t\t\t<\/div>\n\t\t\t\t\t<\/details>\n\t\t\t\t\t\t<details id=\"e-n-accordion-item-11810\" class=\"e-n-accordion-item\" >\n\t\t\t\t<summary class=\"e-n-accordion-item-title\" data-accordion-index=\"11\" tabindex=\"-1\" aria-expanded=\"false\" aria-controls=\"e-n-accordion-item-11810\" >\n\t\t\t\t\t<span class='e-n-accordion-item-title-header'><div class=\"e-n-accordion-item-title-text\"> Excesso Filmes <\/div><\/span>\n\t\t\t\t\t\t\t<span class='e-n-accordion-item-title-icon'>\n\t\t\t<span class='e-opened' ><svg aria-hidden=\"true\" class=\"e-font-icon-svg e-fas-chevron-up\" viewBox=\"0 0 448 512\" xmlns=\"http:\/\/www.w3.org\/2000\/svg\"><path d=\"M240.971 130.524l194.343 194.343c9.373 9.373 9.373 24.569 0 33.941l-22.667 22.667c-9.357 9.357-24.522 9.375-33.901.04L224 227.495 69.255 381.516c-9.379 9.335-24.544 9.317-33.901-.04l-22.667-22.667c-9.373-9.373-9.373-24.569 0-33.941L207.03 130.525c9.372-9.373 24.568-9.373 33.941-.001z\"><\/path><\/svg><\/span>\n\t\t\t<span class='e-closed'><svg aria-hidden=\"true\" class=\"e-font-icon-svg e-fas-chevron-right\" viewBox=\"0 0 320 512\" xmlns=\"http:\/\/www.w3.org\/2000\/svg\"><path d=\"M285.476 272.971L91.132 467.314c-9.373 9.373-24.569 9.373-33.941 0l-22.667-22.667c-9.357-9.357-9.375-24.522-.04-33.901L188.505 256 34.484 101.255c-9.335-9.379-9.317-24.544.04-33.901l22.667-22.667c9.373-9.373 24.569-9.373 33.941 0L285.475 239.03c9.373 9.372 9.373 24.568.001 33.941z\"><\/path><\/svg><\/span>\n\t\t<\/span>\n\n\t\t\t\t\t\t<\/summary>\n\t\t\t\t<div role=\"region\" aria-labelledby=\"e-n-accordion-item-11810\" class=\"elementor-element elementor-element-b081033 e-flex e-con-boxed e-con e-child\" data-id=\"b081033\" data-element_type=\"container\" data-e-type=\"container\">\n\t\t\t\t\t<div class=\"e-con-inner\">\n\t\t<div role=\"region\" aria-labelledby=\"e-n-accordion-item-11810\" class=\"elementor-element elementor-element-45a575e e-con-full e-flex e-con e-child\" data-id=\"45a575e\" data-element_type=\"container\" data-e-type=\"container\">\n\t\t\t\t<div class=\"elementor-element elementor-element-5798d34 elementor-widget elementor-widget-image\" data-id=\"5798d34\" data-element_type=\"widget\" data-e-type=\"widget\" data-widget_type=\"image.default\">\n\t\t\t\t\t\t\t\t\t\t\t\t\t\t\t<img loading=\"lazy\" decoding=\"async\" width=\"2560\" height=\"2048\" src=\"https:\/\/adesampa.com.br\/amplificacine\/wp-content\/uploads\/2025\/10\/EXCESSO-logo-eri-scaled.png\" class=\"attachment-full size-full wp-image-13230\" alt=\"\" srcset=\"https:\/\/adesampa.com.br\/amplificacine\/wp-content\/uploads\/2025\/10\/EXCESSO-logo-eri-scaled.png 2560w, https:\/\/adesampa.com.br\/amplificacine\/wp-content\/uploads\/2025\/10\/EXCESSO-logo-eri-300x240.png 300w, https:\/\/adesampa.com.br\/amplificacine\/wp-content\/uploads\/2025\/10\/EXCESSO-logo-eri-1024x819.png 1024w, https:\/\/adesampa.com.br\/amplificacine\/wp-content\/uploads\/2025\/10\/EXCESSO-logo-eri-768x614.png 768w, https:\/\/adesampa.com.br\/amplificacine\/wp-content\/uploads\/2025\/10\/EXCESSO-logo-eri-1536x1229.png 1536w, https:\/\/adesampa.com.br\/amplificacine\/wp-content\/uploads\/2025\/10\/EXCESSO-logo-eri-2048x1638.png 2048w\" sizes=\"(max-width: 2560px) 100vw, 2560px\" \/>\t\t\t\t\t\t\t\t\t\t\t\t\t\t\t<\/div>\n\t\t\t\t<div class=\"elementor-element elementor-element-5c07429 elementor-widget elementor-widget-text-editor\" data-id=\"5c07429\" data-element_type=\"widget\" data-e-type=\"widget\" data-widget_type=\"text-editor.default\">\n\t\t\t\t\t\t\t\t\t<ol><li style=\"font-weight: 400;\" aria-level=\"1\"><b>Nome de empresa:<\/b><span style=\"font-weight: 400;\"> Excesso Filmes<\/span><\/li><li style=\"font-weight: 400;\" aria-level=\"1\"><b>Proponentes:<\/b> <b>\u00c9ri Sarmet<\/b><span style=\"font-weight: 400;\"> e <\/span><b>Clari Ribeiro<\/b><\/li><li style=\"font-weight: 400;\" aria-level=\"1\"><b>Atua\u00e7\u00e3o principal e secund\u00e1ria:<\/b> <b>Principal:<\/b><span style=\"font-weight: 400;\"> Desenvolvimento, produ\u00e7\u00e3o e p\u00f3s-produ\u00e7\u00e3o de filmes, s\u00e9ries e videoclipes. <\/span><b>Secund\u00e1ria:<\/b> <b>N\u00facleo educacional<\/b><span style=\"font-weight: 400;\"> com cursos, oficinas e consultoria de roteiro.<\/span><\/li><li style=\"font-weight: 400;\" aria-level=\"1\"><b>Mini bio da empresa:<\/b><span style=\"font-weight: 400;\"> Produtora audiovisual independente fundada em 2015, com quadro societ\u00e1rio <\/span><b>100% trans<\/b><span style=\"font-weight: 400;\">. Possui obras premiadas no Festival de Cinema de <\/span><b>Sundance<\/b><span style=\"font-weight: 400;\"> e outros festivais internacionais.<\/span><\/li><li style=\"font-weight: 400;\" aria-level=\"1\"><b>Miss\u00e3o e valores:<\/b> <b>Miss\u00e3o:<\/b><span style=\"font-weight: 400;\"> Produzir e promover filmes e s\u00e9ries, desafiando narrativas e criando espa\u00e7o onde novos talentos <\/span><b>LGBTQIA+<\/b><span style=\"font-weight: 400;\">, sobretudo <\/span><b>pessoas trans<\/b><span style=\"font-weight: 400;\">, possam se desenvolver.<\/span><\/li><li style=\"font-weight: 400;\" aria-level=\"1\"><b>Vis\u00e3o de futuro:<\/b><span style=\"font-weight: 400;\"> Consolidar-se como <\/span><b>refer\u00eancia no mercado audiovisual brasileiro e internacional<\/b><span style=\"font-weight: 400;\">, expandindo a atua\u00e7\u00e3o e contribuindo ativamente para que pessoas trans e LGBTQIA+ estejam no comando de projetos.<\/span><\/li><li style=\"font-weight: 400;\" aria-level=\"1\"><b>Servi\u00e7os ofertados:<\/b> <b>Cria\u00e7\u00e3o, Pesquisa e Desenvolvimento Audiovisual<\/b><span style=\"font-weight: 400;\"> (roteiros, consultoria, cursos). <\/span><b>Produ\u00e7\u00e3o<\/b><span style=\"font-weight: 400;\"> de longas e s\u00e9ries. <\/span><b>P\u00f3s-Produ\u00e7\u00e3o<\/b><span style=\"font-weight: 400;\"> (edi\u00e7\u00e3o, montagem, consultoria criativa).<\/span><\/li><li style=\"font-weight: 400;\" aria-level=\"1\"><b>Contatos:<\/b><span style=\"font-weight: 400;\"> E-mails: <\/span><b>excessofilmes@gmail.com<\/b><span style=\"font-weight: 400;\">, Site<\/span><b>: <a href=\"http:\/\/www.excessofilmes.com.br\">www.excessofilmes.com.br<\/a><\/b><span style=\"font-weight: 400;\"> , Instagram: <\/span><b>@excessofilmes<\/b><\/li><\/ol>\t\t\t\t\t\t\t\t<\/div>\n\t\t\t\t<\/div>\n\t\t\t\t\t<\/div>\n\t\t\t\t<\/div>\n\t\t\t\t\t<\/details>\n\t\t\t\t\t\t<details id=\"e-n-accordion-item-11811\" class=\"e-n-accordion-item\" >\n\t\t\t\t<summary class=\"e-n-accordion-item-title\" data-accordion-index=\"12\" tabindex=\"-1\" aria-expanded=\"false\" aria-controls=\"e-n-accordion-item-11811\" >\n\t\t\t\t\t<span class='e-n-accordion-item-title-header'><div class=\"e-n-accordion-item-title-text\"> ELAS (Est\u00fadio de Linguagens Audiovisuais) <\/div><\/span>\n\t\t\t\t\t\t\t<span class='e-n-accordion-item-title-icon'>\n\t\t\t<span class='e-opened' ><svg aria-hidden=\"true\" class=\"e-font-icon-svg e-fas-chevron-up\" viewBox=\"0 0 448 512\" xmlns=\"http:\/\/www.w3.org\/2000\/svg\"><path d=\"M240.971 130.524l194.343 194.343c9.373 9.373 9.373 24.569 0 33.941l-22.667 22.667c-9.357 9.357-24.522 9.375-33.901.04L224 227.495 69.255 381.516c-9.379 9.335-24.544 9.317-33.901-.04l-22.667-22.667c-9.373-9.373-9.373-24.569 0-33.941L207.03 130.525c9.372-9.373 24.568-9.373 33.941-.001z\"><\/path><\/svg><\/span>\n\t\t\t<span class='e-closed'><svg aria-hidden=\"true\" class=\"e-font-icon-svg e-fas-chevron-right\" viewBox=\"0 0 320 512\" xmlns=\"http:\/\/www.w3.org\/2000\/svg\"><path d=\"M285.476 272.971L91.132 467.314c-9.373 9.373-24.569 9.373-33.941 0l-22.667-22.667c-9.357-9.357-9.375-24.522-.04-33.901L188.505 256 34.484 101.255c-9.335-9.379-9.317-24.544.04-33.901l22.667-22.667c9.373-9.373 24.569-9.373 33.941 0L285.475 239.03c9.373 9.372 9.373 24.568.001 33.941z\"><\/path><\/svg><\/span>\n\t\t<\/span>\n\n\t\t\t\t\t\t<\/summary>\n\t\t\t\t<div role=\"region\" aria-labelledby=\"e-n-accordion-item-11811\" class=\"elementor-element elementor-element-0c388e0 e-flex e-con-boxed e-con e-child\" data-id=\"0c388e0\" data-element_type=\"container\" data-e-type=\"container\">\n\t\t\t\t\t<div class=\"e-con-inner\">\n\t\t<div role=\"region\" aria-labelledby=\"e-n-accordion-item-11811\" class=\"elementor-element elementor-element-9064218 e-con-full e-flex e-con e-child\" data-id=\"9064218\" data-element_type=\"container\" data-e-type=\"container\">\n\t\t\t\t<div class=\"elementor-element elementor-element-746ddbd elementor-widget elementor-widget-image\" data-id=\"746ddbd\" data-element_type=\"widget\" data-e-type=\"widget\" data-widget_type=\"image.default\">\n\t\t\t\t\t\t\t\t\t\t\t\t\t\t\t<img loading=\"lazy\" decoding=\"async\" width=\"1280\" height=\"1658\" src=\"https:\/\/adesampa.com.br\/amplificacine\/wp-content\/uploads\/2025\/10\/LOGO-ELAS-2-ELAS-NAS-REDES.png\" class=\"attachment-full size-full wp-image-13235\" alt=\"\" srcset=\"https:\/\/adesampa.com.br\/amplificacine\/wp-content\/uploads\/2025\/10\/LOGO-ELAS-2-ELAS-NAS-REDES.png 1280w, https:\/\/adesampa.com.br\/amplificacine\/wp-content\/uploads\/2025\/10\/LOGO-ELAS-2-ELAS-NAS-REDES-232x300.png 232w, https:\/\/adesampa.com.br\/amplificacine\/wp-content\/uploads\/2025\/10\/LOGO-ELAS-2-ELAS-NAS-REDES-791x1024.png 791w, https:\/\/adesampa.com.br\/amplificacine\/wp-content\/uploads\/2025\/10\/LOGO-ELAS-2-ELAS-NAS-REDES-768x995.png 768w, https:\/\/adesampa.com.br\/amplificacine\/wp-content\/uploads\/2025\/10\/LOGO-ELAS-2-ELAS-NAS-REDES-1186x1536.png 1186w\" sizes=\"(max-width: 1280px) 100vw, 1280px\" \/>\t\t\t\t\t\t\t\t\t\t\t\t\t\t\t<\/div>\n\t\t\t\t<div class=\"elementor-element elementor-element-f19e5e2 elementor-widget elementor-widget-text-editor\" data-id=\"f19e5e2\" data-element_type=\"widget\" data-e-type=\"widget\" data-widget_type=\"text-editor.default\">\n\t\t\t\t\t\t\t\t\t<ol><li style=\"font-weight: 400;\" aria-level=\"1\"><b>Nome de empresa:<\/b><span style=\"font-weight: 400;\"> ELAS (Est\u00fadio de Linguagens Audiovisuais)<\/span><\/li><li style=\"font-weight: 400;\" aria-level=\"1\"><b>Proponentes:<\/b> <b>Vict\u00f3ria Aparecida<\/b><span style=\"font-weight: 400;\"> e <\/span><b>An\u00fabis<\/b><\/li><li style=\"font-weight: 400;\" aria-level=\"1\"><b>Atua\u00e7\u00e3o principal e secund\u00e1ria:<\/b> <b>Principal:<\/b><span style=\"font-weight: 400;\"> Produ\u00e7\u00e3o e forma\u00e7\u00e3o ligada ao universo audiovisual.<\/span><\/li><li style=\"font-weight: 400;\" aria-level=\"1\"><b>Mini bio da empresa:<\/b><span style=\"font-weight: 400;\"> Est\u00fadio que atua para apresentar a figuras femininas mecanismos criativos e t\u00e9cnicos que agregam a inser\u00e7\u00e3o e migra\u00e7\u00e3o para a ind\u00fastria criativa.<\/span><\/li><li style=\"font-weight: 400;\" aria-level=\"1\"><b>Miss\u00e3o e valores:<\/b> <b>Prop\u00f3sito:<\/b><span style=\"font-weight: 400;\"> Contribuir para a equipara\u00e7\u00e3o das estat\u00edsticas de ocupa\u00e7\u00e3o de ra\u00e7a e g\u00eanero do mercado audiovisual, e garantir a democratiza\u00e7\u00e3o do acesso a ferramentas e cria\u00e7\u00f5es tecnol\u00f3gicas, \u00e0 jovens meninas e mulheres das \u00e1reas urbanas e rurais de S\u00e3o Paulo. <\/span><b>Valores:<\/b><span style=\"font-weight: 400;\"> Respeito e reconhecimento das diferentes express\u00f5es ligadas a grupos minorit\u00e1rios.<\/span><\/li><li style=\"font-weight: 400;\" aria-level=\"1\"><b>Vis\u00e3o de futuro:<\/b> <i><span style=\"font-weight: 400;\">Informa\u00e7\u00e3o ausente.<\/span><\/i><\/li><li style=\"font-weight: 400;\" aria-level=\"1\"><b>Servi\u00e7os ofertados:<\/b><span style=\"font-weight: 400;\"> Presta\u00e7\u00e3o de servi\u00e7os de cria\u00e7\u00e3o, consultoria e realiza\u00e7\u00f5es de forma\u00e7\u00f5es livres sobre \u00e1reas diversas do audiovisual (<\/span><i><span style=\"font-weight: 400;\">roteiro, pr\u00e9 e p\u00f3s-produ\u00e7\u00e3o, ilumina\u00e7\u00e3o e outras<\/span><\/i><span style=\"font-weight: 400;\">).<\/span><\/li><\/ol><p><b>Contatos:<\/b> <i><span style=\"font-weight: 400;\">Informa\u00e7\u00e3o ausente.<\/span><\/i><\/p>\t\t\t\t\t\t\t\t<\/div>\n\t\t\t\t<\/div>\n\t\t\t\t\t<\/div>\n\t\t\t\t<\/div>\n\t\t\t\t\t<\/details>\n\t\t\t\t\t<\/div>\n\t\t\t\t\t\t<\/div>\n\t\t\t\t<\/div>\n\t\t\t\t\t<\/div>\n\t\t\t\t<\/div>\n\t\t<div class=\"elementor-element elementor-element-2f6cb54 e-flex e-con-boxed e-con e-parent\" data-id=\"2f6cb54\" data-element_type=\"container\" data-e-type=\"container\">\n\t\t\t\t\t<div class=\"e-con-inner\">\n\t\t\t\t<div class=\"elementor-element elementor-element-5303a9d elementor-widget elementor-widget-spacer\" data-id=\"5303a9d\" data-element_type=\"widget\" data-e-type=\"widget\" data-widget_type=\"spacer.default\">\n\t\t\t\t\t\t\t<div class=\"elementor-spacer\">\n\t\t\t<div class=\"elementor-spacer-inner\"><\/div>\n\t\t<\/div>\n\t\t\t\t\t\t<\/div>\n\t\t\t\t\t<\/div>\n\t\t\t\t<\/div>\n\t\t\t\t<\/div>\n\t\t","protected":false},"excerpt":{"rendered":"<p>Empresas aceleradas Empresas aceleradas Amplifica Cine &#8211; 1\u00aa Edi\u00e7\u00e3o Lentes&hellip;<\/p>\n<p> <a class=\"more-link\" href=\"https:\/\/adesampa.com.br\/amplificacine\/empresas-aceleradas\/\">Leia mais<\/a><\/p>\n","protected":false},"author":2,"featured_media":0,"parent":0,"menu_order":0,"comment_status":"closed","ping_status":"closed","template":"elementor_header_footer","meta":{"footnotes":""},"class_list":["post-12260","page","type-page","status-publish"],"_links":{"self":[{"href":"https:\/\/adesampa.com.br\/amplificacine\/wp-json\/wp\/v2\/pages\/12260","targetHints":{"allow":["GET"]}}],"collection":[{"href":"https:\/\/adesampa.com.br\/amplificacine\/wp-json\/wp\/v2\/pages"}],"about":[{"href":"https:\/\/adesampa.com.br\/amplificacine\/wp-json\/wp\/v2\/types\/page"}],"author":[{"embeddable":true,"href":"https:\/\/adesampa.com.br\/amplificacine\/wp-json\/wp\/v2\/users\/2"}],"replies":[{"embeddable":true,"href":"https:\/\/adesampa.com.br\/amplificacine\/wp-json\/wp\/v2\/comments?post=12260"}],"version-history":[{"count":88,"href":"https:\/\/adesampa.com.br\/amplificacine\/wp-json\/wp\/v2\/pages\/12260\/revisions"}],"predecessor-version":[{"id":13258,"href":"https:\/\/adesampa.com.br\/amplificacine\/wp-json\/wp\/v2\/pages\/12260\/revisions\/13258"}],"wp:attachment":[{"href":"https:\/\/adesampa.com.br\/amplificacine\/wp-json\/wp\/v2\/media?parent=12260"}],"curies":[{"name":"wp","href":"https:\/\/api.w.org\/{rel}","templated":true}]}}