{"id":12287,"date":"2025-10-14T18:01:40","date_gmt":"2025-10-14T21:01:40","guid":{"rendered":"https:\/\/acelerandohortas.adesampa.com.br\/?page_id=12287"},"modified":"2026-01-08T14:04:57","modified_gmt":"2026-01-08T17:04:57","slug":"edital","status":"publish","type":"page","link":"https:\/\/adesampa.com.br\/acelerandohortas\/edital\/","title":{"rendered":"Edital"},"content":{"rendered":"\t\t<div data-elementor-type=\"wp-page\" data-elementor-id=\"12287\" class=\"elementor elementor-12287\">\n\t\t\t\t<div class=\"elementor-element elementor-element-7cf4992 e-con-full elementor-hidden-tablet elementor-hidden-mobile e-flex e-con e-parent\" data-id=\"7cf4992\" data-element_type=\"container\" data-e-type=\"container\" data-settings=\"{&quot;background_background&quot;:&quot;classic&quot;}\">\n\t\t\t\t<div class=\"elementor-element elementor-element-d51b1b7 elementor-widget elementor-widget-heading\" data-id=\"d51b1b7\" data-element_type=\"widget\" data-e-type=\"widget\" data-widget_type=\"heading.default\">\n\t\t\t\t\t<h2 class=\"elementor-heading-title elementor-size-default\">Documentos<\/h2>\t\t\t\t<\/div>\n\t\t\t\t<\/div>\n\t\t<div class=\"elementor-element elementor-element-5e1e52e e-con-full elementor-hidden-desktop e-flex e-con e-parent\" data-id=\"5e1e52e\" data-element_type=\"container\" data-e-type=\"container\" data-settings=\"{&quot;background_background&quot;:&quot;classic&quot;}\">\n\t\t\t\t<div class=\"elementor-element elementor-element-e1169e0 elementor-widget elementor-widget-heading\" data-id=\"e1169e0\" data-element_type=\"widget\" data-e-type=\"widget\" data-widget_type=\"heading.default\">\n\t\t\t\t\t<h2 class=\"elementor-heading-title elementor-size-default\">Documentos<\/h2>\t\t\t\t<\/div>\n\t\t\t\t<\/div>\n\t\t<div class=\"elementor-element elementor-element-4b65b6f e-flex e-con-boxed e-con e-parent\" data-id=\"4b65b6f\" data-element_type=\"container\" data-e-type=\"container\">\n\t\t\t\t\t<div class=\"e-con-inner\">\n\t\t\t\t<div class=\"elementor-element elementor-element-a04dcd9 elementor-widget elementor-widget-spacer\" data-id=\"a04dcd9\" data-element_type=\"widget\" data-e-type=\"widget\" data-widget_type=\"spacer.default\">\n\t\t\t\t\t\t\t<div class=\"elementor-spacer\">\n\t\t\t<div class=\"elementor-spacer-inner\"><\/div>\n\t\t<\/div>\n\t\t\t\t\t\t<\/div>\n\t\t\t\t<div class=\"elementor-element elementor-element-b31e363 elementor-widget__width-initial elementor-widget-mobile__width-initial elementor-widget elementor-widget-heading\" data-id=\"b31e363\" data-element_type=\"widget\" data-e-type=\"widget\" data-widget_type=\"heading.default\">\n\t\t\t\t\t<h2 class=\"elementor-heading-title elementor-size-default\">Acesse o edital, os documentos necess\u00e1rios para participar e inscreva-se!\n<\/h2>\t\t\t\t<\/div>\n\t\t\t\t<div class=\"elementor-element elementor-element-6541289 elementor-widget elementor-widget-text-editor\" data-id=\"6541289\" data-element_type=\"widget\" data-e-type=\"widget\" data-widget_type=\"text-editor.default\">\n\t\t\t\t\t\t\t\t\t<p><span style=\"font-weight: 400;\">Edital: <\/span><a href=\"https:\/\/adesampa.com.br\/acelerandohortas\/wp-content\/uploads\/2025\/10\/250728_Chamamento_AH3__1_.pdf\" target=\"_blank\" rel=\"noopener\"><b>Clique aqui<\/b><\/a><\/p>\t\t\t\t\t\t\t\t<\/div>\n\t\t\t\t<div class=\"elementor-element elementor-element-96a4b34 elementor-widget elementor-widget-text-editor\" data-id=\"96a4b34\" data-element_type=\"widget\" data-e-type=\"widget\" data-widget_type=\"text-editor.default\">\n\t\t\t\t\t\t\t\t\t<p><span style=\"font-weight: 400;\">Comunicados: <\/span><a href=\"https:\/\/adesampa.com.br\/acelerandohortas\/wp-content\/uploads\/2025\/12\/Comunicados-Acelerando-Hortas.pdf\" target=\"_blank\" rel=\"noopener\"><b>Clique aqui<\/b><\/a><\/p>\t\t\t\t\t\t\t\t<\/div>\n\t\t\t\t<div class=\"elementor-element elementor-element-f2c9a77 elementor-widget elementor-widget-text-editor\" data-id=\"f2c9a77\" data-element_type=\"widget\" data-e-type=\"widget\" data-widget_type=\"text-editor.default\">\n\t\t\t\t\t\t\t\t\t<p><span style=\"font-weight: 400;\">Apresenta\u00e7\u00e3o do edital: <\/span><a href=\"https:\/\/adesampa.com.br\/acelerandohortas\/wp-content\/uploads\/2025\/11\/3a-edicao-2.pdf\" target=\"_blank\" rel=\"noopener\"><b>Clique aqui<\/b><\/a><\/p>\t\t\t\t\t\t\t\t<\/div>\n\t\t\t\t<div class=\"elementor-element elementor-element-b2ab30f elementor-widget elementor-widget-text-editor\" data-id=\"b2ab30f\" data-element_type=\"widget\" data-e-type=\"widget\" data-widget_type=\"text-editor.default\">\n\t\t\t\t\t\t\t\t\t<p><span style=\"font-weight: 400;\">Contextualiza\u00e7\u00e3o do programa: <\/span><a href=\"https:\/\/adesampa.com.br\/acelerandohortas\/wp-content\/uploads\/2025\/10\/CONTEXTUALIZACAO-DO-PROGRAMA.pdf\" target=\"_blank\" rel=\"noopener\"><b>Clique aqui<\/b><\/a><\/p>\t\t\t\t\t\t\t\t<\/div>\n\t\t\t\t<div class=\"elementor-element elementor-element-88bb401 elementor-widget elementor-widget-text-editor\" data-id=\"88bb401\" data-element_type=\"widget\" data-e-type=\"widget\" data-widget_type=\"text-editor.default\">\n\t\t\t\t\t\t\t\t\t<p><span style=\"font-weight: 400;\">Anexo I \u2013 Modelo de formul\u00e1rio de inscri\u00e7\u00e3o: <\/span><a href=\"https:\/\/adesampa.com.br\/acelerandohortas\/wp-content\/uploads\/2025\/10\/ANEXO-I-MODELO-DO-FORMULARIO-DE-INSCRICAO.docx\" target=\"_blank\" rel=\"noopener\"><b>Clique aqui<\/b><\/a><\/p>\t\t\t\t\t\t\t\t<\/div>\n\t\t\t\t<div class=\"elementor-element elementor-element-d26524a elementor-widget elementor-widget-text-editor\" data-id=\"d26524a\" data-element_type=\"widget\" data-e-type=\"widget\" data-widget_type=\"text-editor.default\">\n\t\t\t\t\t\t\t\t\t<p><span style=\"font-weight: 400;\">Anexo II \u2013 Descri\u00e7\u00e3o do projeto: <\/span><a href=\"https:\/\/adesampa.com.br\/acelerandohortas\/wp-content\/uploads\/2025\/10\/ANEXO-II-DESCRICAO-DO-PROJETO.docx\" target=\"_blank\" rel=\"noopener\"><b>Clique aqui<\/b><\/a><\/p>\t\t\t\t\t\t\t\t<\/div>\n\t\t\t\t<div class=\"elementor-element elementor-element-c3691c4 elementor-widget elementor-widget-text-editor\" data-id=\"c3691c4\" data-element_type=\"widget\" data-e-type=\"widget\" data-widget_type=\"text-editor.default\">\n\t\t\t\t\t\t\t\t\t<p><span style=\"font-weight: 400;\">Anexo III \u2013 Declara\u00e7\u00e3o complementar de resid\u00eancia:<\/span><a href=\"https:\/\/adesampa.com.br\/acelerandohortas\/wp-content\/uploads\/2025\/10\/ANEXO-III-DECLARACAO-COMPLEMENTAR-DE-RESIDENCIA.docx\" target=\"_blank\" rel=\"noopener\"><strong> Clique aqui<\/strong><br \/><\/a><\/p>\t\t\t\t\t\t\t\t<\/div>\n\t\t\t\t<div class=\"elementor-element elementor-element-7d69d31 elementor-widget elementor-widget-text-editor\" data-id=\"7d69d31\" data-element_type=\"widget\" data-e-type=\"widget\" data-widget_type=\"text-editor.default\">\n\t\t\t\t\t\t\t\t\t<p><span style=\"font-weight: 400;\">Anexo IV \u2013 Declara\u00e7\u00e3o de uso do im\u00f3vel: <\/span><a href=\"https:\/\/adesampa.com.br\/acelerandohortas\/wp-content\/uploads\/2025\/10\/ANEXO-IV-DECLARACAO-DE-USO-DO-IMOVEL-.docx\" target=\"_blank\" rel=\"noopener\"><b>Clique aqui<\/b><\/a><\/p>\t\t\t\t\t\t\t\t<\/div>\n\t\t\t\t<div class=\"elementor-element elementor-element-9f864be elementor-widget elementor-widget-text-editor\" data-id=\"9f864be\" data-element_type=\"widget\" data-e-type=\"widget\" data-widget_type=\"text-editor.default\">\n\t\t\t\t\t\t\t\t\t<p><span style=\"font-weight: 400;\">Anexo V \u2013 Declara\u00e7\u00e3o de n\u00e3o impedimento: <\/span><a href=\"https:\/\/adesampa.com.br\/acelerandohortas\/wp-content\/uploads\/2025\/10\/ANEXO-V-DECLARACAO-DE-NAO-IMPEDIMENTO.docx\" target=\"_blank\" rel=\"noopener\"><b>Clique aqui<\/b><\/a><\/p>\t\t\t\t\t\t\t\t<\/div>\n\t\t\t\t<div class=\"elementor-element elementor-element-c5ac6ef elementor-widget elementor-widget-text-editor\" data-id=\"c5ac6ef\" data-element_type=\"widget\" data-e-type=\"widget\" data-widget_type=\"text-editor.default\">\n\t\t\t\t\t\t\t\t\t<p><span style=\"font-weight: 400;\">Anexo VI \u2013 Tabela do \u00cdndice de Vulnerabilidade Social (IVS): <\/span><a href=\"https:\/\/adesampa.com.br\/acelerandohortas\/wp-content\/uploads\/2025\/10\/ANEXO-VI-TABELA-DO-INDICE-DE-VULNERABILIDADE-SOCIAL-IVS.docx\" target=\"_blank\" rel=\"noopener\"><b>Clique aqui<\/b><\/a><\/p>\t\t\t\t\t\t\t\t<\/div>\n\t\t\t\t<div class=\"elementor-element elementor-element-0214a9d elementor-widget elementor-widget-text-editor\" data-id=\"0214a9d\" data-element_type=\"widget\" data-e-type=\"widget\" data-widget_type=\"text-editor.default\">\n\t\t\t\t\t\t\t\t\t<p><span style=\"font-weight: 400;\">Anexo VII \u2013 Termo de consentimento de autoriza\u00e7\u00e3o de uso de imagem, voz e compartilhamento de dados pessoais (p\u00f3s sele\u00e7\u00e3o): <\/span><a href=\"https:\/\/adesampa.com.br\/acelerandohortas\/wp-content\/uploads\/2025\/10\/ANEXO-VII-TERMO-DE-CONSENTIMENTO-AUTORIZACAO-DE-USO-DE-IMAGEM-VOZ-E-COMPARTILHAMENTO-DE-DADOS-PESSOAIS.docx\" target=\"_blank\" rel=\"noopener\"><b>Clique aqui<\/b><\/a><\/p>\t\t\t\t\t\t\t\t<\/div>\n\t\t\t\t<div class=\"elementor-element elementor-element-3962277 elementor-widget elementor-widget-text-editor\" data-id=\"3962277\" data-element_type=\"widget\" data-e-type=\"widget\" data-widget_type=\"text-editor.default\">\n\t\t\t\t\t\t\t\t\t<p><span style=\"font-weight: 400;\">Anexo VIII \u2013 Modelo de termo de ades\u00e3o: <\/span><a href=\"https:\/\/adesampa.com.br\/acelerandohortas\/wp-content\/uploads\/2025\/10\/ANEXO-VIII-TERMO-DE-ADESAO.docx\" target=\"_blank\" rel=\"noopener\"><b>Clique aqui<\/b><\/a><\/p>\t\t\t\t\t\t\t\t<\/div>\n\t\t\t\t<div class=\"elementor-element elementor-element-98c43f9 elementor-widget elementor-widget-text-editor\" data-id=\"98c43f9\" data-element_type=\"widget\" data-e-type=\"widget\" data-widget_type=\"text-editor.default\">\n\t\t\t\t\t\t\t\t\t<p><span style=\"font-weight: 400;\">Resultado Preliminar: <\/span><a href=\"https:\/\/adesampa.com.br\/acelerandohortas\/wp-content\/uploads\/2025\/12\/SEI_148297421_Ata.pdf\" target=\"_blank\" rel=\"noopener\"><b>Clique aqui<\/b><\/a><\/p>\t\t\t\t\t\t\t\t<\/div>\n\t\t\t\t<div class=\"elementor-element elementor-element-dace299 elementor-widget elementor-widget-text-editor\" data-id=\"dace299\" data-element_type=\"widget\" data-e-type=\"widget\" data-widget_type=\"text-editor.default\">\n\t\t\t\t\t\t\t\t\t<p><span style=\"font-weight: 400;\">Resultado Final: <\/span><a href=\"https:\/\/adesampa.com.br\/acelerandohortas\/wp-content\/uploads\/2026\/01\/SEI_149014365_Manifestacao.pdf\" target=\"_blank\" rel=\"noopener\"><b>Clique aqui<\/b><\/a><\/p>\t\t\t\t\t\t\t\t<\/div>\n\t\t\t\t<div class=\"elementor-element elementor-element-e1053d3 elementor-mobile-align-justify elementor-widget elementor-widget-button\" data-id=\"e1053d3\" data-element_type=\"widget\" data-e-type=\"widget\" data-widget_type=\"button.default\">\n\t\t\t\t\t\t\t\t\t\t<a class=\"elementor-button elementor-button-link elementor-size-sm\" href=\"https:\/\/forms.gle\/bScyEqgLvccibDTw5\">\n\t\t\t\t\t\t<span class=\"elementor-button-content-wrapper\">\n\t\t\t\t\t\t\t\t\t<span class=\"elementor-button-text\">Inscreva-se<\/span>\n\t\t\t\t\t<\/span>\n\t\t\t\t\t<\/a>\n\t\t\t\t\t\t\t\t<\/div>\n\t\t\t\t<div class=\"elementor-element elementor-element-6f4d5bf elementor-widget elementor-widget-spacer\" data-id=\"6f4d5bf\" data-element_type=\"widget\" data-e-type=\"widget\" data-widget_type=\"spacer.default\">\n\t\t\t\t\t\t\t<div class=\"elementor-spacer\">\n\t\t\t<div class=\"elementor-spacer-inner\"><\/div>\n\t\t<\/div>\n\t\t\t\t\t\t<\/div>\n\t\t\t\t\t<\/div>\n\t\t\t\t<\/div>\n\t\t\t\t<\/div>\n\t\t","protected":false},"excerpt":{"rendered":"<p>Documentos Documentos Acesse o edital, os documentos necess\u00e1rios para participar&hellip;<\/p>\n<p> <a class=\"more-link\" href=\"https:\/\/adesampa.com.br\/acelerandohortas\/edital\/\">Leia mais<\/a><\/p>\n","protected":false},"author":2,"featured_media":0,"parent":0,"menu_order":0,"comment_status":"closed","ping_status":"closed","template":"elementor_header_footer","meta":{"footnotes":""},"class_list":["post-12287","page","type-page","status-publish"],"_links":{"self":[{"href":"https:\/\/adesampa.com.br\/acelerandohortas\/wp-json\/wp\/v2\/pages\/12287","targetHints":{"allow":["GET"]}}],"collection":[{"href":"https:\/\/adesampa.com.br\/acelerandohortas\/wp-json\/wp\/v2\/pages"}],"about":[{"href":"https:\/\/adesampa.com.br\/acelerandohortas\/wp-json\/wp\/v2\/types\/page"}],"author":[{"embeddable":true,"href":"https:\/\/adesampa.com.br\/acelerandohortas\/wp-json\/wp\/v2\/users\/2"}],"replies":[{"embeddable":true,"href":"https:\/\/adesampa.com.br\/acelerandohortas\/wp-json\/wp\/v2\/comments?post=12287"}],"version-history":[{"count":10,"href":"https:\/\/adesampa.com.br\/acelerandohortas\/wp-json\/wp\/v2\/pages\/12287\/revisions"}],"predecessor-version":[{"id":13287,"href":"https:\/\/adesampa.com.br\/acelerandohortas\/wp-json\/wp\/v2\/pages\/12287\/revisions\/13287"}],"wp:attachment":[{"href":"https:\/\/adesampa.com.br\/acelerandohortas\/wp-json\/wp\/v2\/media?parent=12287"}],"curies":[{"name":"wp","href":"https:\/\/api.w.org\/{rel}","templated":true}]}}