{"id":12123,"date":"2021-02-08T18:30:06","date_gmt":"2021-02-08T20:30:06","guid":{"rendered":"http:\/\/adesampa.com.br\/vaitec6\/?page_id=12123"},"modified":"2021-02-08T18:32:16","modified_gmt":"2021-02-08T20:32:16","slug":"sobre-a-edicao","status":"publish","type":"page","link":"http:\/\/adesampa.com.br\/vaitec6\/sobre-a-edicao\/","title":{"rendered":"Sobre a edi\u00e7\u00e3o"},"content":{"rendered":"\t\t<div data-elementor-type=\"wp-page\" data-elementor-id=\"12123\" class=\"elementor elementor-12123\">\n\t\t\t\t\t\t<section class=\"elementor-section elementor-top-section elementor-element elementor-element-921fbd6 elementor-section-boxed elementor-section-height-default elementor-section-height-default\" data-id=\"921fbd6\" data-element_type=\"section\">\n\t\t\t\t\t\t<div class=\"elementor-container elementor-column-gap-default\">\n\t\t\t\t\t<div class=\"elementor-column elementor-col-100 elementor-top-column elementor-element elementor-element-5f2e0ed\" data-id=\"5f2e0ed\" data-element_type=\"column\">\n\t\t\t<div class=\"elementor-widget-wrap elementor-element-populated\">\n\t\t\t\t\t\t<div class=\"elementor-element elementor-element-2b27a2b elementor-widget elementor-widget-image\" data-id=\"2b27a2b\" data-element_type=\"widget\" data-widget_type=\"image.default\">\n\t\t\t\t<div class=\"elementor-widget-container\">\n\t\t\t\t\t\t\t\t\t\t\t\t\t<img fetchpriority=\"high\" decoding=\"async\" width=\"768\" height=\"278\" src=\"http:\/\/adesampa.com.br\/vaitec6\/wp-content\/uploads\/2021\/02\/Footer-768x278.jpg\" class=\"attachment-medium_large size-medium_large wp-image-12005\" alt=\"\" srcset=\"http:\/\/adesampa.com.br\/vaitec6\/wp-content\/uploads\/2021\/02\/Footer-768x278.jpg 768w, http:\/\/adesampa.com.br\/vaitec6\/wp-content\/uploads\/2021\/02\/Footer-300x109.jpg 300w, http:\/\/adesampa.com.br\/vaitec6\/wp-content\/uploads\/2021\/02\/Footer-1024x371.jpg 1024w, http:\/\/adesampa.com.br\/vaitec6\/wp-content\/uploads\/2021\/02\/Footer.jpg 1366w\" sizes=\"(max-width: 768px) 100vw, 768px\" \/>\t\t\t\t\t\t\t\t\t\t\t\t\t<\/div>\n\t\t\t\t<\/div>\n\t\t\t\t<div class=\"elementor-element elementor-element-c7a3081 elementor-widget elementor-widget-text-editor\" data-id=\"c7a3081\" data-element_type=\"widget\" data-widget_type=\"text-editor.default\">\n\t\t\t\t<div class=\"elementor-widget-container\">\n\t\t\t\t\t\t\t<p><span style=\"font-weight: 400;\">As inscri\u00e7\u00f5es para a sexta edi\u00e7\u00e3o do Programa de Acelera\u00e7\u00e3o VAITEC est\u00e3o abertas at\u00e9 22 de mar\u00e7o. Nesta edi\u00e7\u00e3o, at\u00e9 24 neg\u00f3cios inovadores da quebrada contar\u00e3o com recurso financeiro de R$35.700,00, mais aporte de conte\u00fado, por meio de oficinas de capacita\u00e7\u00e3o, acesso a redes de contatos, al\u00e9m de assessorias e mentorias.<\/span><\/p><p>\u00a0<\/p><p><span style=\"font-weight: 400;\">No momento delicado que a economia est\u00e1 passando por conta da pandemia de coronav\u00edrus, o aporte financeiro da acelera\u00e7\u00e3o ajudar\u00e1 os neg\u00f3cios a se colocarem na trilha do ecossistema empreendedor e inovador e o aporte de conte\u00fado os ajudar\u00e1 na forma\u00e7\u00e3o de uma gest\u00e3o mais eficiente e eficaz\u00a0\u00a0<\/span><\/p><p><span style=\"font-weight: 400;\">O investimento recebido poder\u00e1 ajudar o empreendedor na compra de equipamentos, na execu\u00e7\u00e3o do plano de marketing e comunica\u00e7\u00e3o, na contrata\u00e7\u00e3o de servi\u00e7os de terceiros, entre outras coisas. Mas \u00e9 importante lembrar que o aporte mais valioso ser\u00e1 o de conhecimento, que apoiar\u00e1 os proponentes e sua equipe nas tomadas de decis\u00f5es, nas defini\u00e7\u00f5es de estrat\u00e9gias e em suas atividades profissionais e pessoais ao longo de toda a sua trajet\u00f3ria\u00a0empreendedora.<\/span><\/p><p>\u00a0<\/p><p><span style=\"font-weight: 400;\">O programa de acelera\u00e7\u00e3o Vai Tec, em sua sexta edi\u00e7\u00e3o, contar\u00e1 com mentorias, assessorias, encontros de redes e acompanhamento de plano de neg\u00f3cios realizados de forma on-line, assegurando desta forma, acesso a\u00a0 todos os empreendimentos contemplados. As atividades acontecer\u00e3o por meio de salas virtuais, com a participa\u00e7\u00e3o exclusiva\u00a0dos selecionados e a equipe respons\u00e1vel pelas atividades, todas as atividades ser\u00e3o gravadas para utiliza\u00e7\u00e3o e acesso dos empreendedores.\u00a0<\/span><\/p><p>\u00a0<\/p><p><span style=\"font-weight: 400;\">As inscri\u00e7\u00f5es dos projetos podem ser realizadas at\u00e9 22 de mar\u00e7o, a partir do site do programa (<\/span><a href=\"http:\/\/adesampa.com.br\/vaitec5\/\"><span style=\"font-weight: 400;\">http:\/\/adesampa.com.br\/vaitec6\/<\/span><\/a><span style=\"font-weight: 400;\">), assim como o acesso ao edital e demais informa\u00e7\u00f5es. A sele\u00e7\u00e3o dos 24 acelerados conta com duas etapas: a sele\u00e7\u00e3o de 48 empresas, a partir de suas inscri\u00e7\u00f5es, e a segunda fase em que estas empresas devem apresentar <\/span><i><span style=\"font-weight: 400;\">pitches <\/span><\/i><span style=\"font-weight: 400;\">a uma comiss\u00e3o de avalia\u00e7\u00e3o. O in\u00edcio da acelera\u00e7\u00e3o est\u00e1 programado para agosto de 2021.<\/span><span style=\"font-weight: 400;\"><br \/><br \/><\/span><\/p><p><span style=\"font-weight: 400;\">\u00c9 importante deixar claro que a participa\u00e7\u00e3o ao vivo nas atividades on-line, \u00e9 fundamental para a intera\u00e7\u00e3o\u00a0entre todos os selecionados, al\u00e9m de contar como presen\u00e7a, uma vez que \u00e9 obrigat\u00f3rio a participa\u00e7\u00e3o em pelo menos 85% das atividades.\u00a0<\/span><\/p><p>\u00a0<\/p><p><span style=\"font-weight: 400;\">Os proponentes poder\u00e3o participar de todas as etapas diretamente de sua casa, pelo computador ou pelo celular. Caso o participante n\u00e3o tenha equipamentos ou internet dispon\u00edvel, poder\u00e1 participar se dirigindo\u00a0ao TEIA mais pr\u00f3ximo, um coworking p\u00fablico<\/span><span style=\"font-weight: 400;\"> de\u00a0 iniciativa da Prefeitura de S\u00e3o Paulo, por meio da<\/span><a href=\"https:\/\/www.facebook.com\/spsmdet\/?__cft__[0]=AZU5bD1hmHUniOunjtPHP5GOCEKKxI2W5QrE6wy6bsF_kgcklRc9VKaM_s-n4oF4qIvS_R4ioKoJWUURud7a35_QSqf5c7IiN5dQb5_XAaAwxXvngXIr9qr2utYN7IhYEUHin85WiPZ2AC9vVktr2msAoSaQTLjNSPNZ3U8pzdq_8v7yfuiXGrQ4yQkHzKAkYqw&amp;__tn__=kK-R\"> <span style=\"font-weight: 400;\">Secretaria Municipal de Desenvolvimento Econ\u00f4mico, Trabalho e Turismo<\/span><\/a><span style=\"font-weight: 400;\"> e interm\u00e9dio da<\/span><a href=\"https:\/\/www.facebook.com\/adesampaoficial\/?__cft__[0]=AZU5bD1hmHUniOunjtPHP5GOCEKKxI2W5QrE6wy6bsF_kgcklRc9VKaM_s-n4oF4qIvS_R4ioKoJWUURud7a35_QSqf5c7IiN5dQb5_XAaAwxXvngXIr9qr2utYN7IhYEUHin85WiPZ2AC9vVktr2msAoSaQTLjNSPNZ3U8pzdq_8v7yfuiXGrQ4yQkHzKAkYqw&amp;__tn__=kK-R\"> <span style=\"font-weight: 400;\">ADE SAMPA<\/span><\/a><span style=\"font-weight: 400;\">.<\/span><span style=\"font-weight: 400;\"> &#8211; ou acessar\u00a0 outros equipamentos municipais e estaduais.<\/span><\/p><p><span style=\"font-weight: 400;\">Lembrando ainda que cada inscri\u00e7\u00e3o deve ser feita por dois proponentes (respons\u00e1veis pela proposta e por todo o processo de sele\u00e7\u00e3o), n\u00e3o sendo permitido a inscri\u00e7\u00e3o de projeto com apenas um proponente.\u00a0\u00a0<\/span><\/p><p><span style=\"font-weight: 400;\">Para o empreendimento ser eleg\u00edvel, ao menos um dos proponentes deve residir em algumas das regi\u00f5es que apresentam os maiores \u00cdndices de Vulnerabilidade Social no quesito Trabalho e Renda &#8211; definido pelo Plano Diretor Estrat\u00e9gico de S\u00e3o Paulo. S\u00e3o estas regi\u00f5es pertencentes \u00e0s subprefeituras de: Campo Limpo, Capela do Socorro, Parelheiros, M&#8217;Boi Mirim, Cidade Ademar, Ipiranga, Casa Verde\/Cachoeirinha, Freguesia do \u00d3\/Brasil\u00e2ndia, Perus\/Anhanguera, Pirituba\/Jaragu\u00e1, Santana\/Tucuruvi, Ja\u00e7an\u00e3\/Trememb\u00e9, S\u00e3o Miguel Paulista, Ermelino Matarazzo, Itaim Paulista, S\u00e3o Mateus, Guaianases, Cidade Tiradentes, Itaquera, Vila Prudente, Penha, Sapopemba e Butant\u00e3.<\/span><\/p><p><span style=\"font-weight: 400;\">A Acelera\u00e7\u00e3o Vai Tec \u00e9 uma iniciativa da Prefeitura de S\u00e3o Paulo, por meio da Secretaria Municipal de Desenvolvimento Econ\u00f4mico, Trabalho e Turismo, por interm\u00e9dio da ADE SAMPA<\/span><\/p>\t\t\t\t\t\t<\/div>\n\t\t\t\t<\/div>\n\t\t\t\t\t<\/div>\n\t\t<\/div>\n\t\t\t\t\t<\/div>\n\t\t<\/section>\n\t\t\t\t<\/div>\n\t\t","protected":false},"excerpt":{"rendered":"<p>As inscri\u00e7\u00f5es para a sexta edi\u00e7\u00e3o do Programa de Acelera\u00e7\u00e3o&hellip;<\/p>\n<p> <a class=\"more-link\" href=\"http:\/\/adesampa.com.br\/vaitec6\/sobre-a-edicao\/\">Read more<\/a><\/p>\n","protected":false},"author":1,"featured_media":0,"parent":0,"menu_order":0,"comment_status":"closed","ping_status":"closed","template":"","meta":{"footnotes":""},"class_list":["post-12123","page","type-page","status-publish"],"_links":{"self":[{"href":"http:\/\/adesampa.com.br\/vaitec6\/wp-json\/wp\/v2\/pages\/12123"}],"collection":[{"href":"http:\/\/adesampa.com.br\/vaitec6\/wp-json\/wp\/v2\/pages"}],"about":[{"href":"http:\/\/adesampa.com.br\/vaitec6\/wp-json\/wp\/v2\/types\/page"}],"author":[{"embeddable":true,"href":"http:\/\/adesampa.com.br\/vaitec6\/wp-json\/wp\/v2\/users\/1"}],"replies":[{"embeddable":true,"href":"http:\/\/adesampa.com.br\/vaitec6\/wp-json\/wp\/v2\/comments?post=12123"}],"version-history":[{"count":7,"href":"http:\/\/adesampa.com.br\/vaitec6\/wp-json\/wp\/v2\/pages\/12123\/revisions"}],"predecessor-version":[{"id":12130,"href":"http:\/\/adesampa.com.br\/vaitec6\/wp-json\/wp\/v2\/pages\/12123\/revisions\/12130"}],"wp:attachment":[{"href":"http:\/\/adesampa.com.br\/vaitec6\/wp-json\/wp\/v2\/media?parent=12123"}],"curies":[{"name":"wp","href":"https:\/\/api.w.org\/{rel}","templated":true}]}}